{"id":17013,"date":"2017-06-26T10:04:33","date_gmt":"2017-06-26T13:04:33","guid":{"rendered":"https:\/\/iberculturaviva.org\/evento\/encontro-cultura-viva-nas-cidades-da-america-latina\/"},"modified":"2017-06-26T10:04:33","modified_gmt":"2017-06-26T13:04:33","slug":"encontro-cultura-viva-nas-cidades-da-america-latina","status":"publish","type":"tribe_events","link":"https:\/\/iberculturaviva.org\/es\/agenda\/encontro-cultura-viva-nas-cidades-da-america-latina\/","title":{"rendered":"Encontro Cultura Viva nas Cidades da Am\u00e9rica Latina"},"content":{"rendered":"<p><a href=\"https:\/\/iberculturaviva.org\/wp-content\/uploads\/2017\/06\/cv-campinas.jpg\"><img loading=\"lazy\" decoding=\"async\" class=\" wp-image-6952 alignright\" src=\"https:\/\/iberculturaviva.org\/wp-content\/uploads\/2017\/06\/cv-campinas.jpg\" alt=\"\" width=\"456\" height=\"240\" srcset=\"https:\/\/iberculturaviva.org\/wp-content\/uploads\/2017\/06\/cv-campinas.jpg 526w, https:\/\/iberculturaviva.org\/wp-content\/uploads\/2017\/06\/cv-campinas-300x157.jpg 300w, https:\/\/iberculturaviva.org\/wp-content\/uploads\/2017\/06\/cv-campinas-150x79.jpg 150w\" sizes=\"auto, (max-width: 456px) 100vw, 456px\" \/><\/a>Est\u00e3o abertas at\u00e9 28 de junho as inscri\u00e7\u00f5es de participa\u00e7\u00e3o e apresenta\u00e7\u00e3o de atividades complementares para o Encontro \u00abCultura Viva nas Cidades da Am\u00e9rica Latina\u00bb, que ser\u00e1 realizado entre os dias 1 e 4 de julho em Campinas (S\u00e3o Paulo, Brasil).\u00a0Debates, oficinas, rodas de conversa, percursos culturais, lan\u00e7amentos de livros, viv\u00eancias e celebra\u00e7\u00f5es s\u00e3o algumas das atividades da programa\u00e7\u00e3o. O encontro vai reunir gestores culturais, comunicadores populares, pesquisadores, artistas, mestres e mestras da cultura popular e ativistas do Brasil e da Am\u00e9rica Latina.<\/p>\n<p>O objetivo \u00e9 reunir as experi\u00eancias p\u00fablicas de Cultura Viva Comunit\u00e1ria e de Pontos de Cultura em n\u00edvel municipal.\u00a0Campinas foi a primeira cidade do Brasil a ter legisla\u00e7\u00e3o pr\u00f3pria para os Pontos de Cultura: a Lei Cultura Viva municipal foi aprovada em 2015, em conson\u00e2ncia com a Pol\u00edtica Nacional de Cultura Viva. O encontro com representantes latino-americanos vai marcar ainda o lan\u00e7amento do Decreto de Regulamenta\u00e7\u00e3o da Lei Cultura Viva municipal, ap\u00f3s dois meses de di\u00e1logos com o setor cultural da cidade.<\/p>\n<p>&nbsp;<\/p>\n<p>As inscri\u00e7\u00f5es devem ser feitas neste link: https:\/\/bit.ly\/2rDtXs8.<br \/>\nSaiba como colaborar financeiramente : https:\/\/bit.ly\/2sCeOZy<\/p>\n<p>&nbsp;<\/p>\n<p>*A contribui\u00e7\u00e3o financeira \u00e9 volunt\u00e1ria. O encontro \u00e9 gratuito e aberto ao p\u00fablico.<br \/>\nAs inscri\u00e7\u00f5es ser\u00e3o validadas por e- e mail pela equipe de produ\u00e7\u00e3o do encontro.<\/p>\n<p>&nbsp;<\/p>\n","protected":false},"excerpt":{"rendered":"<p>Est\u00e3o abertas at\u00e9 28 de junho as inscri\u00e7\u00f5es de participa\u00e7\u00e3o e apresenta\u00e7\u00e3o de atividades complementares para o Encontro \u00abCultura Viva nas Cidades da Am\u00e9rica Latina\u00bb, que ser\u00e1 realizado entre os [&hellip;]<\/p>\n","protected":false},"author":2,"featured_media":0,"template":"","meta":{"_coblocks_attr":"","_coblocks_dimensions":"","_coblocks_responsive_height":"","_coblocks_accordion_ie_support":"","_EventAllDay":false,"_EventTimezone":"","_EventStartDate":"","_EventEndDate":"","_EventStartDateUTC":"","_EventEndDateUTC":"","_EventShowMap":false,"_EventShowMapLink":false,"_EventURL":"","_EventCost":"","_EventCostDescription":"","_EventCurrencySymbol":"","_EventCurrencyCode":"","_EventCurrencyPosition":"","_EventDateTimeSeparator":"","_EventTimeRangeSeparator":"","_EventOrganizerID":[],"_EventVenueID":[],"_OrganizerEmail":"","_OrganizerPhone":"","_OrganizerWebsite":"","_VenueAddress":"","_VenueCity":"","_VenueCountry":"","_VenueProvince":"","_VenueState":"","_VenueZip":"","_VenuePhone":"","_VenueURL":"","_VenueStateProvince":"","_VenueLat":"","_VenueLng":"","_VenueShowMap":false,"_VenueShowMapLink":false,"_tribe_events_status":"","_tribe_events_status_reason":"","footnotes":""},"tags":[],"tribe_events_cat":[],"class_list":["post-17013","tribe_events","type-tribe_events","status-publish","hentry"],"yoast_head":"<!-- This site is optimized with the Yoast SEO plugin v25.7 - https:\/\/yoast.com\/wordpress\/plugins\/seo\/ -->\n<title>Encontro Cultura Viva nas Cidades da Am\u00e9rica Latina - IberCultura Viva<\/title>\n<meta name=\"description\" content=\"Encontro Cultura Viva nas Cidades da Am\u00e9rica Latina - IberCultura Viva\" \/>\n<meta name=\"robots\" content=\"index, follow, max-snippet:-1, max-image-preview:large, max-video-preview:-1\" \/>\n<link rel=\"canonical\" href=\"https:\/\/iberculturaviva.org\/es\/agenda\/encontro-cultura-viva-nas-cidades-da-america-latina\/\" \/>\n<meta property=\"og:locale\" content=\"es_ES\" \/>\n<meta property=\"og:type\" content=\"article\" \/>\n<meta property=\"og:title\" content=\"Encontro Cultura Viva nas Cidades da Am\u00e9rica Latina - IberCultura Viva\" \/>\n<meta property=\"og:description\" content=\"Encontro Cultura Viva nas Cidades da Am\u00e9rica Latina - IberCultura Viva\" \/>\n<meta property=\"og:url\" content=\"https:\/\/iberculturaviva.org\/es\/agenda\/encontro-cultura-viva-nas-cidades-da-america-latina\/\" \/>\n<meta property=\"og:site_name\" content=\"IberCultura Viva\" \/>\n<meta property=\"article:publisher\" content=\"https:\/\/www.facebook.com\/iberculturaviva\/\" \/>\n<meta property=\"og:image\" content=\"https:\/\/iberculturaviva.org\/wp-content\/uploads\/2017\/06\/cv-campinas.jpg\" \/>\n<meta name=\"twitter:card\" content=\"summary_large_image\" \/>\n<meta name=\"twitter:label1\" content=\"Tiempo de lectura\" \/>\n\t<meta name=\"twitter:data1\" content=\"1 minuto\" \/>\n<script type=\"application\/ld+json\" class=\"yoast-schema-graph\">{\"@context\":\"https:\/\/schema.org\",\"@graph\":[{\"@type\":\"WebPage\",\"@id\":\"https:\/\/iberculturaviva.org\/es\/agenda\/encontro-cultura-viva-nas-cidades-da-america-latina\/\",\"url\":\"https:\/\/iberculturaviva.org\/es\/agenda\/encontro-cultura-viva-nas-cidades-da-america-latina\/\",\"name\":\"Encontro Cultura Viva nas Cidades da Am\u00e9rica Latina - IberCultura Viva\",\"isPartOf\":{\"@id\":\"https:\/\/iberculturaviva.org\/es\/?lang=es\/#website\"},\"primaryImageOfPage\":{\"@id\":\"https:\/\/iberculturaviva.org\/es\/agenda\/encontro-cultura-viva-nas-cidades-da-america-latina\/#primaryimage\"},\"image\":{\"@id\":\"https:\/\/iberculturaviva.org\/es\/agenda\/encontro-cultura-viva-nas-cidades-da-america-latina\/#primaryimage\"},\"thumbnailUrl\":\"https:\/\/iberculturaviva.org\/wp-content\/uploads\/2017\/06\/cv-campinas.jpg\",\"datePublished\":\"2017-06-26T13:04:33+00:00\",\"description\":\"Encontro Cultura Viva nas Cidades da Am\u00e9rica Latina - IberCultura Viva\",\"breadcrumb\":{\"@id\":\"https:\/\/iberculturaviva.org\/es\/agenda\/encontro-cultura-viva-nas-cidades-da-america-latina\/#breadcrumb\"},\"inLanguage\":\"es\",\"potentialAction\":[{\"@type\":\"ReadAction\",\"target\":[\"https:\/\/iberculturaviva.org\/es\/agenda\/encontro-cultura-viva-nas-cidades-da-america-latina\/\"]}]},{\"@type\":\"ImageObject\",\"inLanguage\":\"es\",\"@id\":\"https:\/\/iberculturaviva.org\/es\/agenda\/encontro-cultura-viva-nas-cidades-da-america-latina\/#primaryimage\",\"url\":\"https:\/\/iberculturaviva.org\/wp-content\/uploads\/2017\/06\/cv-campinas.jpg\",\"contentUrl\":\"https:\/\/iberculturaviva.org\/wp-content\/uploads\/2017\/06\/cv-campinas.jpg\"},{\"@type\":\"BreadcrumbList\",\"@id\":\"https:\/\/iberculturaviva.org\/es\/agenda\/encontro-cultura-viva-nas-cidades-da-america-latina\/#breadcrumb\",\"itemListElement\":[{\"@type\":\"ListItem\",\"position\":1,\"name\":\"In\u00edcio\",\"item\":\"https:\/\/iberculturaviva.org\/es\/inicio\/\"},{\"@type\":\"ListItem\",\"position\":2,\"name\":\"Eventos\",\"item\":\"https:\/\/iberculturaviva.org\/es\/nossa-agenda\/\"},{\"@type\":\"ListItem\",\"position\":3,\"name\":\"Encontro Cultura Viva nas Cidades da Am\u00e9rica Latina\"}]},{\"@type\":\"WebSite\",\"@id\":\"https:\/\/iberculturaviva.org\/es\/?lang=es\/#website\",\"url\":\"https:\/\/iberculturaviva.org\/es\/?lang=es\/\",\"name\":\"IberCultura Viva\",\"description\":\"Programa de cooperaci\u00f3n cultural\",\"publisher\":{\"@id\":\"https:\/\/iberculturaviva.org\/es\/?lang=es\/#organization\"},\"potentialAction\":[{\"@type\":\"SearchAction\",\"target\":{\"@type\":\"EntryPoint\",\"urlTemplate\":\"https:\/\/iberculturaviva.org\/es\/?lang=es\/?s={search_term_string}\"},\"query-input\":{\"@type\":\"PropertyValueSpecification\",\"valueRequired\":true,\"valueName\":\"search_term_string\"}}],\"inLanguage\":\"es\"},{\"@type\":\"Organization\",\"@id\":\"https:\/\/iberculturaviva.org\/es\/?lang=es\/#organization\",\"name\":\"Iberculturaviva\",\"url\":\"https:\/\/iberculturaviva.org\/es\/?lang=es\/\",\"logo\":{\"@type\":\"ImageObject\",\"inLanguage\":\"es\",\"@id\":\"https:\/\/iberculturaviva.org\/es\/?lang=es\/#\/schema\/logo\/image\/\",\"url\":\"https:\/\/iberculturaviva.org\/wp-content\/uploads\/2021\/08\/logo_ibercultura_viva.jpg\",\"contentUrl\":\"https:\/\/iberculturaviva.org\/wp-content\/uploads\/2021\/08\/logo_ibercultura_viva.jpg\",\"width\":708,\"height\":223,\"caption\":\"Iberculturaviva\"},\"image\":{\"@id\":\"https:\/\/iberculturaviva.org\/es\/?lang=es\/#\/schema\/logo\/image\/\"},\"sameAs\":[\"https:\/\/www.facebook.com\/iberculturaviva\/\",\"https:\/\/www.instagram.com\/iberculturaviva\/\",\"https:\/\/www.youtube.com\/iberculturaviva\"]}]}<\/script>\n<!-- \/ Yoast SEO plugin. -->","yoast_head_json":{"title":"Encontro Cultura Viva nas Cidades da Am\u00e9rica Latina - IberCultura Viva","description":"Encontro Cultura Viva nas Cidades da Am\u00e9rica Latina - IberCultura Viva","robots":{"index":"index","follow":"follow","max-snippet":"max-snippet:-1","max-image-preview":"max-image-preview:large","max-video-preview":"max-video-preview:-1"},"canonical":"https:\/\/iberculturaviva.org\/es\/agenda\/encontro-cultura-viva-nas-cidades-da-america-latina\/","og_locale":"es_ES","og_type":"article","og_title":"Encontro Cultura Viva nas Cidades da Am\u00e9rica Latina - IberCultura Viva","og_description":"Encontro Cultura Viva nas Cidades da Am\u00e9rica Latina - IberCultura Viva","og_url":"https:\/\/iberculturaviva.org\/es\/agenda\/encontro-cultura-viva-nas-cidades-da-america-latina\/","og_site_name":"IberCultura Viva","article_publisher":"https:\/\/www.facebook.com\/iberculturaviva\/","og_image":[{"url":"https:\/\/iberculturaviva.org\/wp-content\/uploads\/2017\/06\/cv-campinas.jpg","type":"","width":"","height":""}],"twitter_card":"summary_large_image","twitter_misc":{"Tiempo de lectura":"1 minuto"},"schema":{"@context":"https:\/\/schema.org","@graph":[{"@type":"WebPage","@id":"https:\/\/iberculturaviva.org\/es\/agenda\/encontro-cultura-viva-nas-cidades-da-america-latina\/","url":"https:\/\/iberculturaviva.org\/es\/agenda\/encontro-cultura-viva-nas-cidades-da-america-latina\/","name":"Encontro Cultura Viva nas Cidades da Am\u00e9rica Latina - IberCultura Viva","isPartOf":{"@id":"https:\/\/iberculturaviva.org\/es\/?lang=es\/#website"},"primaryImageOfPage":{"@id":"https:\/\/iberculturaviva.org\/es\/agenda\/encontro-cultura-viva-nas-cidades-da-america-latina\/#primaryimage"},"image":{"@id":"https:\/\/iberculturaviva.org\/es\/agenda\/encontro-cultura-viva-nas-cidades-da-america-latina\/#primaryimage"},"thumbnailUrl":"https:\/\/iberculturaviva.org\/wp-content\/uploads\/2017\/06\/cv-campinas.jpg","datePublished":"2017-06-26T13:04:33+00:00","description":"Encontro Cultura Viva nas Cidades da Am\u00e9rica Latina - IberCultura Viva","breadcrumb":{"@id":"https:\/\/iberculturaviva.org\/es\/agenda\/encontro-cultura-viva-nas-cidades-da-america-latina\/#breadcrumb"},"inLanguage":"es","potentialAction":[{"@type":"ReadAction","target":["https:\/\/iberculturaviva.org\/es\/agenda\/encontro-cultura-viva-nas-cidades-da-america-latina\/"]}]},{"@type":"ImageObject","inLanguage":"es","@id":"https:\/\/iberculturaviva.org\/es\/agenda\/encontro-cultura-viva-nas-cidades-da-america-latina\/#primaryimage","url":"https:\/\/iberculturaviva.org\/wp-content\/uploads\/2017\/06\/cv-campinas.jpg","contentUrl":"https:\/\/iberculturaviva.org\/wp-content\/uploads\/2017\/06\/cv-campinas.jpg"},{"@type":"BreadcrumbList","@id":"https:\/\/iberculturaviva.org\/es\/agenda\/encontro-cultura-viva-nas-cidades-da-america-latina\/#breadcrumb","itemListElement":[{"@type":"ListItem","position":1,"name":"In\u00edcio","item":"https:\/\/iberculturaviva.org\/es\/inicio\/"},{"@type":"ListItem","position":2,"name":"Eventos","item":"https:\/\/iberculturaviva.org\/es\/nossa-agenda\/"},{"@type":"ListItem","position":3,"name":"Encontro Cultura Viva nas Cidades da Am\u00e9rica Latina"}]},{"@type":"WebSite","@id":"https:\/\/iberculturaviva.org\/es\/?lang=es\/#website","url":"https:\/\/iberculturaviva.org\/es\/?lang=es\/","name":"IberCultura Viva","description":"Programa de cooperaci\u00f3n cultural","publisher":{"@id":"https:\/\/iberculturaviva.org\/es\/?lang=es\/#organization"},"potentialAction":[{"@type":"SearchAction","target":{"@type":"EntryPoint","urlTemplate":"https:\/\/iberculturaviva.org\/es\/?lang=es\/?s={search_term_string}"},"query-input":{"@type":"PropertyValueSpecification","valueRequired":true,"valueName":"search_term_string"}}],"inLanguage":"es"},{"@type":"Organization","@id":"https:\/\/iberculturaviva.org\/es\/?lang=es\/#organization","name":"Iberculturaviva","url":"https:\/\/iberculturaviva.org\/es\/?lang=es\/","logo":{"@type":"ImageObject","inLanguage":"es","@id":"https:\/\/iberculturaviva.org\/es\/?lang=es\/#\/schema\/logo\/image\/","url":"https:\/\/iberculturaviva.org\/wp-content\/uploads\/2021\/08\/logo_ibercultura_viva.jpg","contentUrl":"https:\/\/iberculturaviva.org\/wp-content\/uploads\/2021\/08\/logo_ibercultura_viva.jpg","width":708,"height":223,"caption":"Iberculturaviva"},"image":{"@id":"https:\/\/iberculturaviva.org\/es\/?lang=es\/#\/schema\/logo\/image\/"},"sameAs":["https:\/\/www.facebook.com\/iberculturaviva\/","https:\/\/www.instagram.com\/iberculturaviva\/","https:\/\/www.youtube.com\/iberculturaviva"]}]}},"_links":{"self":[{"href":"https:\/\/iberculturaviva.org\/es\/wp-json\/wp\/v2\/tribe_events\/17013","targetHints":{"allow":["GET"]}}],"collection":[{"href":"https:\/\/iberculturaviva.org\/es\/wp-json\/wp\/v2\/tribe_events"}],"about":[{"href":"https:\/\/iberculturaviva.org\/es\/wp-json\/wp\/v2\/types\/tribe_events"}],"author":[{"embeddable":true,"href":"https:\/\/iberculturaviva.org\/es\/wp-json\/wp\/v2\/users\/2"}],"version-history":[{"count":0,"href":"https:\/\/iberculturaviva.org\/es\/wp-json\/wp\/v2\/tribe_events\/17013\/revisions"}],"wp:attachment":[{"href":"https:\/\/iberculturaviva.org\/es\/wp-json\/wp\/v2\/media?parent=17013"}],"wp:term":[{"taxonomy":"post_tag","embeddable":true,"href":"https:\/\/iberculturaviva.org\/es\/wp-json\/wp\/v2\/tags?post=17013"},{"taxonomy":"tribe_events_cat","embeddable":true,"href":"https:\/\/iberculturaviva.org\/es\/wp-json\/wp\/v2\/tribe_events_cat?post=17013"}],"curies":[{"name":"wp","href":"https:\/\/api.w.org\/{rel}","templated":true}]}}