{"id":38836,"date":"2024-11-05T18:32:17","date_gmt":"2024-11-05T21:32:17","guid":{"rendered":"https:\/\/iberculturaviva.org\/proposal\/o-sentido-da-sua-ideia\/"},"modified":"2024-12-04T12:32:05","modified_gmt":"2024-12-04T15:32:05","slug":"el-sentido-de-tu-idea","status":"publish","type":"proposal","link":"https:\/\/iberculturaviva.org\/es\/proposal\/el-sentido-de-tu-idea\/","title":{"rendered":"El sentido de tu idea"},"content":{"rendered":"\n<p><strong>La propuesta para el banco de saberes<\/strong><strong>:<\/strong>&nbsp;El cine es un arte compartido, la creatividad de cada uno es infinita. \u201cEl sentido de tu idea\u201d pretende acompa\u00f1ar y hacer madurar dicha idea que se quiere contar sin alterar el sentimiento que la haya detonado. La intenci\u00f3n es encaminar, reforzar y enriquecer la idea del autor\/autora aplicando o tomando recursos del entorno, para que las y los cineastas puedan desarrollar sus ideas de manera org\u00e1nica, sin sentirse presionados por convenciones o expectativas externas.&nbsp;<\/p>\n\n\n\n<p>Los contenidos que se pretenden desarrollar durante la actividad son: Narrativa cinematogr\u00e1fica; an\u00e1lisis narrativo y estructural; estructura de gui\u00f3n; desarrollo de personajes; reflexiones sobre la importancia de la autenticidad y la originalidad en la creaci\u00f3n cinematogr\u00e1fica; ejercicios de escritura de guiones, como crear un di\u00e1logo convincente o desarrollar un conflicto dram\u00e1tico en una historia corta.<\/p>\n\n\n\n<p><strong>*&nbsp;<\/strong><strong>Objetivos<\/strong><strong>:&nbsp;<\/strong>1) Fomentar la creatividad: Promover un ambiente en el que las y los cineastas se sientan libres de explorar y desarrollar sus ideas sin restricciones, fomentando as\u00ed la creatividad y la innovaci\u00f3n en el cine; 2) Promover la diversidad y la inclusi\u00f3n: Fomentar la participaci\u00f3n de una amplia gama de voces y perspectivas, promoviendo la diversidad cultural, \u00e9tnica, de g\u00e9nero y de experiencias en las historias que se cuentan; 3) Facilitar la retroalimentaci\u00f3n constructiva: Proporcionar oportunidades para que los realizadores reciban retroalimentaci\u00f3n constructiva sobre sus proyectos en desarrollo, ya sea a trav\u00e9s de grupos de discusi\u00f3n, sesiones de revisi\u00f3n de guiones o mentor\u00edas individuales.<\/p>\n\n\n\n<p><strong>Duraci\u00f3n prevista<\/strong>: 7 d\u00edas<\/p>\n\n\n\n<p><strong>Necesidades de la propuesta<\/strong><strong>:<\/strong><\/p>\n\n\n\n<p>*T\u00e9cnicas: Proyector, mesas, sillas pizarra, micr\u00f3fono.<\/p>\n\n\n\n<p>*Espacial: Espacio cerrado y aire libre<\/p>\n\n\n\n<p><strong>Destinatarios<\/strong><strong>:&nbsp;<\/strong>J\u00f3venes de todas las identidades, de 13 a 25 a\u00f1os<\/p>\n\n\n\n<p><strong>N\u00famero de participantes<\/strong>: De 5 a 15<\/p>\n\n\n\n<figure class=\"wp-block-gallery has-nested-images columns-default is-cropped wp-block-gallery-1 is-layout-flex wp-block-gallery-is-layout-flex\">\n<figure class=\"wp-block-image size-large\"><img decoding=\"async\" data-id=\"34410\" src=\"https:\/\/iberculturaviva.org\/wp-content\/uploads\/2024\/07\/173396111_118322937024746_7090611368887184192_n-960x560.jpg\" alt=\"\" class=\"wp-image-34410\"\/><\/figure>\n\n\n\n<figure class=\"wp-block-image size-large\"><img decoding=\"async\" data-id=\"34418\" src=\"https:\/\/iberculturaviva.org\/wp-content\/uploads\/2024\/07\/312868036_494209909432106_273731213819848109_n-960x643.jpg\" alt=\"\" class=\"wp-image-34418\"\/><\/figure>\n\n\n\n<figure class=\"wp-block-image size-large\"><img decoding=\"async\" data-id=\"34414\" src=\"https:\/\/iberculturaviva.org\/wp-content\/uploads\/2024\/07\/312748820_494209796098784_8985253166553895875_n-960x633.jpg\" alt=\"\" class=\"wp-image-34414\"\/><figcaption class=\"wp-element-caption\">Microcine Nazarenas<\/figcaption><\/figure>\n<\/figure>\n","protected":false},"excerpt":{"rendered":"<p>La propuesta para el banco de saberes:&nbsp;El cine es un arte compartido, la creatividad de cada uno es infinita. \u201cEl sentido de tu idea\u201d pretende acompa\u00f1ar y hacer madurar dicha [&hellip;]<\/p>\n","protected":false},"author":2,"featured_media":34423,"menu_order":0,"template":"","categories":[],"tags":[],"country-municipality":[837],"type-proposal":[725,727],"class_list":["post-38836","proposal","type-proposal","status-publish","has-post-thumbnail","hentry","country-municipality-peru-es","type-proposal-atividades","type-proposal-oficinas"],"yoast_head":"<!-- This site is optimized with the Yoast SEO plugin v25.7 - https:\/\/yoast.com\/wordpress\/plugins\/seo\/ -->\n<title>El sentido de tu idea - IberCultura Viva<\/title>\n<meta name=\"description\" content=\"El sentido de tu idea - IberCultura Viva\" \/>\n<meta name=\"robots\" content=\"index, follow, max-snippet:-1, max-image-preview:large, max-video-preview:-1\" \/>\n<link rel=\"canonical\" href=\"https:\/\/iberculturaviva.org\/es\/proposal\/el-sentido-de-tu-idea\/\" \/>\n<meta property=\"og:locale\" content=\"es_ES\" \/>\n<meta property=\"og:type\" content=\"article\" \/>\n<meta property=\"og:title\" content=\"El sentido de tu idea - IberCultura Viva\" \/>\n<meta property=\"og:description\" content=\"El sentido de tu idea - IberCultura Viva\" \/>\n<meta property=\"og:url\" content=\"https:\/\/iberculturaviva.org\/es\/proposal\/el-sentido-de-tu-idea\/\" \/>\n<meta property=\"og:site_name\" content=\"IberCultura Viva\" \/>\n<meta property=\"article:publisher\" content=\"https:\/\/www.facebook.com\/iberculturaviva\/\" \/>\n<meta property=\"article:modified_time\" content=\"2024-12-04T15:32:05+00:00\" \/>\n<meta property=\"og:image\" content=\"https:\/\/iberculturaviva.org\/wp-content\/uploads\/2024\/07\/microcinenaza.jpg\" \/>\n\t<meta property=\"og:image:width\" content=\"2048\" \/>\n\t<meta property=\"og:image:height\" content=\"1365\" \/>\n\t<meta property=\"og:image:type\" content=\"image\/jpeg\" \/>\n<meta name=\"twitter:card\" content=\"summary_large_image\" \/>\n<meta name=\"twitter:label1\" content=\"Tiempo de lectura\" \/>\n\t<meta name=\"twitter:data1\" content=\"2 minutos\" \/>\n<script type=\"application\/ld+json\" class=\"yoast-schema-graph\">{\"@context\":\"https:\/\/schema.org\",\"@graph\":[{\"@type\":\"WebPage\",\"@id\":\"https:\/\/iberculturaviva.org\/es\/proposal\/el-sentido-de-tu-idea\/\",\"url\":\"https:\/\/iberculturaviva.org\/es\/proposal\/el-sentido-de-tu-idea\/\",\"name\":\"El sentido de tu idea - IberCultura Viva\",\"isPartOf\":{\"@id\":\"https:\/\/iberculturaviva.org\/es\/?lang=es\/#website\"},\"primaryImageOfPage\":{\"@id\":\"https:\/\/iberculturaviva.org\/es\/proposal\/el-sentido-de-tu-idea\/#primaryimage\"},\"image\":{\"@id\":\"https:\/\/iberculturaviva.org\/es\/proposal\/el-sentido-de-tu-idea\/#primaryimage\"},\"thumbnailUrl\":\"https:\/\/iberculturaviva.org\/wp-content\/uploads\/2024\/07\/microcinenaza.jpg\",\"datePublished\":\"2024-11-05T21:32:17+00:00\",\"dateModified\":\"2024-12-04T15:32:05+00:00\",\"description\":\"El sentido de tu idea - IberCultura Viva\",\"breadcrumb\":{\"@id\":\"https:\/\/iberculturaviva.org\/es\/proposal\/el-sentido-de-tu-idea\/#breadcrumb\"},\"inLanguage\":\"es\",\"potentialAction\":[{\"@type\":\"ReadAction\",\"target\":[\"https:\/\/iberculturaviva.org\/es\/proposal\/el-sentido-de-tu-idea\/\"]}]},{\"@type\":\"ImageObject\",\"inLanguage\":\"es\",\"@id\":\"https:\/\/iberculturaviva.org\/es\/proposal\/el-sentido-de-tu-idea\/#primaryimage\",\"url\":\"https:\/\/iberculturaviva.org\/wp-content\/uploads\/2024\/07\/microcinenaza.jpg\",\"contentUrl\":\"https:\/\/iberculturaviva.org\/wp-content\/uploads\/2024\/07\/microcinenaza.jpg\",\"width\":2048,\"height\":1365},{\"@type\":\"BreadcrumbList\",\"@id\":\"https:\/\/iberculturaviva.org\/es\/proposal\/el-sentido-de-tu-idea\/#breadcrumb\",\"itemListElement\":[{\"@type\":\"ListItem\",\"position\":1,\"name\":\"In\u00edcio\",\"item\":\"https:\/\/iberculturaviva.org\/es\/inicio\/\"},{\"@type\":\"ListItem\",\"position\":2,\"name\":\"Banco de Saberes\",\"item\":\"https:\/\/iberculturaviva.org\/es\/proposal\/\"},{\"@type\":\"ListItem\",\"position\":3,\"name\":\"El sentido de tu idea\"}]},{\"@type\":\"WebSite\",\"@id\":\"https:\/\/iberculturaviva.org\/es\/?lang=es\/#website\",\"url\":\"https:\/\/iberculturaviva.org\/es\/?lang=es\/\",\"name\":\"IberCultura Viva\",\"description\":\"Programa de cooperaci\u00f3n cultural\",\"publisher\":{\"@id\":\"https:\/\/iberculturaviva.org\/es\/?lang=es\/#organization\"},\"potentialAction\":[{\"@type\":\"SearchAction\",\"target\":{\"@type\":\"EntryPoint\",\"urlTemplate\":\"https:\/\/iberculturaviva.org\/es\/?lang=es\/?s={search_term_string}\"},\"query-input\":{\"@type\":\"PropertyValueSpecification\",\"valueRequired\":true,\"valueName\":\"search_term_string\"}}],\"inLanguage\":\"es\"},{\"@type\":\"Organization\",\"@id\":\"https:\/\/iberculturaviva.org\/es\/?lang=es\/#organization\",\"name\":\"Iberculturaviva\",\"url\":\"https:\/\/iberculturaviva.org\/es\/?lang=es\/\",\"logo\":{\"@type\":\"ImageObject\",\"inLanguage\":\"es\",\"@id\":\"https:\/\/iberculturaviva.org\/es\/?lang=es\/#\/schema\/logo\/image\/\",\"url\":\"https:\/\/iberculturaviva.org\/wp-content\/uploads\/2021\/08\/logo_ibercultura_viva.jpg\",\"contentUrl\":\"https:\/\/iberculturaviva.org\/wp-content\/uploads\/2021\/08\/logo_ibercultura_viva.jpg\",\"width\":708,\"height\":223,\"caption\":\"Iberculturaviva\"},\"image\":{\"@id\":\"https:\/\/iberculturaviva.org\/es\/?lang=es\/#\/schema\/logo\/image\/\"},\"sameAs\":[\"https:\/\/www.facebook.com\/iberculturaviva\/\",\"https:\/\/www.instagram.com\/iberculturaviva\/\",\"https:\/\/www.youtube.com\/iberculturaviva\"]}]}<\/script>\n<!-- \/ Yoast SEO plugin. -->","yoast_head_json":{"title":"El sentido de tu idea - IberCultura Viva","description":"El sentido de tu idea - IberCultura Viva","robots":{"index":"index","follow":"follow","max-snippet":"max-snippet:-1","max-image-preview":"max-image-preview:large","max-video-preview":"max-video-preview:-1"},"canonical":"https:\/\/iberculturaviva.org\/es\/proposal\/el-sentido-de-tu-idea\/","og_locale":"es_ES","og_type":"article","og_title":"El sentido de tu idea - IberCultura Viva","og_description":"El sentido de tu idea - IberCultura Viva","og_url":"https:\/\/iberculturaviva.org\/es\/proposal\/el-sentido-de-tu-idea\/","og_site_name":"IberCultura Viva","article_publisher":"https:\/\/www.facebook.com\/iberculturaviva\/","article_modified_time":"2024-12-04T15:32:05+00:00","og_image":[{"width":2048,"height":1365,"url":"https:\/\/iberculturaviva.org\/wp-content\/uploads\/2024\/07\/microcinenaza.jpg","type":"image\/jpeg"}],"twitter_card":"summary_large_image","twitter_misc":{"Tiempo de lectura":"2 minutos"},"schema":{"@context":"https:\/\/schema.org","@graph":[{"@type":"WebPage","@id":"https:\/\/iberculturaviva.org\/es\/proposal\/el-sentido-de-tu-idea\/","url":"https:\/\/iberculturaviva.org\/es\/proposal\/el-sentido-de-tu-idea\/","name":"El sentido de tu idea - IberCultura Viva","isPartOf":{"@id":"https:\/\/iberculturaviva.org\/es\/?lang=es\/#website"},"primaryImageOfPage":{"@id":"https:\/\/iberculturaviva.org\/es\/proposal\/el-sentido-de-tu-idea\/#primaryimage"},"image":{"@id":"https:\/\/iberculturaviva.org\/es\/proposal\/el-sentido-de-tu-idea\/#primaryimage"},"thumbnailUrl":"https:\/\/iberculturaviva.org\/wp-content\/uploads\/2024\/07\/microcinenaza.jpg","datePublished":"2024-11-05T21:32:17+00:00","dateModified":"2024-12-04T15:32:05+00:00","description":"El sentido de tu idea - IberCultura Viva","breadcrumb":{"@id":"https:\/\/iberculturaviva.org\/es\/proposal\/el-sentido-de-tu-idea\/#breadcrumb"},"inLanguage":"es","potentialAction":[{"@type":"ReadAction","target":["https:\/\/iberculturaviva.org\/es\/proposal\/el-sentido-de-tu-idea\/"]}]},{"@type":"ImageObject","inLanguage":"es","@id":"https:\/\/iberculturaviva.org\/es\/proposal\/el-sentido-de-tu-idea\/#primaryimage","url":"https:\/\/iberculturaviva.org\/wp-content\/uploads\/2024\/07\/microcinenaza.jpg","contentUrl":"https:\/\/iberculturaviva.org\/wp-content\/uploads\/2024\/07\/microcinenaza.jpg","width":2048,"height":1365},{"@type":"BreadcrumbList","@id":"https:\/\/iberculturaviva.org\/es\/proposal\/el-sentido-de-tu-idea\/#breadcrumb","itemListElement":[{"@type":"ListItem","position":1,"name":"In\u00edcio","item":"https:\/\/iberculturaviva.org\/es\/inicio\/"},{"@type":"ListItem","position":2,"name":"Banco de Saberes","item":"https:\/\/iberculturaviva.org\/es\/proposal\/"},{"@type":"ListItem","position":3,"name":"El sentido de tu idea"}]},{"@type":"WebSite","@id":"https:\/\/iberculturaviva.org\/es\/?lang=es\/#website","url":"https:\/\/iberculturaviva.org\/es\/?lang=es\/","name":"IberCultura Viva","description":"Programa de cooperaci\u00f3n cultural","publisher":{"@id":"https:\/\/iberculturaviva.org\/es\/?lang=es\/#organization"},"potentialAction":[{"@type":"SearchAction","target":{"@type":"EntryPoint","urlTemplate":"https:\/\/iberculturaviva.org\/es\/?lang=es\/?s={search_term_string}"},"query-input":{"@type":"PropertyValueSpecification","valueRequired":true,"valueName":"search_term_string"}}],"inLanguage":"es"},{"@type":"Organization","@id":"https:\/\/iberculturaviva.org\/es\/?lang=es\/#organization","name":"Iberculturaviva","url":"https:\/\/iberculturaviva.org\/es\/?lang=es\/","logo":{"@type":"ImageObject","inLanguage":"es","@id":"https:\/\/iberculturaviva.org\/es\/?lang=es\/#\/schema\/logo\/image\/","url":"https:\/\/iberculturaviva.org\/wp-content\/uploads\/2021\/08\/logo_ibercultura_viva.jpg","contentUrl":"https:\/\/iberculturaviva.org\/wp-content\/uploads\/2021\/08\/logo_ibercultura_viva.jpg","width":708,"height":223,"caption":"Iberculturaviva"},"image":{"@id":"https:\/\/iberculturaviva.org\/es\/?lang=es\/#\/schema\/logo\/image\/"},"sameAs":["https:\/\/www.facebook.com\/iberculturaviva\/","https:\/\/www.instagram.com\/iberculturaviva\/","https:\/\/www.youtube.com\/iberculturaviva"]}]}},"_links":{"self":[{"href":"https:\/\/iberculturaviva.org\/es\/wp-json\/wp\/v2\/proposal\/38836","targetHints":{"allow":["GET"]}}],"collection":[{"href":"https:\/\/iberculturaviva.org\/es\/wp-json\/wp\/v2\/proposal"}],"about":[{"href":"https:\/\/iberculturaviva.org\/es\/wp-json\/wp\/v2\/types\/proposal"}],"author":[{"embeddable":true,"href":"https:\/\/iberculturaviva.org\/es\/wp-json\/wp\/v2\/users\/2"}],"version-history":[{"count":3,"href":"https:\/\/iberculturaviva.org\/es\/wp-json\/wp\/v2\/proposal\/38836\/revisions"}],"predecessor-version":[{"id":39542,"href":"https:\/\/iberculturaviva.org\/es\/wp-json\/wp\/v2\/proposal\/38836\/revisions\/39542"}],"wp:featuredmedia":[{"embeddable":true,"href":"https:\/\/iberculturaviva.org\/es\/wp-json\/wp\/v2\/media\/34423"}],"wp:attachment":[{"href":"https:\/\/iberculturaviva.org\/es\/wp-json\/wp\/v2\/media?parent=38836"}],"wp:term":[{"taxonomy":"category","embeddable":true,"href":"https:\/\/iberculturaviva.org\/es\/wp-json\/wp\/v2\/categories?post=38836"},{"taxonomy":"post_tag","embeddable":true,"href":"https:\/\/iberculturaviva.org\/es\/wp-json\/wp\/v2\/tags?post=38836"},{"taxonomy":"country-municipality","embeddable":true,"href":"https:\/\/iberculturaviva.org\/es\/wp-json\/wp\/v2\/country-municipality?post=38836"},{"taxonomy":"type-proposal","embeddable":true,"href":"https:\/\/iberculturaviva.org\/es\/wp-json\/wp\/v2\/type-proposal?post=38836"}],"curies":[{"name":"wp","href":"https:\/\/api.w.org\/{rel}","templated":true}]}}