{"id":38830,"date":"2024-11-05T18:29:56","date_gmt":"2024-11-05T21:29:56","guid":{"rendered":"https:\/\/iberculturaviva.org\/proposal\/animacao-stop-motion-da-ideia-a-acao\/"},"modified":"2024-12-04T12:30:33","modified_gmt":"2024-12-04T15:30:33","slug":"animacion-stop-motion-de-la-idea-a-la-accion","status":"publish","type":"proposal","link":"https:\/\/iberculturaviva.org\/es\/proposal\/animacion-stop-motion-de-la-idea-a-la-accion\/","title":{"rendered":"Animaci\u00f3n stop motion: de la idea a la acci\u00f3n"},"content":{"rendered":"\n<p><strong>La propuesta para el banco de saberes<\/strong><strong>:<\/strong>&nbsp;En el taller \u00abAnimaci\u00f3n Stop Motion: De la Idea a la Acci\u00f3n\u00bb, ni\u00f1os, ni\u00f1as y adolescentes explorar\u00e1n el fascinante mundo de la animaci\u00f3n cuadro por cuadro. Mediante actividades pr\u00e1cticas y divertidas, aprender\u00e1n a dar vida a sus personajes y crear historias imaginarias. Descubrir\u00e1n c\u00f3mo pueden transformar ideas sencillas en narraciones animadas, dando voz y vida a su creatividad. De la misma forma, complementan su conocimientos con grabaci\u00f3n de sonido, edici\u00f3n e iluminaci\u00f3n obteniendo en 5 d\u00edas un producto audiovisual.<\/p>\n\n\n\n<p>El taller se iniciar\u00e1 con una introducci\u00f3n te\u00f3rica para conocer sobre la t\u00e9cnica de stop motion y el amplio trabajo realizado en este campo por diversos artistas. Luego la parte pr\u00e1ctica donde el participante experimentar\u00e1 y desarrollar\u00e1 ejercicios pr\u00e1cticos de animaci\u00f3n para reforzar la parte te\u00f3rica. Posteriormente se crear\u00e1 una historia colectiva con conocimientos y costumbres ancestrales que los participantes tengan como parte de su identidad, culminando el taller con una animaci\u00f3n corta donde se mostrar\u00e1 todo lo aprendido durante las sesiones.<\/p>\n\n\n\n<p><strong>Objetivos&nbsp;<\/strong><strong>\u2013&nbsp;<\/strong>General: Fomentar el uso de la animaci\u00f3n en ni\u00f1os, ni\u00f1as y adolescentes como herramienta de expresi\u00f3n y difusi\u00f3n de sus costumbres y saberes.&nbsp;Objetivos espec\u00edficos: 1) Introducir a los ni\u00f1os en el proceso creativo del cine de animaci\u00f3n; 2) Desarrollar habilidades en artes pl\u00e1sticas y tecnolog\u00eda; 3) Fomentar la imaginaci\u00f3n y la capacidad de contar historias; 4) Crear productos audiovisuales con identidad cultural.<\/p>\n\n\n\n<p><strong>Duraci\u00f3n prevista<\/strong>: 5 d\u00edas.<\/p>\n\n\n\n<p><strong>Necesidades de la propuesta<\/strong><strong>:<\/strong><\/p>\n\n\n\n<p>*&nbsp;T\u00e9cnicas:&nbsp;Celular, hojas bond A4, cartulina o tela o papel de color (verde el m\u00e1s fuerte). Pinturas \/ colores. Manito Gorila (Tripode) \/ u otro tipo de herramienta que sirve como tr\u00edpode para celulares. Aud\u00edfonos con botones de volumen. Tijera. Cuter. Palo de escoba o similar. Cartulina. L\u00e1piz, borrador y tajador. Goma l\u00edquida. Cinta Masking grande. Plastilina diferentes colores. Mesas y sillas. Focos blancos con cables de conexi\u00f3n.<\/p>\n\n\n\n<p>*&nbsp;Espacial: Espacio cerrado, con iluminaci\u00f3n artificial color blanco, un espacio aproximado de 7\u00d76 metros.<\/p>\n\n\n\n<p><strong>. Destinatarios<\/strong><strong>:&nbsp;<\/strong>Ni\u00f1os, ni\u00f1as y adolescentes, de 7 a 10 a\u00f1os y de 11 a 15 a\u00f1os<\/p>\n\n\n\n<p><strong>.&nbsp;<\/strong><strong>N\u00famero de participantes<\/strong>: de 10 a 15.<\/p>\n\n\n\n<figure class=\"wp-block-gallery has-nested-images columns-default is-cropped wp-block-gallery-1 is-layout-flex wp-block-gallery-is-layout-flex\">\n<figure class=\"wp-block-image\"><a href=\"https:\/\/iberculturaviva.org\/?attachment_id=34374&amp;lang=es\"><img decoding=\"async\" src=\"https:\/\/iberculturaviva.org\/wp-content\/uploads\/2024\/07\/397849915_759360906228066_5671659969846607619_n-460x310.jpg\" alt=\"\"\/><\/a><\/figure>\n\n\n\n<figure class=\"wp-block-image\"><a href=\"https:\/\/iberculturaviva.org\/?attachment_id=34376&amp;lang=es\"><img decoding=\"async\" src=\"https:\/\/iberculturaviva.org\/wp-content\/uploads\/2024\/07\/436417822_867329722097850_4231608216385855844_n-460x310.jpg\" alt=\"\"\/><\/a><\/figure>\n\n\n\n<figure class=\"wp-block-image\"><a href=\"https:\/\/iberculturaviva.org\/?attachment_id=34378&amp;lang=es\"><img decoding=\"async\" src=\"https:\/\/iberculturaviva.org\/wp-content\/uploads\/2024\/07\/437852055_867328632097959_8809694293454767350_n-460x310.jpg\" alt=\"\"\/><\/a><\/figure>\n<\/figure>\n","protected":false},"excerpt":{"rendered":"<p>La propuesta para el banco de saberes:&nbsp;En el taller \u00abAnimaci\u00f3n Stop Motion: De la Idea a la Acci\u00f3n\u00bb, ni\u00f1os, ni\u00f1as y adolescentes explorar\u00e1n el fascinante mundo de la animaci\u00f3n cuadro [&hellip;]<\/p>\n","protected":false},"author":2,"featured_media":34372,"menu_order":0,"template":"","categories":[],"tags":[],"country-municipality":[837],"type-proposal":[727],"class_list":["post-38830","proposal","type-proposal","status-publish","has-post-thumbnail","hentry","country-municipality-peru-es","type-proposal-oficinas"],"yoast_head":"<!-- This site is optimized with the Yoast SEO plugin v25.7 - https:\/\/yoast.com\/wordpress\/plugins\/seo\/ -->\n<title>Animaci\u00f3n stop motion: de la idea a la acci\u00f3n - IberCultura Viva<\/title>\n<meta name=\"description\" content=\"Animaci\u00f3n stop motion: de la idea a la acci\u00f3n - IberCultura Viva\" \/>\n<meta name=\"robots\" content=\"index, follow, max-snippet:-1, max-image-preview:large, max-video-preview:-1\" \/>\n<link rel=\"canonical\" href=\"https:\/\/iberculturaviva.org\/es\/proposal\/animacion-stop-motion-de-la-idea-a-la-accion\/\" \/>\n<meta property=\"og:locale\" content=\"es_ES\" \/>\n<meta property=\"og:type\" content=\"article\" \/>\n<meta property=\"og:title\" content=\"Animaci\u00f3n stop motion: de la idea a la acci\u00f3n - IberCultura Viva\" \/>\n<meta property=\"og:description\" content=\"Animaci\u00f3n stop motion: de la idea a la acci\u00f3n - IberCultura Viva\" \/>\n<meta property=\"og:url\" content=\"https:\/\/iberculturaviva.org\/es\/proposal\/animacion-stop-motion-de-la-idea-a-la-accion\/\" \/>\n<meta property=\"og:site_name\" content=\"IberCultura Viva\" \/>\n<meta property=\"article:publisher\" content=\"https:\/\/www.facebook.com\/iberculturaviva\/\" \/>\n<meta property=\"article:modified_time\" content=\"2024-12-04T15:30:33+00:00\" \/>\n<meta property=\"og:image\" content=\"https:\/\/iberculturaviva.org\/wp-content\/uploads\/2024\/07\/401849008_767713955392761_344598929378305992_n.jpg\" \/>\n\t<meta property=\"og:image:width\" content=\"960\" \/>\n\t<meta property=\"og:image:height\" content=\"617\" \/>\n\t<meta property=\"og:image:type\" content=\"image\/jpeg\" \/>\n<meta name=\"twitter:card\" content=\"summary_large_image\" \/>\n<meta name=\"twitter:label1\" content=\"Tiempo de lectura\" \/>\n\t<meta name=\"twitter:data1\" content=\"2 minutos\" \/>\n<script type=\"application\/ld+json\" class=\"yoast-schema-graph\">{\"@context\":\"https:\/\/schema.org\",\"@graph\":[{\"@type\":\"WebPage\",\"@id\":\"https:\/\/iberculturaviva.org\/es\/proposal\/animacion-stop-motion-de-la-idea-a-la-accion\/\",\"url\":\"https:\/\/iberculturaviva.org\/es\/proposal\/animacion-stop-motion-de-la-idea-a-la-accion\/\",\"name\":\"Animaci\u00f3n stop motion: de la idea a la acci\u00f3n - IberCultura Viva\",\"isPartOf\":{\"@id\":\"https:\/\/iberculturaviva.org\/es\/?lang=es\/#website\"},\"primaryImageOfPage\":{\"@id\":\"https:\/\/iberculturaviva.org\/es\/proposal\/animacion-stop-motion-de-la-idea-a-la-accion\/#primaryimage\"},\"image\":{\"@id\":\"https:\/\/iberculturaviva.org\/es\/proposal\/animacion-stop-motion-de-la-idea-a-la-accion\/#primaryimage\"},\"thumbnailUrl\":\"https:\/\/iberculturaviva.org\/wp-content\/uploads\/2024\/07\/401849008_767713955392761_344598929378305992_n.jpg\",\"datePublished\":\"2024-11-05T21:29:56+00:00\",\"dateModified\":\"2024-12-04T15:30:33+00:00\",\"description\":\"Animaci\u00f3n stop motion: de la idea a la acci\u00f3n - IberCultura Viva\",\"breadcrumb\":{\"@id\":\"https:\/\/iberculturaviva.org\/es\/proposal\/animacion-stop-motion-de-la-idea-a-la-accion\/#breadcrumb\"},\"inLanguage\":\"es\",\"potentialAction\":[{\"@type\":\"ReadAction\",\"target\":[\"https:\/\/iberculturaviva.org\/es\/proposal\/animacion-stop-motion-de-la-idea-a-la-accion\/\"]}]},{\"@type\":\"ImageObject\",\"inLanguage\":\"es\",\"@id\":\"https:\/\/iberculturaviva.org\/es\/proposal\/animacion-stop-motion-de-la-idea-a-la-accion\/#primaryimage\",\"url\":\"https:\/\/iberculturaviva.org\/wp-content\/uploads\/2024\/07\/401849008_767713955392761_344598929378305992_n.jpg\",\"contentUrl\":\"https:\/\/iberculturaviva.org\/wp-content\/uploads\/2024\/07\/401849008_767713955392761_344598929378305992_n.jpg\",\"width\":960,\"height\":617},{\"@type\":\"BreadcrumbList\",\"@id\":\"https:\/\/iberculturaviva.org\/es\/proposal\/animacion-stop-motion-de-la-idea-a-la-accion\/#breadcrumb\",\"itemListElement\":[{\"@type\":\"ListItem\",\"position\":1,\"name\":\"In\u00edcio\",\"item\":\"https:\/\/iberculturaviva.org\/es\/inicio\/\"},{\"@type\":\"ListItem\",\"position\":2,\"name\":\"Banco de Saberes\",\"item\":\"https:\/\/iberculturaviva.org\/es\/proposal\/\"},{\"@type\":\"ListItem\",\"position\":3,\"name\":\"Animaci\u00f3n stop motion: de la idea a la acci\u00f3n\"}]},{\"@type\":\"WebSite\",\"@id\":\"https:\/\/iberculturaviva.org\/es\/?lang=es\/#website\",\"url\":\"https:\/\/iberculturaviva.org\/es\/?lang=es\/\",\"name\":\"IberCultura Viva\",\"description\":\"Programa de cooperaci\u00f3n cultural\",\"publisher\":{\"@id\":\"https:\/\/iberculturaviva.org\/es\/?lang=es\/#organization\"},\"potentialAction\":[{\"@type\":\"SearchAction\",\"target\":{\"@type\":\"EntryPoint\",\"urlTemplate\":\"https:\/\/iberculturaviva.org\/es\/?lang=es\/?s={search_term_string}\"},\"query-input\":{\"@type\":\"PropertyValueSpecification\",\"valueRequired\":true,\"valueName\":\"search_term_string\"}}],\"inLanguage\":\"es\"},{\"@type\":\"Organization\",\"@id\":\"https:\/\/iberculturaviva.org\/es\/?lang=es\/#organization\",\"name\":\"Iberculturaviva\",\"url\":\"https:\/\/iberculturaviva.org\/es\/?lang=es\/\",\"logo\":{\"@type\":\"ImageObject\",\"inLanguage\":\"es\",\"@id\":\"https:\/\/iberculturaviva.org\/es\/?lang=es\/#\/schema\/logo\/image\/\",\"url\":\"https:\/\/iberculturaviva.org\/wp-content\/uploads\/2021\/08\/logo_ibercultura_viva.jpg\",\"contentUrl\":\"https:\/\/iberculturaviva.org\/wp-content\/uploads\/2021\/08\/logo_ibercultura_viva.jpg\",\"width\":708,\"height\":223,\"caption\":\"Iberculturaviva\"},\"image\":{\"@id\":\"https:\/\/iberculturaviva.org\/es\/?lang=es\/#\/schema\/logo\/image\/\"},\"sameAs\":[\"https:\/\/www.facebook.com\/iberculturaviva\/\",\"https:\/\/www.instagram.com\/iberculturaviva\/\",\"https:\/\/www.youtube.com\/iberculturaviva\"]}]}<\/script>\n<!-- \/ Yoast SEO plugin. -->","yoast_head_json":{"title":"Animaci\u00f3n stop motion: de la idea a la acci\u00f3n - IberCultura Viva","description":"Animaci\u00f3n stop motion: de la idea a la acci\u00f3n - IberCultura Viva","robots":{"index":"index","follow":"follow","max-snippet":"max-snippet:-1","max-image-preview":"max-image-preview:large","max-video-preview":"max-video-preview:-1"},"canonical":"https:\/\/iberculturaviva.org\/es\/proposal\/animacion-stop-motion-de-la-idea-a-la-accion\/","og_locale":"es_ES","og_type":"article","og_title":"Animaci\u00f3n stop motion: de la idea a la acci\u00f3n - IberCultura Viva","og_description":"Animaci\u00f3n stop motion: de la idea a la acci\u00f3n - IberCultura Viva","og_url":"https:\/\/iberculturaviva.org\/es\/proposal\/animacion-stop-motion-de-la-idea-a-la-accion\/","og_site_name":"IberCultura Viva","article_publisher":"https:\/\/www.facebook.com\/iberculturaviva\/","article_modified_time":"2024-12-04T15:30:33+00:00","og_image":[{"width":960,"height":617,"url":"https:\/\/iberculturaviva.org\/wp-content\/uploads\/2024\/07\/401849008_767713955392761_344598929378305992_n.jpg","type":"image\/jpeg"}],"twitter_card":"summary_large_image","twitter_misc":{"Tiempo de lectura":"2 minutos"},"schema":{"@context":"https:\/\/schema.org","@graph":[{"@type":"WebPage","@id":"https:\/\/iberculturaviva.org\/es\/proposal\/animacion-stop-motion-de-la-idea-a-la-accion\/","url":"https:\/\/iberculturaviva.org\/es\/proposal\/animacion-stop-motion-de-la-idea-a-la-accion\/","name":"Animaci\u00f3n stop motion: de la idea a la acci\u00f3n - IberCultura Viva","isPartOf":{"@id":"https:\/\/iberculturaviva.org\/es\/?lang=es\/#website"},"primaryImageOfPage":{"@id":"https:\/\/iberculturaviva.org\/es\/proposal\/animacion-stop-motion-de-la-idea-a-la-accion\/#primaryimage"},"image":{"@id":"https:\/\/iberculturaviva.org\/es\/proposal\/animacion-stop-motion-de-la-idea-a-la-accion\/#primaryimage"},"thumbnailUrl":"https:\/\/iberculturaviva.org\/wp-content\/uploads\/2024\/07\/401849008_767713955392761_344598929378305992_n.jpg","datePublished":"2024-11-05T21:29:56+00:00","dateModified":"2024-12-04T15:30:33+00:00","description":"Animaci\u00f3n stop motion: de la idea a la acci\u00f3n - IberCultura Viva","breadcrumb":{"@id":"https:\/\/iberculturaviva.org\/es\/proposal\/animacion-stop-motion-de-la-idea-a-la-accion\/#breadcrumb"},"inLanguage":"es","potentialAction":[{"@type":"ReadAction","target":["https:\/\/iberculturaviva.org\/es\/proposal\/animacion-stop-motion-de-la-idea-a-la-accion\/"]}]},{"@type":"ImageObject","inLanguage":"es","@id":"https:\/\/iberculturaviva.org\/es\/proposal\/animacion-stop-motion-de-la-idea-a-la-accion\/#primaryimage","url":"https:\/\/iberculturaviva.org\/wp-content\/uploads\/2024\/07\/401849008_767713955392761_344598929378305992_n.jpg","contentUrl":"https:\/\/iberculturaviva.org\/wp-content\/uploads\/2024\/07\/401849008_767713955392761_344598929378305992_n.jpg","width":960,"height":617},{"@type":"BreadcrumbList","@id":"https:\/\/iberculturaviva.org\/es\/proposal\/animacion-stop-motion-de-la-idea-a-la-accion\/#breadcrumb","itemListElement":[{"@type":"ListItem","position":1,"name":"In\u00edcio","item":"https:\/\/iberculturaviva.org\/es\/inicio\/"},{"@type":"ListItem","position":2,"name":"Banco de Saberes","item":"https:\/\/iberculturaviva.org\/es\/proposal\/"},{"@type":"ListItem","position":3,"name":"Animaci\u00f3n stop motion: de la idea a la acci\u00f3n"}]},{"@type":"WebSite","@id":"https:\/\/iberculturaviva.org\/es\/?lang=es\/#website","url":"https:\/\/iberculturaviva.org\/es\/?lang=es\/","name":"IberCultura Viva","description":"Programa de cooperaci\u00f3n cultural","publisher":{"@id":"https:\/\/iberculturaviva.org\/es\/?lang=es\/#organization"},"potentialAction":[{"@type":"SearchAction","target":{"@type":"EntryPoint","urlTemplate":"https:\/\/iberculturaviva.org\/es\/?lang=es\/?s={search_term_string}"},"query-input":{"@type":"PropertyValueSpecification","valueRequired":true,"valueName":"search_term_string"}}],"inLanguage":"es"},{"@type":"Organization","@id":"https:\/\/iberculturaviva.org\/es\/?lang=es\/#organization","name":"Iberculturaviva","url":"https:\/\/iberculturaviva.org\/es\/?lang=es\/","logo":{"@type":"ImageObject","inLanguage":"es","@id":"https:\/\/iberculturaviva.org\/es\/?lang=es\/#\/schema\/logo\/image\/","url":"https:\/\/iberculturaviva.org\/wp-content\/uploads\/2021\/08\/logo_ibercultura_viva.jpg","contentUrl":"https:\/\/iberculturaviva.org\/wp-content\/uploads\/2021\/08\/logo_ibercultura_viva.jpg","width":708,"height":223,"caption":"Iberculturaviva"},"image":{"@id":"https:\/\/iberculturaviva.org\/es\/?lang=es\/#\/schema\/logo\/image\/"},"sameAs":["https:\/\/www.facebook.com\/iberculturaviva\/","https:\/\/www.instagram.com\/iberculturaviva\/","https:\/\/www.youtube.com\/iberculturaviva"]}]}},"_links":{"self":[{"href":"https:\/\/iberculturaviva.org\/es\/wp-json\/wp\/v2\/proposal\/38830","targetHints":{"allow":["GET"]}}],"collection":[{"href":"https:\/\/iberculturaviva.org\/es\/wp-json\/wp\/v2\/proposal"}],"about":[{"href":"https:\/\/iberculturaviva.org\/es\/wp-json\/wp\/v2\/types\/proposal"}],"author":[{"embeddable":true,"href":"https:\/\/iberculturaviva.org\/es\/wp-json\/wp\/v2\/users\/2"}],"version-history":[{"count":2,"href":"https:\/\/iberculturaviva.org\/es\/wp-json\/wp\/v2\/proposal\/38830\/revisions"}],"predecessor-version":[{"id":39537,"href":"https:\/\/iberculturaviva.org\/es\/wp-json\/wp\/v2\/proposal\/38830\/revisions\/39537"}],"wp:featuredmedia":[{"embeddable":true,"href":"https:\/\/iberculturaviva.org\/es\/wp-json\/wp\/v2\/media\/34372"}],"wp:attachment":[{"href":"https:\/\/iberculturaviva.org\/es\/wp-json\/wp\/v2\/media?parent=38830"}],"wp:term":[{"taxonomy":"category","embeddable":true,"href":"https:\/\/iberculturaviva.org\/es\/wp-json\/wp\/v2\/categories?post=38830"},{"taxonomy":"post_tag","embeddable":true,"href":"https:\/\/iberculturaviva.org\/es\/wp-json\/wp\/v2\/tags?post=38830"},{"taxonomy":"country-municipality","embeddable":true,"href":"https:\/\/iberculturaviva.org\/es\/wp-json\/wp\/v2\/country-municipality?post=38830"},{"taxonomy":"type-proposal","embeddable":true,"href":"https:\/\/iberculturaviva.org\/es\/wp-json\/wp\/v2\/type-proposal?post=38830"}],"curies":[{"name":"wp","href":"https:\/\/api.w.org\/{rel}","templated":true}]}}