{"id":38827,"date":"2024-11-05T18:27:55","date_gmt":"2024-11-05T21:27:55","guid":{"rendered":"https:\/\/iberculturaviva.org\/proposal\/bem-viver-na-cidade-recuperacao-de-saberes-ancestrais-praticas-bioculturais-e-artes-comunitarias\/"},"modified":"2024-12-04T12:30:45","modified_gmt":"2024-12-04T15:30:45","slug":"buen-vivir-en-la-ciudad-recuperacion-de-saberes-ancestrales-practicas-bioculturales-y-artes-comunitarias","status":"publish","type":"proposal","link":"https:\/\/iberculturaviva.org\/es\/proposal\/buen-vivir-en-la-ciudad-recuperacion-de-saberes-ancestrales-practicas-bioculturales-y-artes-comunitarias\/","title":{"rendered":"Buen vivir en la ciudad: recuperaci\u00f3n de saberes ancestrales, pr\u00e1cticas bioculturales y artes comunitarias"},"content":{"rendered":"\n<p><a href=\"http:\/\/www.facebook.com\/teatroarenayesteras\" target=\"_blank\" rel=\"noreferrer noopener\">ras,&nbsp;<\/a><a href=\"http:\/\/www.instagram.com\/arenayesteras\">www.instagram.com\/arenayesteras<\/a>&nbsp;,<a href=\"https:\/\/teatroarenayesteras.blogspot.com\/\" target=\"_blank\" rel=\"noreferrer noopener\">&nbsp;https:\/\/teatroarenayesteras.blogspot.com\/<\/a><\/p>\n\n\n\n<p><strong>Contacto<\/strong>:&nbsp;<a href=\"mailto:teatro@arenayesteras.org\" target=\"_blank\" rel=\"noreferrer noopener\">teatro@arenayesteras.org<\/a><\/p>\n\n\n\n<h4 class=\"wp-block-heading\">La propuesta para el banco de saberes:<\/h4>\n\n\n\n<p>La Escuela de Buen Vivir Urbano es un programa de formaci\u00f3n vivencial que busca recuperar los saberes ancestrales de la poblaci\u00f3n migrante en la ciudad y acercarlos a las generaciones j\u00f3venes con el fin de restablecer los v\u00ednculos de armon\u00eda entre humanos, naturaleza y deidades en el \u00e1mbito urbano y as\u00ed lograr la afirmaci\u00f3n cultural desde el di\u00e1logo de saberes.<\/p>\n\n\n\n<p>La Escuela se sustenta en lo intercultural e intergeneracional, busca reconocer la diversidad en la urbe y promover formas de relacionamiento basadas en el respeto hacia todas las formas de vida, a trav\u00e9s de pr\u00e1cticas concretas que nos reconecten con la tierra, las huacas, las artes, los oficios, las fiestas y las experiencias de reciprocidad que recuperen el sentido de comunidad extraviado en la ciudad.<\/p>\n\n\n\n<p>La iniciativa nace de una pr\u00e1ctica de varias d\u00e9cadas de organizaci\u00f3n popular de hijos e hijas de migrantes que habitan las periferias de Lima. Es una propuesta que integra pr\u00e1cticas bioculturales: huertas, compostaje, vinculaci\u00f3n con r\u00edos, lomas; junto con ritualidad urbana: ceremonias, huacas, mitos; adem\u00e1s de recuperaci\u00f3n de saberes y oficios: tejido, sanaci\u00f3n con hierbas, comida tradicional, semillas.<\/p>\n\n\n\n<p>Estos aprendizajes se articulan a trav\u00e9s de procesos creativos que incluyen al teatro comunitario y al circo social como palancas que les permiten procesar afectivamente los saberes y compartirlos en los \u00e1mbitos urbanos de manera l\u00fadica, amplia y din\u00e1mica.&nbsp;<\/p>\n\n\n\n<p><strong>Duraci\u00f3n prevista<\/strong>: 4 sesiones de 6 horas cronol\u00f3gicas<\/p>\n\n\n\n<h4 class=\"wp-block-heading\">Necesidades de la propuesta:<\/h4>\n\n\n\n<p>*&nbsp;T\u00e9cnicas:&nbsp;Proyector, mesas, sillas, electricidad para conectar y proyectar<\/p>\n\n\n\n<p>*&nbsp;Espacial: Sal\u00f3n amplio y de ser posible con acceso a espacios abiertos: jard\u00edn, huerta, plaza, parque, etc.<\/p>\n\n\n\n<p><strong>Destinatarios<\/strong>: Se puede trabajar con dos grupos diferenciados, cada uno de los cuales realizar\u00eda todo el curso con metodolog\u00eda espec\u00edficamente orientada a su perfil y necesidades: 1. Educadores comunitarios, facilitadores, animadores sociales, Arteducadores, miembros de organizaciones sociales y afines (todas las edades) 2. Ni\u00f1os, ni\u00f1as, adolescentes y j\u00f3venes miembros de organizaciones, colectivos sociales, barriales, comunitarios (entre 12 a 19 a\u00f1os) En ambos casos que sean de entornos urbanos o periurbanos. De preferencia grupos mixtos (hombres, mujeres y diversidades)<\/p>\n\n\n\n<p><strong>N\u00famero de participantes<\/strong>: M\u00ednimo 8 \u2013 m\u00e1ximo 25<\/p>\n\n\n\n<p><em><strong>(*) Huaca<\/strong>, na cultura andina do&nbsp;Peru, pode ser tanto uma divindade como o lugar onde uma divindade \u00e9 cultuada.Significa algo como \u201csagrado\u201c<\/em><\/p>\n\n\n\n<figure class=\"wp-block-gallery has-nested-images columns-default is-cropped wp-block-gallery-1 is-layout-flex wp-block-gallery-is-layout-flex\">\n<figure class=\"wp-block-image size-large\"><img decoding=\"async\" data-id=\"34400\" src=\"https:\/\/iberculturaviva.org\/wp-content\/uploads\/2024\/07\/336392324_1090624998994982_4018517806227096790_n-960x541.jpg\" alt=\"\" class=\"wp-image-34400\"\/><\/figure>\n\n\n\n<figure class=\"wp-block-image size-large\"><img decoding=\"async\" data-id=\"34392\" src=\"https:\/\/iberculturaviva.org\/wp-content\/uploads\/2024\/07\/340758685_2519070211575179_1942342187844868351_n-960x541.jpg\" alt=\"\" class=\"wp-image-34392\"\/><figcaption class=\"wp-element-caption\">Arena y Esteras<\/figcaption><\/figure>\n\n\n\n<figure class=\"wp-block-image size-large\"><img decoding=\"async\" data-id=\"34394\" src=\"https:\/\/iberculturaviva.org\/wp-content\/uploads\/2024\/07\/341886434_1860839747634059_5036913501831705824_n-960x541.jpg\" alt=\"\" class=\"wp-image-34394\"\/><\/figure>\n<\/figure>\n","protected":false},"excerpt":{"rendered":"<p>ras,&nbsp;www.instagram.com\/arenayesteras&nbsp;,&nbsp;https:\/\/teatroarenayesteras.blogspot.com\/ Contacto:&nbsp;teatro@arenayesteras.org La propuesta para el banco de saberes: La Escuela de Buen Vivir Urbano es un programa de formaci\u00f3n vivencial que busca recuperar los saberes ancestrales de la poblaci\u00f3n [&hellip;]<\/p>\n","protected":false},"author":2,"featured_media":34403,"menu_order":0,"template":"","categories":[],"tags":[],"country-municipality":[837],"type-proposal":[727],"class_list":["post-38827","proposal","type-proposal","status-publish","has-post-thumbnail","hentry","country-municipality-peru-es","type-proposal-oficinas"],"yoast_head":"<!-- This site is optimized with the Yoast SEO plugin v25.7 - https:\/\/yoast.com\/wordpress\/plugins\/seo\/ -->\n<title>Buen vivir en la ciudad: recuperaci\u00f3n de saberes ancestrales, pr\u00e1cticas bioculturales y artes comunitarias - IberCultura Viva<\/title>\n<meta name=\"description\" content=\"Buen vivir en la ciudad: recuperaci\u00f3n de saberes ancestrales, pr\u00e1cticas bioculturales y artes comunitarias - IberCultura Viva\" \/>\n<meta name=\"robots\" content=\"index, follow, max-snippet:-1, max-image-preview:large, max-video-preview:-1\" \/>\n<link rel=\"canonical\" href=\"https:\/\/iberculturaviva.org\/es\/proposal\/buen-vivir-en-la-ciudad-recuperacion-de-saberes-ancestrales-practicas-bioculturales-y-artes-comunitarias\/\" \/>\n<meta property=\"og:locale\" content=\"es_ES\" \/>\n<meta property=\"og:type\" content=\"article\" \/>\n<meta property=\"og:title\" content=\"Buen vivir en la ciudad: recuperaci\u00f3n de saberes ancestrales, pr\u00e1cticas bioculturales y artes comunitarias - IberCultura Viva\" \/>\n<meta property=\"og:description\" content=\"Buen vivir en la ciudad: recuperaci\u00f3n de saberes ancestrales, pr\u00e1cticas bioculturales y artes comunitarias - IberCultura Viva\" \/>\n<meta property=\"og:url\" content=\"https:\/\/iberculturaviva.org\/es\/proposal\/buen-vivir-en-la-ciudad-recuperacion-de-saberes-ancestrales-practicas-bioculturales-y-artes-comunitarias\/\" \/>\n<meta property=\"og:site_name\" content=\"IberCultura Viva\" \/>\n<meta property=\"article:publisher\" content=\"https:\/\/www.facebook.com\/iberculturaviva\/\" \/>\n<meta property=\"article:modified_time\" content=\"2024-12-04T15:30:45+00:00\" \/>\n<meta property=\"og:image\" content=\"https:\/\/iberculturaviva.org\/wp-content\/uploads\/2024\/07\/440363410_860864042751480_8740273630466175596_n.jpg\" \/>\n\t<meta property=\"og:image:width\" content=\"1280\" \/>\n\t<meta property=\"og:image:height\" content=\"960\" \/>\n\t<meta property=\"og:image:type\" content=\"image\/jpeg\" \/>\n<meta name=\"twitter:card\" content=\"summary_large_image\" \/>\n<meta name=\"twitter:label1\" content=\"Tiempo de lectura\" \/>\n\t<meta name=\"twitter:data1\" content=\"2 minutos\" \/>\n<script type=\"application\/ld+json\" class=\"yoast-schema-graph\">{\"@context\":\"https:\/\/schema.org\",\"@graph\":[{\"@type\":\"WebPage\",\"@id\":\"https:\/\/iberculturaviva.org\/es\/proposal\/buen-vivir-en-la-ciudad-recuperacion-de-saberes-ancestrales-practicas-bioculturales-y-artes-comunitarias\/\",\"url\":\"https:\/\/iberculturaviva.org\/es\/proposal\/buen-vivir-en-la-ciudad-recuperacion-de-saberes-ancestrales-practicas-bioculturales-y-artes-comunitarias\/\",\"name\":\"Buen vivir en la ciudad: recuperaci\u00f3n de saberes ancestrales, pr\u00e1cticas bioculturales y artes comunitarias - IberCultura Viva\",\"isPartOf\":{\"@id\":\"https:\/\/iberculturaviva.org\/es\/?lang=es\/#website\"},\"primaryImageOfPage\":{\"@id\":\"https:\/\/iberculturaviva.org\/es\/proposal\/buen-vivir-en-la-ciudad-recuperacion-de-saberes-ancestrales-practicas-bioculturales-y-artes-comunitarias\/#primaryimage\"},\"image\":{\"@id\":\"https:\/\/iberculturaviva.org\/es\/proposal\/buen-vivir-en-la-ciudad-recuperacion-de-saberes-ancestrales-practicas-bioculturales-y-artes-comunitarias\/#primaryimage\"},\"thumbnailUrl\":\"https:\/\/iberculturaviva.org\/wp-content\/uploads\/2024\/07\/440363410_860864042751480_8740273630466175596_n.jpg\",\"datePublished\":\"2024-11-05T21:27:55+00:00\",\"dateModified\":\"2024-12-04T15:30:45+00:00\",\"description\":\"Buen vivir en la ciudad: recuperaci\u00f3n de saberes ancestrales, pr\u00e1cticas bioculturales y artes comunitarias - IberCultura Viva\",\"breadcrumb\":{\"@id\":\"https:\/\/iberculturaviva.org\/es\/proposal\/buen-vivir-en-la-ciudad-recuperacion-de-saberes-ancestrales-practicas-bioculturales-y-artes-comunitarias\/#breadcrumb\"},\"inLanguage\":\"es\",\"potentialAction\":[{\"@type\":\"ReadAction\",\"target\":[\"https:\/\/iberculturaviva.org\/es\/proposal\/buen-vivir-en-la-ciudad-recuperacion-de-saberes-ancestrales-practicas-bioculturales-y-artes-comunitarias\/\"]}]},{\"@type\":\"ImageObject\",\"inLanguage\":\"es\",\"@id\":\"https:\/\/iberculturaviva.org\/es\/proposal\/buen-vivir-en-la-ciudad-recuperacion-de-saberes-ancestrales-practicas-bioculturales-y-artes-comunitarias\/#primaryimage\",\"url\":\"https:\/\/iberculturaviva.org\/wp-content\/uploads\/2024\/07\/440363410_860864042751480_8740273630466175596_n.jpg\",\"contentUrl\":\"https:\/\/iberculturaviva.org\/wp-content\/uploads\/2024\/07\/440363410_860864042751480_8740273630466175596_n.jpg\",\"width\":1280,\"height\":960},{\"@type\":\"BreadcrumbList\",\"@id\":\"https:\/\/iberculturaviva.org\/es\/proposal\/buen-vivir-en-la-ciudad-recuperacion-de-saberes-ancestrales-practicas-bioculturales-y-artes-comunitarias\/#breadcrumb\",\"itemListElement\":[{\"@type\":\"ListItem\",\"position\":1,\"name\":\"In\u00edcio\",\"item\":\"https:\/\/iberculturaviva.org\/es\/inicio\/\"},{\"@type\":\"ListItem\",\"position\":2,\"name\":\"Banco de Saberes\",\"item\":\"https:\/\/iberculturaviva.org\/es\/proposal\/\"},{\"@type\":\"ListItem\",\"position\":3,\"name\":\"Buen vivir en la ciudad: recuperaci\u00f3n de saberes ancestrales, pr\u00e1cticas bioculturales y artes comunitarias\"}]},{\"@type\":\"WebSite\",\"@id\":\"https:\/\/iberculturaviva.org\/es\/?lang=es\/#website\",\"url\":\"https:\/\/iberculturaviva.org\/es\/?lang=es\/\",\"name\":\"IberCultura Viva\",\"description\":\"Programa de cooperaci\u00f3n cultural\",\"publisher\":{\"@id\":\"https:\/\/iberculturaviva.org\/es\/?lang=es\/#organization\"},\"potentialAction\":[{\"@type\":\"SearchAction\",\"target\":{\"@type\":\"EntryPoint\",\"urlTemplate\":\"https:\/\/iberculturaviva.org\/es\/?lang=es\/?s={search_term_string}\"},\"query-input\":{\"@type\":\"PropertyValueSpecification\",\"valueRequired\":true,\"valueName\":\"search_term_string\"}}],\"inLanguage\":\"es\"},{\"@type\":\"Organization\",\"@id\":\"https:\/\/iberculturaviva.org\/es\/?lang=es\/#organization\",\"name\":\"Iberculturaviva\",\"url\":\"https:\/\/iberculturaviva.org\/es\/?lang=es\/\",\"logo\":{\"@type\":\"ImageObject\",\"inLanguage\":\"es\",\"@id\":\"https:\/\/iberculturaviva.org\/es\/?lang=es\/#\/schema\/logo\/image\/\",\"url\":\"https:\/\/iberculturaviva.org\/wp-content\/uploads\/2021\/08\/logo_ibercultura_viva.jpg\",\"contentUrl\":\"https:\/\/iberculturaviva.org\/wp-content\/uploads\/2021\/08\/logo_ibercultura_viva.jpg\",\"width\":708,\"height\":223,\"caption\":\"Iberculturaviva\"},\"image\":{\"@id\":\"https:\/\/iberculturaviva.org\/es\/?lang=es\/#\/schema\/logo\/image\/\"},\"sameAs\":[\"https:\/\/www.facebook.com\/iberculturaviva\/\",\"https:\/\/www.instagram.com\/iberculturaviva\/\",\"https:\/\/www.youtube.com\/iberculturaviva\"]}]}<\/script>\n<!-- \/ Yoast SEO plugin. -->","yoast_head_json":{"title":"Buen vivir en la ciudad: recuperaci\u00f3n de saberes ancestrales, pr\u00e1cticas bioculturales y artes comunitarias - IberCultura Viva","description":"Buen vivir en la ciudad: recuperaci\u00f3n de saberes ancestrales, pr\u00e1cticas bioculturales y artes comunitarias - IberCultura Viva","robots":{"index":"index","follow":"follow","max-snippet":"max-snippet:-1","max-image-preview":"max-image-preview:large","max-video-preview":"max-video-preview:-1"},"canonical":"https:\/\/iberculturaviva.org\/es\/proposal\/buen-vivir-en-la-ciudad-recuperacion-de-saberes-ancestrales-practicas-bioculturales-y-artes-comunitarias\/","og_locale":"es_ES","og_type":"article","og_title":"Buen vivir en la ciudad: recuperaci\u00f3n de saberes ancestrales, pr\u00e1cticas bioculturales y artes comunitarias - IberCultura Viva","og_description":"Buen vivir en la ciudad: recuperaci\u00f3n de saberes ancestrales, pr\u00e1cticas bioculturales y artes comunitarias - IberCultura Viva","og_url":"https:\/\/iberculturaviva.org\/es\/proposal\/buen-vivir-en-la-ciudad-recuperacion-de-saberes-ancestrales-practicas-bioculturales-y-artes-comunitarias\/","og_site_name":"IberCultura Viva","article_publisher":"https:\/\/www.facebook.com\/iberculturaviva\/","article_modified_time":"2024-12-04T15:30:45+00:00","og_image":[{"width":1280,"height":960,"url":"https:\/\/iberculturaviva.org\/wp-content\/uploads\/2024\/07\/440363410_860864042751480_8740273630466175596_n.jpg","type":"image\/jpeg"}],"twitter_card":"summary_large_image","twitter_misc":{"Tiempo de lectura":"2 minutos"},"schema":{"@context":"https:\/\/schema.org","@graph":[{"@type":"WebPage","@id":"https:\/\/iberculturaviva.org\/es\/proposal\/buen-vivir-en-la-ciudad-recuperacion-de-saberes-ancestrales-practicas-bioculturales-y-artes-comunitarias\/","url":"https:\/\/iberculturaviva.org\/es\/proposal\/buen-vivir-en-la-ciudad-recuperacion-de-saberes-ancestrales-practicas-bioculturales-y-artes-comunitarias\/","name":"Buen vivir en la ciudad: recuperaci\u00f3n de saberes ancestrales, pr\u00e1cticas bioculturales y artes comunitarias - IberCultura Viva","isPartOf":{"@id":"https:\/\/iberculturaviva.org\/es\/?lang=es\/#website"},"primaryImageOfPage":{"@id":"https:\/\/iberculturaviva.org\/es\/proposal\/buen-vivir-en-la-ciudad-recuperacion-de-saberes-ancestrales-practicas-bioculturales-y-artes-comunitarias\/#primaryimage"},"image":{"@id":"https:\/\/iberculturaviva.org\/es\/proposal\/buen-vivir-en-la-ciudad-recuperacion-de-saberes-ancestrales-practicas-bioculturales-y-artes-comunitarias\/#primaryimage"},"thumbnailUrl":"https:\/\/iberculturaviva.org\/wp-content\/uploads\/2024\/07\/440363410_860864042751480_8740273630466175596_n.jpg","datePublished":"2024-11-05T21:27:55+00:00","dateModified":"2024-12-04T15:30:45+00:00","description":"Buen vivir en la ciudad: recuperaci\u00f3n de saberes ancestrales, pr\u00e1cticas bioculturales y artes comunitarias - IberCultura Viva","breadcrumb":{"@id":"https:\/\/iberculturaviva.org\/es\/proposal\/buen-vivir-en-la-ciudad-recuperacion-de-saberes-ancestrales-practicas-bioculturales-y-artes-comunitarias\/#breadcrumb"},"inLanguage":"es","potentialAction":[{"@type":"ReadAction","target":["https:\/\/iberculturaviva.org\/es\/proposal\/buen-vivir-en-la-ciudad-recuperacion-de-saberes-ancestrales-practicas-bioculturales-y-artes-comunitarias\/"]}]},{"@type":"ImageObject","inLanguage":"es","@id":"https:\/\/iberculturaviva.org\/es\/proposal\/buen-vivir-en-la-ciudad-recuperacion-de-saberes-ancestrales-practicas-bioculturales-y-artes-comunitarias\/#primaryimage","url":"https:\/\/iberculturaviva.org\/wp-content\/uploads\/2024\/07\/440363410_860864042751480_8740273630466175596_n.jpg","contentUrl":"https:\/\/iberculturaviva.org\/wp-content\/uploads\/2024\/07\/440363410_860864042751480_8740273630466175596_n.jpg","width":1280,"height":960},{"@type":"BreadcrumbList","@id":"https:\/\/iberculturaviva.org\/es\/proposal\/buen-vivir-en-la-ciudad-recuperacion-de-saberes-ancestrales-practicas-bioculturales-y-artes-comunitarias\/#breadcrumb","itemListElement":[{"@type":"ListItem","position":1,"name":"In\u00edcio","item":"https:\/\/iberculturaviva.org\/es\/inicio\/"},{"@type":"ListItem","position":2,"name":"Banco de Saberes","item":"https:\/\/iberculturaviva.org\/es\/proposal\/"},{"@type":"ListItem","position":3,"name":"Buen vivir en la ciudad: recuperaci\u00f3n de saberes ancestrales, pr\u00e1cticas bioculturales y artes comunitarias"}]},{"@type":"WebSite","@id":"https:\/\/iberculturaviva.org\/es\/?lang=es\/#website","url":"https:\/\/iberculturaviva.org\/es\/?lang=es\/","name":"IberCultura Viva","description":"Programa de cooperaci\u00f3n cultural","publisher":{"@id":"https:\/\/iberculturaviva.org\/es\/?lang=es\/#organization"},"potentialAction":[{"@type":"SearchAction","target":{"@type":"EntryPoint","urlTemplate":"https:\/\/iberculturaviva.org\/es\/?lang=es\/?s={search_term_string}"},"query-input":{"@type":"PropertyValueSpecification","valueRequired":true,"valueName":"search_term_string"}}],"inLanguage":"es"},{"@type":"Organization","@id":"https:\/\/iberculturaviva.org\/es\/?lang=es\/#organization","name":"Iberculturaviva","url":"https:\/\/iberculturaviva.org\/es\/?lang=es\/","logo":{"@type":"ImageObject","inLanguage":"es","@id":"https:\/\/iberculturaviva.org\/es\/?lang=es\/#\/schema\/logo\/image\/","url":"https:\/\/iberculturaviva.org\/wp-content\/uploads\/2021\/08\/logo_ibercultura_viva.jpg","contentUrl":"https:\/\/iberculturaviva.org\/wp-content\/uploads\/2021\/08\/logo_ibercultura_viva.jpg","width":708,"height":223,"caption":"Iberculturaviva"},"image":{"@id":"https:\/\/iberculturaviva.org\/es\/?lang=es\/#\/schema\/logo\/image\/"},"sameAs":["https:\/\/www.facebook.com\/iberculturaviva\/","https:\/\/www.instagram.com\/iberculturaviva\/","https:\/\/www.youtube.com\/iberculturaviva"]}]}},"_links":{"self":[{"href":"https:\/\/iberculturaviva.org\/es\/wp-json\/wp\/v2\/proposal\/38827","targetHints":{"allow":["GET"]}}],"collection":[{"href":"https:\/\/iberculturaviva.org\/es\/wp-json\/wp\/v2\/proposal"}],"about":[{"href":"https:\/\/iberculturaviva.org\/es\/wp-json\/wp\/v2\/types\/proposal"}],"author":[{"embeddable":true,"href":"https:\/\/iberculturaviva.org\/es\/wp-json\/wp\/v2\/users\/2"}],"version-history":[{"count":2,"href":"https:\/\/iberculturaviva.org\/es\/wp-json\/wp\/v2\/proposal\/38827\/revisions"}],"predecessor-version":[{"id":39538,"href":"https:\/\/iberculturaviva.org\/es\/wp-json\/wp\/v2\/proposal\/38827\/revisions\/39538"}],"wp:featuredmedia":[{"embeddable":true,"href":"https:\/\/iberculturaviva.org\/es\/wp-json\/wp\/v2\/media\/34403"}],"wp:attachment":[{"href":"https:\/\/iberculturaviva.org\/es\/wp-json\/wp\/v2\/media?parent=38827"}],"wp:term":[{"taxonomy":"category","embeddable":true,"href":"https:\/\/iberculturaviva.org\/es\/wp-json\/wp\/v2\/categories?post=38827"},{"taxonomy":"post_tag","embeddable":true,"href":"https:\/\/iberculturaviva.org\/es\/wp-json\/wp\/v2\/tags?post=38827"},{"taxonomy":"country-municipality","embeddable":true,"href":"https:\/\/iberculturaviva.org\/es\/wp-json\/wp\/v2\/country-municipality?post=38827"},{"taxonomy":"type-proposal","embeddable":true,"href":"https:\/\/iberculturaviva.org\/es\/wp-json\/wp\/v2\/type-proposal?post=38827"}],"curies":[{"name":"wp","href":"https:\/\/api.w.org\/{rel}","templated":true}]}}