{"id":38796,"date":"2024-11-05T18:12:31","date_gmt":"2024-11-05T21:12:31","guid":{"rendered":"https:\/\/iberculturaviva.org\/proposal\/oficina-de-cinema-comunitario-para-criancas\/"},"modified":"2024-12-04T12:27:22","modified_gmt":"2024-12-04T15:27:22","slug":"taller-de-cine-comunitario-para-ninos-y-ninas","status":"publish","type":"proposal","link":"https:\/\/iberculturaviva.org\/es\/proposal\/taller-de-cine-comunitario-para-ninos-y-ninas\/","title":{"rendered":"Taller de cine comunitario para ni\u00f1os y ni\u00f1as"},"content":{"rendered":"\n<p><strong>La propuesta para el banco de saberes<\/strong>:<\/p>\n\n\n\n<p>El taller parte de la voluntad&nbsp;expresada por una comunidad por realizar un cortometraje a partir de relatos de su tradici\u00f3n oral.&nbsp;En \u00e9ste, el trabajo comienza con la adaptaci\u00f3n del o los relatos en un gui\u00f3n cinematogr\u00e1fico que, posteriormente y mediante el taller con los ni\u00f1os de la comunidad, servir\u00e1 de eje para compartir, reflexionar y poner en pr\u00e1ctica&nbsp;los fundamentos t\u00e9cnicos y art\u00edsticos b\u00e1sicos que se conjugar\u00e1n para llevar el gui\u00f3n a la pantalla.&nbsp;<\/p>\n\n\n\n<p>En el proceso, los ni\u00f1os y las ni\u00f1as participan en puestos t\u00e9cnicos o art\u00edsticos de acuerdo con sus propios intereses,&nbsp;por lo que pueden participar como parte del elenco o en producci\u00f3n, operando c\u00e1mara, grabando sonido, etc.&nbsp;<\/p>\n\n\n\n<p>El taller se desarrolla en una semana de trabajo intensivo: desde la elecci\u00f3n de los relatos, la adaptaci\u00f3n al gui\u00f3n y su desglose, la conformaci\u00f3n de equipos art\u00edsticos y t\u00e9cnicos, as\u00ed como la capacitaci\u00f3n b\u00e1sica para ejercer cada puesto. Paralelamente, con ayuda de padres de familia, maestros y autoridades, el grupo busca elementos que refuercen la pertinencia cultural y est\u00e9tica del gui\u00f3n, as\u00ed como busca entre ellos quienes asesoren y acompa\u00f1en el proceso para asegurar, por ejemplo, una correcta pronunciaci\u00f3n de la lengua originaria y la utilizaci\u00f3n de la vestimenta y ornamentos tradicionales, entre otros.&nbsp;<\/p>\n\n\n\n<p>A lo largo de dos d\u00edas, se lleva a cabo la producci\u00f3n -la grabaci\u00f3n de las escenas del cortometraje- y en los dos \u00faltimos d\u00edas realizamos la postproducci\u00f3n -edici\u00f3n, efectos especiales digitales, dise\u00f1o de cr\u00e9ditos, edici\u00f3n de sonido, etc.- para culminar con la proyecci\u00f3n del cortometraje&nbsp;ante toda la comunidad, que tiene como colof\u00f3n un intercambio de opiniones, ideas y experiencias.&nbsp;&nbsp;<\/p>\n\n\n\n<p><strong>Duraci\u00f3n prevista<\/strong>: 6 jornadas de entre 6 y 8 horas cada d\u00eda<\/p>\n\n\n\n<p><strong>Necesidades para el desarrollo de la propuesta<\/strong>:<\/p>\n\n\n\n<p>* T\u00e9cnicas: Proyector, mesas de trabajo para los ni\u00f1os, sillas, micr\u00f3fono, sonido, pantalla.<\/p>\n\n\n\n<p>* Espacial: Un sal\u00f3n de clases para impartir el taller y un espacio amplio, tipo auditorio o una cancha techada con sonido, pantalla y proyector para presentar el cortometraje a la comunidad como cierre del taller<\/p>\n\n\n\n<p><strong>Destinatarios<\/strong>: Ni\u00f1os y ni\u00f1as de comunidades ind\u00edgenas de cualquier pa\u00eds de Am\u00e9rica Latina,&nbsp;de 6 a 12 a\u00f1os (recomendable, pero pueden participar de otras edades)<\/p>\n\n\n\n<p><strong>N\u00famero m\u00ednimo y m\u00e1ximo de participantes<\/strong>: m\u00ednimo 12 y m\u00e1ximo 24 (recomendable)<\/p>\n\n\n\n<figure class=\"wp-block-gallery has-nested-images columns-default is-cropped wp-block-gallery-1 is-layout-flex wp-block-gallery-is-layout-flex\">\n<figure class=\"wp-block-image size-large\"><img decoding=\"async\" data-id=\"13849\" src=\"https:\/\/iberculturaviva.org\/wp-content\/uploads\/2019\/04\/cinematequio_en_cananeia3-960x641.jpg\" alt=\"\" class=\"wp-image-13849\"\/><\/figure>\n\n\n\n<figure class=\"wp-block-image size-large\"><img decoding=\"async\" data-id=\"13848\" src=\"https:\/\/iberculturaviva.org\/wp-content\/uploads\/2019\/04\/cinematequio_en_cananeia-960x640.jpg\" alt=\"\" class=\"wp-image-13848\"\/><figcaption class=\"wp-element-caption\">Taller de Cine para Ni\u00f1os<\/figcaption><\/figure>\n\n\n\n<figure class=\"wp-block-image size-large\"><img decoding=\"async\" data-id=\"13847\" src=\"https:\/\/iberculturaviva.org\/wp-content\/uploads\/2019\/04\/cinematequio_en_cananeia_2-960x641.jpg\" alt=\"\" class=\"wp-image-13847\"\/><\/figure>\n<\/figure>\n","protected":false},"excerpt":{"rendered":"<p>La propuesta para el banco de saberes: El taller parte de la voluntad&nbsp;expresada por una comunidad por realizar un cortometraje a partir de relatos de su tradici\u00f3n oral.&nbsp;En \u00e9ste, el [&hellip;]<\/p>\n","protected":false},"author":2,"featured_media":21072,"menu_order":0,"template":"","categories":[],"tags":[],"country-municipality":[825],"type-proposal":[],"class_list":["post-38796","proposal","type-proposal","status-publish","has-post-thumbnail","hentry","country-municipality-mexico-es"],"yoast_head":"<!-- This site is optimized with the Yoast SEO plugin v25.7 - https:\/\/yoast.com\/wordpress\/plugins\/seo\/ -->\n<title>Taller de cine comunitario para ni\u00f1os y ni\u00f1as - IberCultura Viva<\/title>\n<meta name=\"description\" content=\"Taller de cine comunitario para ni\u00f1os y ni\u00f1as - IberCultura Viva\" \/>\n<meta name=\"robots\" content=\"index, follow, max-snippet:-1, max-image-preview:large, max-video-preview:-1\" \/>\n<link rel=\"canonical\" href=\"https:\/\/iberculturaviva.org\/es\/proposal\/taller-de-cine-comunitario-para-ninos-y-ninas\/\" \/>\n<meta property=\"og:locale\" content=\"es_ES\" \/>\n<meta property=\"og:type\" content=\"article\" \/>\n<meta property=\"og:title\" content=\"Taller de cine comunitario para ni\u00f1os y ni\u00f1as - IberCultura Viva\" \/>\n<meta property=\"og:description\" content=\"Taller de cine comunitario para ni\u00f1os y ni\u00f1as - IberCultura Viva\" \/>\n<meta property=\"og:url\" content=\"https:\/\/iberculturaviva.org\/es\/proposal\/taller-de-cine-comunitario-para-ninos-y-ninas\/\" \/>\n<meta property=\"og:site_name\" content=\"IberCultura Viva\" \/>\n<meta property=\"article:publisher\" content=\"https:\/\/www.facebook.com\/iberculturaviva\/\" \/>\n<meta property=\"article:modified_time\" content=\"2024-12-04T15:27:22+00:00\" \/>\n<meta property=\"og:image\" content=\"https:\/\/iberculturaviva.org\/wp-content\/uploads\/2019\/04\/cinematequio_en_cananeia_2.jpg\" \/>\n\t<meta property=\"og:image:width\" content=\"1280\" \/>\n\t<meta property=\"og:image:height\" content=\"854\" \/>\n\t<meta property=\"og:image:type\" content=\"image\/jpeg\" \/>\n<meta name=\"twitter:card\" content=\"summary_large_image\" \/>\n<meta name=\"twitter:label1\" content=\"Tiempo de lectura\" \/>\n\t<meta name=\"twitter:data1\" content=\"2 minutos\" \/>\n<script type=\"application\/ld+json\" class=\"yoast-schema-graph\">{\"@context\":\"https:\/\/schema.org\",\"@graph\":[{\"@type\":\"WebPage\",\"@id\":\"https:\/\/iberculturaviva.org\/es\/proposal\/taller-de-cine-comunitario-para-ninos-y-ninas\/\",\"url\":\"https:\/\/iberculturaviva.org\/es\/proposal\/taller-de-cine-comunitario-para-ninos-y-ninas\/\",\"name\":\"Taller de cine comunitario para ni\u00f1os y ni\u00f1as - IberCultura Viva\",\"isPartOf\":{\"@id\":\"https:\/\/iberculturaviva.org\/es\/?lang=es\/#website\"},\"primaryImageOfPage\":{\"@id\":\"https:\/\/iberculturaviva.org\/es\/proposal\/taller-de-cine-comunitario-para-ninos-y-ninas\/#primaryimage\"},\"image\":{\"@id\":\"https:\/\/iberculturaviva.org\/es\/proposal\/taller-de-cine-comunitario-para-ninos-y-ninas\/#primaryimage\"},\"thumbnailUrl\":\"https:\/\/iberculturaviva.org\/wp-content\/uploads\/2019\/04\/cinematequio_en_cananeia_2.jpg\",\"datePublished\":\"2024-11-05T21:12:31+00:00\",\"dateModified\":\"2024-12-04T15:27:22+00:00\",\"description\":\"Taller de cine comunitario para ni\u00f1os y ni\u00f1as - IberCultura Viva\",\"breadcrumb\":{\"@id\":\"https:\/\/iberculturaviva.org\/es\/proposal\/taller-de-cine-comunitario-para-ninos-y-ninas\/#breadcrumb\"},\"inLanguage\":\"es\",\"potentialAction\":[{\"@type\":\"ReadAction\",\"target\":[\"https:\/\/iberculturaviva.org\/es\/proposal\/taller-de-cine-comunitario-para-ninos-y-ninas\/\"]}]},{\"@type\":\"ImageObject\",\"inLanguage\":\"es\",\"@id\":\"https:\/\/iberculturaviva.org\/es\/proposal\/taller-de-cine-comunitario-para-ninos-y-ninas\/#primaryimage\",\"url\":\"https:\/\/iberculturaviva.org\/wp-content\/uploads\/2019\/04\/cinematequio_en_cananeia_2.jpg\",\"contentUrl\":\"https:\/\/iberculturaviva.org\/wp-content\/uploads\/2019\/04\/cinematequio_en_cananeia_2.jpg\",\"width\":1280,\"height\":854},{\"@type\":\"BreadcrumbList\",\"@id\":\"https:\/\/iberculturaviva.org\/es\/proposal\/taller-de-cine-comunitario-para-ninos-y-ninas\/#breadcrumb\",\"itemListElement\":[{\"@type\":\"ListItem\",\"position\":1,\"name\":\"In\u00edcio\",\"item\":\"https:\/\/iberculturaviva.org\/es\/inicio\/\"},{\"@type\":\"ListItem\",\"position\":2,\"name\":\"Banco de Saberes\",\"item\":\"https:\/\/iberculturaviva.org\/es\/proposal\/\"},{\"@type\":\"ListItem\",\"position\":3,\"name\":\"Taller de cine comunitario para ni\u00f1os y ni\u00f1as\"}]},{\"@type\":\"WebSite\",\"@id\":\"https:\/\/iberculturaviva.org\/es\/?lang=es\/#website\",\"url\":\"https:\/\/iberculturaviva.org\/es\/?lang=es\/\",\"name\":\"IberCultura Viva\",\"description\":\"Programa de cooperaci\u00f3n cultural\",\"publisher\":{\"@id\":\"https:\/\/iberculturaviva.org\/es\/?lang=es\/#organization\"},\"potentialAction\":[{\"@type\":\"SearchAction\",\"target\":{\"@type\":\"EntryPoint\",\"urlTemplate\":\"https:\/\/iberculturaviva.org\/es\/?lang=es\/?s={search_term_string}\"},\"query-input\":{\"@type\":\"PropertyValueSpecification\",\"valueRequired\":true,\"valueName\":\"search_term_string\"}}],\"inLanguage\":\"es\"},{\"@type\":\"Organization\",\"@id\":\"https:\/\/iberculturaviva.org\/es\/?lang=es\/#organization\",\"name\":\"Iberculturaviva\",\"url\":\"https:\/\/iberculturaviva.org\/es\/?lang=es\/\",\"logo\":{\"@type\":\"ImageObject\",\"inLanguage\":\"es\",\"@id\":\"https:\/\/iberculturaviva.org\/es\/?lang=es\/#\/schema\/logo\/image\/\",\"url\":\"https:\/\/iberculturaviva.org\/wp-content\/uploads\/2021\/08\/logo_ibercultura_viva.jpg\",\"contentUrl\":\"https:\/\/iberculturaviva.org\/wp-content\/uploads\/2021\/08\/logo_ibercultura_viva.jpg\",\"width\":708,\"height\":223,\"caption\":\"Iberculturaviva\"},\"image\":{\"@id\":\"https:\/\/iberculturaviva.org\/es\/?lang=es\/#\/schema\/logo\/image\/\"},\"sameAs\":[\"https:\/\/www.facebook.com\/iberculturaviva\/\",\"https:\/\/www.instagram.com\/iberculturaviva\/\",\"https:\/\/www.youtube.com\/iberculturaviva\"]}]}<\/script>\n<!-- \/ Yoast SEO plugin. -->","yoast_head_json":{"title":"Taller de cine comunitario para ni\u00f1os y ni\u00f1as - IberCultura Viva","description":"Taller de cine comunitario para ni\u00f1os y ni\u00f1as - IberCultura Viva","robots":{"index":"index","follow":"follow","max-snippet":"max-snippet:-1","max-image-preview":"max-image-preview:large","max-video-preview":"max-video-preview:-1"},"canonical":"https:\/\/iberculturaviva.org\/es\/proposal\/taller-de-cine-comunitario-para-ninos-y-ninas\/","og_locale":"es_ES","og_type":"article","og_title":"Taller de cine comunitario para ni\u00f1os y ni\u00f1as - IberCultura Viva","og_description":"Taller de cine comunitario para ni\u00f1os y ni\u00f1as - IberCultura Viva","og_url":"https:\/\/iberculturaviva.org\/es\/proposal\/taller-de-cine-comunitario-para-ninos-y-ninas\/","og_site_name":"IberCultura Viva","article_publisher":"https:\/\/www.facebook.com\/iberculturaviva\/","article_modified_time":"2024-12-04T15:27:22+00:00","og_image":[{"width":1280,"height":854,"url":"https:\/\/iberculturaviva.org\/wp-content\/uploads\/2019\/04\/cinematequio_en_cananeia_2.jpg","type":"image\/jpeg"}],"twitter_card":"summary_large_image","twitter_misc":{"Tiempo de lectura":"2 minutos"},"schema":{"@context":"https:\/\/schema.org","@graph":[{"@type":"WebPage","@id":"https:\/\/iberculturaviva.org\/es\/proposal\/taller-de-cine-comunitario-para-ninos-y-ninas\/","url":"https:\/\/iberculturaviva.org\/es\/proposal\/taller-de-cine-comunitario-para-ninos-y-ninas\/","name":"Taller de cine comunitario para ni\u00f1os y ni\u00f1as - IberCultura Viva","isPartOf":{"@id":"https:\/\/iberculturaviva.org\/es\/?lang=es\/#website"},"primaryImageOfPage":{"@id":"https:\/\/iberculturaviva.org\/es\/proposal\/taller-de-cine-comunitario-para-ninos-y-ninas\/#primaryimage"},"image":{"@id":"https:\/\/iberculturaviva.org\/es\/proposal\/taller-de-cine-comunitario-para-ninos-y-ninas\/#primaryimage"},"thumbnailUrl":"https:\/\/iberculturaviva.org\/wp-content\/uploads\/2019\/04\/cinematequio_en_cananeia_2.jpg","datePublished":"2024-11-05T21:12:31+00:00","dateModified":"2024-12-04T15:27:22+00:00","description":"Taller de cine comunitario para ni\u00f1os y ni\u00f1as - IberCultura Viva","breadcrumb":{"@id":"https:\/\/iberculturaviva.org\/es\/proposal\/taller-de-cine-comunitario-para-ninos-y-ninas\/#breadcrumb"},"inLanguage":"es","potentialAction":[{"@type":"ReadAction","target":["https:\/\/iberculturaviva.org\/es\/proposal\/taller-de-cine-comunitario-para-ninos-y-ninas\/"]}]},{"@type":"ImageObject","inLanguage":"es","@id":"https:\/\/iberculturaviva.org\/es\/proposal\/taller-de-cine-comunitario-para-ninos-y-ninas\/#primaryimage","url":"https:\/\/iberculturaviva.org\/wp-content\/uploads\/2019\/04\/cinematequio_en_cananeia_2.jpg","contentUrl":"https:\/\/iberculturaviva.org\/wp-content\/uploads\/2019\/04\/cinematequio_en_cananeia_2.jpg","width":1280,"height":854},{"@type":"BreadcrumbList","@id":"https:\/\/iberculturaviva.org\/es\/proposal\/taller-de-cine-comunitario-para-ninos-y-ninas\/#breadcrumb","itemListElement":[{"@type":"ListItem","position":1,"name":"In\u00edcio","item":"https:\/\/iberculturaviva.org\/es\/inicio\/"},{"@type":"ListItem","position":2,"name":"Banco de Saberes","item":"https:\/\/iberculturaviva.org\/es\/proposal\/"},{"@type":"ListItem","position":3,"name":"Taller de cine comunitario para ni\u00f1os y ni\u00f1as"}]},{"@type":"WebSite","@id":"https:\/\/iberculturaviva.org\/es\/?lang=es\/#website","url":"https:\/\/iberculturaviva.org\/es\/?lang=es\/","name":"IberCultura Viva","description":"Programa de cooperaci\u00f3n cultural","publisher":{"@id":"https:\/\/iberculturaviva.org\/es\/?lang=es\/#organization"},"potentialAction":[{"@type":"SearchAction","target":{"@type":"EntryPoint","urlTemplate":"https:\/\/iberculturaviva.org\/es\/?lang=es\/?s={search_term_string}"},"query-input":{"@type":"PropertyValueSpecification","valueRequired":true,"valueName":"search_term_string"}}],"inLanguage":"es"},{"@type":"Organization","@id":"https:\/\/iberculturaviva.org\/es\/?lang=es\/#organization","name":"Iberculturaviva","url":"https:\/\/iberculturaviva.org\/es\/?lang=es\/","logo":{"@type":"ImageObject","inLanguage":"es","@id":"https:\/\/iberculturaviva.org\/es\/?lang=es\/#\/schema\/logo\/image\/","url":"https:\/\/iberculturaviva.org\/wp-content\/uploads\/2021\/08\/logo_ibercultura_viva.jpg","contentUrl":"https:\/\/iberculturaviva.org\/wp-content\/uploads\/2021\/08\/logo_ibercultura_viva.jpg","width":708,"height":223,"caption":"Iberculturaviva"},"image":{"@id":"https:\/\/iberculturaviva.org\/es\/?lang=es\/#\/schema\/logo\/image\/"},"sameAs":["https:\/\/www.facebook.com\/iberculturaviva\/","https:\/\/www.instagram.com\/iberculturaviva\/","https:\/\/www.youtube.com\/iberculturaviva"]}]}},"_links":{"self":[{"href":"https:\/\/iberculturaviva.org\/es\/wp-json\/wp\/v2\/proposal\/38796","targetHints":{"allow":["GET"]}}],"collection":[{"href":"https:\/\/iberculturaviva.org\/es\/wp-json\/wp\/v2\/proposal"}],"about":[{"href":"https:\/\/iberculturaviva.org\/es\/wp-json\/wp\/v2\/types\/proposal"}],"author":[{"embeddable":true,"href":"https:\/\/iberculturaviva.org\/es\/wp-json\/wp\/v2\/users\/2"}],"version-history":[{"count":2,"href":"https:\/\/iberculturaviva.org\/es\/wp-json\/wp\/v2\/proposal\/38796\/revisions"}],"predecessor-version":[{"id":39527,"href":"https:\/\/iberculturaviva.org\/es\/wp-json\/wp\/v2\/proposal\/38796\/revisions\/39527"}],"wp:featuredmedia":[{"embeddable":true,"href":"https:\/\/iberculturaviva.org\/es\/wp-json\/wp\/v2\/media\/21072"}],"wp:attachment":[{"href":"https:\/\/iberculturaviva.org\/es\/wp-json\/wp\/v2\/media?parent=38796"}],"wp:term":[{"taxonomy":"category","embeddable":true,"href":"https:\/\/iberculturaviva.org\/es\/wp-json\/wp\/v2\/categories?post=38796"},{"taxonomy":"post_tag","embeddable":true,"href":"https:\/\/iberculturaviva.org\/es\/wp-json\/wp\/v2\/tags?post=38796"},{"taxonomy":"country-municipality","embeddable":true,"href":"https:\/\/iberculturaviva.org\/es\/wp-json\/wp\/v2\/country-municipality?post=38796"},{"taxonomy":"type-proposal","embeddable":true,"href":"https:\/\/iberculturaviva.org\/es\/wp-json\/wp\/v2\/type-proposal?post=38796"}],"curies":[{"name":"wp","href":"https:\/\/api.w.org\/{rel}","templated":true}]}}