{"id":38755,"date":"2024-11-05T17:58:17","date_gmt":"2024-11-05T20:58:17","guid":{"rendered":"https:\/\/iberculturaviva.org\/proposal\/memoridade-oficina-para-criar-exposicoes-comunitarias-a-partir-da-memoria-e-da-identidade\/"},"modified":"2024-12-04T12:22:31","modified_gmt":"2024-12-04T15:22:31","slug":"memoridad-taller-para-crear-exposiciones-comunitarias-desde-la-memoria-e-identidad","status":"publish","type":"proposal","link":"https:\/\/iberculturaviva.org\/es\/proposal\/memoridad-taller-para-crear-exposiciones-comunitarias-desde-la-memoria-e-identidad\/","title":{"rendered":"Memoridad: taller para crear exposiciones comunitarias desde la memoria e identidad"},"content":{"rendered":"\n<p><strong>La propuesta para el banco de saberes:<\/strong><\/p>\n\n\n\n<p>La propuesta tiene como objetivo principal facilitar el desarrollo de exposiciones en espacios culturales y museos comunitarios mediante la colaboraci\u00f3n con las comunidades locales. Se busca construir narrativas que reflejen la identidad cultural y la memoria colectiva, considerando las perspectivas y necesidades espec\u00edficas de cada espacio. Durante el taller, se realizar\u00e1 una reflexi\u00f3n sobre el significado simb\u00f3lico del espacio de trabajo para la comunidad, seguida de una minga comunitaria para iniciar un proceso de activaci\u00f3n previa. Posteriormente, se llevar\u00e1 a cabo un taller de valoraci\u00f3n participativa para que la comunidad se acerque al espacio y al contenido con el que se va a trabajar, generando un proceso de valoraci\u00f3n a trav\u00e9s de la memoria. Con los resultados obtenidos, se realizar\u00e1 un taller participativo para desarrollar el gui\u00f3n museol\u00f3gico de la exposici\u00f3n, construyendo narrativas y seleccionando los elementos a exponer. Finalmente, se llevar\u00e1 a cabo un taller de producci\u00f3n y montaje de la exposici\u00f3n, que incluir\u00e1 su presentaci\u00f3n a otros miembros de la comunidad. La participaci\u00f3n activa de la comunidad, combinada con la museolog\u00eda, la curadur\u00eda y el arte comunitario, ser\u00e1 fundamental en todas las etapas del taller, promoviendo la colaboraci\u00f3n y la contribuci\u00f3n de las experiencias \u00fanicas de cada participante.<\/p>\n\n\n\n<p><strong>Duraci\u00f3n prevista<\/strong>: 7 d\u00edas<\/p>\n\n\n\n<p><strong>Necesidades de la propuesta<\/strong>:<\/p>\n\n\n\n<p>*T\u00e9cnicas:<\/p>\n\n\n\n<p>Material did\u00e1ctico: Se incluyen marcadores de colores, pliegos de papel, l\u00e1pices, tijeras, revistas, hilos de colores, pegamento y art\u00edculos de limpieza para la minga comunitaria.<\/p>\n\n\n\n<p>Equipamiento: Se requiere un computador, proyector, altavoces, c\u00e1mara de video o celulares con capacidad para grabar videos sencillos, y acceso a internet si es posible.<\/p>\n\n\n\n<p>Mobiliario:&nbsp;Se necesitan mesas y sillas para los participantes del taller.<\/p>\n\n\n\n<p>Recursos humanos: Se sugiere la presencia de una o dos personas de la organizaci\u00f3n para asistir en la organizaci\u00f3n y coordinaci\u00f3n de las actividades.<\/p>\n\n\n\n<p>*Espacial:<\/p>\n\n\n\n<p>Espacio adecuado: Se necesita un espacio amplio y adecuado para realizar las actividades del taller, que permita la interacci\u00f3n entre los participantes y el acceso a materiales y recursos, de preferencias en el espacio con el que trabaja.<\/p>\n\n\n\n<p><strong>Destinatarios<\/strong><strong>:<\/strong><\/p>\n\n\n\n<p>La propuesta est\u00e1 destinada a personas de todas las edades, desde adolescentes hasta adultos mayores. Se busca crear un espacio inclusivo donde todas las generaciones puedan participar activamente en la construcci\u00f3n de la identidad cultural y la preservaci\u00f3n de la memoria colectiva. Las actividades est\u00e1n dise\u00f1adas para adaptarse a diferentes niveles de conocimiento y experiencia, permitiendo la participaci\u00f3n de personas de todas las edades y trasfondos.<\/p>\n\n\n\n<p>Comunidad espec\u00edfica a la que est\u00e1 dirigida la propuesta:<\/p>\n\n\n\n<p>Centros culturales, museos, teatros, archivos, bibliotecas, espacios de encuentro, fundaciones culturales u otros espacios culturales de base comunitaria que est\u00e9n interesados en aplicar la metodolog\u00eda son bienvenidos a participar.<\/p>\n\n\n\n<p><strong>N\u00famero de participantes<\/strong>: de 15 a 20 participantes.<\/p>\n\n\n\n<figure class=\"wp-block-gallery has-nested-images columns-default is-cropped wp-block-gallery-1 is-layout-flex wp-block-gallery-is-layout-flex\">\n<figure class=\"wp-block-image size-large\"><img loading=\"lazy\" decoding=\"async\" width=\"960\" height=\"720\" data-id=\"34671\" src=\"https:\/\/iberculturaviva.org\/wp-content\/uploads\/2024\/07\/memoridad-museoetnografico.jpg\" alt=\"\" class=\"wp-image-34671\" srcset=\"https:\/\/iberculturaviva.org\/wp-content\/uploads\/2024\/07\/memoridad-museoetnografico.jpg 960w, https:\/\/iberculturaviva.org\/wp-content\/uploads\/2024\/07\/memoridad-museoetnografico-300x225.jpg 300w, https:\/\/iberculturaviva.org\/wp-content\/uploads\/2024\/07\/memoridad-museoetnografico-150x113.jpg 150w, https:\/\/iberculturaviva.org\/wp-content\/uploads\/2024\/07\/memoridad-museoetnografico-768x576.jpg 768w\" sizes=\"auto, (max-width: 960px) 100vw, 960px\" \/><\/figure>\n\n\n\n<figure class=\"wp-block-image size-large\"><img loading=\"lazy\" decoding=\"async\" width=\"960\" height=\"720\" data-id=\"34669\" src=\"https:\/\/iberculturaviva.org\/wp-content\/uploads\/2024\/07\/museoetnografico3.jpg\" alt=\"\" class=\"wp-image-34669\" srcset=\"https:\/\/iberculturaviva.org\/wp-content\/uploads\/2024\/07\/museoetnografico3.jpg 960w, https:\/\/iberculturaviva.org\/wp-content\/uploads\/2024\/07\/museoetnografico3-300x225.jpg 300w, https:\/\/iberculturaviva.org\/wp-content\/uploads\/2024\/07\/museoetnografico3-150x113.jpg 150w, https:\/\/iberculturaviva.org\/wp-content\/uploads\/2024\/07\/museoetnografico3-768x576.jpg 768w\" sizes=\"auto, (max-width: 960px) 100vw, 960px\" \/><\/figure>\n\n\n\n<figure class=\"wp-block-image size-large\"><img decoding=\"async\" data-id=\"34666\" src=\"https:\/\/iberculturaviva.org\/wp-content\/uploads\/2024\/07\/museoetnografico2-960x640.jpg\" alt=\"\" class=\"wp-image-34666\"\/><\/figure>\n<\/figure>\n\n\n\n<p><strong>Saiba mais<\/strong>:&nbsp;<a href=\"https:\/\/www.facebook.com\/profile.php?id=61553919627472.\" target=\"_blank\" rel=\"noreferrer noopener\">Museu Etnogr\u00e1fico FB Daniel Rodriguez Sacoto<\/a><\/p>\n","protected":false},"excerpt":{"rendered":"<p>La propuesta para el banco de saberes: La propuesta tiene como objetivo principal facilitar el desarrollo de exposiciones en espacios culturales y museos comunitarios mediante la colaboraci\u00f3n con las comunidades [&hellip;]<\/p>\n","protected":false},"author":2,"featured_media":34665,"menu_order":0,"template":"","categories":[],"tags":[],"country-municipality":[820],"type-proposal":[],"class_list":["post-38755","proposal","type-proposal","status-publish","has-post-thumbnail","hentry","country-municipality-ecuador"],"yoast_head":"<!-- This site is optimized with the Yoast SEO plugin v25.7 - https:\/\/yoast.com\/wordpress\/plugins\/seo\/ -->\n<title>Memoridad: taller para crear exposiciones comunitarias desde la memoria e identidad - IberCultura Viva<\/title>\n<meta name=\"description\" content=\"Memoridad: taller para crear exposiciones comunitarias desde la memoria e identidad - IberCultura Viva\" \/>\n<meta name=\"robots\" content=\"index, follow, max-snippet:-1, max-image-preview:large, max-video-preview:-1\" \/>\n<link rel=\"canonical\" href=\"https:\/\/iberculturaviva.org\/es\/proposal\/memoridad-taller-para-crear-exposiciones-comunitarias-desde-la-memoria-e-identidad\/\" \/>\n<meta property=\"og:locale\" content=\"es_ES\" \/>\n<meta property=\"og:type\" content=\"article\" \/>\n<meta property=\"og:title\" content=\"Memoridad: taller para crear exposiciones comunitarias desde la memoria e identidad - IberCultura Viva\" \/>\n<meta property=\"og:description\" content=\"Memoridad: taller para crear exposiciones comunitarias desde la memoria e identidad - IberCultura Viva\" \/>\n<meta property=\"og:url\" content=\"https:\/\/iberculturaviva.org\/es\/proposal\/memoridad-taller-para-crear-exposiciones-comunitarias-desde-la-memoria-e-identidad\/\" \/>\n<meta property=\"og:site_name\" content=\"IberCultura Viva\" \/>\n<meta property=\"article:publisher\" content=\"https:\/\/www.facebook.com\/iberculturaviva\/\" \/>\n<meta property=\"article:modified_time\" content=\"2024-12-04T15:22:31+00:00\" \/>\n<meta property=\"og:image\" content=\"https:\/\/iberculturaviva.org\/wp-content\/uploads\/2024\/07\/museoetnografico2-scaled.jpg\" \/>\n\t<meta property=\"og:image:width\" content=\"2560\" \/>\n\t<meta property=\"og:image:height\" content=\"1707\" \/>\n\t<meta property=\"og:image:type\" content=\"image\/jpeg\" \/>\n<meta name=\"twitter:card\" content=\"summary_large_image\" \/>\n<meta name=\"twitter:label1\" content=\"Tiempo de lectura\" \/>\n\t<meta name=\"twitter:data1\" content=\"3 minutos\" \/>\n<script type=\"application\/ld+json\" class=\"yoast-schema-graph\">{\"@context\":\"https:\/\/schema.org\",\"@graph\":[{\"@type\":\"WebPage\",\"@id\":\"https:\/\/iberculturaviva.org\/es\/proposal\/memoridad-taller-para-crear-exposiciones-comunitarias-desde-la-memoria-e-identidad\/\",\"url\":\"https:\/\/iberculturaviva.org\/es\/proposal\/memoridad-taller-para-crear-exposiciones-comunitarias-desde-la-memoria-e-identidad\/\",\"name\":\"Memoridad: taller para crear exposiciones comunitarias desde la memoria e identidad - IberCultura Viva\",\"isPartOf\":{\"@id\":\"https:\/\/iberculturaviva.org\/es\/?lang=es\/#website\"},\"primaryImageOfPage\":{\"@id\":\"https:\/\/iberculturaviva.org\/es\/proposal\/memoridad-taller-para-crear-exposiciones-comunitarias-desde-la-memoria-e-identidad\/#primaryimage\"},\"image\":{\"@id\":\"https:\/\/iberculturaviva.org\/es\/proposal\/memoridad-taller-para-crear-exposiciones-comunitarias-desde-la-memoria-e-identidad\/#primaryimage\"},\"thumbnailUrl\":\"https:\/\/iberculturaviva.org\/wp-content\/uploads\/2024\/07\/museoetnografico2-scaled.jpg\",\"datePublished\":\"2024-11-05T20:58:17+00:00\",\"dateModified\":\"2024-12-04T15:22:31+00:00\",\"description\":\"Memoridad: taller para crear exposiciones comunitarias desde la memoria e identidad - IberCultura Viva\",\"breadcrumb\":{\"@id\":\"https:\/\/iberculturaviva.org\/es\/proposal\/memoridad-taller-para-crear-exposiciones-comunitarias-desde-la-memoria-e-identidad\/#breadcrumb\"},\"inLanguage\":\"es\",\"potentialAction\":[{\"@type\":\"ReadAction\",\"target\":[\"https:\/\/iberculturaviva.org\/es\/proposal\/memoridad-taller-para-crear-exposiciones-comunitarias-desde-la-memoria-e-identidad\/\"]}]},{\"@type\":\"ImageObject\",\"inLanguage\":\"es\",\"@id\":\"https:\/\/iberculturaviva.org\/es\/proposal\/memoridad-taller-para-crear-exposiciones-comunitarias-desde-la-memoria-e-identidad\/#primaryimage\",\"url\":\"https:\/\/iberculturaviva.org\/wp-content\/uploads\/2024\/07\/museoetnografico2-scaled.jpg\",\"contentUrl\":\"https:\/\/iberculturaviva.org\/wp-content\/uploads\/2024\/07\/museoetnografico2-scaled.jpg\",\"width\":2560,\"height\":1707},{\"@type\":\"BreadcrumbList\",\"@id\":\"https:\/\/iberculturaviva.org\/es\/proposal\/memoridad-taller-para-crear-exposiciones-comunitarias-desde-la-memoria-e-identidad\/#breadcrumb\",\"itemListElement\":[{\"@type\":\"ListItem\",\"position\":1,\"name\":\"In\u00edcio\",\"item\":\"https:\/\/iberculturaviva.org\/es\/inicio\/\"},{\"@type\":\"ListItem\",\"position\":2,\"name\":\"Banco de Saberes\",\"item\":\"https:\/\/iberculturaviva.org\/es\/proposal\/\"},{\"@type\":\"ListItem\",\"position\":3,\"name\":\"Memoridad: taller para crear exposiciones comunitarias desde la memoria e identidad\"}]},{\"@type\":\"WebSite\",\"@id\":\"https:\/\/iberculturaviva.org\/es\/?lang=es\/#website\",\"url\":\"https:\/\/iberculturaviva.org\/es\/?lang=es\/\",\"name\":\"IberCultura Viva\",\"description\":\"Programa de cooperaci\u00f3n cultural\",\"publisher\":{\"@id\":\"https:\/\/iberculturaviva.org\/es\/?lang=es\/#organization\"},\"potentialAction\":[{\"@type\":\"SearchAction\",\"target\":{\"@type\":\"EntryPoint\",\"urlTemplate\":\"https:\/\/iberculturaviva.org\/es\/?lang=es\/?s={search_term_string}\"},\"query-input\":{\"@type\":\"PropertyValueSpecification\",\"valueRequired\":true,\"valueName\":\"search_term_string\"}}],\"inLanguage\":\"es\"},{\"@type\":\"Organization\",\"@id\":\"https:\/\/iberculturaviva.org\/es\/?lang=es\/#organization\",\"name\":\"Iberculturaviva\",\"url\":\"https:\/\/iberculturaviva.org\/es\/?lang=es\/\",\"logo\":{\"@type\":\"ImageObject\",\"inLanguage\":\"es\",\"@id\":\"https:\/\/iberculturaviva.org\/es\/?lang=es\/#\/schema\/logo\/image\/\",\"url\":\"https:\/\/iberculturaviva.org\/wp-content\/uploads\/2021\/08\/logo_ibercultura_viva.jpg\",\"contentUrl\":\"https:\/\/iberculturaviva.org\/wp-content\/uploads\/2021\/08\/logo_ibercultura_viva.jpg\",\"width\":708,\"height\":223,\"caption\":\"Iberculturaviva\"},\"image\":{\"@id\":\"https:\/\/iberculturaviva.org\/es\/?lang=es\/#\/schema\/logo\/image\/\"},\"sameAs\":[\"https:\/\/www.facebook.com\/iberculturaviva\/\",\"https:\/\/www.instagram.com\/iberculturaviva\/\",\"https:\/\/www.youtube.com\/iberculturaviva\"]}]}<\/script>\n<!-- \/ Yoast SEO plugin. -->","yoast_head_json":{"title":"Memoridad: taller para crear exposiciones comunitarias desde la memoria e identidad - IberCultura Viva","description":"Memoridad: taller para crear exposiciones comunitarias desde la memoria e identidad - IberCultura Viva","robots":{"index":"index","follow":"follow","max-snippet":"max-snippet:-1","max-image-preview":"max-image-preview:large","max-video-preview":"max-video-preview:-1"},"canonical":"https:\/\/iberculturaviva.org\/es\/proposal\/memoridad-taller-para-crear-exposiciones-comunitarias-desde-la-memoria-e-identidad\/","og_locale":"es_ES","og_type":"article","og_title":"Memoridad: taller para crear exposiciones comunitarias desde la memoria e identidad - IberCultura Viva","og_description":"Memoridad: taller para crear exposiciones comunitarias desde la memoria e identidad - IberCultura Viva","og_url":"https:\/\/iberculturaviva.org\/es\/proposal\/memoridad-taller-para-crear-exposiciones-comunitarias-desde-la-memoria-e-identidad\/","og_site_name":"IberCultura Viva","article_publisher":"https:\/\/www.facebook.com\/iberculturaviva\/","article_modified_time":"2024-12-04T15:22:31+00:00","og_image":[{"width":2560,"height":1707,"url":"https:\/\/iberculturaviva.org\/wp-content\/uploads\/2024\/07\/museoetnografico2-scaled.jpg","type":"image\/jpeg"}],"twitter_card":"summary_large_image","twitter_misc":{"Tiempo de lectura":"3 minutos"},"schema":{"@context":"https:\/\/schema.org","@graph":[{"@type":"WebPage","@id":"https:\/\/iberculturaviva.org\/es\/proposal\/memoridad-taller-para-crear-exposiciones-comunitarias-desde-la-memoria-e-identidad\/","url":"https:\/\/iberculturaviva.org\/es\/proposal\/memoridad-taller-para-crear-exposiciones-comunitarias-desde-la-memoria-e-identidad\/","name":"Memoridad: taller para crear exposiciones comunitarias desde la memoria e identidad - IberCultura Viva","isPartOf":{"@id":"https:\/\/iberculturaviva.org\/es\/?lang=es\/#website"},"primaryImageOfPage":{"@id":"https:\/\/iberculturaviva.org\/es\/proposal\/memoridad-taller-para-crear-exposiciones-comunitarias-desde-la-memoria-e-identidad\/#primaryimage"},"image":{"@id":"https:\/\/iberculturaviva.org\/es\/proposal\/memoridad-taller-para-crear-exposiciones-comunitarias-desde-la-memoria-e-identidad\/#primaryimage"},"thumbnailUrl":"https:\/\/iberculturaviva.org\/wp-content\/uploads\/2024\/07\/museoetnografico2-scaled.jpg","datePublished":"2024-11-05T20:58:17+00:00","dateModified":"2024-12-04T15:22:31+00:00","description":"Memoridad: taller para crear exposiciones comunitarias desde la memoria e identidad - IberCultura Viva","breadcrumb":{"@id":"https:\/\/iberculturaviva.org\/es\/proposal\/memoridad-taller-para-crear-exposiciones-comunitarias-desde-la-memoria-e-identidad\/#breadcrumb"},"inLanguage":"es","potentialAction":[{"@type":"ReadAction","target":["https:\/\/iberculturaviva.org\/es\/proposal\/memoridad-taller-para-crear-exposiciones-comunitarias-desde-la-memoria-e-identidad\/"]}]},{"@type":"ImageObject","inLanguage":"es","@id":"https:\/\/iberculturaviva.org\/es\/proposal\/memoridad-taller-para-crear-exposiciones-comunitarias-desde-la-memoria-e-identidad\/#primaryimage","url":"https:\/\/iberculturaviva.org\/wp-content\/uploads\/2024\/07\/museoetnografico2-scaled.jpg","contentUrl":"https:\/\/iberculturaviva.org\/wp-content\/uploads\/2024\/07\/museoetnografico2-scaled.jpg","width":2560,"height":1707},{"@type":"BreadcrumbList","@id":"https:\/\/iberculturaviva.org\/es\/proposal\/memoridad-taller-para-crear-exposiciones-comunitarias-desde-la-memoria-e-identidad\/#breadcrumb","itemListElement":[{"@type":"ListItem","position":1,"name":"In\u00edcio","item":"https:\/\/iberculturaviva.org\/es\/inicio\/"},{"@type":"ListItem","position":2,"name":"Banco de Saberes","item":"https:\/\/iberculturaviva.org\/es\/proposal\/"},{"@type":"ListItem","position":3,"name":"Memoridad: taller para crear exposiciones comunitarias desde la memoria e identidad"}]},{"@type":"WebSite","@id":"https:\/\/iberculturaviva.org\/es\/?lang=es\/#website","url":"https:\/\/iberculturaviva.org\/es\/?lang=es\/","name":"IberCultura Viva","description":"Programa de cooperaci\u00f3n cultural","publisher":{"@id":"https:\/\/iberculturaviva.org\/es\/?lang=es\/#organization"},"potentialAction":[{"@type":"SearchAction","target":{"@type":"EntryPoint","urlTemplate":"https:\/\/iberculturaviva.org\/es\/?lang=es\/?s={search_term_string}"},"query-input":{"@type":"PropertyValueSpecification","valueRequired":true,"valueName":"search_term_string"}}],"inLanguage":"es"},{"@type":"Organization","@id":"https:\/\/iberculturaviva.org\/es\/?lang=es\/#organization","name":"Iberculturaviva","url":"https:\/\/iberculturaviva.org\/es\/?lang=es\/","logo":{"@type":"ImageObject","inLanguage":"es","@id":"https:\/\/iberculturaviva.org\/es\/?lang=es\/#\/schema\/logo\/image\/","url":"https:\/\/iberculturaviva.org\/wp-content\/uploads\/2021\/08\/logo_ibercultura_viva.jpg","contentUrl":"https:\/\/iberculturaviva.org\/wp-content\/uploads\/2021\/08\/logo_ibercultura_viva.jpg","width":708,"height":223,"caption":"Iberculturaviva"},"image":{"@id":"https:\/\/iberculturaviva.org\/es\/?lang=es\/#\/schema\/logo\/image\/"},"sameAs":["https:\/\/www.facebook.com\/iberculturaviva\/","https:\/\/www.instagram.com\/iberculturaviva\/","https:\/\/www.youtube.com\/iberculturaviva"]}]}},"_links":{"self":[{"href":"https:\/\/iberculturaviva.org\/es\/wp-json\/wp\/v2\/proposal\/38755","targetHints":{"allow":["GET"]}}],"collection":[{"href":"https:\/\/iberculturaviva.org\/es\/wp-json\/wp\/v2\/proposal"}],"about":[{"href":"https:\/\/iberculturaviva.org\/es\/wp-json\/wp\/v2\/types\/proposal"}],"author":[{"embeddable":true,"href":"https:\/\/iberculturaviva.org\/es\/wp-json\/wp\/v2\/users\/2"}],"version-history":[{"count":2,"href":"https:\/\/iberculturaviva.org\/es\/wp-json\/wp\/v2\/proposal\/38755\/revisions"}],"predecessor-version":[{"id":39503,"href":"https:\/\/iberculturaviva.org\/es\/wp-json\/wp\/v2\/proposal\/38755\/revisions\/39503"}],"wp:featuredmedia":[{"embeddable":true,"href":"https:\/\/iberculturaviva.org\/es\/wp-json\/wp\/v2\/media\/34665"}],"wp:attachment":[{"href":"https:\/\/iberculturaviva.org\/es\/wp-json\/wp\/v2\/media?parent=38755"}],"wp:term":[{"taxonomy":"category","embeddable":true,"href":"https:\/\/iberculturaviva.org\/es\/wp-json\/wp\/v2\/categories?post=38755"},{"taxonomy":"post_tag","embeddable":true,"href":"https:\/\/iberculturaviva.org\/es\/wp-json\/wp\/v2\/tags?post=38755"},{"taxonomy":"country-municipality","embeddable":true,"href":"https:\/\/iberculturaviva.org\/es\/wp-json\/wp\/v2\/country-municipality?post=38755"},{"taxonomy":"type-proposal","embeddable":true,"href":"https:\/\/iberculturaviva.org\/es\/wp-json\/wp\/v2\/type-proposal?post=38755"}],"curies":[{"name":"wp","href":"https:\/\/api.w.org\/{rel}","templated":true}]}}