{"id":38731,"date":"2024-11-05T17:28:42","date_gmt":"2024-11-05T20:28:42","guid":{"rendered":"https:\/\/iberculturaviva.org\/proposal\/rodando-fantasias\/"},"modified":"2024-12-04T12:11:51","modified_gmt":"2024-12-04T15:11:51","slug":"rodando-fantasias","status":"publish","type":"proposal","link":"https:\/\/iberculturaviva.org\/es\/proposal\/rodando-fantasias\/","title":{"rendered":"Rodando fantas\u00edas"},"content":{"rendered":"\n<p><strong>La propuesta para el banco de saberes<\/strong><strong>:<\/strong><\/p>\n\n\n\n<p>\u201cRueda tus fantas\u00edas\u201d es un programa de clases que ense\u00f1a a ni\u00f1as, ni\u00f1os, adolescentes, padres, docentes y tutores a contar sus experiencias comunitarias, a partir de la producci\u00f3n audiovisual utilizando las nuevas tecnolog\u00edas. El programa est\u00e1 dise\u00f1ado para que las ni\u00f1as, ni\u00f1os, adolescentes, escriban un guion cinematogr\u00e1fico, planifiquen su producci\u00f3n y hagan realidad sus sue\u00f1os. Los padres, docentes y tutores deben documentar (making of) lo que sus hijos est\u00e1n desarrollando en las diferentes etapas del programa. Todo se har\u00e1 con dispositivos m\u00f3viles o tecnolog\u00eda alternativa (Ipad, celular, tablet, etc.), y no con costosas c\u00e1maras fotogr\u00e1ficas. Es un programa que incluye, y no excluye por falta de tecnolog\u00eda.<\/p>\n\n\n\n<p><strong>Objetivos<\/strong><strong>:&nbsp;<\/strong>1) Crear un programa de clases para la formaci\u00f3n audiovisual en las primeras edades; 2) Acercar a ni\u00f1as, ni\u00f1os y padres y (o) tutores, al fascinante mundo del audiovisual; 3) Preparar a ni\u00f1as y ni\u00f1os como receptores activos y no pasivos; 4) Crear espacios de socializaci\u00f3n y confrontaci\u00f3n una vez al a\u00f1o (encuentro, evento o festival) donde las ni\u00f1as, ni\u00f1os y padres, exhiban sus materiales audiovisuales, y los puedan debatir; 5) Adecuar de manera racional la navegaci\u00f3n en la red de redes; 6) Desarrollar la fantas\u00eda creadora en ni\u00f1as, ni\u00f1os y padres y (o) tutores.<\/p>\n\n\n\n<p><strong>Duraci\u00f3n prevista<\/strong><strong>:&nbsp;<\/strong>5 d\u00edas.<\/p>\n\n\n\n<p><strong>Las necesidades para el desarrollo de la propuesta<\/strong>:<\/p>\n\n\n\n<p>T\u00e9cnicas: Proyector, celular, l\u00e1mparas Led, mini computadoras, GoPro, laptop, PC de escritorio para la edici\u00f3n de los materiales.<\/p>\n\n\n\n<p>Espacial: Espacios interiores y exteriores para que los talleristas aprendan a ajustarse a las diferentes locaciones.<\/p>\n\n\n\n<p><strong>Destinatarios<\/strong>: Ni\u00f1as y ni\u00f1os (9-16 a\u00f1os), padres y\/o tutores.<\/p>\n\n\n\n<p><strong>N\u00famero m\u00ednimo y m\u00e1ximo de participantes<\/strong>: 20 personas aproximadamente.<\/p>\n\n\n\n<figure class=\"wp-block-gallery has-nested-images columns-default is-cropped wp-block-gallery-1 is-layout-flex wp-block-gallery-is-layout-flex\">\n<figure class=\"wp-block-image size-large\"><img loading=\"lazy\" decoding=\"async\" width=\"700\" height=\"467\" data-id=\"33675\" src=\"https:\/\/iberculturaviva.org\/wp-content\/uploads\/2024\/06\/DSC_9548.jpg\" alt=\"\" class=\"wp-image-33675\" srcset=\"https:\/\/iberculturaviva.org\/wp-content\/uploads\/2024\/06\/DSC_9548.jpg 700w, https:\/\/iberculturaviva.org\/wp-content\/uploads\/2024\/06\/DSC_9548-300x200.jpg 300w, https:\/\/iberculturaviva.org\/wp-content\/uploads\/2024\/06\/DSC_9548-150x100.jpg 150w\" sizes=\"auto, (max-width: 700px) 100vw, 700px\" \/><\/figure>\n\n\n\n<figure class=\"wp-block-image size-large\"><img loading=\"lazy\" decoding=\"async\" width=\"700\" height=\"467\" data-id=\"33667\" src=\"https:\/\/iberculturaviva.org\/wp-content\/uploads\/2024\/06\/DSC_9753.jpg\" alt=\"\" class=\"wp-image-33667\" srcset=\"https:\/\/iberculturaviva.org\/wp-content\/uploads\/2024\/06\/DSC_9753.jpg 700w, https:\/\/iberculturaviva.org\/wp-content\/uploads\/2024\/06\/DSC_9753-300x200.jpg 300w, https:\/\/iberculturaviva.org\/wp-content\/uploads\/2024\/06\/DSC_9753-150x100.jpg 150w\" sizes=\"auto, (max-width: 700px) 100vw, 700px\" \/><\/figure>\n\n\n\n<figure class=\"wp-block-image size-large\"><img loading=\"lazy\" decoding=\"async\" width=\"700\" height=\"467\" data-id=\"33671\" src=\"https:\/\/iberculturaviva.org\/wp-content\/uploads\/2024\/06\/DSC_9586.jpg\" alt=\"\" class=\"wp-image-33671\" srcset=\"https:\/\/iberculturaviva.org\/wp-content\/uploads\/2024\/06\/DSC_9586.jpg 700w, https:\/\/iberculturaviva.org\/wp-content\/uploads\/2024\/06\/DSC_9586-300x200.jpg 300w, https:\/\/iberculturaviva.org\/wp-content\/uploads\/2024\/06\/DSC_9586-150x100.jpg 150w\" sizes=\"auto, (max-width: 700px) 100vw, 700px\" \/><\/figure>\n<\/figure>\n","protected":false},"excerpt":{"rendered":"<p>La propuesta para el banco de saberes: \u201cRueda tus fantas\u00edas\u201d es un programa de clases que ense\u00f1a a ni\u00f1as, ni\u00f1os, adolescentes, padres, docentes y tutores a contar sus experiencias comunitarias, [&hellip;]<\/p>\n","protected":false},"author":2,"featured_media":33666,"menu_order":0,"template":"","categories":[],"tags":[],"country-municipality":[817],"type-proposal":[],"class_list":["post-38731","proposal","type-proposal","status-publish","has-post-thumbnail","hentry","country-municipality-cuba-es"],"yoast_head":"<!-- This site is optimized with the Yoast SEO plugin v25.7 - https:\/\/yoast.com\/wordpress\/plugins\/seo\/ -->\n<title>Rodando fantas\u00edas - IberCultura Viva<\/title>\n<meta name=\"description\" content=\"Rodando fantas\u00edas - IberCultura Viva\" \/>\n<meta name=\"robots\" content=\"index, follow, max-snippet:-1, max-image-preview:large, max-video-preview:-1\" \/>\n<link rel=\"canonical\" href=\"https:\/\/iberculturaviva.org\/es\/proposal\/rodando-fantasias\/\" \/>\n<meta property=\"og:locale\" content=\"es_ES\" \/>\n<meta property=\"og:type\" content=\"article\" \/>\n<meta property=\"og:title\" content=\"Rodando fantas\u00edas - IberCultura Viva\" \/>\n<meta property=\"og:description\" content=\"Rodando fantas\u00edas - IberCultura Viva\" \/>\n<meta property=\"og:url\" content=\"https:\/\/iberculturaviva.org\/es\/proposal\/rodando-fantasias\/\" \/>\n<meta property=\"og:site_name\" content=\"IberCultura Viva\" \/>\n<meta property=\"article:publisher\" content=\"https:\/\/www.facebook.com\/iberculturaviva\/\" \/>\n<meta property=\"article:modified_time\" content=\"2024-12-04T15:11:51+00:00\" \/>\n<meta property=\"og:image\" content=\"https:\/\/iberculturaviva.org\/wp-content\/uploads\/2024\/06\/E46_7307.jpg\" \/>\n\t<meta property=\"og:image:width\" content=\"700\" \/>\n\t<meta property=\"og:image:height\" content=\"464\" \/>\n\t<meta property=\"og:image:type\" content=\"image\/jpeg\" \/>\n<meta name=\"twitter:card\" content=\"summary_large_image\" \/>\n<meta name=\"twitter:label1\" content=\"Tiempo de lectura\" \/>\n\t<meta name=\"twitter:data1\" content=\"2 minutos\" \/>\n<script type=\"application\/ld+json\" class=\"yoast-schema-graph\">{\"@context\":\"https:\/\/schema.org\",\"@graph\":[{\"@type\":\"WebPage\",\"@id\":\"https:\/\/iberculturaviva.org\/es\/proposal\/rodando-fantasias\/\",\"url\":\"https:\/\/iberculturaviva.org\/es\/proposal\/rodando-fantasias\/\",\"name\":\"Rodando fantas\u00edas - IberCultura Viva\",\"isPartOf\":{\"@id\":\"https:\/\/iberculturaviva.org\/es\/?lang=es\/#website\"},\"primaryImageOfPage\":{\"@id\":\"https:\/\/iberculturaviva.org\/es\/proposal\/rodando-fantasias\/#primaryimage\"},\"image\":{\"@id\":\"https:\/\/iberculturaviva.org\/es\/proposal\/rodando-fantasias\/#primaryimage\"},\"thumbnailUrl\":\"https:\/\/iberculturaviva.org\/wp-content\/uploads\/2024\/06\/E46_7307.jpg\",\"datePublished\":\"2024-11-05T20:28:42+00:00\",\"dateModified\":\"2024-12-04T15:11:51+00:00\",\"description\":\"Rodando fantas\u00edas - IberCultura Viva\",\"breadcrumb\":{\"@id\":\"https:\/\/iberculturaviva.org\/es\/proposal\/rodando-fantasias\/#breadcrumb\"},\"inLanguage\":\"es\",\"potentialAction\":[{\"@type\":\"ReadAction\",\"target\":[\"https:\/\/iberculturaviva.org\/es\/proposal\/rodando-fantasias\/\"]}]},{\"@type\":\"ImageObject\",\"inLanguage\":\"es\",\"@id\":\"https:\/\/iberculturaviva.org\/es\/proposal\/rodando-fantasias\/#primaryimage\",\"url\":\"https:\/\/iberculturaviva.org\/wp-content\/uploads\/2024\/06\/E46_7307.jpg\",\"contentUrl\":\"https:\/\/iberculturaviva.org\/wp-content\/uploads\/2024\/06\/E46_7307.jpg\",\"width\":700,\"height\":464},{\"@type\":\"BreadcrumbList\",\"@id\":\"https:\/\/iberculturaviva.org\/es\/proposal\/rodando-fantasias\/#breadcrumb\",\"itemListElement\":[{\"@type\":\"ListItem\",\"position\":1,\"name\":\"In\u00edcio\",\"item\":\"https:\/\/iberculturaviva.org\/es\/inicio\/\"},{\"@type\":\"ListItem\",\"position\":2,\"name\":\"Banco de Saberes\",\"item\":\"https:\/\/iberculturaviva.org\/es\/proposal\/\"},{\"@type\":\"ListItem\",\"position\":3,\"name\":\"Rodando fantas\u00edas\"}]},{\"@type\":\"WebSite\",\"@id\":\"https:\/\/iberculturaviva.org\/es\/?lang=es\/#website\",\"url\":\"https:\/\/iberculturaviva.org\/es\/?lang=es\/\",\"name\":\"IberCultura Viva\",\"description\":\"Programa de cooperaci\u00f3n cultural\",\"publisher\":{\"@id\":\"https:\/\/iberculturaviva.org\/es\/?lang=es\/#organization\"},\"potentialAction\":[{\"@type\":\"SearchAction\",\"target\":{\"@type\":\"EntryPoint\",\"urlTemplate\":\"https:\/\/iberculturaviva.org\/es\/?lang=es\/?s={search_term_string}\"},\"query-input\":{\"@type\":\"PropertyValueSpecification\",\"valueRequired\":true,\"valueName\":\"search_term_string\"}}],\"inLanguage\":\"es\"},{\"@type\":\"Organization\",\"@id\":\"https:\/\/iberculturaviva.org\/es\/?lang=es\/#organization\",\"name\":\"Iberculturaviva\",\"url\":\"https:\/\/iberculturaviva.org\/es\/?lang=es\/\",\"logo\":{\"@type\":\"ImageObject\",\"inLanguage\":\"es\",\"@id\":\"https:\/\/iberculturaviva.org\/es\/?lang=es\/#\/schema\/logo\/image\/\",\"url\":\"https:\/\/iberculturaviva.org\/wp-content\/uploads\/2021\/08\/logo_ibercultura_viva.jpg\",\"contentUrl\":\"https:\/\/iberculturaviva.org\/wp-content\/uploads\/2021\/08\/logo_ibercultura_viva.jpg\",\"width\":708,\"height\":223,\"caption\":\"Iberculturaviva\"},\"image\":{\"@id\":\"https:\/\/iberculturaviva.org\/es\/?lang=es\/#\/schema\/logo\/image\/\"},\"sameAs\":[\"https:\/\/www.facebook.com\/iberculturaviva\/\",\"https:\/\/www.instagram.com\/iberculturaviva\/\",\"https:\/\/www.youtube.com\/iberculturaviva\"]}]}<\/script>\n<!-- \/ Yoast SEO plugin. -->","yoast_head_json":{"title":"Rodando fantas\u00edas - IberCultura Viva","description":"Rodando fantas\u00edas - IberCultura Viva","robots":{"index":"index","follow":"follow","max-snippet":"max-snippet:-1","max-image-preview":"max-image-preview:large","max-video-preview":"max-video-preview:-1"},"canonical":"https:\/\/iberculturaviva.org\/es\/proposal\/rodando-fantasias\/","og_locale":"es_ES","og_type":"article","og_title":"Rodando fantas\u00edas - IberCultura Viva","og_description":"Rodando fantas\u00edas - IberCultura Viva","og_url":"https:\/\/iberculturaviva.org\/es\/proposal\/rodando-fantasias\/","og_site_name":"IberCultura Viva","article_publisher":"https:\/\/www.facebook.com\/iberculturaviva\/","article_modified_time":"2024-12-04T15:11:51+00:00","og_image":[{"width":700,"height":464,"url":"https:\/\/iberculturaviva.org\/wp-content\/uploads\/2024\/06\/E46_7307.jpg","type":"image\/jpeg"}],"twitter_card":"summary_large_image","twitter_misc":{"Tiempo de lectura":"2 minutos"},"schema":{"@context":"https:\/\/schema.org","@graph":[{"@type":"WebPage","@id":"https:\/\/iberculturaviva.org\/es\/proposal\/rodando-fantasias\/","url":"https:\/\/iberculturaviva.org\/es\/proposal\/rodando-fantasias\/","name":"Rodando fantas\u00edas - IberCultura Viva","isPartOf":{"@id":"https:\/\/iberculturaviva.org\/es\/?lang=es\/#website"},"primaryImageOfPage":{"@id":"https:\/\/iberculturaviva.org\/es\/proposal\/rodando-fantasias\/#primaryimage"},"image":{"@id":"https:\/\/iberculturaviva.org\/es\/proposal\/rodando-fantasias\/#primaryimage"},"thumbnailUrl":"https:\/\/iberculturaviva.org\/wp-content\/uploads\/2024\/06\/E46_7307.jpg","datePublished":"2024-11-05T20:28:42+00:00","dateModified":"2024-12-04T15:11:51+00:00","description":"Rodando fantas\u00edas - IberCultura Viva","breadcrumb":{"@id":"https:\/\/iberculturaviva.org\/es\/proposal\/rodando-fantasias\/#breadcrumb"},"inLanguage":"es","potentialAction":[{"@type":"ReadAction","target":["https:\/\/iberculturaviva.org\/es\/proposal\/rodando-fantasias\/"]}]},{"@type":"ImageObject","inLanguage":"es","@id":"https:\/\/iberculturaviva.org\/es\/proposal\/rodando-fantasias\/#primaryimage","url":"https:\/\/iberculturaviva.org\/wp-content\/uploads\/2024\/06\/E46_7307.jpg","contentUrl":"https:\/\/iberculturaviva.org\/wp-content\/uploads\/2024\/06\/E46_7307.jpg","width":700,"height":464},{"@type":"BreadcrumbList","@id":"https:\/\/iberculturaviva.org\/es\/proposal\/rodando-fantasias\/#breadcrumb","itemListElement":[{"@type":"ListItem","position":1,"name":"In\u00edcio","item":"https:\/\/iberculturaviva.org\/es\/inicio\/"},{"@type":"ListItem","position":2,"name":"Banco de Saberes","item":"https:\/\/iberculturaviva.org\/es\/proposal\/"},{"@type":"ListItem","position":3,"name":"Rodando fantas\u00edas"}]},{"@type":"WebSite","@id":"https:\/\/iberculturaviva.org\/es\/?lang=es\/#website","url":"https:\/\/iberculturaviva.org\/es\/?lang=es\/","name":"IberCultura Viva","description":"Programa de cooperaci\u00f3n cultural","publisher":{"@id":"https:\/\/iberculturaviva.org\/es\/?lang=es\/#organization"},"potentialAction":[{"@type":"SearchAction","target":{"@type":"EntryPoint","urlTemplate":"https:\/\/iberculturaviva.org\/es\/?lang=es\/?s={search_term_string}"},"query-input":{"@type":"PropertyValueSpecification","valueRequired":true,"valueName":"search_term_string"}}],"inLanguage":"es"},{"@type":"Organization","@id":"https:\/\/iberculturaviva.org\/es\/?lang=es\/#organization","name":"Iberculturaviva","url":"https:\/\/iberculturaviva.org\/es\/?lang=es\/","logo":{"@type":"ImageObject","inLanguage":"es","@id":"https:\/\/iberculturaviva.org\/es\/?lang=es\/#\/schema\/logo\/image\/","url":"https:\/\/iberculturaviva.org\/wp-content\/uploads\/2021\/08\/logo_ibercultura_viva.jpg","contentUrl":"https:\/\/iberculturaviva.org\/wp-content\/uploads\/2021\/08\/logo_ibercultura_viva.jpg","width":708,"height":223,"caption":"Iberculturaviva"},"image":{"@id":"https:\/\/iberculturaviva.org\/es\/?lang=es\/#\/schema\/logo\/image\/"},"sameAs":["https:\/\/www.facebook.com\/iberculturaviva\/","https:\/\/www.instagram.com\/iberculturaviva\/","https:\/\/www.youtube.com\/iberculturaviva"]}]}},"_links":{"self":[{"href":"https:\/\/iberculturaviva.org\/es\/wp-json\/wp\/v2\/proposal\/38731","targetHints":{"allow":["GET"]}}],"collection":[{"href":"https:\/\/iberculturaviva.org\/es\/wp-json\/wp\/v2\/proposal"}],"about":[{"href":"https:\/\/iberculturaviva.org\/es\/wp-json\/wp\/v2\/types\/proposal"}],"author":[{"embeddable":true,"href":"https:\/\/iberculturaviva.org\/es\/wp-json\/wp\/v2\/users\/2"}],"version-history":[{"count":2,"href":"https:\/\/iberculturaviva.org\/es\/wp-json\/wp\/v2\/proposal\/38731\/revisions"}],"predecessor-version":[{"id":39454,"href":"https:\/\/iberculturaviva.org\/es\/wp-json\/wp\/v2\/proposal\/38731\/revisions\/39454"}],"wp:featuredmedia":[{"embeddable":true,"href":"https:\/\/iberculturaviva.org\/es\/wp-json\/wp\/v2\/media\/33666"}],"wp:attachment":[{"href":"https:\/\/iberculturaviva.org\/es\/wp-json\/wp\/v2\/media?parent=38731"}],"wp:term":[{"taxonomy":"category","embeddable":true,"href":"https:\/\/iberculturaviva.org\/es\/wp-json\/wp\/v2\/categories?post=38731"},{"taxonomy":"post_tag","embeddable":true,"href":"https:\/\/iberculturaviva.org\/es\/wp-json\/wp\/v2\/tags?post=38731"},{"taxonomy":"country-municipality","embeddable":true,"href":"https:\/\/iberculturaviva.org\/es\/wp-json\/wp\/v2\/country-municipality?post=38731"},{"taxonomy":"type-proposal","embeddable":true,"href":"https:\/\/iberculturaviva.org\/es\/wp-json\/wp\/v2\/type-proposal?post=38731"}],"curies":[{"name":"wp","href":"https:\/\/api.w.org\/{rel}","templated":true}]}}