{"id":38688,"date":"2024-11-05T17:05:08","date_gmt":"2024-11-05T20:05:08","guid":{"rendered":"https:\/\/iberculturaviva.org\/proposal\/escola-popular-feminista-bordando-para-uma-vida-livre-de-violencias\/"},"modified":"2024-12-04T12:15:35","modified_gmt":"2024-12-04T15:15:35","slug":"escuela-popular-feminista-bordando-por-una-vida-libre-de-violencias","status":"publish","type":"proposal","link":"https:\/\/iberculturaviva.org\/es\/proposal\/escuela-popular-feminista-bordando-por-una-vida-libre-de-violencias\/","title":{"rendered":"Escuela popular feminista: bordando por una vida libre de violencias"},"content":{"rendered":"\n<p><strong>La propuesta para el banco de saberes<\/strong><strong>:<\/strong><\/p>\n\n\n\n<p>La propuesta utiliza la educaci\u00f3n popular con metodolog\u00edas participativas y art\u00edsticas como el bordado, resignificando este arte como una herramienta de transformaci\u00f3n social para sensibilizar a la comunidad. La iniciativa busca llegar a mujeres de a pie, de veredas lejanas para fortalecer sus conocimientos y dejar una memoria viva de un espacio seguro pensado desde su contexto, adem\u00e1s impulsa la participaci\u00f3n de las madres y el cuidado por medio de una cuidadora de nin\u00e3s y ni\u00f1os y el acompa\u00f1amiento psicol\u00f3gico en los espacios.<\/p>\n\n\n\n<p>La Escuela Popular Feminista se divide en cinco partes, desarrollando temas como: sistema patriarcal y machismo, estereotipos y roles de genero, violencias basadas en g\u00e9nero (VBG), formas de acompa\u00f1amiento y rutas de atenci\u00f3n.<\/p>\n\n\n\n<p><strong>Duraci\u00f3n prevista<\/strong><strong>:<\/strong>&nbsp;7 dias<\/p>\n\n\n\n<p><strong>Necesidades de la propuesta<\/strong><strong>:<\/strong><\/p>\n\n\n\n<p>*&nbsp;T\u00e9cnicas: Computador, proyector, sonido, carpas, materiales de bordado: hilos, lana, enhebradores, tambores, agujas, papel calcante, tela, impresiones, mesa, sillas, micr\u00f3fono<\/p>\n\n\n\n<p>*&nbsp;Espacial:&nbsp;Espacio cerrado y espacio al aire libre<\/p>\n\n\n\n<p><strong>Destinatarios<\/strong><strong>:&nbsp;<\/strong>Mujeres adultas de 18 a\u00f1os en adelante<\/p>\n\n\n\n<p><strong>N\u00famero de participantes<\/strong><strong>:<\/strong>&nbsp;15<\/p>\n\n\n\n<figure class=\"wp-block-gallery has-nested-images columns-default is-cropped wp-block-gallery-1 is-layout-flex wp-block-gallery-is-layout-flex\">\n<figure class=\"wp-block-image size-large\"><img decoding=\"async\" data-id=\"34680\" src=\"https:\/\/iberculturaviva.org\/wp-content\/uploads\/2024\/07\/450994696_916900647119524_2474357400944066832_n-960x719.jpg\" alt=\"\" class=\"wp-image-34680\"\/><\/figure>\n\n\n\n<figure class=\"wp-block-image size-large\"><img decoding=\"async\" data-id=\"34682\" src=\"https:\/\/iberculturaviva.org\/wp-content\/uploads\/2024\/07\/451689859_916900590452863_1046155001625930593_n-960x783.jpg\" alt=\"\" class=\"wp-image-34682\"\/><figcaption class=\"wp-element-caption\">Miradas Violetas<\/figcaption><\/figure>\n\n\n\n<figure class=\"wp-block-image size-large\"><img decoding=\"async\" data-id=\"34684\" src=\"https:\/\/iberculturaviva.org\/wp-content\/uploads\/2024\/07\/451487327_916900587119530_6362736812272559907_n-960x601.jpg\" alt=\"\" class=\"wp-image-34684\"\/><\/figure>\n<\/figure>\n","protected":false},"excerpt":{"rendered":"<p>La propuesta para el banco de saberes: La propuesta utiliza la educaci\u00f3n popular con metodolog\u00edas participativas y art\u00edsticas como el bordado, resignificando este arte como una herramienta de transformaci\u00f3n social [&hellip;]<\/p>\n","protected":false},"author":2,"featured_media":34685,"menu_order":0,"template":"","categories":[],"tags":[],"country-municipality":[811],"type-proposal":[],"class_list":["post-38688","proposal","type-proposal","status-publish","has-post-thumbnail","hentry","country-municipality-colombia-es"],"yoast_head":"<!-- This site is optimized with the Yoast SEO plugin v25.7 - https:\/\/yoast.com\/wordpress\/plugins\/seo\/ -->\n<title>Escuela popular feminista: bordando por una vida libre de violencias - IberCultura Viva<\/title>\n<meta name=\"description\" content=\"Escuela popular feminista: bordando por una vida libre de violencias - IberCultura Viva\" \/>\n<meta name=\"robots\" content=\"index, follow, max-snippet:-1, max-image-preview:large, max-video-preview:-1\" \/>\n<link rel=\"canonical\" href=\"https:\/\/iberculturaviva.org\/es\/proposal\/escuela-popular-feminista-bordando-por-una-vida-libre-de-violencias\/\" \/>\n<meta property=\"og:locale\" content=\"es_ES\" \/>\n<meta property=\"og:type\" content=\"article\" \/>\n<meta property=\"og:title\" content=\"Escuela popular feminista: bordando por una vida libre de violencias - IberCultura Viva\" \/>\n<meta property=\"og:description\" content=\"Escuela popular feminista: bordando por una vida libre de violencias - IberCultura Viva\" \/>\n<meta property=\"og:url\" content=\"https:\/\/iberculturaviva.org\/es\/proposal\/escuela-popular-feminista-bordando-por-una-vida-libre-de-violencias\/\" \/>\n<meta property=\"og:site_name\" content=\"IberCultura Viva\" \/>\n<meta property=\"article:publisher\" content=\"https:\/\/www.facebook.com\/iberculturaviva\/\" \/>\n<meta property=\"article:modified_time\" content=\"2024-12-04T15:15:35+00:00\" \/>\n<meta property=\"og:image\" content=\"https:\/\/iberculturaviva.org\/wp-content\/uploads\/2024\/07\/438161642_881806433962279_7342501594044892942_n.jpg\" \/>\n\t<meta property=\"og:image:width\" content=\"720\" \/>\n\t<meta property=\"og:image:height\" content=\"537\" \/>\n\t<meta property=\"og:image:type\" content=\"image\/jpeg\" \/>\n<meta name=\"twitter:card\" content=\"summary_large_image\" \/>\n<meta name=\"twitter:label1\" content=\"Tiempo de lectura\" \/>\n\t<meta name=\"twitter:data1\" content=\"1 minuto\" \/>\n<script type=\"application\/ld+json\" class=\"yoast-schema-graph\">{\"@context\":\"https:\/\/schema.org\",\"@graph\":[{\"@type\":\"WebPage\",\"@id\":\"https:\/\/iberculturaviva.org\/es\/proposal\/escuela-popular-feminista-bordando-por-una-vida-libre-de-violencias\/\",\"url\":\"https:\/\/iberculturaviva.org\/es\/proposal\/escuela-popular-feminista-bordando-por-una-vida-libre-de-violencias\/\",\"name\":\"Escuela popular feminista: bordando por una vida libre de violencias - IberCultura Viva\",\"isPartOf\":{\"@id\":\"https:\/\/iberculturaviva.org\/es\/?lang=es\/#website\"},\"primaryImageOfPage\":{\"@id\":\"https:\/\/iberculturaviva.org\/es\/proposal\/escuela-popular-feminista-bordando-por-una-vida-libre-de-violencias\/#primaryimage\"},\"image\":{\"@id\":\"https:\/\/iberculturaviva.org\/es\/proposal\/escuela-popular-feminista-bordando-por-una-vida-libre-de-violencias\/#primaryimage\"},\"thumbnailUrl\":\"https:\/\/iberculturaviva.org\/wp-content\/uploads\/2024\/07\/438161642_881806433962279_7342501594044892942_n.jpg\",\"datePublished\":\"2024-11-05T20:05:08+00:00\",\"dateModified\":\"2024-12-04T15:15:35+00:00\",\"description\":\"Escuela popular feminista: bordando por una vida libre de violencias - IberCultura Viva\",\"breadcrumb\":{\"@id\":\"https:\/\/iberculturaviva.org\/es\/proposal\/escuela-popular-feminista-bordando-por-una-vida-libre-de-violencias\/#breadcrumb\"},\"inLanguage\":\"es\",\"potentialAction\":[{\"@type\":\"ReadAction\",\"target\":[\"https:\/\/iberculturaviva.org\/es\/proposal\/escuela-popular-feminista-bordando-por-una-vida-libre-de-violencias\/\"]}]},{\"@type\":\"ImageObject\",\"inLanguage\":\"es\",\"@id\":\"https:\/\/iberculturaviva.org\/es\/proposal\/escuela-popular-feminista-bordando-por-una-vida-libre-de-violencias\/#primaryimage\",\"url\":\"https:\/\/iberculturaviva.org\/wp-content\/uploads\/2024\/07\/438161642_881806433962279_7342501594044892942_n.jpg\",\"contentUrl\":\"https:\/\/iberculturaviva.org\/wp-content\/uploads\/2024\/07\/438161642_881806433962279_7342501594044892942_n.jpg\",\"width\":720,\"height\":537},{\"@type\":\"BreadcrumbList\",\"@id\":\"https:\/\/iberculturaviva.org\/es\/proposal\/escuela-popular-feminista-bordando-por-una-vida-libre-de-violencias\/#breadcrumb\",\"itemListElement\":[{\"@type\":\"ListItem\",\"position\":1,\"name\":\"In\u00edcio\",\"item\":\"https:\/\/iberculturaviva.org\/es\/inicio\/\"},{\"@type\":\"ListItem\",\"position\":2,\"name\":\"Banco de Saberes\",\"item\":\"https:\/\/iberculturaviva.org\/es\/proposal\/\"},{\"@type\":\"ListItem\",\"position\":3,\"name\":\"Escuela popular feminista: bordando por una vida libre de violencias\"}]},{\"@type\":\"WebSite\",\"@id\":\"https:\/\/iberculturaviva.org\/es\/?lang=es\/#website\",\"url\":\"https:\/\/iberculturaviva.org\/es\/?lang=es\/\",\"name\":\"IberCultura Viva\",\"description\":\"Programa de cooperaci\u00f3n cultural\",\"publisher\":{\"@id\":\"https:\/\/iberculturaviva.org\/es\/?lang=es\/#organization\"},\"potentialAction\":[{\"@type\":\"SearchAction\",\"target\":{\"@type\":\"EntryPoint\",\"urlTemplate\":\"https:\/\/iberculturaviva.org\/es\/?lang=es\/?s={search_term_string}\"},\"query-input\":{\"@type\":\"PropertyValueSpecification\",\"valueRequired\":true,\"valueName\":\"search_term_string\"}}],\"inLanguage\":\"es\"},{\"@type\":\"Organization\",\"@id\":\"https:\/\/iberculturaviva.org\/es\/?lang=es\/#organization\",\"name\":\"Iberculturaviva\",\"url\":\"https:\/\/iberculturaviva.org\/es\/?lang=es\/\",\"logo\":{\"@type\":\"ImageObject\",\"inLanguage\":\"es\",\"@id\":\"https:\/\/iberculturaviva.org\/es\/?lang=es\/#\/schema\/logo\/image\/\",\"url\":\"https:\/\/iberculturaviva.org\/wp-content\/uploads\/2021\/08\/logo_ibercultura_viva.jpg\",\"contentUrl\":\"https:\/\/iberculturaviva.org\/wp-content\/uploads\/2021\/08\/logo_ibercultura_viva.jpg\",\"width\":708,\"height\":223,\"caption\":\"Iberculturaviva\"},\"image\":{\"@id\":\"https:\/\/iberculturaviva.org\/es\/?lang=es\/#\/schema\/logo\/image\/\"},\"sameAs\":[\"https:\/\/www.facebook.com\/iberculturaviva\/\",\"https:\/\/www.instagram.com\/iberculturaviva\/\",\"https:\/\/www.youtube.com\/iberculturaviva\"]}]}<\/script>\n<!-- \/ Yoast SEO plugin. -->","yoast_head_json":{"title":"Escuela popular feminista: bordando por una vida libre de violencias - IberCultura Viva","description":"Escuela popular feminista: bordando por una vida libre de violencias - IberCultura Viva","robots":{"index":"index","follow":"follow","max-snippet":"max-snippet:-1","max-image-preview":"max-image-preview:large","max-video-preview":"max-video-preview:-1"},"canonical":"https:\/\/iberculturaviva.org\/es\/proposal\/escuela-popular-feminista-bordando-por-una-vida-libre-de-violencias\/","og_locale":"es_ES","og_type":"article","og_title":"Escuela popular feminista: bordando por una vida libre de violencias - IberCultura Viva","og_description":"Escuela popular feminista: bordando por una vida libre de violencias - IberCultura Viva","og_url":"https:\/\/iberculturaviva.org\/es\/proposal\/escuela-popular-feminista-bordando-por-una-vida-libre-de-violencias\/","og_site_name":"IberCultura Viva","article_publisher":"https:\/\/www.facebook.com\/iberculturaviva\/","article_modified_time":"2024-12-04T15:15:35+00:00","og_image":[{"width":720,"height":537,"url":"https:\/\/iberculturaviva.org\/wp-content\/uploads\/2024\/07\/438161642_881806433962279_7342501594044892942_n.jpg","type":"image\/jpeg"}],"twitter_card":"summary_large_image","twitter_misc":{"Tiempo de lectura":"1 minuto"},"schema":{"@context":"https:\/\/schema.org","@graph":[{"@type":"WebPage","@id":"https:\/\/iberculturaviva.org\/es\/proposal\/escuela-popular-feminista-bordando-por-una-vida-libre-de-violencias\/","url":"https:\/\/iberculturaviva.org\/es\/proposal\/escuela-popular-feminista-bordando-por-una-vida-libre-de-violencias\/","name":"Escuela popular feminista: bordando por una vida libre de violencias - IberCultura Viva","isPartOf":{"@id":"https:\/\/iberculturaviva.org\/es\/?lang=es\/#website"},"primaryImageOfPage":{"@id":"https:\/\/iberculturaviva.org\/es\/proposal\/escuela-popular-feminista-bordando-por-una-vida-libre-de-violencias\/#primaryimage"},"image":{"@id":"https:\/\/iberculturaviva.org\/es\/proposal\/escuela-popular-feminista-bordando-por-una-vida-libre-de-violencias\/#primaryimage"},"thumbnailUrl":"https:\/\/iberculturaviva.org\/wp-content\/uploads\/2024\/07\/438161642_881806433962279_7342501594044892942_n.jpg","datePublished":"2024-11-05T20:05:08+00:00","dateModified":"2024-12-04T15:15:35+00:00","description":"Escuela popular feminista: bordando por una vida libre de violencias - IberCultura Viva","breadcrumb":{"@id":"https:\/\/iberculturaviva.org\/es\/proposal\/escuela-popular-feminista-bordando-por-una-vida-libre-de-violencias\/#breadcrumb"},"inLanguage":"es","potentialAction":[{"@type":"ReadAction","target":["https:\/\/iberculturaviva.org\/es\/proposal\/escuela-popular-feminista-bordando-por-una-vida-libre-de-violencias\/"]}]},{"@type":"ImageObject","inLanguage":"es","@id":"https:\/\/iberculturaviva.org\/es\/proposal\/escuela-popular-feminista-bordando-por-una-vida-libre-de-violencias\/#primaryimage","url":"https:\/\/iberculturaviva.org\/wp-content\/uploads\/2024\/07\/438161642_881806433962279_7342501594044892942_n.jpg","contentUrl":"https:\/\/iberculturaviva.org\/wp-content\/uploads\/2024\/07\/438161642_881806433962279_7342501594044892942_n.jpg","width":720,"height":537},{"@type":"BreadcrumbList","@id":"https:\/\/iberculturaviva.org\/es\/proposal\/escuela-popular-feminista-bordando-por-una-vida-libre-de-violencias\/#breadcrumb","itemListElement":[{"@type":"ListItem","position":1,"name":"In\u00edcio","item":"https:\/\/iberculturaviva.org\/es\/inicio\/"},{"@type":"ListItem","position":2,"name":"Banco de Saberes","item":"https:\/\/iberculturaviva.org\/es\/proposal\/"},{"@type":"ListItem","position":3,"name":"Escuela popular feminista: bordando por una vida libre de violencias"}]},{"@type":"WebSite","@id":"https:\/\/iberculturaviva.org\/es\/?lang=es\/#website","url":"https:\/\/iberculturaviva.org\/es\/?lang=es\/","name":"IberCultura Viva","description":"Programa de cooperaci\u00f3n cultural","publisher":{"@id":"https:\/\/iberculturaviva.org\/es\/?lang=es\/#organization"},"potentialAction":[{"@type":"SearchAction","target":{"@type":"EntryPoint","urlTemplate":"https:\/\/iberculturaviva.org\/es\/?lang=es\/?s={search_term_string}"},"query-input":{"@type":"PropertyValueSpecification","valueRequired":true,"valueName":"search_term_string"}}],"inLanguage":"es"},{"@type":"Organization","@id":"https:\/\/iberculturaviva.org\/es\/?lang=es\/#organization","name":"Iberculturaviva","url":"https:\/\/iberculturaviva.org\/es\/?lang=es\/","logo":{"@type":"ImageObject","inLanguage":"es","@id":"https:\/\/iberculturaviva.org\/es\/?lang=es\/#\/schema\/logo\/image\/","url":"https:\/\/iberculturaviva.org\/wp-content\/uploads\/2021\/08\/logo_ibercultura_viva.jpg","contentUrl":"https:\/\/iberculturaviva.org\/wp-content\/uploads\/2021\/08\/logo_ibercultura_viva.jpg","width":708,"height":223,"caption":"Iberculturaviva"},"image":{"@id":"https:\/\/iberculturaviva.org\/es\/?lang=es\/#\/schema\/logo\/image\/"},"sameAs":["https:\/\/www.facebook.com\/iberculturaviva\/","https:\/\/www.instagram.com\/iberculturaviva\/","https:\/\/www.youtube.com\/iberculturaviva"]}]}},"_links":{"self":[{"href":"https:\/\/iberculturaviva.org\/es\/wp-json\/wp\/v2\/proposal\/38688","targetHints":{"allow":["GET"]}}],"collection":[{"href":"https:\/\/iberculturaviva.org\/es\/wp-json\/wp\/v2\/proposal"}],"about":[{"href":"https:\/\/iberculturaviva.org\/es\/wp-json\/wp\/v2\/types\/proposal"}],"author":[{"embeddable":true,"href":"https:\/\/iberculturaviva.org\/es\/wp-json\/wp\/v2\/users\/2"}],"version-history":[{"count":2,"href":"https:\/\/iberculturaviva.org\/es\/wp-json\/wp\/v2\/proposal\/38688\/revisions"}],"predecessor-version":[{"id":39466,"href":"https:\/\/iberculturaviva.org\/es\/wp-json\/wp\/v2\/proposal\/38688\/revisions\/39466"}],"wp:featuredmedia":[{"embeddable":true,"href":"https:\/\/iberculturaviva.org\/es\/wp-json\/wp\/v2\/media\/34685"}],"wp:attachment":[{"href":"https:\/\/iberculturaviva.org\/es\/wp-json\/wp\/v2\/media?parent=38688"}],"wp:term":[{"taxonomy":"category","embeddable":true,"href":"https:\/\/iberculturaviva.org\/es\/wp-json\/wp\/v2\/categories?post=38688"},{"taxonomy":"post_tag","embeddable":true,"href":"https:\/\/iberculturaviva.org\/es\/wp-json\/wp\/v2\/tags?post=38688"},{"taxonomy":"country-municipality","embeddable":true,"href":"https:\/\/iberculturaviva.org\/es\/wp-json\/wp\/v2\/country-municipality?post=38688"},{"taxonomy":"type-proposal","embeddable":true,"href":"https:\/\/iberculturaviva.org\/es\/wp-json\/wp\/v2\/type-proposal?post=38688"}],"curies":[{"name":"wp","href":"https:\/\/api.w.org\/{rel}","templated":true}]}}