{"id":38284,"date":"2024-11-05T16:21:56","date_gmt":"2024-11-05T19:21:56","guid":{"rendered":"https:\/\/iberculturaviva.org\/proposal\/oficina-de-ourivesaria-com-cobre-reciclado\/"},"modified":"2024-12-04T12:21:50","modified_gmt":"2024-12-04T15:21:50","slug":"taller-de-orfebreria-con-cobre-reciclado","status":"publish","type":"proposal","link":"https:\/\/iberculturaviva.org\/es\/proposal\/taller-de-orfebreria-con-cobre-reciclado\/","title":{"rendered":"Taller de orfebrer\u00eda con cobre reciclado"},"content":{"rendered":"\n<p><strong>La propuesta para el banco de saberes:<\/strong><\/p>\n\n\n\n<p>Este taller se desarrolla reutilizando desechos de cobre, tuber\u00edas y alambres el\u00e9ctricos, para la creaci\u00f3n de piezas de orfebrer\u00eda, ense\u00f1ando c\u00f3mo reutilizar este \u00abdesecho\u00bb y aprovecharlo para la creaci\u00f3n de aretes, anillos, colgantes, brazaletes o pulseras. La comunidad reconocer\u00e1 qu\u00e9 los identifica y lo plasmar\u00e1n en las piezas a desarrollar. De esta manera se le da una segunda vida a estos metales, convirti\u00e9ndose en artesan\u00eda que podr\u00e1 luego ser comercializada por la comunidad.<\/p>\n\n\n\n<p><strong>Objetivos<\/strong><strong>:&nbsp;<\/strong>1) Reutilizar los desechos de cobre que se generan en construcciones y reparaciones, para que estos no queden tirados, contaminando el entorno, y puedan reciclarse por medio de la artesan\u00eda; 2) Observar el patrimonio que rodea e identifica a la comunidad, siendo este valor cultural o natural el que se plasme en las piezas a desarrollar; 3) Entregar a las comunidades un saber que les pueda servir en un futuro, para que por medio de la orfebrer\u00eda puedan obtener recursos econ\u00f3micos.<\/p>\n\n\n\n<p><strong>Duraci\u00f3n prevista: <\/strong>7 d\u00edas<\/p>\n\n\n\n<p><strong>Necesidades de la propuesta:<\/strong><\/p>\n\n\n\n<p>* T\u00e9cnicas: Mesones firmes, sillas, sonido, cobre de desecho (trozos de tuber\u00edas o alambres el\u00e9ctricos). Herramientas de orfebrer\u00eda, soplete, alicates (planos, punta redonda y cortante), marcos de sierra, sierras, triboulet, limas, antiparras, pecheras, soldadura de cobre y plata, tijeras para metal, tas, lijas, pa\u00f1os para pulir, guantes, entre otros.<\/p>\n\n\n\n<p>* Espacial: En cualquier espacio, cerrado o abierto pero con buena iluminaci\u00f3n y con buena circulaci\u00f3n de aire.<\/p>\n\n\n\n<p><strong>Destinatarios:&nbsp;<\/strong>A toda la comunidad, de 10 a 80 a\u00f1os.<\/p>\n\n\n\n<p><strong>N\u00famero de participantes<\/strong>: De 3 a 15<\/p>\n\n\n\n<figure class=\"wp-block-gallery has-nested-images columns-default is-cropped wp-block-gallery-1 is-layout-flex wp-block-gallery-is-layout-flex\">\n<figure class=\"wp-block-image\"><a href=\"https:\/\/iberculturaviva.org\/?attachment_id=34949&amp;lang=es\"><img decoding=\"async\" src=\"https:\/\/iberculturaviva.org\/wp-content\/uploads\/2024\/08\/orfebreria1-460x310.jpg\" alt=\"\"\/><\/a><\/figure>\n\n\n\n<figure class=\"wp-block-image\"><a href=\"https:\/\/iberculturaviva.org\/?attachment_id=34947&amp;lang=es\"><img decoding=\"async\" src=\"https:\/\/iberculturaviva.org\/wp-content\/uploads\/2024\/08\/orfebreria4-460x310.jpg\" alt=\"\"\/><\/a><\/figure>\n\n\n\n<figure class=\"wp-block-image\"><a href=\"https:\/\/iberculturaviva.org\/?attachment_id=34951&amp;lang=es\"><img decoding=\"async\" src=\"https:\/\/iberculturaviva.org\/wp-content\/uploads\/2024\/08\/orfebreria2-460x310.jpg\" alt=\"\"\/><\/a><\/figure>\n<\/figure>\n","protected":false},"excerpt":{"rendered":"<p>La propuesta para el banco de saberes: Este taller se desarrolla reutilizando desechos de cobre, tuber\u00edas y alambres el\u00e9ctricos, para la creaci\u00f3n de piezas de orfebrer\u00eda, ense\u00f1ando c\u00f3mo reutilizar este [&hellip;]<\/p>\n","protected":false},"author":2,"featured_media":34348,"menu_order":0,"template":"","categories":[],"tags":[],"country-municipality":[798],"type-proposal":[],"class_list":["post-38284","proposal","type-proposal","status-publish","has-post-thumbnail","hentry","country-municipality-chile-es"],"yoast_head":"<!-- This site is optimized with the Yoast SEO plugin v25.7 - https:\/\/yoast.com\/wordpress\/plugins\/seo\/ -->\n<title>Taller de orfebrer\u00eda con cobre reciclado - IberCultura Viva<\/title>\n<meta name=\"description\" content=\"Taller de orfebrer\u00eda con cobre reciclado - IberCultura Viva\" \/>\n<meta name=\"robots\" content=\"index, follow, max-snippet:-1, max-image-preview:large, max-video-preview:-1\" \/>\n<link rel=\"canonical\" href=\"https:\/\/iberculturaviva.org\/es\/proposal\/taller-de-orfebreria-con-cobre-reciclado\/\" \/>\n<meta property=\"og:locale\" content=\"es_ES\" \/>\n<meta property=\"og:type\" content=\"article\" \/>\n<meta property=\"og:title\" content=\"Taller de orfebrer\u00eda con cobre reciclado - IberCultura Viva\" \/>\n<meta property=\"og:description\" content=\"Taller de orfebrer\u00eda con cobre reciclado - IberCultura Viva\" \/>\n<meta property=\"og:url\" content=\"https:\/\/iberculturaviva.org\/es\/proposal\/taller-de-orfebreria-con-cobre-reciclado\/\" \/>\n<meta property=\"og:site_name\" content=\"IberCultura Viva\" \/>\n<meta property=\"article:publisher\" content=\"https:\/\/www.facebook.com\/iberculturaviva\/\" \/>\n<meta property=\"article:modified_time\" content=\"2024-12-04T15:21:50+00:00\" \/>\n<meta property=\"og:image\" content=\"https:\/\/iberculturaviva.org\/wp-content\/uploads\/2024\/07\/taller-orfebreria2.jpg\" \/>\n\t<meta property=\"og:image:width\" content=\"1044\" \/>\n\t<meta property=\"og:image:height\" content=\"1447\" \/>\n\t<meta property=\"og:image:type\" content=\"image\/jpeg\" \/>\n<meta name=\"twitter:card\" content=\"summary_large_image\" \/>\n<meta name=\"twitter:label1\" content=\"Tiempo de lectura\" \/>\n\t<meta name=\"twitter:data1\" content=\"1 minuto\" \/>\n<script type=\"application\/ld+json\" class=\"yoast-schema-graph\">{\"@context\":\"https:\/\/schema.org\",\"@graph\":[{\"@type\":\"WebPage\",\"@id\":\"https:\/\/iberculturaviva.org\/es\/proposal\/taller-de-orfebreria-con-cobre-reciclado\/\",\"url\":\"https:\/\/iberculturaviva.org\/es\/proposal\/taller-de-orfebreria-con-cobre-reciclado\/\",\"name\":\"Taller de orfebrer\u00eda con cobre reciclado - IberCultura Viva\",\"isPartOf\":{\"@id\":\"https:\/\/iberculturaviva.org\/es\/?lang=es\/#website\"},\"primaryImageOfPage\":{\"@id\":\"https:\/\/iberculturaviva.org\/es\/proposal\/taller-de-orfebreria-con-cobre-reciclado\/#primaryimage\"},\"image\":{\"@id\":\"https:\/\/iberculturaviva.org\/es\/proposal\/taller-de-orfebreria-con-cobre-reciclado\/#primaryimage\"},\"thumbnailUrl\":\"https:\/\/iberculturaviva.org\/wp-content\/uploads\/2024\/07\/taller-orfebreria2.jpg\",\"datePublished\":\"2024-11-05T19:21:56+00:00\",\"dateModified\":\"2024-12-04T15:21:50+00:00\",\"description\":\"Taller de orfebrer\u00eda con cobre reciclado - IberCultura Viva\",\"breadcrumb\":{\"@id\":\"https:\/\/iberculturaviva.org\/es\/proposal\/taller-de-orfebreria-con-cobre-reciclado\/#breadcrumb\"},\"inLanguage\":\"es\",\"potentialAction\":[{\"@type\":\"ReadAction\",\"target\":[\"https:\/\/iberculturaviva.org\/es\/proposal\/taller-de-orfebreria-con-cobre-reciclado\/\"]}]},{\"@type\":\"ImageObject\",\"inLanguage\":\"es\",\"@id\":\"https:\/\/iberculturaviva.org\/es\/proposal\/taller-de-orfebreria-con-cobre-reciclado\/#primaryimage\",\"url\":\"https:\/\/iberculturaviva.org\/wp-content\/uploads\/2024\/07\/taller-orfebreria2.jpg\",\"contentUrl\":\"https:\/\/iberculturaviva.org\/wp-content\/uploads\/2024\/07\/taller-orfebreria2.jpg\",\"width\":1044,\"height\":1447},{\"@type\":\"BreadcrumbList\",\"@id\":\"https:\/\/iberculturaviva.org\/es\/proposal\/taller-de-orfebreria-con-cobre-reciclado\/#breadcrumb\",\"itemListElement\":[{\"@type\":\"ListItem\",\"position\":1,\"name\":\"In\u00edcio\",\"item\":\"https:\/\/iberculturaviva.org\/es\/inicio\/\"},{\"@type\":\"ListItem\",\"position\":2,\"name\":\"Banco de Saberes\",\"item\":\"https:\/\/iberculturaviva.org\/es\/proposal\/\"},{\"@type\":\"ListItem\",\"position\":3,\"name\":\"Taller de orfebrer\u00eda con cobre reciclado\"}]},{\"@type\":\"WebSite\",\"@id\":\"https:\/\/iberculturaviva.org\/es\/?lang=es\/#website\",\"url\":\"https:\/\/iberculturaviva.org\/es\/?lang=es\/\",\"name\":\"IberCultura Viva\",\"description\":\"Programa de cooperaci\u00f3n cultural\",\"publisher\":{\"@id\":\"https:\/\/iberculturaviva.org\/es\/?lang=es\/#organization\"},\"potentialAction\":[{\"@type\":\"SearchAction\",\"target\":{\"@type\":\"EntryPoint\",\"urlTemplate\":\"https:\/\/iberculturaviva.org\/es\/?lang=es\/?s={search_term_string}\"},\"query-input\":{\"@type\":\"PropertyValueSpecification\",\"valueRequired\":true,\"valueName\":\"search_term_string\"}}],\"inLanguage\":\"es\"},{\"@type\":\"Organization\",\"@id\":\"https:\/\/iberculturaviva.org\/es\/?lang=es\/#organization\",\"name\":\"Iberculturaviva\",\"url\":\"https:\/\/iberculturaviva.org\/es\/?lang=es\/\",\"logo\":{\"@type\":\"ImageObject\",\"inLanguage\":\"es\",\"@id\":\"https:\/\/iberculturaviva.org\/es\/?lang=es\/#\/schema\/logo\/image\/\",\"url\":\"https:\/\/iberculturaviva.org\/wp-content\/uploads\/2021\/08\/logo_ibercultura_viva.jpg\",\"contentUrl\":\"https:\/\/iberculturaviva.org\/wp-content\/uploads\/2021\/08\/logo_ibercultura_viva.jpg\",\"width\":708,\"height\":223,\"caption\":\"Iberculturaviva\"},\"image\":{\"@id\":\"https:\/\/iberculturaviva.org\/es\/?lang=es\/#\/schema\/logo\/image\/\"},\"sameAs\":[\"https:\/\/www.facebook.com\/iberculturaviva\/\",\"https:\/\/www.instagram.com\/iberculturaviva\/\",\"https:\/\/www.youtube.com\/iberculturaviva\"]}]}<\/script>\n<!-- \/ Yoast SEO plugin. -->","yoast_head_json":{"title":"Taller de orfebrer\u00eda con cobre reciclado - IberCultura Viva","description":"Taller de orfebrer\u00eda con cobre reciclado - IberCultura Viva","robots":{"index":"index","follow":"follow","max-snippet":"max-snippet:-1","max-image-preview":"max-image-preview:large","max-video-preview":"max-video-preview:-1"},"canonical":"https:\/\/iberculturaviva.org\/es\/proposal\/taller-de-orfebreria-con-cobre-reciclado\/","og_locale":"es_ES","og_type":"article","og_title":"Taller de orfebrer\u00eda con cobre reciclado - IberCultura Viva","og_description":"Taller de orfebrer\u00eda con cobre reciclado - IberCultura Viva","og_url":"https:\/\/iberculturaviva.org\/es\/proposal\/taller-de-orfebreria-con-cobre-reciclado\/","og_site_name":"IberCultura Viva","article_publisher":"https:\/\/www.facebook.com\/iberculturaviva\/","article_modified_time":"2024-12-04T15:21:50+00:00","og_image":[{"width":1044,"height":1447,"url":"https:\/\/iberculturaviva.org\/wp-content\/uploads\/2024\/07\/taller-orfebreria2.jpg","type":"image\/jpeg"}],"twitter_card":"summary_large_image","twitter_misc":{"Tiempo de lectura":"1 minuto"},"schema":{"@context":"https:\/\/schema.org","@graph":[{"@type":"WebPage","@id":"https:\/\/iberculturaviva.org\/es\/proposal\/taller-de-orfebreria-con-cobre-reciclado\/","url":"https:\/\/iberculturaviva.org\/es\/proposal\/taller-de-orfebreria-con-cobre-reciclado\/","name":"Taller de orfebrer\u00eda con cobre reciclado - IberCultura Viva","isPartOf":{"@id":"https:\/\/iberculturaviva.org\/es\/?lang=es\/#website"},"primaryImageOfPage":{"@id":"https:\/\/iberculturaviva.org\/es\/proposal\/taller-de-orfebreria-con-cobre-reciclado\/#primaryimage"},"image":{"@id":"https:\/\/iberculturaviva.org\/es\/proposal\/taller-de-orfebreria-con-cobre-reciclado\/#primaryimage"},"thumbnailUrl":"https:\/\/iberculturaviva.org\/wp-content\/uploads\/2024\/07\/taller-orfebreria2.jpg","datePublished":"2024-11-05T19:21:56+00:00","dateModified":"2024-12-04T15:21:50+00:00","description":"Taller de orfebrer\u00eda con cobre reciclado - IberCultura Viva","breadcrumb":{"@id":"https:\/\/iberculturaviva.org\/es\/proposal\/taller-de-orfebreria-con-cobre-reciclado\/#breadcrumb"},"inLanguage":"es","potentialAction":[{"@type":"ReadAction","target":["https:\/\/iberculturaviva.org\/es\/proposal\/taller-de-orfebreria-con-cobre-reciclado\/"]}]},{"@type":"ImageObject","inLanguage":"es","@id":"https:\/\/iberculturaviva.org\/es\/proposal\/taller-de-orfebreria-con-cobre-reciclado\/#primaryimage","url":"https:\/\/iberculturaviva.org\/wp-content\/uploads\/2024\/07\/taller-orfebreria2.jpg","contentUrl":"https:\/\/iberculturaviva.org\/wp-content\/uploads\/2024\/07\/taller-orfebreria2.jpg","width":1044,"height":1447},{"@type":"BreadcrumbList","@id":"https:\/\/iberculturaviva.org\/es\/proposal\/taller-de-orfebreria-con-cobre-reciclado\/#breadcrumb","itemListElement":[{"@type":"ListItem","position":1,"name":"In\u00edcio","item":"https:\/\/iberculturaviva.org\/es\/inicio\/"},{"@type":"ListItem","position":2,"name":"Banco de Saberes","item":"https:\/\/iberculturaviva.org\/es\/proposal\/"},{"@type":"ListItem","position":3,"name":"Taller de orfebrer\u00eda con cobre reciclado"}]},{"@type":"WebSite","@id":"https:\/\/iberculturaviva.org\/es\/?lang=es\/#website","url":"https:\/\/iberculturaviva.org\/es\/?lang=es\/","name":"IberCultura Viva","description":"Programa de cooperaci\u00f3n cultural","publisher":{"@id":"https:\/\/iberculturaviva.org\/es\/?lang=es\/#organization"},"potentialAction":[{"@type":"SearchAction","target":{"@type":"EntryPoint","urlTemplate":"https:\/\/iberculturaviva.org\/es\/?lang=es\/?s={search_term_string}"},"query-input":{"@type":"PropertyValueSpecification","valueRequired":true,"valueName":"search_term_string"}}],"inLanguage":"es"},{"@type":"Organization","@id":"https:\/\/iberculturaviva.org\/es\/?lang=es\/#organization","name":"Iberculturaviva","url":"https:\/\/iberculturaviva.org\/es\/?lang=es\/","logo":{"@type":"ImageObject","inLanguage":"es","@id":"https:\/\/iberculturaviva.org\/es\/?lang=es\/#\/schema\/logo\/image\/","url":"https:\/\/iberculturaviva.org\/wp-content\/uploads\/2021\/08\/logo_ibercultura_viva.jpg","contentUrl":"https:\/\/iberculturaviva.org\/wp-content\/uploads\/2021\/08\/logo_ibercultura_viva.jpg","width":708,"height":223,"caption":"Iberculturaviva"},"image":{"@id":"https:\/\/iberculturaviva.org\/es\/?lang=es\/#\/schema\/logo\/image\/"},"sameAs":["https:\/\/www.facebook.com\/iberculturaviva\/","https:\/\/www.instagram.com\/iberculturaviva\/","https:\/\/www.youtube.com\/iberculturaviva"]}]}},"_links":{"self":[{"href":"https:\/\/iberculturaviva.org\/es\/wp-json\/wp\/v2\/proposal\/38284","targetHints":{"allow":["GET"]}}],"collection":[{"href":"https:\/\/iberculturaviva.org\/es\/wp-json\/wp\/v2\/proposal"}],"about":[{"href":"https:\/\/iberculturaviva.org\/es\/wp-json\/wp\/v2\/types\/proposal"}],"author":[{"embeddable":true,"href":"https:\/\/iberculturaviva.org\/es\/wp-json\/wp\/v2\/users\/2"}],"version-history":[{"count":5,"href":"https:\/\/iberculturaviva.org\/es\/wp-json\/wp\/v2\/proposal\/38284\/revisions"}],"predecessor-version":[{"id":39501,"href":"https:\/\/iberculturaviva.org\/es\/wp-json\/wp\/v2\/proposal\/38284\/revisions\/39501"}],"wp:featuredmedia":[{"embeddable":true,"href":"https:\/\/iberculturaviva.org\/es\/wp-json\/wp\/v2\/media\/34348"}],"wp:attachment":[{"href":"https:\/\/iberculturaviva.org\/es\/wp-json\/wp\/v2\/media?parent=38284"}],"wp:term":[{"taxonomy":"category","embeddable":true,"href":"https:\/\/iberculturaviva.org\/es\/wp-json\/wp\/v2\/categories?post=38284"},{"taxonomy":"post_tag","embeddable":true,"href":"https:\/\/iberculturaviva.org\/es\/wp-json\/wp\/v2\/tags?post=38284"},{"taxonomy":"country-municipality","embeddable":true,"href":"https:\/\/iberculturaviva.org\/es\/wp-json\/wp\/v2\/country-municipality?post=38284"},{"taxonomy":"type-proposal","embeddable":true,"href":"https:\/\/iberculturaviva.org\/es\/wp-json\/wp\/v2\/type-proposal?post=38284"}],"curies":[{"name":"wp","href":"https:\/\/api.w.org\/{rel}","templated":true}]}}