{"id":37972,"date":"2024-11-04T22:08:00","date_gmt":"2024-11-05T01:08:00","guid":{"rendered":"https:\/\/iberculturaviva.org\/proposal\/terra-firme-uma-cartografia-afetiva\/"},"modified":"2025-08-22T11:15:52","modified_gmt":"2025-08-22T14:15:52","slug":"tierra-firme-una-cartografia-afectiva","status":"publish","type":"proposal","link":"https:\/\/iberculturaviva.org\/es\/proposal\/tierra-firme-una-cartografia-afectiva\/","title":{"rendered":"Tierra firme. Una cartograf\u00eda afectiva"},"content":{"rendered":"\n<p><strong>La propuesta para el Banco de Saberes:<\/strong><\/p>\n\n\n\n<p>Se trata de una propuesta vivencial e inmersiva en el propio paisaje habitado para desnaturalizar el significado de los lugares habituales que nos pasan desapercibidos en el devenir de la vida cotidiana pero que, al redescubrirlos, resignificamos su valor y, con ello, nuestra propia existencia. Para eso la actividad consta de varios momentos: 1. Experiencia vivencial e inmersiva en el paisaje, 2. Cartograf\u00eda comunitaria y afectiva, 3. Muestra colectiva de los mapas en el espacio p\u00fablico y conversatorio con la comunidad. Con esta propuesta se busca que lxs habitantes de los lugares fortalezcan los lazos con el terru\u00f1o y los saberes ancestrales.<\/p>\n\n\n\n<p><strong>Objetivos<\/strong><strong>:&nbsp;<\/strong><strong>General<\/strong>&nbsp;\u2013 Generar acciones que sensibilicen a las comunidades sobre sus propios lugares y saberes situados.&nbsp;<strong>Espec\u00edficos<\/strong>&nbsp;\u2013 1) Fomentar la conexi\u00f3n emocional y el sentido de pertenencia de las comunidades hacia su entorno; 2) Facilitar actividades que promuevan una apropiaci\u00f3n vivencial de los paisajes; 3) Propiciar encuentros para compartir saberes, memorias y acciones locales; 4) Ser conscientes de los propios saberes situados; 4) Afirmar el v\u00ednculo entre las personas, la naturaleza y los lugares; 5) Crear una cartograf\u00eda afectiva entre los participantes.<\/p>\n\n\n\n<p><strong>Duraci\u00f3n prevista:<\/strong> 3 d\u00edas<\/p>\n\n\n\n<p><strong>Necesidades de la propuesta:<\/strong><\/p>\n\n\n\n<p>* T\u00e9cnicas: Papeles, cartulinas, cartones o foamboard. L\u00e1pices de colores, marcadores, elementos para colorear y dibujar, cola vin\u00edlica.<\/p>\n\n\n\n<p>* Espacial: Aire libre para la experiencia vivencial, espacio cerrado que deber\u00e1 tener capacidad para que lxs participantes puedan dibujar sus mapas en el suelo.<\/p>\n\n\n\n<p><strong>Destinatarios<\/strong>: Dirigido a diferentes grupos etarios (ni\u00f1os y ni\u00f1as desde 5 a\u00f1os hasta adultos mayores), vecinxs de los comunidades participantes.<\/p>\n\n\n\n<p><strong>N\u00famero de participantes<\/strong>: M\u00ednimo de 10 participantes, m\u00e1ximo de 30.<\/p>\n\n\n\n<figure class=\"wp-block-gallery has-nested-images columns-default is-cropped wp-block-gallery-1 is-layout-flex wp-block-gallery-is-layout-flex\">\n<figure class=\"wp-block-image size-large\"><img decoding=\"async\" src=\"https:\/\/iberculturaviva.org\/wp-content\/uploads\/2024\/06\/caminata.primavera.23-460x310.jpg\" alt=\"\"\/><\/figure>\n\n\n\n<figure class=\"wp-block-image size-large\"><img decoding=\"async\" src=\"https:\/\/iberculturaviva.org\/wp-content\/uploads\/2024\/06\/caminata.primavera.11-460x310.jpg\" alt=\"\"\/><\/figure>\n\n\n\n<figure class=\"wp-block-image size-large\"><img decoding=\"async\" src=\"https:\/\/iberculturaviva.org\/wp-content\/uploads\/2024\/06\/caminata.primavera.14-460x310.jpg\" alt=\"\"\/><\/figure>\n<\/figure>\n","protected":false},"excerpt":{"rendered":"<p>La propuesta para el Banco de Saberes: Se trata de una propuesta vivencial e inmersiva en el propio paisaje habitado para desnaturalizar el significado de los lugares habituales que nos [&hellip;]<\/p>\n","protected":false},"author":2,"featured_media":33818,"menu_order":0,"template":"","categories":[],"tags":[],"country-municipality":[782],"type-proposal":[],"class_list":["post-37972","proposal","type-proposal","status-publish","has-post-thumbnail","hentry","country-municipality-argentina-es"],"yoast_head":"<!-- This site is optimized with the Yoast SEO plugin v25.7 - https:\/\/yoast.com\/wordpress\/plugins\/seo\/ -->\n<title>Tierra firme. Una cartograf\u00eda afectiva - IberCultura Viva<\/title>\n<meta name=\"description\" content=\"Tierra firme. Una cartograf\u00eda afectiva - IberCultura Viva\" \/>\n<meta name=\"robots\" content=\"index, follow, max-snippet:-1, max-image-preview:large, max-video-preview:-1\" \/>\n<link rel=\"canonical\" href=\"https:\/\/iberculturaviva.org\/es\/proposal\/tierra-firme-una-cartografia-afectiva\/\" \/>\n<meta property=\"og:locale\" content=\"es_ES\" \/>\n<meta property=\"og:type\" content=\"article\" \/>\n<meta property=\"og:title\" content=\"Tierra firme. Una cartograf\u00eda afectiva - IberCultura Viva\" \/>\n<meta property=\"og:description\" content=\"Tierra firme. Una cartograf\u00eda afectiva - IberCultura Viva\" \/>\n<meta property=\"og:url\" content=\"https:\/\/iberculturaviva.org\/es\/proposal\/tierra-firme-una-cartografia-afectiva\/\" \/>\n<meta property=\"og:site_name\" content=\"IberCultura Viva\" \/>\n<meta property=\"article:publisher\" content=\"https:\/\/www.facebook.com\/iberculturaviva\/\" \/>\n<meta property=\"article:modified_time\" content=\"2025-08-22T14:15:52+00:00\" \/>\n<meta property=\"og:image\" content=\"https:\/\/iberculturaviva.org\/wp-content\/uploads\/2024\/06\/caminata.primavera.23.jpg\" \/>\n\t<meta property=\"og:image:width\" content=\"960\" \/>\n\t<meta property=\"og:image:height\" content=\"720\" \/>\n\t<meta property=\"og:image:type\" content=\"image\/jpeg\" \/>\n<meta name=\"twitter:card\" content=\"summary_large_image\" \/>\n<meta name=\"twitter:label1\" content=\"Tiempo de lectura\" \/>\n\t<meta name=\"twitter:data1\" content=\"3 minutos\" \/>\n<script type=\"application\/ld+json\" class=\"yoast-schema-graph\">{\"@context\":\"https:\/\/schema.org\",\"@graph\":[{\"@type\":\"WebPage\",\"@id\":\"https:\/\/iberculturaviva.org\/es\/proposal\/tierra-firme-una-cartografia-afectiva\/\",\"url\":\"https:\/\/iberculturaviva.org\/es\/proposal\/tierra-firme-una-cartografia-afectiva\/\",\"name\":\"Tierra firme. Una cartograf\u00eda afectiva - IberCultura Viva\",\"isPartOf\":{\"@id\":\"https:\/\/iberculturaviva.org\/es\/?lang=es\/#website\"},\"primaryImageOfPage\":{\"@id\":\"https:\/\/iberculturaviva.org\/es\/proposal\/tierra-firme-una-cartografia-afectiva\/#primaryimage\"},\"image\":{\"@id\":\"https:\/\/iberculturaviva.org\/es\/proposal\/tierra-firme-una-cartografia-afectiva\/#primaryimage\"},\"thumbnailUrl\":\"https:\/\/iberculturaviva.org\/wp-content\/uploads\/2024\/06\/caminata.primavera.23.jpg\",\"datePublished\":\"2024-11-05T01:08:00+00:00\",\"dateModified\":\"2025-08-22T14:15:52+00:00\",\"description\":\"Tierra firme. Una cartograf\u00eda afectiva - IberCultura Viva\",\"breadcrumb\":{\"@id\":\"https:\/\/iberculturaviva.org\/es\/proposal\/tierra-firme-una-cartografia-afectiva\/#breadcrumb\"},\"inLanguage\":\"es\",\"potentialAction\":[{\"@type\":\"ReadAction\",\"target\":[\"https:\/\/iberculturaviva.org\/es\/proposal\/tierra-firme-una-cartografia-afectiva\/\"]}]},{\"@type\":\"ImageObject\",\"inLanguage\":\"es\",\"@id\":\"https:\/\/iberculturaviva.org\/es\/proposal\/tierra-firme-una-cartografia-afectiva\/#primaryimage\",\"url\":\"https:\/\/iberculturaviva.org\/wp-content\/uploads\/2024\/06\/caminata.primavera.23.jpg\",\"contentUrl\":\"https:\/\/iberculturaviva.org\/wp-content\/uploads\/2024\/06\/caminata.primavera.23.jpg\",\"width\":960,\"height\":720},{\"@type\":\"BreadcrumbList\",\"@id\":\"https:\/\/iberculturaviva.org\/es\/proposal\/tierra-firme-una-cartografia-afectiva\/#breadcrumb\",\"itemListElement\":[{\"@type\":\"ListItem\",\"position\":1,\"name\":\"In\u00edcio\",\"item\":\"https:\/\/iberculturaviva.org\/es\/inicio\/\"},{\"@type\":\"ListItem\",\"position\":2,\"name\":\"Banco de Saberes\",\"item\":\"https:\/\/iberculturaviva.org\/es\/proposal\/\"},{\"@type\":\"ListItem\",\"position\":3,\"name\":\"Tierra firme. Una cartograf\u00eda afectiva\"}]},{\"@type\":\"WebSite\",\"@id\":\"https:\/\/iberculturaviva.org\/es\/?lang=es\/#website\",\"url\":\"https:\/\/iberculturaviva.org\/es\/?lang=es\/\",\"name\":\"IberCultura Viva\",\"description\":\"Programa de cooperaci\u00f3n cultural\",\"publisher\":{\"@id\":\"https:\/\/iberculturaviva.org\/es\/?lang=es\/#organization\"},\"potentialAction\":[{\"@type\":\"SearchAction\",\"target\":{\"@type\":\"EntryPoint\",\"urlTemplate\":\"https:\/\/iberculturaviva.org\/es\/?lang=es\/?s={search_term_string}\"},\"query-input\":{\"@type\":\"PropertyValueSpecification\",\"valueRequired\":true,\"valueName\":\"search_term_string\"}}],\"inLanguage\":\"es\"},{\"@type\":\"Organization\",\"@id\":\"https:\/\/iberculturaviva.org\/es\/?lang=es\/#organization\",\"name\":\"Iberculturaviva\",\"url\":\"https:\/\/iberculturaviva.org\/es\/?lang=es\/\",\"logo\":{\"@type\":\"ImageObject\",\"inLanguage\":\"es\",\"@id\":\"https:\/\/iberculturaviva.org\/es\/?lang=es\/#\/schema\/logo\/image\/\",\"url\":\"https:\/\/iberculturaviva.org\/wp-content\/uploads\/2021\/08\/logo_ibercultura_viva.jpg\",\"contentUrl\":\"https:\/\/iberculturaviva.org\/wp-content\/uploads\/2021\/08\/logo_ibercultura_viva.jpg\",\"width\":708,\"height\":223,\"caption\":\"Iberculturaviva\"},\"image\":{\"@id\":\"https:\/\/iberculturaviva.org\/es\/?lang=es\/#\/schema\/logo\/image\/\"},\"sameAs\":[\"https:\/\/www.facebook.com\/iberculturaviva\/\",\"https:\/\/www.instagram.com\/iberculturaviva\/\",\"https:\/\/www.youtube.com\/iberculturaviva\"]}]}<\/script>\n<!-- \/ Yoast SEO plugin. -->","yoast_head_json":{"title":"Tierra firme. Una cartograf\u00eda afectiva - IberCultura Viva","description":"Tierra firme. Una cartograf\u00eda afectiva - IberCultura Viva","robots":{"index":"index","follow":"follow","max-snippet":"max-snippet:-1","max-image-preview":"max-image-preview:large","max-video-preview":"max-video-preview:-1"},"canonical":"https:\/\/iberculturaviva.org\/es\/proposal\/tierra-firme-una-cartografia-afectiva\/","og_locale":"es_ES","og_type":"article","og_title":"Tierra firme. Una cartograf\u00eda afectiva - IberCultura Viva","og_description":"Tierra firme. Una cartograf\u00eda afectiva - IberCultura Viva","og_url":"https:\/\/iberculturaviva.org\/es\/proposal\/tierra-firme-una-cartografia-afectiva\/","og_site_name":"IberCultura Viva","article_publisher":"https:\/\/www.facebook.com\/iberculturaviva\/","article_modified_time":"2025-08-22T14:15:52+00:00","og_image":[{"width":960,"height":720,"url":"https:\/\/iberculturaviva.org\/wp-content\/uploads\/2024\/06\/caminata.primavera.23.jpg","type":"image\/jpeg"}],"twitter_card":"summary_large_image","twitter_misc":{"Tiempo de lectura":"3 minutos"},"schema":{"@context":"https:\/\/schema.org","@graph":[{"@type":"WebPage","@id":"https:\/\/iberculturaviva.org\/es\/proposal\/tierra-firme-una-cartografia-afectiva\/","url":"https:\/\/iberculturaviva.org\/es\/proposal\/tierra-firme-una-cartografia-afectiva\/","name":"Tierra firme. Una cartograf\u00eda afectiva - IberCultura Viva","isPartOf":{"@id":"https:\/\/iberculturaviva.org\/es\/?lang=es\/#website"},"primaryImageOfPage":{"@id":"https:\/\/iberculturaviva.org\/es\/proposal\/tierra-firme-una-cartografia-afectiva\/#primaryimage"},"image":{"@id":"https:\/\/iberculturaviva.org\/es\/proposal\/tierra-firme-una-cartografia-afectiva\/#primaryimage"},"thumbnailUrl":"https:\/\/iberculturaviva.org\/wp-content\/uploads\/2024\/06\/caminata.primavera.23.jpg","datePublished":"2024-11-05T01:08:00+00:00","dateModified":"2025-08-22T14:15:52+00:00","description":"Tierra firme. Una cartograf\u00eda afectiva - IberCultura Viva","breadcrumb":{"@id":"https:\/\/iberculturaviva.org\/es\/proposal\/tierra-firme-una-cartografia-afectiva\/#breadcrumb"},"inLanguage":"es","potentialAction":[{"@type":"ReadAction","target":["https:\/\/iberculturaviva.org\/es\/proposal\/tierra-firme-una-cartografia-afectiva\/"]}]},{"@type":"ImageObject","inLanguage":"es","@id":"https:\/\/iberculturaviva.org\/es\/proposal\/tierra-firme-una-cartografia-afectiva\/#primaryimage","url":"https:\/\/iberculturaviva.org\/wp-content\/uploads\/2024\/06\/caminata.primavera.23.jpg","contentUrl":"https:\/\/iberculturaviva.org\/wp-content\/uploads\/2024\/06\/caminata.primavera.23.jpg","width":960,"height":720},{"@type":"BreadcrumbList","@id":"https:\/\/iberculturaviva.org\/es\/proposal\/tierra-firme-una-cartografia-afectiva\/#breadcrumb","itemListElement":[{"@type":"ListItem","position":1,"name":"In\u00edcio","item":"https:\/\/iberculturaviva.org\/es\/inicio\/"},{"@type":"ListItem","position":2,"name":"Banco de Saberes","item":"https:\/\/iberculturaviva.org\/es\/proposal\/"},{"@type":"ListItem","position":3,"name":"Tierra firme. Una cartograf\u00eda afectiva"}]},{"@type":"WebSite","@id":"https:\/\/iberculturaviva.org\/es\/?lang=es\/#website","url":"https:\/\/iberculturaviva.org\/es\/?lang=es\/","name":"IberCultura Viva","description":"Programa de cooperaci\u00f3n cultural","publisher":{"@id":"https:\/\/iberculturaviva.org\/es\/?lang=es\/#organization"},"potentialAction":[{"@type":"SearchAction","target":{"@type":"EntryPoint","urlTemplate":"https:\/\/iberculturaviva.org\/es\/?lang=es\/?s={search_term_string}"},"query-input":{"@type":"PropertyValueSpecification","valueRequired":true,"valueName":"search_term_string"}}],"inLanguage":"es"},{"@type":"Organization","@id":"https:\/\/iberculturaviva.org\/es\/?lang=es\/#organization","name":"Iberculturaviva","url":"https:\/\/iberculturaviva.org\/es\/?lang=es\/","logo":{"@type":"ImageObject","inLanguage":"es","@id":"https:\/\/iberculturaviva.org\/es\/?lang=es\/#\/schema\/logo\/image\/","url":"https:\/\/iberculturaviva.org\/wp-content\/uploads\/2021\/08\/logo_ibercultura_viva.jpg","contentUrl":"https:\/\/iberculturaviva.org\/wp-content\/uploads\/2021\/08\/logo_ibercultura_viva.jpg","width":708,"height":223,"caption":"Iberculturaviva"},"image":{"@id":"https:\/\/iberculturaviva.org\/es\/?lang=es\/#\/schema\/logo\/image\/"},"sameAs":["https:\/\/www.facebook.com\/iberculturaviva\/","https:\/\/www.instagram.com\/iberculturaviva\/","https:\/\/www.youtube.com\/iberculturaviva"]}]}},"_links":{"self":[{"href":"https:\/\/iberculturaviva.org\/es\/wp-json\/wp\/v2\/proposal\/37972","targetHints":{"allow":["GET"]}}],"collection":[{"href":"https:\/\/iberculturaviva.org\/es\/wp-json\/wp\/v2\/proposal"}],"about":[{"href":"https:\/\/iberculturaviva.org\/es\/wp-json\/wp\/v2\/types\/proposal"}],"author":[{"embeddable":true,"href":"https:\/\/iberculturaviva.org\/es\/wp-json\/wp\/v2\/users\/2"}],"version-history":[{"count":6,"href":"https:\/\/iberculturaviva.org\/es\/wp-json\/wp\/v2\/proposal\/37972\/revisions"}],"predecessor-version":[{"id":46331,"href":"https:\/\/iberculturaviva.org\/es\/wp-json\/wp\/v2\/proposal\/37972\/revisions\/46331"}],"wp:featuredmedia":[{"embeddable":true,"href":"https:\/\/iberculturaviva.org\/es\/wp-json\/wp\/v2\/media\/33818"}],"wp:attachment":[{"href":"https:\/\/iberculturaviva.org\/es\/wp-json\/wp\/v2\/media?parent=37972"}],"wp:term":[{"taxonomy":"category","embeddable":true,"href":"https:\/\/iberculturaviva.org\/es\/wp-json\/wp\/v2\/categories?post=37972"},{"taxonomy":"post_tag","embeddable":true,"href":"https:\/\/iberculturaviva.org\/es\/wp-json\/wp\/v2\/tags?post=37972"},{"taxonomy":"country-municipality","embeddable":true,"href":"https:\/\/iberculturaviva.org\/es\/wp-json\/wp\/v2\/country-municipality?post=37972"},{"taxonomy":"type-proposal","embeddable":true,"href":"https:\/\/iberculturaviva.org\/es\/wp-json\/wp\/v2\/type-proposal?post=37972"}],"curies":[{"name":"wp","href":"https:\/\/api.w.org\/{rel}","templated":true}]}}