{"id":37958,"date":"2024-11-05T18:36:58","date_gmt":"2024-11-05T21:36:58","guid":{"rendered":"https:\/\/iberculturaviva.org\/proposal\/a-experiencia-da-orquesta-estable-da-radio-reconquista-e-a-articulacao-com-a-rede-de-arte-memoria-e-territorios\/"},"modified":"2024-12-04T12:29:57","modified_gmt":"2024-12-04T15:29:57","slug":"la-experiencia-de-la-orquesta-estable-de-radio-reconquista-y-la-articulacion-con-la-red-arte-memoria-y-territorios","status":"publish","type":"proposal","link":"https:\/\/iberculturaviva.org\/es\/proposal\/la-experiencia-de-la-orquesta-estable-de-radio-reconquista-y-la-articulacion-con-la-red-arte-memoria-y-territorios\/","title":{"rendered":"La experiencia de la orquesta estable de radio reconquista y la articulaci\u00f3n con la red arte, memoria y territorios"},"content":{"rendered":"\n<p><strong>Proposta para o banco de saberes:<\/strong><\/p>\n\n\n\n<p>Prop\u00f5e-se a realiza\u00e7\u00e3o de um semin\u00e1rio que visa partilhar e analisar a experi\u00eancia da Orquesta Estable da R\u00e1dio Reconquista e a sua articula\u00e7\u00e3o com a Rede Arte, Mem\u00f3ria e Territ\u00f3rios, dotando agentes comunit\u00e1rios de ferramentas te\u00f3ricas e pr\u00e1ticas para replicarem e adaptarem estas iniciativas nos seus pr\u00f3prios contextos.<\/p>\n\n\n\n<p>A proposta descreve a transforma\u00e7\u00e3o social e cultural impulsionada pela&nbsp;<a href=\"https:\/\/www.fmreconquista.org.ar\/fmreconquista\/index.php\/actividades\/orquesta-estable-de-radio-reconquista\" target=\"_blank\" rel=\"noreferrer noopener\">Orquesta Estable da R\u00e1dio Reconquista<\/a>, iniciado em 2009 no bairro Villa Hidalgo, distrito General San Mart\u00edn, prov\u00edncia de Buenos Aires. A Orquesta Estable est\u00e1 numa das r\u00e1dios comunit\u00e1rias pioneiras da Argentina, a FM Reconquista, e faz parte da programa\u00e7\u00e3o da Associa\u00e7\u00e3o de Mulheres La Colmena, organiza\u00e7\u00e3o que atua no bairro desde os anos 80. A orquestra n\u00e3o s\u00f3 proporciona forma\u00e7\u00e3o musical, mas tamb\u00e9m funciona como espa\u00e7o de resist\u00eancia e coes\u00e3o social, abordando problemas como a viol\u00eancia de g\u00eanero e promovendo a economia social.<\/p>\n\n\n\n<p>Este projecto est\u00e1 tamb\u00e9m articulado com a&nbsp;<a href=\"https:\/\/www.youtube.com\/channel\/UCSVv0rRbrORcB6F84o9xuDQ\" target=\"_blank\" rel=\"noreferrer noopener\">Rede Arte, Mem\u00f3ria e Territ\u00f3rios<\/a>, uma rede que conecta diversas organiza\u00e7\u00f5es sociais e culturais de Buenos Aires. Inspirada na luta pela mem\u00f3ria, verdade e justi\u00e7a das M\u00e3es da Plaza de Mayo L\u00ednea Fundadora, atrav\u00e9s de sua Escola de M\u00fasica Popular, que funciona no Espa\u00e7o de Mem\u00f3ria e Direitos Humanos (ex-Esma). A rede funciona numa perspectiva de direitos humanos. Durante a pandemia, desenvolveu uma plataforma virtual para manter jovens conectados e continuar promovendo atividades culturais e sociais.<\/p>\n\n\n\n<p>O impacto da Orquesta Estable e da Rede manifesta-se na cria\u00e7\u00e3o de um est\u00fadio de grava\u00e7\u00e3o itinerante, na produ\u00e7\u00e3o de conte\u00fados audiovisuais e em projetos que aliam a m\u00fasica \u00e0 perspetiva de g\u00e9nero e dos direitos humanos. Saiba mais:&nbsp;<a href=\"http:\/\/www.ruidoenelmate.com.ar\/\" target=\"_blank\" rel=\"noreferrer noopener\">http:\/\/www.ruidoenelmate.com.ar\/<\/a>,&nbsp;<a href=\"https:\/\/www.youtube.com\/watch?v=Q0i7o6EaIOk\" target=\"_blank\" rel=\"noreferrer noopener\">https:\/\/www.youtube.com\/watch?v=Q0i7o6EaIOk<\/a><\/p>\n\n\n\n<p><strong>Duraci\u00f3n prevista:<\/strong> 2 dias \/ 3 horas por dia<\/p>\n\n\n\n<p><strong>Necessidades da proposta:<\/strong><\/p>\n\n\n\n<p>* T\u00e9cnicas: Projetor com HDMI; materiais de escrita (quadros negros, marcadores, flipcharts); acesso \u00e0 internet para exibi\u00e7\u00f5es e atividades on-line; materiais impressos (guias de trabalho, folhetos informativos).<\/p>\n\n\n\n<p>* Espacial: Sala equipada com projetor e equipamento de som.<\/p>\n\n\n\n<p><strong>Destinat\u00e1rios<\/strong><strong>:&nbsp;<\/strong>Agentes comunit\u00e1rios, gestores\/as culturais, educadores\/as e membros de organiza\u00e7\u00f5es sociais. *Faixa et\u00e1ria: Jovens e adultos<\/p>\n\n\n\n<p><strong>*&nbsp;<\/strong><strong>N\u00famero de participantes<\/strong>: De 5 a 50 participantes<\/p>\n\n\n\n<figure class=\"wp-block-gallery has-nested-images columns-default is-cropped wp-block-gallery-1 is-layout-flex wp-block-gallery-is-layout-flex\">\n<figure class=\"wp-block-image size-large\"><img decoding=\"async\" data-id=\"33770\" src=\"https:\/\/iberculturaviva.org\/wp-content\/uploads\/2024\/06\/301502614_449034703908199_14825501692924683_n-960x640.jpg\" alt=\"\" class=\"wp-image-33770\"\/><\/figure>\n\n\n\n<figure class=\"wp-block-image size-large\"><img decoding=\"async\" data-id=\"33772\" src=\"https:\/\/iberculturaviva.org\/wp-content\/uploads\/2024\/06\/314896858_507409114737424_6688451200518969428_n-960x640.jpg\" alt=\"\" class=\"wp-image-33772\"\/><\/figure>\n\n\n\n<figure class=\"wp-block-image size-large\"><img decoding=\"async\" data-id=\"33774\" src=\"https:\/\/iberculturaviva.org\/wp-content\/uploads\/2024\/06\/314763577_507409268070742_2044870195403502808_n-960x640.jpg\" alt=\"\" class=\"wp-image-33774\"\/><\/figure>\n<\/figure>\n\n\n\n<p><strong>M\u00e1s informaci\u00f3n:<\/strong> <a href=\"https:\/\/devenirproyecto.coop.ar\/\">https:\/\/devenirproyecto.coop.ar\/<\/a><\/p>\n","protected":false},"excerpt":{"rendered":"<p>Proposta para o banco de saberes: Prop\u00f5e-se a realiza\u00e7\u00e3o de um semin\u00e1rio que visa partilhar e analisar a experi\u00eancia da Orquesta Estable da R\u00e1dio Reconquista e a sua articula\u00e7\u00e3o com [&hellip;]<\/p>\n","protected":false},"author":2,"featured_media":33765,"menu_order":0,"template":"","categories":[],"tags":[],"country-municipality":[782],"type-proposal":[727,879],"class_list":["post-37958","proposal","type-proposal","status-publish","has-post-thumbnail","hentry","country-municipality-argentina-es","type-proposal-oficinas","type-proposal-talleres"],"yoast_head":"<!-- This site is optimized with the Yoast SEO plugin v25.7 - https:\/\/yoast.com\/wordpress\/plugins\/seo\/ -->\n<title>La experiencia de la orquesta estable de radio reconquista y la articulaci\u00f3n con la red arte, memoria y territorios - IberCultura Viva<\/title>\n<meta name=\"description\" content=\"La experiencia de la orquesta estable de radio reconquista y la articulaci\u00f3n con la red arte, memoria y territorios - IberCultura Viva\" \/>\n<meta name=\"robots\" content=\"index, follow, max-snippet:-1, max-image-preview:large, max-video-preview:-1\" \/>\n<link rel=\"canonical\" href=\"https:\/\/iberculturaviva.org\/es\/proposal\/la-experiencia-de-la-orquesta-estable-de-radio-reconquista-y-la-articulacion-con-la-red-arte-memoria-y-territorios\/\" \/>\n<meta property=\"og:locale\" content=\"es_ES\" \/>\n<meta property=\"og:type\" content=\"article\" \/>\n<meta property=\"og:title\" content=\"La experiencia de la orquesta estable de radio reconquista y la articulaci\u00f3n con la red arte, memoria y territorios - IberCultura Viva\" \/>\n<meta property=\"og:description\" content=\"La experiencia de la orquesta estable de radio reconquista y la articulaci\u00f3n con la red arte, memoria y territorios - IberCultura Viva\" \/>\n<meta property=\"og:url\" content=\"https:\/\/iberculturaviva.org\/es\/proposal\/la-experiencia-de-la-orquesta-estable-de-radio-reconquista-y-la-articulacion-con-la-red-arte-memoria-y-territorios\/\" \/>\n<meta property=\"og:site_name\" content=\"IberCultura Viva\" \/>\n<meta property=\"article:publisher\" content=\"https:\/\/www.facebook.com\/iberculturaviva\/\" \/>\n<meta property=\"article:modified_time\" content=\"2024-12-04T15:29:57+00:00\" \/>\n<meta property=\"og:image\" content=\"https:\/\/iberculturaviva.org\/wp-content\/uploads\/2024\/06\/OrquestaEstable1.jpg\" \/>\n\t<meta property=\"og:image:width\" content=\"742\" \/>\n\t<meta property=\"og:image:height\" content=\"482\" \/>\n\t<meta property=\"og:image:type\" content=\"image\/jpeg\" \/>\n<meta name=\"twitter:card\" content=\"summary_large_image\" \/>\n<meta name=\"twitter:label1\" content=\"Tiempo de lectura\" \/>\n\t<meta name=\"twitter:data1\" content=\"2 minutos\" \/>\n<script type=\"application\/ld+json\" class=\"yoast-schema-graph\">{\"@context\":\"https:\/\/schema.org\",\"@graph\":[{\"@type\":\"WebPage\",\"@id\":\"https:\/\/iberculturaviva.org\/es\/proposal\/la-experiencia-de-la-orquesta-estable-de-radio-reconquista-y-la-articulacion-con-la-red-arte-memoria-y-territorios\/\",\"url\":\"https:\/\/iberculturaviva.org\/es\/proposal\/la-experiencia-de-la-orquesta-estable-de-radio-reconquista-y-la-articulacion-con-la-red-arte-memoria-y-territorios\/\",\"name\":\"La experiencia de la orquesta estable de radio reconquista y la articulaci\u00f3n con la red arte, memoria y territorios - IberCultura Viva\",\"isPartOf\":{\"@id\":\"https:\/\/iberculturaviva.org\/es\/?lang=es\/#website\"},\"primaryImageOfPage\":{\"@id\":\"https:\/\/iberculturaviva.org\/es\/proposal\/la-experiencia-de-la-orquesta-estable-de-radio-reconquista-y-la-articulacion-con-la-red-arte-memoria-y-territorios\/#primaryimage\"},\"image\":{\"@id\":\"https:\/\/iberculturaviva.org\/es\/proposal\/la-experiencia-de-la-orquesta-estable-de-radio-reconquista-y-la-articulacion-con-la-red-arte-memoria-y-territorios\/#primaryimage\"},\"thumbnailUrl\":\"https:\/\/iberculturaviva.org\/wp-content\/uploads\/2024\/06\/OrquestaEstable1.jpg\",\"datePublished\":\"2024-11-05T21:36:58+00:00\",\"dateModified\":\"2024-12-04T15:29:57+00:00\",\"description\":\"La experiencia de la orquesta estable de radio reconquista y la articulaci\u00f3n con la red arte, memoria y territorios - IberCultura Viva\",\"breadcrumb\":{\"@id\":\"https:\/\/iberculturaviva.org\/es\/proposal\/la-experiencia-de-la-orquesta-estable-de-radio-reconquista-y-la-articulacion-con-la-red-arte-memoria-y-territorios\/#breadcrumb\"},\"inLanguage\":\"es\",\"potentialAction\":[{\"@type\":\"ReadAction\",\"target\":[\"https:\/\/iberculturaviva.org\/es\/proposal\/la-experiencia-de-la-orquesta-estable-de-radio-reconquista-y-la-articulacion-con-la-red-arte-memoria-y-territorios\/\"]}]},{\"@type\":\"ImageObject\",\"inLanguage\":\"es\",\"@id\":\"https:\/\/iberculturaviva.org\/es\/proposal\/la-experiencia-de-la-orquesta-estable-de-radio-reconquista-y-la-articulacion-con-la-red-arte-memoria-y-territorios\/#primaryimage\",\"url\":\"https:\/\/iberculturaviva.org\/wp-content\/uploads\/2024\/06\/OrquestaEstable1.jpg\",\"contentUrl\":\"https:\/\/iberculturaviva.org\/wp-content\/uploads\/2024\/06\/OrquestaEstable1.jpg\",\"width\":742,\"height\":482},{\"@type\":\"BreadcrumbList\",\"@id\":\"https:\/\/iberculturaviva.org\/es\/proposal\/la-experiencia-de-la-orquesta-estable-de-radio-reconquista-y-la-articulacion-con-la-red-arte-memoria-y-territorios\/#breadcrumb\",\"itemListElement\":[{\"@type\":\"ListItem\",\"position\":1,\"name\":\"In\u00edcio\",\"item\":\"https:\/\/iberculturaviva.org\/es\/inicio\/\"},{\"@type\":\"ListItem\",\"position\":2,\"name\":\"Banco de Saberes\",\"item\":\"https:\/\/iberculturaviva.org\/es\/proposal\/\"},{\"@type\":\"ListItem\",\"position\":3,\"name\":\"La experiencia de la orquesta estable de radio reconquista y la articulaci\u00f3n con la red arte, memoria y territorios\"}]},{\"@type\":\"WebSite\",\"@id\":\"https:\/\/iberculturaviva.org\/es\/?lang=es\/#website\",\"url\":\"https:\/\/iberculturaviva.org\/es\/?lang=es\/\",\"name\":\"IberCultura Viva\",\"description\":\"Programa de cooperaci\u00f3n cultural\",\"publisher\":{\"@id\":\"https:\/\/iberculturaviva.org\/es\/?lang=es\/#organization\"},\"potentialAction\":[{\"@type\":\"SearchAction\",\"target\":{\"@type\":\"EntryPoint\",\"urlTemplate\":\"https:\/\/iberculturaviva.org\/es\/?lang=es\/?s={search_term_string}\"},\"query-input\":{\"@type\":\"PropertyValueSpecification\",\"valueRequired\":true,\"valueName\":\"search_term_string\"}}],\"inLanguage\":\"es\"},{\"@type\":\"Organization\",\"@id\":\"https:\/\/iberculturaviva.org\/es\/?lang=es\/#organization\",\"name\":\"Iberculturaviva\",\"url\":\"https:\/\/iberculturaviva.org\/es\/?lang=es\/\",\"logo\":{\"@type\":\"ImageObject\",\"inLanguage\":\"es\",\"@id\":\"https:\/\/iberculturaviva.org\/es\/?lang=es\/#\/schema\/logo\/image\/\",\"url\":\"https:\/\/iberculturaviva.org\/wp-content\/uploads\/2021\/08\/logo_ibercultura_viva.jpg\",\"contentUrl\":\"https:\/\/iberculturaviva.org\/wp-content\/uploads\/2021\/08\/logo_ibercultura_viva.jpg\",\"width\":708,\"height\":223,\"caption\":\"Iberculturaviva\"},\"image\":{\"@id\":\"https:\/\/iberculturaviva.org\/es\/?lang=es\/#\/schema\/logo\/image\/\"},\"sameAs\":[\"https:\/\/www.facebook.com\/iberculturaviva\/\",\"https:\/\/www.instagram.com\/iberculturaviva\/\",\"https:\/\/www.youtube.com\/iberculturaviva\"]}]}<\/script>\n<!-- \/ Yoast SEO plugin. -->","yoast_head_json":{"title":"La experiencia de la orquesta estable de radio reconquista y la articulaci\u00f3n con la red arte, memoria y territorios - IberCultura Viva","description":"La experiencia de la orquesta estable de radio reconquista y la articulaci\u00f3n con la red arte, memoria y territorios - IberCultura Viva","robots":{"index":"index","follow":"follow","max-snippet":"max-snippet:-1","max-image-preview":"max-image-preview:large","max-video-preview":"max-video-preview:-1"},"canonical":"https:\/\/iberculturaviva.org\/es\/proposal\/la-experiencia-de-la-orquesta-estable-de-radio-reconquista-y-la-articulacion-con-la-red-arte-memoria-y-territorios\/","og_locale":"es_ES","og_type":"article","og_title":"La experiencia de la orquesta estable de radio reconquista y la articulaci\u00f3n con la red arte, memoria y territorios - IberCultura Viva","og_description":"La experiencia de la orquesta estable de radio reconquista y la articulaci\u00f3n con la red arte, memoria y territorios - IberCultura Viva","og_url":"https:\/\/iberculturaviva.org\/es\/proposal\/la-experiencia-de-la-orquesta-estable-de-radio-reconquista-y-la-articulacion-con-la-red-arte-memoria-y-territorios\/","og_site_name":"IberCultura Viva","article_publisher":"https:\/\/www.facebook.com\/iberculturaviva\/","article_modified_time":"2024-12-04T15:29:57+00:00","og_image":[{"width":742,"height":482,"url":"https:\/\/iberculturaviva.org\/wp-content\/uploads\/2024\/06\/OrquestaEstable1.jpg","type":"image\/jpeg"}],"twitter_card":"summary_large_image","twitter_misc":{"Tiempo de lectura":"2 minutos"},"schema":{"@context":"https:\/\/schema.org","@graph":[{"@type":"WebPage","@id":"https:\/\/iberculturaviva.org\/es\/proposal\/la-experiencia-de-la-orquesta-estable-de-radio-reconquista-y-la-articulacion-con-la-red-arte-memoria-y-territorios\/","url":"https:\/\/iberculturaviva.org\/es\/proposal\/la-experiencia-de-la-orquesta-estable-de-radio-reconquista-y-la-articulacion-con-la-red-arte-memoria-y-territorios\/","name":"La experiencia de la orquesta estable de radio reconquista y la articulaci\u00f3n con la red arte, memoria y territorios - IberCultura Viva","isPartOf":{"@id":"https:\/\/iberculturaviva.org\/es\/?lang=es\/#website"},"primaryImageOfPage":{"@id":"https:\/\/iberculturaviva.org\/es\/proposal\/la-experiencia-de-la-orquesta-estable-de-radio-reconquista-y-la-articulacion-con-la-red-arte-memoria-y-territorios\/#primaryimage"},"image":{"@id":"https:\/\/iberculturaviva.org\/es\/proposal\/la-experiencia-de-la-orquesta-estable-de-radio-reconquista-y-la-articulacion-con-la-red-arte-memoria-y-territorios\/#primaryimage"},"thumbnailUrl":"https:\/\/iberculturaviva.org\/wp-content\/uploads\/2024\/06\/OrquestaEstable1.jpg","datePublished":"2024-11-05T21:36:58+00:00","dateModified":"2024-12-04T15:29:57+00:00","description":"La experiencia de la orquesta estable de radio reconquista y la articulaci\u00f3n con la red arte, memoria y territorios - IberCultura Viva","breadcrumb":{"@id":"https:\/\/iberculturaviva.org\/es\/proposal\/la-experiencia-de-la-orquesta-estable-de-radio-reconquista-y-la-articulacion-con-la-red-arte-memoria-y-territorios\/#breadcrumb"},"inLanguage":"es","potentialAction":[{"@type":"ReadAction","target":["https:\/\/iberculturaviva.org\/es\/proposal\/la-experiencia-de-la-orquesta-estable-de-radio-reconquista-y-la-articulacion-con-la-red-arte-memoria-y-territorios\/"]}]},{"@type":"ImageObject","inLanguage":"es","@id":"https:\/\/iberculturaviva.org\/es\/proposal\/la-experiencia-de-la-orquesta-estable-de-radio-reconquista-y-la-articulacion-con-la-red-arte-memoria-y-territorios\/#primaryimage","url":"https:\/\/iberculturaviva.org\/wp-content\/uploads\/2024\/06\/OrquestaEstable1.jpg","contentUrl":"https:\/\/iberculturaviva.org\/wp-content\/uploads\/2024\/06\/OrquestaEstable1.jpg","width":742,"height":482},{"@type":"BreadcrumbList","@id":"https:\/\/iberculturaviva.org\/es\/proposal\/la-experiencia-de-la-orquesta-estable-de-radio-reconquista-y-la-articulacion-con-la-red-arte-memoria-y-territorios\/#breadcrumb","itemListElement":[{"@type":"ListItem","position":1,"name":"In\u00edcio","item":"https:\/\/iberculturaviva.org\/es\/inicio\/"},{"@type":"ListItem","position":2,"name":"Banco de Saberes","item":"https:\/\/iberculturaviva.org\/es\/proposal\/"},{"@type":"ListItem","position":3,"name":"La experiencia de la orquesta estable de radio reconquista y la articulaci\u00f3n con la red arte, memoria y territorios"}]},{"@type":"WebSite","@id":"https:\/\/iberculturaviva.org\/es\/?lang=es\/#website","url":"https:\/\/iberculturaviva.org\/es\/?lang=es\/","name":"IberCultura Viva","description":"Programa de cooperaci\u00f3n cultural","publisher":{"@id":"https:\/\/iberculturaviva.org\/es\/?lang=es\/#organization"},"potentialAction":[{"@type":"SearchAction","target":{"@type":"EntryPoint","urlTemplate":"https:\/\/iberculturaviva.org\/es\/?lang=es\/?s={search_term_string}"},"query-input":{"@type":"PropertyValueSpecification","valueRequired":true,"valueName":"search_term_string"}}],"inLanguage":"es"},{"@type":"Organization","@id":"https:\/\/iberculturaviva.org\/es\/?lang=es\/#organization","name":"Iberculturaviva","url":"https:\/\/iberculturaviva.org\/es\/?lang=es\/","logo":{"@type":"ImageObject","inLanguage":"es","@id":"https:\/\/iberculturaviva.org\/es\/?lang=es\/#\/schema\/logo\/image\/","url":"https:\/\/iberculturaviva.org\/wp-content\/uploads\/2021\/08\/logo_ibercultura_viva.jpg","contentUrl":"https:\/\/iberculturaviva.org\/wp-content\/uploads\/2021\/08\/logo_ibercultura_viva.jpg","width":708,"height":223,"caption":"Iberculturaviva"},"image":{"@id":"https:\/\/iberculturaviva.org\/es\/?lang=es\/#\/schema\/logo\/image\/"},"sameAs":["https:\/\/www.facebook.com\/iberculturaviva\/","https:\/\/www.instagram.com\/iberculturaviva\/","https:\/\/www.youtube.com\/iberculturaviva"]}]}},"_links":{"self":[{"href":"https:\/\/iberculturaviva.org\/es\/wp-json\/wp\/v2\/proposal\/37958","targetHints":{"allow":["GET"]}}],"collection":[{"href":"https:\/\/iberculturaviva.org\/es\/wp-json\/wp\/v2\/proposal"}],"about":[{"href":"https:\/\/iberculturaviva.org\/es\/wp-json\/wp\/v2\/types\/proposal"}],"author":[{"embeddable":true,"href":"https:\/\/iberculturaviva.org\/es\/wp-json\/wp\/v2\/users\/2"}],"version-history":[{"count":5,"href":"https:\/\/iberculturaviva.org\/es\/wp-json\/wp\/v2\/proposal\/37958\/revisions"}],"predecessor-version":[{"id":39535,"href":"https:\/\/iberculturaviva.org\/es\/wp-json\/wp\/v2\/proposal\/37958\/revisions\/39535"}],"wp:featuredmedia":[{"embeddable":true,"href":"https:\/\/iberculturaviva.org\/es\/wp-json\/wp\/v2\/media\/33765"}],"wp:attachment":[{"href":"https:\/\/iberculturaviva.org\/es\/wp-json\/wp\/v2\/media?parent=37958"}],"wp:term":[{"taxonomy":"category","embeddable":true,"href":"https:\/\/iberculturaviva.org\/es\/wp-json\/wp\/v2\/categories?post=37958"},{"taxonomy":"post_tag","embeddable":true,"href":"https:\/\/iberculturaviva.org\/es\/wp-json\/wp\/v2\/tags?post=37958"},{"taxonomy":"country-municipality","embeddable":true,"href":"https:\/\/iberculturaviva.org\/es\/wp-json\/wp\/v2\/country-municipality?post=37958"},{"taxonomy":"type-proposal","embeddable":true,"href":"https:\/\/iberculturaviva.org\/es\/wp-json\/wp\/v2\/type-proposal?post=37958"}],"curies":[{"name":"wp","href":"https:\/\/api.w.org\/{rel}","templated":true}]}}