{"id":15933,"date":"2020-01-17T16:28:21","date_gmt":"2020-01-17T19:28:21","guid":{"rendered":"https:\/\/iberculturaviva.org\/portfolio\/la-asociacion-pracatum-y-la-revolucion-de-los-tambores-en-candeal-musica-educacion-y-desarrollo-comunitario\/"},"modified":"2023-06-30T11:55:13","modified_gmt":"2023-06-30T14:55:13","slug":"la-asociacion-pracatum-y-la-revolucion-de-los-tambores-en-candeal-musica-educacion-y-desarrollo-comunitario","status":"publish","type":"portfolio","link":"https:\/\/iberculturaviva.org\/es\/portfolio\/la-asociacion-pracatum-y-la-revolucion-de-los-tambores-en-candeal-musica-educacion-y-desarrollo-comunitario\/","title":{"rendered":"La Asociaci\u00f3n Pracatum y la revoluci\u00f3n de los tambores en Candeal: m\u00fasica, educaci\u00f3n y desarrollo comunitario"},"content":{"rendered":"<p style=\"text-align: justify;\"><span style=\"font-weight: 400;\">Candeal Pequeno es una comunidad donde se respira m\u00fasica. <\/span><span style=\"font-weight: 400;\">En este barrio de Salvador de Bah\u00eda (Brasil) donde naci\u00f3 el m\u00fasico Carlinhos Brown, distintos percusionistas se juntaron y abrieron puertas para una serie de movimientos art\u00edsticos y sociales que han cambiado la vida de los habitantes de la regi\u00f3n. <\/span><\/p>\n<p style=\"text-align: justify;\"><span style=\"font-weight: 400;\">En esta favela diferente de las dem\u00e1s, lo que se ve por las calles son personas de todas las edades c<\/span><span style=\"font-weight: 400;\">on instrumentos, con deseos de aprender a tocar, cantar y bailar.\u00a0<\/span>\u201cCuando entras por Candeal por primera vez y empiezas a respirar y a ver a la gente por la calle, y sobre todo a ver a los ni\u00f1os, hay algo dentro de ti que te cambia\u201d, afirm\u00f3 el espa\u00f1ol Fernando Trueba, director de\u00a0<em>El Milagro de Candeal<\/em>, un documental en\u00a0forma de \u201cmusical social\u201d rodado en el barrio en 2004.<\/p>\n<p style=\"text-align: justify;\">Candeal Pequeno es parte del barrio de Brotas, una comunidad con poblaci\u00f3n de baja renta que limita con barrios de clases media y alta de Salvador de Bah\u00eda. En este lugar, donde viven cerca de 1.800 familias y 9.300 personas, existen cuatro asociaciones barriales, cuatro plazas, una cancha de f\u00fatbol, una cuadra de deportes, una escuela de m\u00fasica y tecnolog\u00edas, cuatro estudios de grabaci\u00f3n, una cooperativa de reciclaje de aceite residual de cocina, una escuela de ingl\u00e9s, una escuela infantil de per\u00edodo integral y un centro de salud.<\/p>\n<p style=\"text-align: justify;\">Gran parte de esta estructura se debe al trabajo colectivo desarrollado en el barrio por la Asociaci\u00f3n Pracatum, creada en 1994 por Carlinhos Brown, este artista inquieto que identific\u00f3 el potencial de los vecinos y vecinas, y propuso, a trav\u00e9s de la m\u00fasica, rescatar la herencia cultural del Candeal y aprovechar elementos de la realidad local para promover la transformaci\u00f3n socioecon\u00f3mica.<\/p>\n<p>&nbsp;<\/p>\n<p><iframe loading=\"lazy\" title=\"Pracatum V\u00eddeo Institucional\" width=\"500\" height=\"375\" src=\"https:\/\/www.youtube.com\/embed\/eXsmgJivHCM?feature=oembed\" frameborder=\"0\" allow=\"accelerometer; autoplay; clipboard-write; encrypted-media; gyroscope; picture-in-picture; web-share\" referrerpolicy=\"strict-origin-when-cross-origin\" allowfullscreen><\/iframe><\/p>\n<p>&nbsp;<\/p>\n<p style=\"text-align: justify;\">La comunidad es una de las m\u00e1s antiguas de la ciudad, con fuerte herencia africana. \u201cEra una <em>ro\u00e7a<\/em> santera de candombl\u00e9, un centro sagrado donde era dif\u00edcil llegar. Era una selva. Hasta los 12 a\u00f1os viv\u00ed all\u00ed, sin luz el\u00e9ctrica, sin saneamiento, sin escuela\u201d, cont\u00f3 Carlinhos Brown en el conversatorio sobre cultura comunitaria que se realiz\u00f3 el 4 de noviembre de 2019 en el Museo del Carnaval de Montevideo (Uruguay), durante la Semana de la Cooperaci\u00f3n Iberoamericana.<\/p>\n<p style=\"text-align: justify;\">Brown, que es <a href=\"https:\/\/www.segib.org\/embajadores-iberoamericanos-de-la-cultura\/\">embajador iberoamericano de la cultura<\/a> desde 2018, fue invitado por la Secretar\u00eda General Iberoamericana (SEGIB) a participar de este encuentro con representantes del programa IberCultura Viva y de Puntos de Cultura de Uruguay y Argentina, y relatar su experiencia con este proyecto social que desarrolla en el barrio de Candeal desde 1994.<\/p>\n<h4><\/h4>\n<h4>C\u00f3mo comenz\u00f3<\/h4>\n<div id=\"attachment_13314\" style=\"width: 329px\" class=\"wp-caption alignright\"><a href=\"https:\/\/iberculturaviva.org\/wp-content\/uploads\/2019\/11\/conversatoriomuseo.jpg\"><img loading=\"lazy\" decoding=\"async\" aria-describedby=\"caption-attachment-13314\" class=\"wp-image-13314\" src=\"https:\/\/iberculturaviva.org\/wp-content\/uploads\/2019\/11\/conversatoriomuseo-960x719.jpg\" alt=\"\" width=\"319\" height=\"239\" \/><\/a><p id=\"caption-attachment-13314\" class=\"wp-caption-text\">Representantes de Puntos de Cultura participaron de conversatorio con Carlinhos Brown en Montevideo<\/p><\/div>\n<p style=\"text-align: justify;\"><span style=\"font-weight: 400;\">Al explicar el contexto en el que surgi\u00f3 la\u00a0<em>Associa\u00e7\u00e3o Pracatum A\u00e7\u00e3o Social<\/em>, el m\u00fasico brasile\u00f1o cont\u00f3 c\u00f3mo el barrio dej\u00f3 de ser una selva en los a\u00f1os 1970 (despu\u00e9s que el entonces gobernador del estado decidi\u00f3 abrir un nuevo camino hacia el aeropuerto de Salvador, con una carretera pasando por ah\u00ed), y c\u00f3mo la realidad local a\u00f1os m\u00e1s tarde demostr\u00f3 la necesidad de movilizaci\u00f3n y cambio de la comunidad.<\/span><\/p>\n<p style=\"text-align: justify;\"><span style=\"font-weight: 400;\">\u201cCon la carretera que se construy\u00f3 vino el \u2018desarrollo\u2019, y <\/span><span style=\"font-weight: 400;\">ah\u00ed nosotros que viv\u00edamos all\u00ed empezamos a conocer la realidad. Nuestros padres comenzaron a llegar a la edad anciana, y ten\u00edamos que trabajar, pero no est\u00e1bamos preparados, no ten\u00edamos educaci\u00f3n. Hubo una recesi\u00f3n, y pasamos a tener graves problemas sociales, como el alcoholismo y la violencia dom\u00e9stica\u201d, explic\u00f3. \u201cFue un se\u00f1or llamado Mestre Pintado do Bong\u00f4 quien trajo la luz social. Era un m\u00fasico que estaba casi desistiendo de su profesi\u00f3n, porque la m\u00fasica que hac\u00eda, la m\u00fasica rumbera, estaba en decadencia. Un d\u00eda fui a conocer su toque, y aquello cambi\u00f3 mi vida. \u00c9l abri\u00f3 mi mente para el mundo.\u201d<\/span><\/p>\n<p style=\"text-align: justify;\">Fue Mestre Pintado do Bong\u00f4 (en el documento, Osvaldo Alves da Silva) quien inici\u00f3 a Carlinhos Brown (en el documento de identidad, Antonio Carlos Santos de Freitas) en la percusi\u00f3n. Sin hijos pr\u00f3ximos, \u00e9l lo adopt\u00f3 como a un hijo, y le ense\u00f1\u00f3 todo lo que sab\u00eda en materia de tambores. Cuando Carlinhos avanz\u00f3 con la percusi\u00f3n, comenz\u00f3 a frecuentar el barrio del Pelourinho, donde hab\u00eda un importante movimiento de percusionistas.\u00a0\u201c\u00c9ramos chicos con la convicci\u00f3n de que nuestra disciplina podr\u00eda cambiar lugares, y buscamos aprender. Y all\u00ed aprend\u00ed todo lo que la percusi\u00f3n puede hacer, cumbia, guaracha, murga, tango, candombe\u2026 Pas\u00e9 por todo este estudio y empec\u00e9 a crecer como ciudadano, con mucha alegr\u00eda y mucha disciplina. El problema es que yo saltaba, pero el barrio estaba en la misma situaci\u00f3n\u201d, coment\u00f3.<\/p>\n<div id=\"attachment_13668\" style=\"width: 251px\" class=\"wp-caption alignright\"><a href=\"https:\/\/iberculturaviva.org\/wp-content\/uploads\/2020\/01\/VIII-Brown-e-Mestre-Pintado-Bongo.jpg\"><img loading=\"lazy\" decoding=\"async\" aria-describedby=\"caption-attachment-13668\" class=\"wp-image-13668\" src=\"https:\/\/iberculturaviva.org\/wp-content\/uploads\/2020\/01\/VIII-Brown-e-Mestre-Pintado-Bongo.jpg\" alt=\"\" width=\"241\" height=\"225\" srcset=\"https:\/\/iberculturaviva.org\/wp-content\/uploads\/2020\/01\/VIII-Brown-e-Mestre-Pintado-Bongo.jpg 507w, https:\/\/iberculturaviva.org\/wp-content\/uploads\/2020\/01\/VIII-Brown-e-Mestre-Pintado-Bongo-300x280.jpg 300w, https:\/\/iberculturaviva.org\/wp-content\/uploads\/2020\/01\/VIII-Brown-e-Mestre-Pintado-Bongo-150x140.jpg 150w\" sizes=\"auto, (max-width: 241px) 100vw, 241px\" \/><\/a><p id=\"caption-attachment-13668\" class=\"wp-caption-text\"><a href=\"https:\/\/www.carlinhosbrown.com.br\/bio\/1960-1989\/\">Bebo Vald\u00e9s, Mestre Pintado do Bong\u00f4 y Carlinhos Brown<\/a><\/p><\/div>\n<p style=\"text-align: justify;\"><span style=\"font-weight: 400;\">Cuando comenz\u00f3 a componer m\u00fasicas y a ganar dinero con ellas, Carlinhos Brown pas\u00f3 a poner en pr\u00e1ctica algo que tambi\u00e9n hab\u00eda aprendido con Mestre Pintado do Bong\u00f3:\u00a0 el compartir. Una parte del dinero que recib\u00eda por sus composiciones la guardaba para comer, y la otra era para la comunidad. \u201cHubo un apoyo de la ancestralidad, de la espiritualidad, que me hizo grande. Y me hizo grande no para ser diferente, sino para ser un agente social\u201d, afirm\u00f3 el m\u00fasico, can<\/span><span style=\"font-weight: 400;\">tante, compositor, arreglador, productor y agitador cultural<\/span><span style=\"font-weight: 400;\"> que nunca se consider\u00f3 un l\u00edder, \u201csino una mirada atenta junto a otras miradas\u201d.\u00a0<\/span><\/p>\n<p style=\"text-align: justify;\"><span style=\"font-weight: 400;\">\u201cLos percusionistas nos juntamos y todos salieron sabiendo c\u00f3mo hacer lo que yo estaba haciendo. Conseguimos crear nuevas formas de liderar la comunidad, y eso ha sido una revoluci\u00f3n\u201d, resalt\u00f3 Brown. <\/span><span style=\"font-weight: 400;\">\u201cA<\/span><span style=\"font-weight: 400;\">s\u00ed empezamos a buscar un movimiento de alfabetizaci\u00f3n, porque el autob\u00fas pasaba y la gente no sab\u00eda cu\u00e1l tomar. Invit\u00e9 a psic\u00f3logos, pedagogos, t\u00e9cnicos, profesores, y comenzamos a tener un desarrollo social colectivo. La comunidad hablaba de sus necesidades en encuentros como este, y con ello fuimos buscar escuelas para los ni\u00f1os, buscar saneamiento, buscar una forma de que las casas no se vinieran abajo con las lluvias, y as\u00ed las cosas fueron saliendo.\u201d<\/span><\/p>\n<p style=\"text-align: justify;\"><span style=\"font-weight: 400;\">Por algunos a\u00f1os fue Carlinhos Brown quien financi\u00f3 el proyecto; hoy en d\u00eda, la Asociaci\u00f3n Pracatum se sostiene con recursos y servicios de organismos internacionales, gubernamentales, instituciones de ense\u00f1anza, empresas y asociaciones del tercer sector. La entidad tambi\u00e9n es uno de los Puntos de Cultura certificados por el gobierno federal.\u00a0\u00a0<\/span><\/p>\n<p>&nbsp;<\/p>\n<p><iframe loading=\"lazy\" title=\"Pracatum   Territorio Candeal 2014\" width=\"500\" height=\"281\" src=\"https:\/\/www.youtube.com\/embed\/rhQrbny118g?feature=oembed\" frameborder=\"0\" allow=\"accelerometer; autoplay; clipboard-write; encrypted-media; gyroscope; picture-in-picture; web-share\" referrerpolicy=\"strict-origin-when-cross-origin\" allowfullscreen><\/iframe><\/p>\n<h4><\/h4>\n<h4><b>C\u00f3mo funciona<\/b><\/h4>\n<p style=\"text-align: justify;\"><span style=\"font-weight: 400;\">La Asociaci\u00f3n Pracatum es una organizaci\u00f3n de la sociedad civil, sin fines de lucro, que surge de la necesidad de profesionalizaci\u00f3n de la comunidad y de la b\u00fasqueda de alternativas para mejorar la calidad de vida de sus habitantes. Sus<\/span><span style=\"font-weight: 400;\"> actividades se dividen en dos programas principales: <\/span><em><span style=\"font-weight: 400;\">T\u00e1 Rebocado<\/span><\/em><span style=\"font-weight: 400;\">, orientado al desarrollo comunitario, y <\/span><em><span style=\"font-weight: 400;\">Pracatum<\/span><\/em><span style=\"font-weight: 400;\">, la escuela de m\u00fasica y tecnolog\u00edas. A partir de estos dos ejes se desarrolla una serie de proyectos educativos, culturales, de urbanizaci\u00f3n y saneamiento del barrio.\u00a0<\/span><\/p>\n<p style=\"text-align: justify;\"><span style=\"font-weight: 400;\">El programa de desarrollo comunitario de Candeal se inicia en 1994 con el objetivo de promover la transformaci\u00f3n social a partir de las necesidades de la comunidad, siempre respetando la realidad local y las subjetividades de sus habitantes. (\u201c<\/span><em><span style=\"font-weight: 400;\">T\u00e1 Rebocado<\/span><\/em><span style=\"font-weight: 400;\">\u201d es una jerga local, popular en la d\u00e9cada de 1990, que designa confirmaci\u00f3n, asertividad.)\u00a0<\/span><\/p>\n<p style=\"text-align: justify;\"><span style=\"font-weight: 400;\">El proyecto tiene como filosof\u00eda la construcci\u00f3n comunitaria, participativa y democr\u00e1tica. Los pobladores del barrio han sido la base legitimadora del proceso, pues identifican las reales necesidades vivenciadas en la comunidad y colaboran con soluciones pr\u00e1cticas y tangibles. La participaci\u00f3n activa de la comunidad ha sido un factor preponderante, desde la fase de identificaci\u00f3n de demandas hasta el momento de construcci\u00f3n de propuestas, de implementaci\u00f3n y ejecuci\u00f3n de las actividades, as\u00ed como de seguimiento y evaluaci\u00f3n de los procesos iniciados.<\/span><\/p>\n<p style=\"text-align: justify;\"><span style=\"font-weight: 400;\">A lo largo de estos a\u00f1os, el programa ha logrado resultados como la ampliaci\u00f3n de las redes de cloacas y saneamiento urbano, abastecimiento de agua y electricidad; la construcci\u00f3n de 120 unidades habitacionales; mejoras en 50 residencias; pintura y revoco en 60 casas; mejora en la cancha de f\u00fatbol; el fortalecimiento de microempresas, a trav\u00e9s de cursos de capacitaci\u00f3n; la implementaci\u00f3n de un centro de salud; la creaci\u00f3n de una escuela infantil; la formaci\u00f3n de una escuela de m\u00fasica, y la construcci\u00f3n de dos plazas p\u00fablicas.<\/span><\/p>\n\n\t\t<style type=\"text\/css\">\n\t\t\t#gallery-1 {\n\t\t\t\tmargin: auto;\n\t\t\t}\n\t\t\t#gallery-1 .gallery-item {\n\t\t\t\tfloat: left;\n\t\t\t\tmargin-top: 10px;\n\t\t\t\ttext-align: center;\n\t\t\t\twidth: 50%;\n\t\t\t}\n\t\t\t#gallery-1 img {\n\t\t\t\tborder: 2px solid #cfcfcf;\n\t\t\t}\n\t\t\t#gallery-1 .gallery-caption {\n\t\t\t\tmargin-left: 0;\n\t\t\t}\n\t\t\t\/* see gallery_shortcode() in wp-includes\/media.php *\/\n\t\t<\/style>\n\t\t<div id='gallery-1' class='gallery galleryid-15933 gallery-columns-2 gallery-size-medium'><dl class='gallery-item'>\n\t\t\t<dt class='gallery-icon landscape'>\n\t\t\t\t<a href='https:\/\/iberculturaviva.org\/es\/pracatum-auladj-2\/'><img loading=\"lazy\" decoding=\"async\" width=\"300\" height=\"202\" src=\"https:\/\/iberculturaviva.org\/wp-content\/uploads\/2020\/01\/pracatum-aulaDJ-460x310.jpg\" class=\"attachment-medium size-medium\" alt=\"\" srcset=\"https:\/\/iberculturaviva.org\/wp-content\/uploads\/2020\/01\/pracatum-aulaDJ-460x310.jpg 460w, https:\/\/iberculturaviva.org\/wp-content\/uploads\/2020\/01\/pracatum-aulaDJ-125x83.jpg 125w\" sizes=\"auto, (max-width: 300px) 100vw, 300px\" \/><\/a>\n\t\t\t<\/dt><\/dl><dl class='gallery-item'>\n\t\t\t<dt class='gallery-icon landscape'>\n\t\t\t\t<a href='https:\/\/iberculturaviva.org\/es\/pracatum-estudio-2\/'><img loading=\"lazy\" decoding=\"async\" width=\"300\" height=\"202\" src=\"https:\/\/iberculturaviva.org\/wp-content\/uploads\/2020\/01\/pracatum-estudio-e1579284931889-460x310.jpg\" class=\"attachment-medium size-medium\" alt=\"\" srcset=\"https:\/\/iberculturaviva.org\/wp-content\/uploads\/2020\/01\/pracatum-estudio-e1579284931889-460x310.jpg 460w, https:\/\/iberculturaviva.org\/wp-content\/uploads\/2020\/01\/pracatum-estudio-e1579284931889-125x84.jpg 125w, https:\/\/iberculturaviva.org\/wp-content\/uploads\/2020\/01\/pracatum-estudio-e1579284931889-529x356.jpg 529w, https:\/\/iberculturaviva.org\/wp-content\/uploads\/2020\/01\/pracatum-estudio-e1579284931889.jpg 539w\" sizes=\"auto, (max-width: 300px) 100vw, 300px\" \/><\/a>\n\t\t\t<\/dt><\/dl><br style=\"clear: both\" \/>\n\t\t<\/div>\n\n<p>&nbsp;<\/p>\n<h4><b>La escuela de m\u00fasica<\/b><\/h4>\n<p style=\"text-align: justify;\"><span style=\"font-weight: 400;\">El programa de m\u00fasica, educaci\u00f3n y cultura de la Asociaci\u00f3n Pracatum utiliza metodolog\u00edas que contribuyen al desarrollo de los alumnos, buscando, m\u00e1s all\u00e1 de la ense\u00f1anza te\u00f3rica, la promoci\u00f3n de una actitud responsable, solidaria y ciudadana.<\/span><\/p>\n<p style=\"text-align: justify;\"><span style=\"font-weight: 400;\">Fundada en 1999, la Pracatum-Escuela de M\u00fasica y Tecnolog\u00edas tiene un enfoque en la ense\u00f1anza t\u00e9cnica y profesional en el campo musical. La escuela se propone a pensar la m\u00fasica a partir de sus m\u00faltiples facetas, buscando capacitar sus alumnos por medio del aprendizaje pr\u00e1ctico de los instrumentos y del estudio de las teor\u00edas musicales, sus repertorios y procesos hist\u00f3ricos. La propuesta pedag\u00f3gica abarca la apropiaci\u00f3n de los ritmos populares y la b\u00fasqueda por innovaciones.<\/span><\/p>\n<p style=\"text-align: justify;\"><span style=\"font-weight: 400;\">Desde su creaci\u00f3n, la escuela ha formado a cerca de 2 mil m\u00fasicos, en un espacio pedag\u00f3gico que proporciona el desarrollo de estudios, investigaciones y producciones en el terreno musical. La estructura dispone de un estudio de grabaci\u00f3n, salas de aula, biblioteca, estudios individuales y para la pr\u00e1ctica en grupo, y una sala con cerca de 400 instrumentos diversificados.<\/span><\/p>\n\n\t\t<style type=\"text\/css\">\n\t\t\t#gallery-2 {\n\t\t\t\tmargin: auto;\n\t\t\t}\n\t\t\t#gallery-2 .gallery-item {\n\t\t\t\tfloat: left;\n\t\t\t\tmargin-top: 10px;\n\t\t\t\ttext-align: center;\n\t\t\t\twidth: 50%;\n\t\t\t}\n\t\t\t#gallery-2 img {\n\t\t\t\tborder: 2px solid #cfcfcf;\n\t\t\t}\n\t\t\t#gallery-2 .gallery-caption {\n\t\t\t\tmargin-left: 0;\n\t\t\t}\n\t\t\t\/* see gallery_shortcode() in wp-includes\/media.php *\/\n\t\t<\/style>\n\t\t<div id='gallery-2' class='gallery galleryid-15933 gallery-columns-2 gallery-size-medium'><dl class='gallery-item'>\n\t\t\t<dt class='gallery-icon landscape'>\n\t\t\t\t<a href='https:\/\/iberculturaviva.org\/es\/pracatum-aula2-2\/'><img loading=\"lazy\" decoding=\"async\" width=\"300\" height=\"202\" src=\"https:\/\/iberculturaviva.org\/wp-content\/uploads\/2020\/01\/pracatum-aula2-460x310.jpg\" class=\"attachment-medium size-medium\" alt=\"\" \/><\/a>\n\t\t\t<\/dt><\/dl><dl class='gallery-item'>\n\t\t\t<dt class='gallery-icon landscape'>\n\t\t\t\t<a href='https:\/\/iberculturaviva.org\/es\/pracatum-aula4-2\/'><img loading=\"lazy\" decoding=\"async\" width=\"300\" height=\"202\" src=\"https:\/\/iberculturaviva.org\/wp-content\/uploads\/2020\/01\/pracatum-aula4-460x310.jpg\" class=\"attachment-medium size-medium\" alt=\"\" srcset=\"https:\/\/iberculturaviva.org\/wp-content\/uploads\/2020\/01\/pracatum-aula4-460x310.jpg 460w, https:\/\/iberculturaviva.org\/wp-content\/uploads\/2020\/01\/pracatum-aula4-125x83.jpg 125w\" sizes=\"auto, (max-width: 300px) 100vw, 300px\" \/><\/a>\n\t\t\t<\/dt><\/dl><br style=\"clear: both\" \/>\n\t\t<\/div>\n\n<p>&nbsp;<\/p>\n<p style=\"text-align: justify;\"><span style=\"font-weight: 400;\">Los cursos de Educaci\u00f3n Profesional T\u00e9cnica ofrecidos por la Pracatum son: Curso T\u00e9cnico en Instrumento Musical (con una carga de 1.200 horas) y Curso T\u00e9cnico en Procesos Fonogr\u00e1ficos (864 horas). Estos cursos fueron reglamentados por el Ministerio de Educaci\u00f3n de Brasil en noviembre de 2014, y las primeras cohortes iniciaron en mayo de 2016.<\/span><\/p>\n<p style=\"text-align: justify;\"><span style=\"font-weight: 400;\">Los cursos, talleres y workshops realizados en la escuela proporcionan a los alumnos diversas vivencias e intercambios. La intenci\u00f3n es prepararlos para el mercado musical, ense\u00f1\u00e1ndoles las etapas de preparaci\u00f3n, producci\u00f3n y difusi\u00f3n de la m\u00fasica, fomentando el respeto y la importancia de todos los profesionales involucrados en el cadena musical.\u00a0<\/span><\/p>\n<h4><\/h4>\n<h4><b>Una referencia iberoamericana<\/b><\/h4>\n<p style=\"text-align: justify;\"><span style=\"font-weight: 400;\"><a href=\"https:\/\/iberculturaviva.org\/wp-content\/uploads\/2020\/01\/pracatum-brown.jpg\"><img loading=\"lazy\" decoding=\"async\" class=\" wp-image-13657 alignright\" src=\"https:\/\/iberculturaviva.org\/wp-content\/uploads\/2020\/01\/pracatum-brown.jpg\" alt=\"\" width=\"232\" height=\"348\" srcset=\"https:\/\/iberculturaviva.org\/wp-content\/uploads\/2020\/01\/pracatum-brown.jpg 640w, https:\/\/iberculturaviva.org\/wp-content\/uploads\/2020\/01\/pracatum-brown-200x300.jpg 200w, https:\/\/iberculturaviva.org\/wp-content\/uploads\/2020\/01\/pracatum-brown-100x150.jpg 100w\" sizes=\"auto, (max-width: 232px) 100vw, 232px\" \/><\/a>Esta historia de c\u00f3mo los vecinos y vecinas de Candeal han logrado mejoras en la parte de vivienda y saneamiento b\u00e1sico a partir de los tambores -y de <\/span><span style=\"font-weight: 400;\">c\u00f3mo la solidaridad, la lucha y el trabajo de un peque\u00f1o grupo de personas pudieron cambiar y mejorar la vida de toda una comunidad- hoy es una referencia para organizaciones culturales comunitarias de varios pa\u00edses de Iberoam\u00e9rica. En el encuentro realizado en Montevideo con Puntos de Cultura de Uruguay y Argentina, los representantes de las organizaciones participantes comentaron c\u00f3mo <\/span><em><span style=\"font-weight: 400;\">El Milagro de Candeal, <\/span><\/em><span style=\"font-weight: 400;\">el documental de Fernando Trueba,<\/span>\u00a0<span style=\"font-weight: 400;\">les sirvi\u00f3 de inspiraci\u00f3n para desarrollar los trabajos en sus territorios.<\/span><\/p>\n<p style=\"text-align: justify;\"><span style=\"font-weight: 400;\">Para Fernando Trueba, Carlinhos Brown comenz\u00f3 a desarrollar esta serie de acciones musicales y sociales, a las que pronto se sumaron otras personas, porque sab\u00eda que la m\u00fasica le hab\u00eda salvado y crey\u00f3 que pod\u00eda representar lo mismo para los dem\u00e1s j\u00f3venes. \u201cCarlinhos tiene muy desarrollado el sentido de la responsabilidad hacia su comunidad\u201d, coment\u00f3 el cineasta. \u201cEs un espejo para muchos chicos e intenta repartir esa responsabilidad para que Candeal no sea s\u00f3lo \u00e9l. Es la reencarnaci\u00f3n perfecta de Peter Pan: cuida de los ni\u00f1os, los organiza, los hace vivir aventuras, fabrica una realidad\u201d.\u00a0<\/span><\/p>\n<p>&nbsp;<\/p>\n<h4><em><strong>(*) Texto publicado el 17 de enero de 2020<\/strong><\/em><\/h4>\n<p>.<\/p>\n<p><strong>Conoce m\u00e1s sobre Pracatum<\/strong>:<\/p>\n<p><strong>P\u00e1gina web<\/strong>: <a href=\"https:\/\/www.pracatum.org.br\/\">https:\/\/www.pracatum.org.br\/<\/a><\/p>\n<p><strong>Facebook<\/strong>: <a href=\"https:\/\/www.facebook.com\/pracatum\/\">https:\/\/www.facebook.com\/pracatum\/<\/a><\/p>\n<p><strong>YouTube<\/strong>: <a href=\"https:\/\/www.youtube.com\/user\/apracatum\">https:\/\/www.youtube.com\/user\/apracatum<\/a><\/p>\n<p>&nbsp;<\/p>\n<h4>(Fotos: Associa\u00e7\u00e3o Pracatum A\u00e7\u00e3o Social)<\/h4>\n<p>&nbsp;<\/p>\n<p><iframe loading=\"lazy\" title=\"Candeal visto por Fernando Trueba\" width=\"500\" height=\"281\" src=\"https:\/\/www.youtube.com\/embed\/AO_dzAGBeOk?feature=oembed\" frameborder=\"0\" allow=\"accelerometer; autoplay; clipboard-write; encrypted-media; gyroscope; picture-in-picture; web-share\" referrerpolicy=\"strict-origin-when-cross-origin\" allowfullscreen><\/iframe><\/p>\n<p>&nbsp;<\/p>\n<p>&nbsp;<\/p>\n<p>&nbsp;<\/p>\n<p>&nbsp;<\/p>\n<p>&nbsp;<\/p>\n","protected":false},"excerpt":{"rendered":"<p>Candeal Pequeno es una comunidad donde se respira m\u00fasica. En este barrio de Salvador de Bah\u00eda (Brasil) donde naci\u00f3 el m\u00fasico Carlinhos Brown, distintos percusionistas se juntaron y abrieron puertas [&hellip;]<\/p>\n","protected":false},"author":2,"featured_media":30801,"menu_order":0,"template":"","categories":[],"tags":[],"country-municipality":[679,795],"type-opportunity":[],"class_list":["post-15933","portfolio","type-portfolio","status-publish","has-post-thumbnail","hentry","country-municipality-brasil","country-municipality-brasil-es"],"yoast_head":"<!-- This site is optimized with the Yoast SEO plugin v25.7 - https:\/\/yoast.com\/wordpress\/plugins\/seo\/ -->\n<title>La Asociaci\u00f3n Pracatum y la revoluci\u00f3n de los tambores en Candeal: m\u00fasica, educaci\u00f3n y desarrollo comunitario - IberCultura Viva<\/title>\n<meta name=\"description\" content=\"La Asociaci\u00f3n Pracatum y la revoluci\u00f3n de los tambores en Candeal: m\u00fasica, educaci\u00f3n y desarrollo comunitario - IberCultura Viva\" \/>\n<meta name=\"robots\" content=\"index, follow, max-snippet:-1, max-image-preview:large, max-video-preview:-1\" \/>\n<link rel=\"canonical\" href=\"https:\/\/iberculturaviva.org\/es\/portfolio\/la-asociacion-pracatum-y-la-revolucion-de-los-tambores-en-candeal-musica-educacion-y-desarrollo-comunitario\/\" \/>\n<meta property=\"og:locale\" content=\"es_ES\" \/>\n<meta property=\"og:type\" content=\"article\" \/>\n<meta property=\"og:title\" content=\"La Asociaci\u00f3n Pracatum y la revoluci\u00f3n de los tambores en Candeal: m\u00fasica, educaci\u00f3n y desarrollo comunitario - IberCultura Viva\" \/>\n<meta property=\"og:description\" content=\"La Asociaci\u00f3n Pracatum y la revoluci\u00f3n de los tambores en Candeal: m\u00fasica, educaci\u00f3n y desarrollo comunitario - IberCultura Viva\" \/>\n<meta property=\"og:url\" content=\"https:\/\/iberculturaviva.org\/es\/portfolio\/la-asociacion-pracatum-y-la-revolucion-de-los-tambores-en-candeal-musica-educacion-y-desarrollo-comunitario\/\" \/>\n<meta property=\"og:site_name\" content=\"IberCultura Viva\" \/>\n<meta property=\"article:publisher\" content=\"https:\/\/www.facebook.com\/iberculturaviva\/\" \/>\n<meta property=\"article:modified_time\" content=\"2023-06-30T14:55:13+00:00\" \/>\n<meta property=\"og:image\" content=\"https:\/\/iberculturaviva.org\/wp-content\/uploads\/2020\/01\/pracatum3.jpg\" \/>\n\t<meta property=\"og:image:width\" content=\"808\" \/>\n\t<meta property=\"og:image:height\" content=\"646\" \/>\n\t<meta property=\"og:image:type\" content=\"image\/jpeg\" \/>\n<meta name=\"twitter:card\" content=\"summary_large_image\" \/>\n<meta name=\"twitter:label1\" content=\"Tiempo de lectura\" \/>\n\t<meta name=\"twitter:data1\" content=\"10 minutos\" \/>\n<script type=\"application\/ld+json\" class=\"yoast-schema-graph\">{\"@context\":\"https:\/\/schema.org\",\"@graph\":[{\"@type\":\"WebPage\",\"@id\":\"https:\/\/iberculturaviva.org\/es\/portfolio\/la-asociacion-pracatum-y-la-revolucion-de-los-tambores-en-candeal-musica-educacion-y-desarrollo-comunitario\/\",\"url\":\"https:\/\/iberculturaviva.org\/es\/portfolio\/la-asociacion-pracatum-y-la-revolucion-de-los-tambores-en-candeal-musica-educacion-y-desarrollo-comunitario\/\",\"name\":\"La Asociaci\u00f3n Pracatum y la revoluci\u00f3n de los tambores en Candeal: m\u00fasica, educaci\u00f3n y desarrollo comunitario - IberCultura Viva\",\"isPartOf\":{\"@id\":\"https:\/\/iberculturaviva.org\/es\/?lang=es\/#website\"},\"primaryImageOfPage\":{\"@id\":\"https:\/\/iberculturaviva.org\/es\/portfolio\/la-asociacion-pracatum-y-la-revolucion-de-los-tambores-en-candeal-musica-educacion-y-desarrollo-comunitario\/#primaryimage\"},\"image\":{\"@id\":\"https:\/\/iberculturaviva.org\/es\/portfolio\/la-asociacion-pracatum-y-la-revolucion-de-los-tambores-en-candeal-musica-educacion-y-desarrollo-comunitario\/#primaryimage\"},\"thumbnailUrl\":\"https:\/\/iberculturaviva.org\/wp-content\/uploads\/2020\/01\/pracatum3.jpg\",\"datePublished\":\"2020-01-17T19:28:21+00:00\",\"dateModified\":\"2023-06-30T14:55:13+00:00\",\"description\":\"La Asociaci\u00f3n Pracatum y la revoluci\u00f3n de los tambores en Candeal: m\u00fasica, educaci\u00f3n y desarrollo comunitario - IberCultura Viva\",\"breadcrumb\":{\"@id\":\"https:\/\/iberculturaviva.org\/es\/portfolio\/la-asociacion-pracatum-y-la-revolucion-de-los-tambores-en-candeal-musica-educacion-y-desarrollo-comunitario\/#breadcrumb\"},\"inLanguage\":\"es\",\"potentialAction\":[{\"@type\":\"ReadAction\",\"target\":[\"https:\/\/iberculturaviva.org\/es\/portfolio\/la-asociacion-pracatum-y-la-revolucion-de-los-tambores-en-candeal-musica-educacion-y-desarrollo-comunitario\/\"]}]},{\"@type\":\"ImageObject\",\"inLanguage\":\"es\",\"@id\":\"https:\/\/iberculturaviva.org\/es\/portfolio\/la-asociacion-pracatum-y-la-revolucion-de-los-tambores-en-candeal-musica-educacion-y-desarrollo-comunitario\/#primaryimage\",\"url\":\"https:\/\/iberculturaviva.org\/wp-content\/uploads\/2020\/01\/pracatum3.jpg\",\"contentUrl\":\"https:\/\/iberculturaviva.org\/wp-content\/uploads\/2020\/01\/pracatum3.jpg\",\"width\":808,\"height\":646},{\"@type\":\"BreadcrumbList\",\"@id\":\"https:\/\/iberculturaviva.org\/es\/portfolio\/la-asociacion-pracatum-y-la-revolucion-de-los-tambores-en-candeal-musica-educacion-y-desarrollo-comunitario\/#breadcrumb\",\"itemListElement\":[{\"@type\":\"ListItem\",\"position\":1,\"name\":\"In\u00edcio\",\"item\":\"https:\/\/iberculturaviva.org\/es\/inicio\/\"},{\"@type\":\"ListItem\",\"position\":2,\"name\":\"Experi\u00eancias\",\"item\":\"https:\/\/iberculturaviva.org\/es\/portfolio\/\"},{\"@type\":\"ListItem\",\"position\":3,\"name\":\"La Asociaci\u00f3n Pracatum y la revoluci\u00f3n de los tambores en Candeal: m\u00fasica, educaci\u00f3n y desarrollo comunitario\"}]},{\"@type\":\"WebSite\",\"@id\":\"https:\/\/iberculturaviva.org\/es\/?lang=es\/#website\",\"url\":\"https:\/\/iberculturaviva.org\/es\/?lang=es\/\",\"name\":\"IberCultura Viva\",\"description\":\"Programa de cooperaci\u00f3n cultural\",\"publisher\":{\"@id\":\"https:\/\/iberculturaviva.org\/es\/?lang=es\/#organization\"},\"potentialAction\":[{\"@type\":\"SearchAction\",\"target\":{\"@type\":\"EntryPoint\",\"urlTemplate\":\"https:\/\/iberculturaviva.org\/es\/?lang=es\/?s={search_term_string}\"},\"query-input\":{\"@type\":\"PropertyValueSpecification\",\"valueRequired\":true,\"valueName\":\"search_term_string\"}}],\"inLanguage\":\"es\"},{\"@type\":\"Organization\",\"@id\":\"https:\/\/iberculturaviva.org\/es\/?lang=es\/#organization\",\"name\":\"Iberculturaviva\",\"url\":\"https:\/\/iberculturaviva.org\/es\/?lang=es\/\",\"logo\":{\"@type\":\"ImageObject\",\"inLanguage\":\"es\",\"@id\":\"https:\/\/iberculturaviva.org\/es\/?lang=es\/#\/schema\/logo\/image\/\",\"url\":\"https:\/\/iberculturaviva.org\/wp-content\/uploads\/2021\/08\/logo_ibercultura_viva.jpg\",\"contentUrl\":\"https:\/\/iberculturaviva.org\/wp-content\/uploads\/2021\/08\/logo_ibercultura_viva.jpg\",\"width\":708,\"height\":223,\"caption\":\"Iberculturaviva\"},\"image\":{\"@id\":\"https:\/\/iberculturaviva.org\/es\/?lang=es\/#\/schema\/logo\/image\/\"},\"sameAs\":[\"https:\/\/www.facebook.com\/iberculturaviva\/\",\"https:\/\/www.instagram.com\/iberculturaviva\/\",\"https:\/\/www.youtube.com\/iberculturaviva\"]}]}<\/script>\n<!-- \/ Yoast SEO plugin. -->","yoast_head_json":{"title":"La Asociaci\u00f3n Pracatum y la revoluci\u00f3n de los tambores en Candeal: m\u00fasica, educaci\u00f3n y desarrollo comunitario - IberCultura Viva","description":"La Asociaci\u00f3n Pracatum y la revoluci\u00f3n de los tambores en Candeal: m\u00fasica, educaci\u00f3n y desarrollo comunitario - IberCultura Viva","robots":{"index":"index","follow":"follow","max-snippet":"max-snippet:-1","max-image-preview":"max-image-preview:large","max-video-preview":"max-video-preview:-1"},"canonical":"https:\/\/iberculturaviva.org\/es\/portfolio\/la-asociacion-pracatum-y-la-revolucion-de-los-tambores-en-candeal-musica-educacion-y-desarrollo-comunitario\/","og_locale":"es_ES","og_type":"article","og_title":"La Asociaci\u00f3n Pracatum y la revoluci\u00f3n de los tambores en Candeal: m\u00fasica, educaci\u00f3n y desarrollo comunitario - IberCultura Viva","og_description":"La Asociaci\u00f3n Pracatum y la revoluci\u00f3n de los tambores en Candeal: m\u00fasica, educaci\u00f3n y desarrollo comunitario - IberCultura Viva","og_url":"https:\/\/iberculturaviva.org\/es\/portfolio\/la-asociacion-pracatum-y-la-revolucion-de-los-tambores-en-candeal-musica-educacion-y-desarrollo-comunitario\/","og_site_name":"IberCultura Viva","article_publisher":"https:\/\/www.facebook.com\/iberculturaviva\/","article_modified_time":"2023-06-30T14:55:13+00:00","og_image":[{"width":808,"height":646,"url":"https:\/\/iberculturaviva.org\/wp-content\/uploads\/2020\/01\/pracatum3.jpg","type":"image\/jpeg"}],"twitter_card":"summary_large_image","twitter_misc":{"Tiempo de lectura":"10 minutos"},"schema":{"@context":"https:\/\/schema.org","@graph":[{"@type":"WebPage","@id":"https:\/\/iberculturaviva.org\/es\/portfolio\/la-asociacion-pracatum-y-la-revolucion-de-los-tambores-en-candeal-musica-educacion-y-desarrollo-comunitario\/","url":"https:\/\/iberculturaviva.org\/es\/portfolio\/la-asociacion-pracatum-y-la-revolucion-de-los-tambores-en-candeal-musica-educacion-y-desarrollo-comunitario\/","name":"La Asociaci\u00f3n Pracatum y la revoluci\u00f3n de los tambores en Candeal: m\u00fasica, educaci\u00f3n y desarrollo comunitario - IberCultura Viva","isPartOf":{"@id":"https:\/\/iberculturaviva.org\/es\/?lang=es\/#website"},"primaryImageOfPage":{"@id":"https:\/\/iberculturaviva.org\/es\/portfolio\/la-asociacion-pracatum-y-la-revolucion-de-los-tambores-en-candeal-musica-educacion-y-desarrollo-comunitario\/#primaryimage"},"image":{"@id":"https:\/\/iberculturaviva.org\/es\/portfolio\/la-asociacion-pracatum-y-la-revolucion-de-los-tambores-en-candeal-musica-educacion-y-desarrollo-comunitario\/#primaryimage"},"thumbnailUrl":"https:\/\/iberculturaviva.org\/wp-content\/uploads\/2020\/01\/pracatum3.jpg","datePublished":"2020-01-17T19:28:21+00:00","dateModified":"2023-06-30T14:55:13+00:00","description":"La Asociaci\u00f3n Pracatum y la revoluci\u00f3n de los tambores en Candeal: m\u00fasica, educaci\u00f3n y desarrollo comunitario - IberCultura Viva","breadcrumb":{"@id":"https:\/\/iberculturaviva.org\/es\/portfolio\/la-asociacion-pracatum-y-la-revolucion-de-los-tambores-en-candeal-musica-educacion-y-desarrollo-comunitario\/#breadcrumb"},"inLanguage":"es","potentialAction":[{"@type":"ReadAction","target":["https:\/\/iberculturaviva.org\/es\/portfolio\/la-asociacion-pracatum-y-la-revolucion-de-los-tambores-en-candeal-musica-educacion-y-desarrollo-comunitario\/"]}]},{"@type":"ImageObject","inLanguage":"es","@id":"https:\/\/iberculturaviva.org\/es\/portfolio\/la-asociacion-pracatum-y-la-revolucion-de-los-tambores-en-candeal-musica-educacion-y-desarrollo-comunitario\/#primaryimage","url":"https:\/\/iberculturaviva.org\/wp-content\/uploads\/2020\/01\/pracatum3.jpg","contentUrl":"https:\/\/iberculturaviva.org\/wp-content\/uploads\/2020\/01\/pracatum3.jpg","width":808,"height":646},{"@type":"BreadcrumbList","@id":"https:\/\/iberculturaviva.org\/es\/portfolio\/la-asociacion-pracatum-y-la-revolucion-de-los-tambores-en-candeal-musica-educacion-y-desarrollo-comunitario\/#breadcrumb","itemListElement":[{"@type":"ListItem","position":1,"name":"In\u00edcio","item":"https:\/\/iberculturaviva.org\/es\/inicio\/"},{"@type":"ListItem","position":2,"name":"Experi\u00eancias","item":"https:\/\/iberculturaviva.org\/es\/portfolio\/"},{"@type":"ListItem","position":3,"name":"La Asociaci\u00f3n Pracatum y la revoluci\u00f3n de los tambores en Candeal: m\u00fasica, educaci\u00f3n y desarrollo comunitario"}]},{"@type":"WebSite","@id":"https:\/\/iberculturaviva.org\/es\/?lang=es\/#website","url":"https:\/\/iberculturaviva.org\/es\/?lang=es\/","name":"IberCultura Viva","description":"Programa de cooperaci\u00f3n cultural","publisher":{"@id":"https:\/\/iberculturaviva.org\/es\/?lang=es\/#organization"},"potentialAction":[{"@type":"SearchAction","target":{"@type":"EntryPoint","urlTemplate":"https:\/\/iberculturaviva.org\/es\/?lang=es\/?s={search_term_string}"},"query-input":{"@type":"PropertyValueSpecification","valueRequired":true,"valueName":"search_term_string"}}],"inLanguage":"es"},{"@type":"Organization","@id":"https:\/\/iberculturaviva.org\/es\/?lang=es\/#organization","name":"Iberculturaviva","url":"https:\/\/iberculturaviva.org\/es\/?lang=es\/","logo":{"@type":"ImageObject","inLanguage":"es","@id":"https:\/\/iberculturaviva.org\/es\/?lang=es\/#\/schema\/logo\/image\/","url":"https:\/\/iberculturaviva.org\/wp-content\/uploads\/2021\/08\/logo_ibercultura_viva.jpg","contentUrl":"https:\/\/iberculturaviva.org\/wp-content\/uploads\/2021\/08\/logo_ibercultura_viva.jpg","width":708,"height":223,"caption":"Iberculturaviva"},"image":{"@id":"https:\/\/iberculturaviva.org\/es\/?lang=es\/#\/schema\/logo\/image\/"},"sameAs":["https:\/\/www.facebook.com\/iberculturaviva\/","https:\/\/www.instagram.com\/iberculturaviva\/","https:\/\/www.youtube.com\/iberculturaviva"]}]}},"_links":{"self":[{"href":"https:\/\/iberculturaviva.org\/es\/wp-json\/wp\/v2\/portfolio\/15933","targetHints":{"allow":["GET"]}}],"collection":[{"href":"https:\/\/iberculturaviva.org\/es\/wp-json\/wp\/v2\/portfolio"}],"about":[{"href":"https:\/\/iberculturaviva.org\/es\/wp-json\/wp\/v2\/types\/portfolio"}],"author":[{"embeddable":true,"href":"https:\/\/iberculturaviva.org\/es\/wp-json\/wp\/v2\/users\/2"}],"version-history":[{"count":0,"href":"https:\/\/iberculturaviva.org\/es\/wp-json\/wp\/v2\/portfolio\/15933\/revisions"}],"wp:featuredmedia":[{"embeddable":true,"href":"https:\/\/iberculturaviva.org\/es\/wp-json\/wp\/v2\/media\/30801"}],"wp:attachment":[{"href":"https:\/\/iberculturaviva.org\/es\/wp-json\/wp\/v2\/media?parent=15933"}],"wp:term":[{"taxonomy":"category","embeddable":true,"href":"https:\/\/iberculturaviva.org\/es\/wp-json\/wp\/v2\/categories?post=15933"},{"taxonomy":"post_tag","embeddable":true,"href":"https:\/\/iberculturaviva.org\/es\/wp-json\/wp\/v2\/tags?post=15933"},{"taxonomy":"country-municipality","embeddable":true,"href":"https:\/\/iberculturaviva.org\/es\/wp-json\/wp\/v2\/country-municipality?post=15933"},{"taxonomy":"type-opportunity","embeddable":true,"href":"https:\/\/iberculturaviva.org\/es\/wp-json\/wp\/v2\/type-opportunity?post=15933"}],"curies":[{"name":"wp","href":"https:\/\/api.w.org\/{rel}","templated":true}]}}