{"id":15921,"date":"2017-03-28T14:08:25","date_gmt":"2017-03-28T17:08:25","guid":{"rendered":"https:\/\/iberculturaviva.org\/portfolio\/arena-y-esteras-y-el-derecho-a-la-sonrisa-25-anos-haciendo-del-arte-un-camino\/"},"modified":"2021-02-09T10:13:39","modified_gmt":"2021-02-09T13:13:39","slug":"arena-y-esteras-y-el-derecho-a-la-sonrisa-25-anos-haciendo-del-arte-un-camino","status":"publish","type":"portfolio","link":"https:\/\/iberculturaviva.org\/es\/portfolio\/arena-y-esteras-y-el-derecho-a-la-sonrisa-25-anos-haciendo-del-arte-un-camino\/","title":{"rendered":"Arena y Esteras y \u201cel derecho a la sonrisa\u201d: 25 a\u00f1os haciendo del arte un camino"},"content":{"rendered":"<p style=\"text-align: justify;\"><span style=\"font-weight: 400;\">El 15 de febrero de 1992, Mar\u00eda Elena Moyano, dirigente de la Federaci\u00f3n Popular de Mujeres de Villa El Salvador, en Lima (Per\u00fa), fue asesinada por un comando del grupo terrorista Sendero Luminoso. Un poco despu\u00e9s, en marzo, un grupo de j\u00f3venes de la Villa, provenientes de diferentes experiencias de organizaci\u00f3n comunitaria, decidi\u00f3 realizar una labor de animaci\u00f3n para luchar contra el miedo. \u00bfSu lema? \u00abPor el derecho a la sonrisa\u00bb. Saliendo a las calles con tambores, narices rojas y zancos, Arena y Esteras iniciaba as\u00ed su andar en la historia.<\/span><\/p>\n<div id=\"attachment_6272\" style=\"width: 658px\" class=\"wp-caption aligncenter\"><a href=\"https:\/\/iberculturaviva.org\/wp-content\/uploads\/2017\/03\/17212024_1441529555888483_5313330991946973488_o-2.jpg\"><img loading=\"lazy\" decoding=\"async\" aria-describedby=\"caption-attachment-6272\" class=\"wp-image-6272\" src=\"https:\/\/iberculturaviva.org\/wp-content\/uploads\/2017\/03\/17212024_1441529555888483_5313330991946973488_o-2.jpg\" alt=\"\" width=\"648\" height=\"372\" srcset=\"https:\/\/iberculturaviva.org\/wp-content\/uploads\/2017\/03\/17212024_1441529555888483_5313330991946973488_o-2.jpg 868w, https:\/\/iberculturaviva.org\/wp-content\/uploads\/2017\/03\/17212024_1441529555888483_5313330991946973488_o-2-300x172.jpg 300w, https:\/\/iberculturaviva.org\/wp-content\/uploads\/2017\/03\/17212024_1441529555888483_5313330991946973488_o-2-150x86.jpg 150w, https:\/\/iberculturaviva.org\/wp-content\/uploads\/2017\/03\/17212024_1441529555888483_5313330991946973488_o-2-768x441.jpg 768w\" sizes=\"auto, (max-width: 648px) 100vw, 648px\" \/><\/a><p id=\"caption-attachment-6272\" class=\"wp-caption-text\">Mural con la imagen de Maria Elena Moyano en el 9\u00ba Festival Nosotras Estamos en la Calle<\/p><\/div>\n<p style=\"text-align: justify;\"><span style=\"font-weight: 400;\">Hay mucho que contar sobre la t<\/span><span style=\"font-weight: 400;\">rayectoria de esta asociaci\u00f3n sin fines de lucro conformada por artistas, educadores y l\u00edderes comprometidos con la comunidad, y reconocida como uno de los Puntos de Cultura de Per\u00fa. Fueron 25 a\u00f1os de r<\/span><span style=\"font-weight: 400;\">esistencia y crecimiento, desde que aquellos j\u00f3venes decidieron salir a las calles organizando peque\u00f1os festivales en los barrios con pasacalles, talleres art\u00edsticos y presentaciones sobre temas prioritarios para la poblaci\u00f3n. \u201cNo hacemos el arte que queremos, sino el que se necesita, y por su urgencia es el que brota con la fuerza del coraz\u00f3n y la fe de las manos trenzadas en el futuro\u201d, afirman.<\/span><\/p>\n<p style=\"text-align: justify;\"><span style=\"font-weight: 400;\">Con una propuesta art\u00edstica sostenida en la organizaci\u00f3n comunitaria y una agenda cultural construida en base a la problem\u00e1tica social, Arte y Arenas\u00a0asume la capacidad creadora de la gente como una estrategia art\u00edstica que hace posible la capacidad de vivir, de ser resilientes y sin\u00e9rgicos, usando para ello el teatro, el circo, la m\u00fasica, la danza y las artes pl\u00e1sticas. <\/span><\/p>\n<p><a href=\"https:\/\/iberculturaviva.org\/wp-content\/uploads\/2017\/03\/arenayesteras2.jpg\"><img loading=\"lazy\" decoding=\"async\" class=\"aligncenter wp-image-6263\" src=\"https:\/\/iberculturaviva.org\/wp-content\/uploads\/2017\/03\/arenayesteras2.jpg\" alt=\"\" width=\"644\" height=\"452\" srcset=\"https:\/\/iberculturaviva.org\/wp-content\/uploads\/2017\/03\/arenayesteras2.jpg 564w, https:\/\/iberculturaviva.org\/wp-content\/uploads\/2017\/03\/arenayesteras2-300x211.jpg 300w, https:\/\/iberculturaviva.org\/wp-content\/uploads\/2017\/03\/arenayesteras2-150x105.jpg 150w\" sizes=\"auto, (max-width: 644px) 100vw, 644px\" \/><\/a><\/p>\n\n\t\t<style type=\"text\/css\">\n\t\t\t#gallery-1 {\n\t\t\t\tmargin: auto;\n\t\t\t}\n\t\t\t#gallery-1 .gallery-item {\n\t\t\t\tfloat: left;\n\t\t\t\tmargin-top: 10px;\n\t\t\t\ttext-align: center;\n\t\t\t\twidth: 50%;\n\t\t\t}\n\t\t\t#gallery-1 img {\n\t\t\t\tborder: 2px solid #cfcfcf;\n\t\t\t}\n\t\t\t#gallery-1 .gallery-caption {\n\t\t\t\tmargin-left: 0;\n\t\t\t}\n\t\t\t\/* see gallery_shortcode() in wp-includes\/media.php *\/\n\t\t<\/style>\n\t\t<div id='gallery-1' class='gallery galleryid-15921 gallery-columns-2 gallery-size-medium'><dl class='gallery-item'>\n\t\t\t<dt class='gallery-icon landscape'>\n\t\t\t\t<a href='https:\/\/iberculturaviva.org\/es\/portfolio\/arena-y-esteras-y-el-derecho-a-la-sonrisa-25-anos-haciendo-del-arte-un-camino\/konica-minolta-digital-camera\/'><img loading=\"lazy\" decoding=\"async\" width=\"300\" height=\"202\" src=\"https:\/\/iberculturaviva.org\/wp-content\/uploads\/2017\/03\/arenayesteras6-460x310.jpg\" class=\"attachment-medium size-medium\" alt=\"\" \/><\/a>\n\t\t\t<\/dt><\/dl><dl class='gallery-item'>\n\t\t\t<dt class='gallery-icon landscape'>\n\t\t\t\t<a href='https:\/\/iberculturaviva.org\/es\/portfolio\/arena-y-esteras-y-el-derecho-a-la-sonrisa-25-anos-haciendo-del-arte-un-camino\/arenayesteras3\/'><img loading=\"lazy\" decoding=\"async\" width=\"300\" height=\"202\" src=\"https:\/\/iberculturaviva.org\/wp-content\/uploads\/2017\/03\/arenayesteras3-460x310.jpg\" class=\"attachment-medium size-medium\" alt=\"\" srcset=\"https:\/\/iberculturaviva.org\/wp-content\/uploads\/2017\/03\/arenayesteras3-460x310.jpg 460w, https:\/\/iberculturaviva.org\/wp-content\/uploads\/2017\/03\/arenayesteras3-125x83.jpg 125w\" sizes=\"auto, (max-width: 300px) 100vw, 300px\" \/><\/a>\n\t\t\t<\/dt><\/dl><br style=\"clear: both\" \/>\n\t\t<\/div>\n\n<h4 style=\"text-align: justify;\"><b>La estructura<\/b><\/h4>\n<p style=\"text-align: justify;\"><span style=\"font-weight: 400;\">La Casa Cultural Arena y Esteras est\u00e1 equipada con galer\u00eda, biblioteca, sala de teatro y danza, cocina, comedor, centro de atenci\u00f3n infantil. M\u00e1s de 10 mil personas pasan por all\u00ed cada a\u00f1o, entre talleres, festivales y exposiciones. La organizaci\u00f3n tambi\u00e9n cuenta con una escuela de circo social, un festival anual (Festicirco), un taller de teatro comunitario con mujeres y otro para j\u00f3venes, adem\u00e1s de la escuela de arte para ni\u00f1os. <\/span><\/p>\n<p style=\"text-align: justify;\"><span style=\"font-weight: 400;\">El Encuentro Anual de Arte y Memoria, as\u00ed como el Teatro y Pedagog\u00eda, un espacio continuo para colegios y universidades, son algunos de los programas que funcionan de forma permanente y hacen del espacio un canal de acceso y democratizaci\u00f3n cultural para Lima Sur, con una poblaci\u00f3n de m\u00e1s de 1 mill\u00f3n de habitantes.<\/span><\/p>\n<div id=\"attachment_6276\" style=\"width: 650px\" class=\"wp-caption aligncenter\"><a href=\"https:\/\/iberculturaviva.org\/wp-content\/uploads\/2017\/03\/15325345_1301979103176863_1279961712176236828_o.jpg\"><img loading=\"lazy\" decoding=\"async\" aria-describedby=\"caption-attachment-6276\" class=\"wp-image-6276 size-large\" src=\"https:\/\/iberculturaviva.org\/wp-content\/uploads\/2017\/03\/15325345_1301979103176863_1279961712176236828_o-960x626.jpg\" alt=\"\" width=\"640\" height=\"417\" \/><\/a><p id=\"caption-attachment-6276\" class=\"wp-caption-text\">Taller de teatro comunitario para mujeres (fotos: <a href=\"https:\/\/www.facebook.com\/teatroarenayesteras\">Arena y Esteras<\/a>)<\/p><\/div>\n<h4><b>El videominuto<\/b><\/h4>\n<p style=\"text-align: justify;\"><span style=\"font-weight: 400;\">Este a\u00f1o, la <\/span><span style=\"font-weight: 400;\">Asociaci\u00f3n <\/span><span style=\"font-weight: 400;\">recibi\u00f3 uno de los 10 premios del Concurso de Videominuto \u201cMujeres, Culturas y Comunidades\u201d, lanzado en 2016 por el programa IberCultura Viva. \u201cHuellas de mujer\u201d, el video seleccionado, fue<\/span><span style=\"font-weight: 400;\"> presentado por <\/span><span style=\"font-weight: 400;\">Cusy Mej\u00eda Paz, una de las integrantes de Arena y Esteras,<\/span><span style=\"font-weight: 400;\"> como un \u201ctributo al compromiso comunitario de las mujeres de Villa El Salvador y a su coraje por alcanzar sus sue\u00f1os a pesar del tiempo y los obst\u00e1culos\u201d. <\/span><\/p>\n<p style=\"text-align: justify;\"><span style=\"font-weight: 400;\">Luzmila, Zenaida y Zoila, las tres mujeres que aparecen en el video, trabajan para ganarse el sustento propio y el de sus hogares y han sabido romper las cadenas de la violencia con autonom\u00eda y dignidad. Luzmila es una promotora de salud; Zenaida es dirigente de su comunidad, y Zoila\u00a0(foto) es de la brigada de seguridad ciudadana.<\/span><\/p>\n<div id=\"attachment_6160\" style=\"width: 646px\" class=\"wp-caption aligncenter\"><a href=\"https:\/\/iberculturaviva.org\/wp-content\/uploads\/2017\/02\/huellasdemujer-2.png\"><img loading=\"lazy\" decoding=\"async\" aria-describedby=\"caption-attachment-6160\" class=\"wp-image-6160 size-full\" src=\"https:\/\/iberculturaviva.org\/wp-content\/uploads\/2017\/02\/huellasdemujer-2.png\" alt=\"\" width=\"636\" height=\"356\" srcset=\"https:\/\/iberculturaviva.org\/wp-content\/uploads\/2017\/02\/huellasdemujer-2.png 636w, https:\/\/iberculturaviva.org\/wp-content\/uploads\/2017\/02\/huellasdemujer-2-300x168.png 300w, https:\/\/iberculturaviva.org\/wp-content\/uploads\/2017\/02\/huellasdemujer-2-150x84.png 150w\" sizes=\"auto, (max-width: 636px) 100vw, 636px\" \/><\/a><p id=\"caption-attachment-6160\" class=\"wp-caption-text\">Zoila es de la brigada de seguridad ciudadana<\/p><\/div>\n<p style=\"text-align: justify;\"><span style=\"font-weight: 400;\">Las tres, junto a otras diez, forman parte del taller de teatro en la Asociaci\u00f3n Cultural Arena y Esteras y se encuentran cada semana para compartir cantos, tejidos, comida y historias. All\u00ed, como resalta Cusy Mej\u00eda, <\/span><span style=\"font-weight: 400;\">hacen del teatro \u201cun hermoso espacio en sus vidas, que las empodera como artistas, l\u00edderes y vecinas de una comunidad empobrecida por la discriminaci\u00f3n, pero rica en valores humanos, en lenguajes culturales y en organizaci\u00f3n social\u201d.<\/span><\/p>\n<p><iframe loading=\"lazy\" title=\"Huellas de Mujer\" width=\"500\" height=\"281\" src=\"https:\/\/www.youtube.com\/embed\/s7YoM9f07qI?feature=oembed\" frameborder=\"0\" allow=\"accelerometer; autoplay; clipboard-write; encrypted-media; gyroscope; picture-in-picture; web-share\" referrerpolicy=\"strict-origin-when-cross-origin\" allowfullscreen><\/iframe><\/p>\n<p>&nbsp;<\/p>\n<p><em><strong>(*Texto publicado el 28 de marzo de 2017)<\/strong><\/em><\/p>\n<h4><span style=\"font-weight: 400;\">Sepa m\u00e1s:<\/span><\/h4>\n<p><a href=\"https:\/\/teatroarenayesteras.blogspot.com.br\/\"><span style=\"font-weight: 400;\">https:\/\/teatroarenayesteras.blogspot.com.br\/<\/span><\/a><\/p>\n<p><a href=\"https:\/\/www.facebook.com\/teatroarenayesteras\">https:\/\/www.facebook.com\/teatroarenayesteras<\/a><\/p>\n<p>&nbsp;<\/p>\n<p><iframe loading=\"lazy\" title=\"Teatro Arena y Esteras, Reportaje - Television Nacional 1\" width=\"500\" height=\"375\" src=\"https:\/\/www.youtube.com\/embed\/BLV3xp3gW4Y?feature=oembed\" frameborder=\"0\" allow=\"accelerometer; autoplay; clipboard-write; encrypted-media; gyroscope; picture-in-picture; web-share\" referrerpolicy=\"strict-origin-when-cross-origin\" allowfullscreen><\/iframe><\/p>\n<p>&nbsp;<\/p>\n<p><iframe loading=\"lazy\" title=\"Teatro Arena y Esteras, Reportaje - Television Nacional 2\" width=\"500\" height=\"375\" src=\"https:\/\/www.youtube.com\/embed\/qJ1E2GSN6So?start=46&#038;feature=oembed\" frameborder=\"0\" allow=\"accelerometer; autoplay; clipboard-write; encrypted-media; gyroscope; picture-in-picture; web-share\" referrerpolicy=\"strict-origin-when-cross-origin\" allowfullscreen><\/iframe><\/p>\n","protected":false},"excerpt":{"rendered":"<p>El 15 de febrero de 1992, Mar\u00eda Elena Moyano, dirigente de la Federaci\u00f3n Popular de Mujeres de Villa El Salvador, en Lima (Per\u00fa), fue asesinada por un comando del grupo [&hellip;]<\/p>\n","protected":false},"author":2,"featured_media":18900,"menu_order":0,"template":"","categories":[],"tags":[],"country-municipality":[698,837],"type-opportunity":[],"class_list":["post-15921","portfolio","type-portfolio","status-publish","has-post-thumbnail","hentry","country-municipality-peru","country-municipality-peru-es"],"yoast_head":"<!-- This site is optimized with the Yoast SEO plugin v25.7 - https:\/\/yoast.com\/wordpress\/plugins\/seo\/ -->\n<title>Arena y Esteras y \u201cel derecho a la sonrisa\u201d: 25 a\u00f1os haciendo del arte un camino - IberCultura Viva<\/title>\n<meta name=\"description\" content=\"Arena y Esteras y \u201cel derecho a la sonrisa\u201d: 25 a\u00f1os haciendo del arte un camino - IberCultura Viva\" \/>\n<meta name=\"robots\" content=\"index, follow, max-snippet:-1, max-image-preview:large, max-video-preview:-1\" \/>\n<link rel=\"canonical\" href=\"https:\/\/iberculturaviva.org\/es\/portfolio\/arena-y-esteras-y-el-derecho-a-la-sonrisa-25-anos-haciendo-del-arte-un-camino\/\" \/>\n<meta property=\"og:locale\" content=\"es_ES\" \/>\n<meta property=\"og:type\" content=\"article\" \/>\n<meta property=\"og:title\" content=\"Arena y Esteras y \u201cel derecho a la sonrisa\u201d: 25 a\u00f1os haciendo del arte un camino - IberCultura Viva\" \/>\n<meta property=\"og:description\" content=\"Arena y Esteras y \u201cel derecho a la sonrisa\u201d: 25 a\u00f1os haciendo del arte un camino - IberCultura Viva\" \/>\n<meta property=\"og:url\" content=\"https:\/\/iberculturaviva.org\/es\/portfolio\/arena-y-esteras-y-el-derecho-a-la-sonrisa-25-anos-haciendo-del-arte-un-camino\/\" \/>\n<meta property=\"og:site_name\" content=\"IberCultura Viva\" \/>\n<meta property=\"article:publisher\" content=\"https:\/\/www.facebook.com\/iberculturaviva\/\" \/>\n<meta property=\"article:modified_time\" content=\"2021-02-09T13:13:39+00:00\" \/>\n<meta property=\"og:image\" content=\"https:\/\/iberculturaviva.org\/wp-content\/uploads\/2017\/03\/arenayesteras.jpg\" \/>\n\t<meta property=\"og:image:width\" content=\"800\" \/>\n\t<meta property=\"og:image:height\" content=\"533\" \/>\n\t<meta property=\"og:image:type\" content=\"image\/jpeg\" \/>\n<meta name=\"twitter:card\" content=\"summary_large_image\" \/>\n<meta name=\"twitter:label1\" content=\"Tiempo de lectura\" \/>\n\t<meta name=\"twitter:data1\" content=\"4 minutos\" \/>\n<script type=\"application\/ld+json\" class=\"yoast-schema-graph\">{\"@context\":\"https:\/\/schema.org\",\"@graph\":[{\"@type\":\"WebPage\",\"@id\":\"https:\/\/iberculturaviva.org\/es\/portfolio\/arena-y-esteras-y-el-derecho-a-la-sonrisa-25-anos-haciendo-del-arte-un-camino\/\",\"url\":\"https:\/\/iberculturaviva.org\/es\/portfolio\/arena-y-esteras-y-el-derecho-a-la-sonrisa-25-anos-haciendo-del-arte-un-camino\/\",\"name\":\"Arena y Esteras y \u201cel derecho a la sonrisa\u201d: 25 a\u00f1os haciendo del arte un camino - IberCultura Viva\",\"isPartOf\":{\"@id\":\"https:\/\/iberculturaviva.org\/es\/?lang=es\/#website\"},\"primaryImageOfPage\":{\"@id\":\"https:\/\/iberculturaviva.org\/es\/portfolio\/arena-y-esteras-y-el-derecho-a-la-sonrisa-25-anos-haciendo-del-arte-un-camino\/#primaryimage\"},\"image\":{\"@id\":\"https:\/\/iberculturaviva.org\/es\/portfolio\/arena-y-esteras-y-el-derecho-a-la-sonrisa-25-anos-haciendo-del-arte-un-camino\/#primaryimage\"},\"thumbnailUrl\":\"https:\/\/iberculturaviva.org\/wp-content\/uploads\/2017\/03\/arenayesteras.jpg\",\"datePublished\":\"2017-03-28T17:08:25+00:00\",\"dateModified\":\"2021-02-09T13:13:39+00:00\",\"description\":\"Arena y Esteras y \u201cel derecho a la sonrisa\u201d: 25 a\u00f1os haciendo del arte un camino - IberCultura Viva\",\"breadcrumb\":{\"@id\":\"https:\/\/iberculturaviva.org\/es\/portfolio\/arena-y-esteras-y-el-derecho-a-la-sonrisa-25-anos-haciendo-del-arte-un-camino\/#breadcrumb\"},\"inLanguage\":\"es\",\"potentialAction\":[{\"@type\":\"ReadAction\",\"target\":[\"https:\/\/iberculturaviva.org\/es\/portfolio\/arena-y-esteras-y-el-derecho-a-la-sonrisa-25-anos-haciendo-del-arte-un-camino\/\"]}]},{\"@type\":\"ImageObject\",\"inLanguage\":\"es\",\"@id\":\"https:\/\/iberculturaviva.org\/es\/portfolio\/arena-y-esteras-y-el-derecho-a-la-sonrisa-25-anos-haciendo-del-arte-un-camino\/#primaryimage\",\"url\":\"https:\/\/iberculturaviva.org\/wp-content\/uploads\/2017\/03\/arenayesteras.jpg\",\"contentUrl\":\"https:\/\/iberculturaviva.org\/wp-content\/uploads\/2017\/03\/arenayesteras.jpg\",\"width\":800,\"height\":533},{\"@type\":\"BreadcrumbList\",\"@id\":\"https:\/\/iberculturaviva.org\/es\/portfolio\/arena-y-esteras-y-el-derecho-a-la-sonrisa-25-anos-haciendo-del-arte-un-camino\/#breadcrumb\",\"itemListElement\":[{\"@type\":\"ListItem\",\"position\":1,\"name\":\"In\u00edcio\",\"item\":\"https:\/\/iberculturaviva.org\/es\/inicio\/\"},{\"@type\":\"ListItem\",\"position\":2,\"name\":\"Experi\u00eancias\",\"item\":\"https:\/\/iberculturaviva.org\/es\/portfolio\/\"},{\"@type\":\"ListItem\",\"position\":3,\"name\":\"Arena y Esteras y \u201cel derecho a la sonrisa\u201d: 25 a\u00f1os haciendo del arte un camino\"}]},{\"@type\":\"WebSite\",\"@id\":\"https:\/\/iberculturaviva.org\/es\/?lang=es\/#website\",\"url\":\"https:\/\/iberculturaviva.org\/es\/?lang=es\/\",\"name\":\"IberCultura Viva\",\"description\":\"Programa de cooperaci\u00f3n cultural\",\"publisher\":{\"@id\":\"https:\/\/iberculturaviva.org\/es\/?lang=es\/#organization\"},\"potentialAction\":[{\"@type\":\"SearchAction\",\"target\":{\"@type\":\"EntryPoint\",\"urlTemplate\":\"https:\/\/iberculturaviva.org\/es\/?lang=es\/?s={search_term_string}\"},\"query-input\":{\"@type\":\"PropertyValueSpecification\",\"valueRequired\":true,\"valueName\":\"search_term_string\"}}],\"inLanguage\":\"es\"},{\"@type\":\"Organization\",\"@id\":\"https:\/\/iberculturaviva.org\/es\/?lang=es\/#organization\",\"name\":\"Iberculturaviva\",\"url\":\"https:\/\/iberculturaviva.org\/es\/?lang=es\/\",\"logo\":{\"@type\":\"ImageObject\",\"inLanguage\":\"es\",\"@id\":\"https:\/\/iberculturaviva.org\/es\/?lang=es\/#\/schema\/logo\/image\/\",\"url\":\"https:\/\/iberculturaviva.org\/wp-content\/uploads\/2021\/08\/logo_ibercultura_viva.jpg\",\"contentUrl\":\"https:\/\/iberculturaviva.org\/wp-content\/uploads\/2021\/08\/logo_ibercultura_viva.jpg\",\"width\":708,\"height\":223,\"caption\":\"Iberculturaviva\"},\"image\":{\"@id\":\"https:\/\/iberculturaviva.org\/es\/?lang=es\/#\/schema\/logo\/image\/\"},\"sameAs\":[\"https:\/\/www.facebook.com\/iberculturaviva\/\",\"https:\/\/www.instagram.com\/iberculturaviva\/\",\"https:\/\/www.youtube.com\/iberculturaviva\"]}]}<\/script>\n<!-- \/ Yoast SEO plugin. -->","yoast_head_json":{"title":"Arena y Esteras y \u201cel derecho a la sonrisa\u201d: 25 a\u00f1os haciendo del arte un camino - IberCultura Viva","description":"Arena y Esteras y \u201cel derecho a la sonrisa\u201d: 25 a\u00f1os haciendo del arte un camino - IberCultura Viva","robots":{"index":"index","follow":"follow","max-snippet":"max-snippet:-1","max-image-preview":"max-image-preview:large","max-video-preview":"max-video-preview:-1"},"canonical":"https:\/\/iberculturaviva.org\/es\/portfolio\/arena-y-esteras-y-el-derecho-a-la-sonrisa-25-anos-haciendo-del-arte-un-camino\/","og_locale":"es_ES","og_type":"article","og_title":"Arena y Esteras y \u201cel derecho a la sonrisa\u201d: 25 a\u00f1os haciendo del arte un camino - IberCultura Viva","og_description":"Arena y Esteras y \u201cel derecho a la sonrisa\u201d: 25 a\u00f1os haciendo del arte un camino - IberCultura Viva","og_url":"https:\/\/iberculturaviva.org\/es\/portfolio\/arena-y-esteras-y-el-derecho-a-la-sonrisa-25-anos-haciendo-del-arte-un-camino\/","og_site_name":"IberCultura Viva","article_publisher":"https:\/\/www.facebook.com\/iberculturaviva\/","article_modified_time":"2021-02-09T13:13:39+00:00","og_image":[{"width":800,"height":533,"url":"https:\/\/iberculturaviva.org\/wp-content\/uploads\/2017\/03\/arenayesteras.jpg","type":"image\/jpeg"}],"twitter_card":"summary_large_image","twitter_misc":{"Tiempo de lectura":"4 minutos"},"schema":{"@context":"https:\/\/schema.org","@graph":[{"@type":"WebPage","@id":"https:\/\/iberculturaviva.org\/es\/portfolio\/arena-y-esteras-y-el-derecho-a-la-sonrisa-25-anos-haciendo-del-arte-un-camino\/","url":"https:\/\/iberculturaviva.org\/es\/portfolio\/arena-y-esteras-y-el-derecho-a-la-sonrisa-25-anos-haciendo-del-arte-un-camino\/","name":"Arena y Esteras y \u201cel derecho a la sonrisa\u201d: 25 a\u00f1os haciendo del arte un camino - IberCultura Viva","isPartOf":{"@id":"https:\/\/iberculturaviva.org\/es\/?lang=es\/#website"},"primaryImageOfPage":{"@id":"https:\/\/iberculturaviva.org\/es\/portfolio\/arena-y-esteras-y-el-derecho-a-la-sonrisa-25-anos-haciendo-del-arte-un-camino\/#primaryimage"},"image":{"@id":"https:\/\/iberculturaviva.org\/es\/portfolio\/arena-y-esteras-y-el-derecho-a-la-sonrisa-25-anos-haciendo-del-arte-un-camino\/#primaryimage"},"thumbnailUrl":"https:\/\/iberculturaviva.org\/wp-content\/uploads\/2017\/03\/arenayesteras.jpg","datePublished":"2017-03-28T17:08:25+00:00","dateModified":"2021-02-09T13:13:39+00:00","description":"Arena y Esteras y \u201cel derecho a la sonrisa\u201d: 25 a\u00f1os haciendo del arte un camino - IberCultura Viva","breadcrumb":{"@id":"https:\/\/iberculturaviva.org\/es\/portfolio\/arena-y-esteras-y-el-derecho-a-la-sonrisa-25-anos-haciendo-del-arte-un-camino\/#breadcrumb"},"inLanguage":"es","potentialAction":[{"@type":"ReadAction","target":["https:\/\/iberculturaviva.org\/es\/portfolio\/arena-y-esteras-y-el-derecho-a-la-sonrisa-25-anos-haciendo-del-arte-un-camino\/"]}]},{"@type":"ImageObject","inLanguage":"es","@id":"https:\/\/iberculturaviva.org\/es\/portfolio\/arena-y-esteras-y-el-derecho-a-la-sonrisa-25-anos-haciendo-del-arte-un-camino\/#primaryimage","url":"https:\/\/iberculturaviva.org\/wp-content\/uploads\/2017\/03\/arenayesteras.jpg","contentUrl":"https:\/\/iberculturaviva.org\/wp-content\/uploads\/2017\/03\/arenayesteras.jpg","width":800,"height":533},{"@type":"BreadcrumbList","@id":"https:\/\/iberculturaviva.org\/es\/portfolio\/arena-y-esteras-y-el-derecho-a-la-sonrisa-25-anos-haciendo-del-arte-un-camino\/#breadcrumb","itemListElement":[{"@type":"ListItem","position":1,"name":"In\u00edcio","item":"https:\/\/iberculturaviva.org\/es\/inicio\/"},{"@type":"ListItem","position":2,"name":"Experi\u00eancias","item":"https:\/\/iberculturaviva.org\/es\/portfolio\/"},{"@type":"ListItem","position":3,"name":"Arena y Esteras y \u201cel derecho a la sonrisa\u201d: 25 a\u00f1os haciendo del arte un camino"}]},{"@type":"WebSite","@id":"https:\/\/iberculturaviva.org\/es\/?lang=es\/#website","url":"https:\/\/iberculturaviva.org\/es\/?lang=es\/","name":"IberCultura Viva","description":"Programa de cooperaci\u00f3n cultural","publisher":{"@id":"https:\/\/iberculturaviva.org\/es\/?lang=es\/#organization"},"potentialAction":[{"@type":"SearchAction","target":{"@type":"EntryPoint","urlTemplate":"https:\/\/iberculturaviva.org\/es\/?lang=es\/?s={search_term_string}"},"query-input":{"@type":"PropertyValueSpecification","valueRequired":true,"valueName":"search_term_string"}}],"inLanguage":"es"},{"@type":"Organization","@id":"https:\/\/iberculturaviva.org\/es\/?lang=es\/#organization","name":"Iberculturaviva","url":"https:\/\/iberculturaviva.org\/es\/?lang=es\/","logo":{"@type":"ImageObject","inLanguage":"es","@id":"https:\/\/iberculturaviva.org\/es\/?lang=es\/#\/schema\/logo\/image\/","url":"https:\/\/iberculturaviva.org\/wp-content\/uploads\/2021\/08\/logo_ibercultura_viva.jpg","contentUrl":"https:\/\/iberculturaviva.org\/wp-content\/uploads\/2021\/08\/logo_ibercultura_viva.jpg","width":708,"height":223,"caption":"Iberculturaviva"},"image":{"@id":"https:\/\/iberculturaviva.org\/es\/?lang=es\/#\/schema\/logo\/image\/"},"sameAs":["https:\/\/www.facebook.com\/iberculturaviva\/","https:\/\/www.instagram.com\/iberculturaviva\/","https:\/\/www.youtube.com\/iberculturaviva"]}]}},"_links":{"self":[{"href":"https:\/\/iberculturaviva.org\/es\/wp-json\/wp\/v2\/portfolio\/15921","targetHints":{"allow":["GET"]}}],"collection":[{"href":"https:\/\/iberculturaviva.org\/es\/wp-json\/wp\/v2\/portfolio"}],"about":[{"href":"https:\/\/iberculturaviva.org\/es\/wp-json\/wp\/v2\/types\/portfolio"}],"author":[{"embeddable":true,"href":"https:\/\/iberculturaviva.org\/es\/wp-json\/wp\/v2\/users\/2"}],"version-history":[{"count":0,"href":"https:\/\/iberculturaviva.org\/es\/wp-json\/wp\/v2\/portfolio\/15921\/revisions"}],"wp:featuredmedia":[{"embeddable":true,"href":"https:\/\/iberculturaviva.org\/es\/wp-json\/wp\/v2\/media\/18900"}],"wp:attachment":[{"href":"https:\/\/iberculturaviva.org\/es\/wp-json\/wp\/v2\/media?parent=15921"}],"wp:term":[{"taxonomy":"category","embeddable":true,"href":"https:\/\/iberculturaviva.org\/es\/wp-json\/wp\/v2\/categories?post=15921"},{"taxonomy":"post_tag","embeddable":true,"href":"https:\/\/iberculturaviva.org\/es\/wp-json\/wp\/v2\/tags?post=15921"},{"taxonomy":"country-municipality","embeddable":true,"href":"https:\/\/iberculturaviva.org\/es\/wp-json\/wp\/v2\/country-municipality?post=15921"},{"taxonomy":"type-opportunity","embeddable":true,"href":"https:\/\/iberculturaviva.org\/es\/wp-json\/wp\/v2\/type-opportunity?post=15921"}],"curies":[{"name":"wp","href":"https:\/\/api.w.org\/{rel}","templated":true}]}}