{"id":15910,"date":"2016-11-08T16:28:08","date_gmt":"2016-11-08T18:28:08","guid":{"rendered":"https:\/\/iberculturaviva.org\/portfolio\/radio-vilardevoz-comunicacion-participativa-salud-mental-y-autonomia\/"},"modified":"2024-11-25T21:56:16","modified_gmt":"2024-11-26T00:56:16","slug":"radio-vilardevoz-comunicacion-participativa-salud-mental-y-autonomia","status":"publish","type":"portfolio","link":"https:\/\/iberculturaviva.org\/es\/portfolio\/radio-vilardevoz-comunicacion-participativa-salud-mental-y-autonomia\/","title":{"rendered":"Radio Vilardevoz: comunicaci\u00f3n participativa, salud mental y autonom\u00eda"},"content":{"rendered":"<p style=\"text-align: justify;\"><span style=\"font-weight: 400;\">Existe una sala multicolores en el mundo blanco y negro del Hospital Psiqui\u00e1trico Vilardeb\u00f3, en Montevideo (Uruguay). Est\u00e1 al fondo del patio; tiene fotos y carteles colgados en las paredes, y algunas sillas donde todos los s\u00e1bados se sientan hombres y mujeres, pacientes o no, en espera de su turno para hablar. Algunos van \u00a0para leer un poema, comentar una noticia, acompa\u00f1ar una entrevista, ver a un artista cantar, elogiar el trabajo del equipo, saludar a los oyentes. O solo para asistir a la fonoplatea, comer una pizza, tomar un mate. Participar.<\/span><\/p>\n<p style=\"text-align: justify;\"><span style=\"font-weight: 400;\">En esta sala llena de colores, risas, abrazos y besos, funciona la Radio Vilardevoz 95.1 FM. Una \u201cradio de locos\u201d, de \u201clocos por la radio\u201d, nacida en noviembre de 1997, a iniciativa de un grupo de estudiantes de psicolog\u00eda que buscaban romper los muros del hospital psiqui\u00e1trico y hacer circular la palabra. Hace 19 a\u00f1os que se promueve desde all\u00ed la salud mental por medio de la libertad de expresi\u00f3n y autonom\u00eda. <\/span><\/p>\n<p style=\"text-align: justify;\"><span style=\"font-weight: 400;\">En b\u00fasqueda de formas alternativas de tratamiento que contemplen los derechos y las opiniones de los usuarios, este colectivo de comunicaci\u00f3n participativa ha logrado construir un espacio de encuentro, un espacio de resistencia antimanicomial dentro de un manicomio. Un lugar para quienes no tienen lugar \u2013ni en la sociedad ni en el hospital\u2013, coordinado por psic\u00f3logos que creen en el poder del di\u00e1logo, del habla y de la escucha, en la construcci\u00f3n del sujeto.<\/span><\/p>\n<p><iframe loading=\"lazy\" title=\"&quot;del manicomio al parlamento&quot; cuatropesos-radio vilardevoz-lalala\" width=\"500\" height=\"281\" src=\"https:\/\/www.youtube.com\/embed\/UGdAv1-aRu4?feature=oembed\" frameborder=\"0\" allow=\"accelerometer; autoplay; clipboard-write; encrypted-media; gyroscope; picture-in-picture; web-share\" referrerpolicy=\"strict-origin-when-cross-origin\" allowfullscreen><\/iframe><\/p>\n<h4><b>En (y con) la comunidad<\/b><\/h4>\n<p style=\"text-align: justify;\"><span style=\"font-weight: 400;\">La Radio Vilardevoz 95.1 FM se escucha por internet (<\/span><a href=\"https:\/\/www.vilardevoz.org\"><span style=\"font-weight: 400;\">https:\/\/www.vilardevoz.org<\/span><\/a><span style=\"font-weight: 400;\">). Es esencialmente una radio comunitaria, y no solamente porque su antena tiene alcance zonal, limit\u00e1ndose a los alrededores del hospital. Se trata de un proyecto comunitario en varios sentidos: a) es hecho por una comunidad, ya que sus participantes son personas que pasan o hayan pasado por alguna situaci\u00f3n de padecimiento ps\u00edquico; b) trabaja en red, con otras organizaciones y movimientos sociales en Uruguay, y con la comunidad universitaria; y c) sale a la calle, al barrio, para que el di\u00e1logo pueda hacerse en y con la comunidad.<\/span><\/p>\n<p style=\"text-align: justify;\"><span style=\"font-weight: 400;\">Apoyada en tres pilares &#8211; participaci\u00f3n, comunicaci\u00f3n y salud mental -, <\/span><span style=\"font-weight: 400;\">Vilardevoz se organiza en diferentes espacios de trabajo que se articulan entre s\u00ed para aportar al funcionamiento de la radio en general. E<\/span><span style=\"font-weight: 400;\">l proyecto cuenta con talleres de escritura, digitalizaci\u00f3n y producci\u00f3n radial, un \u201ctaller central\u201d (que funciona como una asamblea, un espacio pol\u00edtico en el que el colectivo se re\u00fane para tomar decisiones y pensar el hacer cotidiano), y un d\u00eda de fonoplatea<\/span><i><span style=\"font-weight: 400;\">,<\/span><\/i><span style=\"font-weight: 400;\"> de transmisi\u00f3n en vivo, abierta al p\u00fablico. <\/span><\/p>\n<p style=\"text-align: justify;\"><span style=\"font-weight: 400;\">Once coordinadores \u2013dos operadores de radio y nueve psic\u00f3logos (hay incluso una fil\u00f3sofa estudiosa de psicoan\u00e1lisis)\u2013 se encargan de las actividades realizadas de manera autogestionada los martes, jueves, viernes y s\u00e1bados. Algunas veces al a\u00f1o la radio sale del Hospital Vilardeb\u00f3 y se instala en alg\u00fan punto de la ciudad. Son los d\u00edas de los llamados \u201cdesembarcos\u201d. <\/span><\/p>\n<p style=\"text-align: justify;\"><a href=\"https:\/\/iberculturaviva.org\/wp-content\/uploads\/2016\/11\/14716285_1256892887715387_1191145035559690950_n.jpg\"><img loading=\"lazy\" decoding=\"async\" class=\"aligncenter wp-image-5149 size-large\" src=\"https:\/\/iberculturaviva.org\/wp-content\/uploads\/2016\/11\/14716285_1256892887715387_1191145035559690950_n-960x720.jpg\" alt=\"14716285_1256892887715387_1191145035559690950_n\" width=\"640\" height=\"480\" \/><\/a><\/p>\n<h4><b>Las intervenciones <\/b><\/h4>\n<p style=\"text-align: justify;\"><span style=\"font-weight: 400;\">\u201cLos desembarcos son peque\u00f1as intervenciones urbanas. Llevamos la fonoplatea a lugares donde parece que est\u00e1 bueno tender redes, donde se puede contribuir con esta comunidad, generar intercambio, hacer actividades de sensibilizaci\u00f3n, traspasar los muros\u201d, explica Laura Reina, una de las psic\u00f3logas coordinadoras de Vilardevoz. <\/span><\/p>\n<div id=\"attachment_5145\" style=\"width: 325px\" class=\"wp-caption alignright\"><a href=\"https:\/\/iberculturaviva.org\/wp-content\/uploads\/2016\/11\/laura-reina.jpg\"><img loading=\"lazy\" decoding=\"async\" aria-describedby=\"caption-attachment-5145\" class=\"wp-image-5145\" src=\"https:\/\/iberculturaviva.org\/wp-content\/uploads\/2016\/11\/laura-reina-960x640.jpg\" alt=\"laura-reina\" width=\"315\" height=\"211\" \/><\/a><p id=\"caption-attachment-5145\" class=\"wp-caption-text\">La psic\u00f3loga Laura Reina<\/p><\/div>\n<p style=\"text-align: justify;\"><span style=\"font-weight: 400;\">El nombre \u201cdesembarco\u201d, como cuenta Laura, es una met\u00e1fora con la \u201cnave de los locos\u201d, el m\u00e9todo que se usaba en la Edad Media para excluir \u201cel loco\u201d de la sociedad: se lo met\u00edan en un barco que sal\u00eda a deriva, y que no volv\u00eda. Aqu\u00ed, al contrario, se trata de un barco que vuelve, \u201cque no queda perdido en el medio del mar, sino que desembarca en un lugar y genera un espacio donde se pueda decir, donde se da la voz a quienes estaban silenciados\u201d. Aqu\u00ed, cuando el loco <\/span><span style=\"font-weight: 400;\">vuelve, toma el micr\u00f3fono y <\/span><span style=\"font-weight: 400;\">cuenta lo que pas\u00f3 en la traves\u00eda. Tiene muchas <\/span><span style=\"font-weight: 400;\">cosas que decir.<\/span><\/p>\n<p style=\"text-align: justify;\"><span style=\"font-weight: 400;\">Tanto los desembarcos como la fonoplatea surgieron como una estrategia por el hecho de que la radio no tuviese antena en su comienzo. \u201cDigamos que fue una forma creativa ante las negativas de poner una antena en el propio hospital\u201d, comenta la psic\u00f3loga Cecilia Baroni, coordinadora de la fonoplatea y una de las fundadoras de la radio, que tiene frecuencia legal desde 2011. \u201cPensando en c\u00f3mo sacar esas voces e incidir en un imaginario social donde prima que el loco es delirante, peligroso etc, estos dos dispositivos han sido de una potencia incre\u00edble para irnos por ah\u00ed o invitar a quien queramos a nuestra fonoplatea e ir acercando el afuera y el adentro y viceversa\u201d. <\/span><\/p>\n<p><iframe loading=\"lazy\" title=\"Proyecto Universo Inverso 2x05 - &quot;Radio VilardeVoz parte 1&quot;\" width=\"500\" height=\"281\" src=\"https:\/\/www.youtube.com\/embed\/1HBLLT-CF60?feature=oembed\" frameborder=\"0\" allow=\"accelerometer; autoplay; clipboard-write; encrypted-media; gyroscope; picture-in-picture; web-share\" referrerpolicy=\"strict-origin-when-cross-origin\" allowfullscreen><\/iframe><\/p>\n<h4><b>La\u00a0<\/b><em><b>fonoplatea<\/b><\/em><\/h4>\n<p style=\"text-align: justify;\"><span style=\"font-weight: 400;\">Los s\u00e1bados por la ma\u00f1ana pasan por la sala multicolores del Hospital Vilardeb\u00f3 no solamente los participantes de los talleres del proyecto sino algunos vecinos, amigos, estudiantes, artistas invitados y entrevistados de diferentes \u00e1reas, adem\u00e1s de personas en situaci\u00f3n de calle que ah\u00ed encuentran un lugar donde son respetados, pueden comer algo y charlar un poco. <\/span><\/p>\n<p style=\"text-align: justify;\"><span style=\"font-weight: 400;\">El s\u00e1bado 15 de octubre, por ejemplo, fue el d\u00eda de la 2\u00aa Fiesta Antimanicomial de Vilardevoz. La fonoplatea cont\u00f3 con la presencia de los cantautores Abel Garc\u00eda y Carlos Garbarino, del m\u00fasico Santiago Mart\u00ednez (integrante del grupo Milongas Extremas) y del diputado Gerardo N\u00fa\u00f1ez, que acompa\u00f1a las discusiones sobre la nueva Ley de Salud Mental que lleg\u00f3 al Parlamento. Como era d\u00eda de fiesta, la transmisi\u00f3n termin\u00f3 con los tambores del candombe. Los d\u00edas \u201cnormales\u201d, aunque sin batucadas, tambi\u00e9n suelen ser festivos.<\/span><\/p>\n\n\t\t<style type=\"text\/css\">\n\t\t\t#gallery-1 {\n\t\t\t\tmargin: auto;\n\t\t\t}\n\t\t\t#gallery-1 .gallery-item {\n\t\t\t\tfloat: left;\n\t\t\t\tmargin-top: 10px;\n\t\t\t\ttext-align: center;\n\t\t\t\twidth: 33%;\n\t\t\t}\n\t\t\t#gallery-1 img {\n\t\t\t\tborder: 2px solid #cfcfcf;\n\t\t\t}\n\t\t\t#gallery-1 .gallery-caption {\n\t\t\t\tmargin-left: 0;\n\t\t\t}\n\t\t\t\/* see gallery_shortcode() in wp-includes\/media.php *\/\n\t\t<\/style>\n\t\t<div id='gallery-1' class='gallery galleryid-15910 gallery-columns-3 gallery-size-thumbnail'><dl class='gallery-item'>\n\t\t\t<dt class='gallery-icon landscape'>\n\t\t\t\t<a href='https:\/\/iberculturaviva.org\/es\/portfolio\/radio-vilardevoz-comunicacion-participativa-salud-mental-y-autonomia\/fullsizerender-3-2\/'><img loading=\"lazy\" decoding=\"async\" width=\"150\" height=\"150\" src=\"https:\/\/iberculturaviva.org\/wp-content\/uploads\/2016\/11\/FullSizeRender-3-150x150.jpg\" class=\"attachment-thumbnail size-thumbnail\" alt=\"\" srcset=\"https:\/\/iberculturaviva.org\/wp-content\/uploads\/2016\/11\/FullSizeRender-3-150x150.jpg 150w, https:\/\/iberculturaviva.org\/wp-content\/uploads\/2016\/11\/FullSizeRender-3-50x50.jpg 50w, https:\/\/iberculturaviva.org\/wp-content\/uploads\/2016\/11\/FullSizeRender-3-56x56.jpg 56w, https:\/\/iberculturaviva.org\/wp-content\/uploads\/2016\/11\/FullSizeRender-3-250x250.jpg 250w, https:\/\/iberculturaviva.org\/wp-content\/uploads\/2016\/11\/FullSizeRender-3-40x40.jpg 40w\" sizes=\"auto, (max-width: 150px) 100vw, 150px\" \/><\/a>\n\t\t\t<\/dt><\/dl><dl class='gallery-item'>\n\t\t\t<dt class='gallery-icon landscape'>\n\t\t\t\t<a href='https:\/\/iberculturaviva.org\/es\/img_0773\/'><img loading=\"lazy\" decoding=\"async\" width=\"150\" height=\"150\" src=\"https:\/\/iberculturaviva.org\/wp-content\/uploads\/2016\/11\/IMG_0773-150x150.jpg\" class=\"attachment-thumbnail size-thumbnail\" alt=\"\" srcset=\"https:\/\/iberculturaviva.org\/wp-content\/uploads\/2016\/11\/IMG_0773-150x150.jpg 150w, https:\/\/iberculturaviva.org\/wp-content\/uploads\/2016\/11\/IMG_0773-50x50.jpg 50w, https:\/\/iberculturaviva.org\/wp-content\/uploads\/2016\/11\/IMG_0773-56x56.jpg 56w, https:\/\/iberculturaviva.org\/wp-content\/uploads\/2016\/11\/IMG_0773-250x250.jpg 250w, https:\/\/iberculturaviva.org\/wp-content\/uploads\/2016\/11\/IMG_0773-40x40.jpg 40w\" sizes=\"auto, (max-width: 150px) 100vw, 150px\" \/><\/a>\n\t\t\t<\/dt><\/dl><dl class='gallery-item'>\n\t\t\t<dt class='gallery-icon landscape'>\n\t\t\t\t<a href='https:\/\/iberculturaviva.org\/es\/fullsizerender-2-2\/'><img loading=\"lazy\" decoding=\"async\" width=\"150\" height=\"150\" src=\"https:\/\/iberculturaviva.org\/wp-content\/uploads\/2016\/11\/FullSizeRender-2-150x150.jpg\" class=\"attachment-thumbnail size-thumbnail\" alt=\"\" srcset=\"https:\/\/iberculturaviva.org\/wp-content\/uploads\/2016\/11\/FullSizeRender-2-150x150.jpg 150w, https:\/\/iberculturaviva.org\/wp-content\/uploads\/2016\/11\/FullSizeRender-2-50x50.jpg 50w, https:\/\/iberculturaviva.org\/wp-content\/uploads\/2016\/11\/FullSizeRender-2-56x56.jpg 56w, https:\/\/iberculturaviva.org\/wp-content\/uploads\/2016\/11\/FullSizeRender-2-250x250.jpg 250w, https:\/\/iberculturaviva.org\/wp-content\/uploads\/2016\/11\/FullSizeRender-2-40x40.jpg 40w\" sizes=\"auto, (max-width: 150px) 100vw, 150px\" \/><\/a>\n\t\t\t<\/dt><\/dl><br style=\"clear: both\" \/>\n\t\t<\/div>\n\n<p style=\"text-align: justify;\"><span style=\"font-weight: 400;\">Es f\u00e1cil ver c\u00f3mo los participantes de Vilardevoz encuentran su lugar en la sala multicolores del hospital. \u00a1Y c\u00f3mo les gusta hablar! Pr\u00e1cticamente todos los que entran en la sala (se puede entrar y salir a cualquier hora durante la fonoplatea) quieren tomar el micr\u00f3fono y decir algo. Algunos hablan desde las sillas de la platea, otros se alternan en la mesa. <\/span><\/p>\n<div id=\"attachment_5136\" style=\"width: 253px\" class=\"wp-caption alignright\"><a href=\"https:\/\/iberculturaviva.org\/wp-content\/uploads\/2016\/11\/IMG_6227.jpg\"><img loading=\"lazy\" decoding=\"async\" aria-describedby=\"caption-attachment-5136\" class=\"wp-image-5136\" src=\"https:\/\/iberculturaviva.org\/wp-content\/uploads\/2016\/11\/IMG_6227-960x960.jpg\" alt=\"IMG_6227\" width=\"243\" height=\"243\" \/><\/a><p id=\"caption-attachment-5136\" class=\"wp-caption-text\">Gerardo, el Fil\u00f3sofo<\/p><\/div>\n<p style=\"text-align: justify;\"><span style=\"font-weight: 400;\">A Gerardo, \u201cel fil\u00f3sofo\u201d, le gusta leer sus poemas durante la fonoplatea. A Miguel P\u00e9rez tambi\u00e9n, aunque tenga dificultad para hablar y necesite de ayuda para hacerlo. El s\u00e1bado 15 de octubre, Miguel le\u00eda sus escritos y enseguida Cecilia los repet\u00eda ante el micr\u00f3fono: \u201c(&#8230;) La radio es mi compa\u00f1era\/ La compa\u00f1era que me hace falta\/ Es una buena compa\u00f1era&#8230;\u201d <\/span><\/p>\n<p style=\"text-align: justify;\"><span style=\"font-weight: 400;\">Al centro de la mesa, el locutor Manuel Furtado comanda los trabajos con un entusiasmo conmovedor. Entrevista, lee noticias, hace los anuncios comerciales de las tiendas del vecindario, cuenta historias, canta junto a los artistas invitados, se muestra contento la mayor parte del tiempo en que est\u00e1 en el aire. \u201cManuel siempre so\u00f1\u00f3 hacer radio, escuchaba y ensayaba solo. Ser locutor en Vilardevoz potenci\u00f3 ese sue\u00f1o y, s\u00e1bado a s\u00e1bado, al hacer radio en vivo, se va perfeccionando y reinventando un lugar, as\u00ed es con cada uno\u201d, comenta Cecilia Baroni.<\/span><\/p>\n<div id=\"attachment_5132\" style=\"width: 650px\" class=\"wp-caption aligncenter\"><img loading=\"lazy\" decoding=\"async\" aria-describedby=\"caption-attachment-5132\" class=\"wp-image-5132 size-large\" src=\"https:\/\/iberculturaviva.org\/wp-content\/uploads\/2016\/11\/IMG_6219-960x960.jpg\" alt=\"IMG_6219\" width=\"640\" height=\"640\" \/><p id=\"caption-attachment-5132\" class=\"wp-caption-text\">Cec\u00edlia Baroni, Miguel P\u00e9rez y\u00a0Manuel Furtado<\/p><\/div>\n<h4><b>La\u00a0participaci\u00f3n<\/b><\/h4>\n<p style=\"text-align: justify;\"><span style=\"font-weight: 400;\">En Vilardevoz, en vez de pacientes, todos son participantes, audiencia y protagonistas. Adem\u00e1s de las transmisiones en vivo de los s\u00e1bados, trabajan en la producci\u00f3n de los programas a lo largo de la semana, redactan los boletines informativos, escriben para la p\u00e1gina \u00a0web, preparan las entrevistas, graban <\/span><i><span style=\"font-weight: 400;\">spots<\/span><\/i><span style=\"font-weight: 400;\">, discuten los temas que les interesan &#8211; del f\u00fatbol a las campa\u00f1as en pro de pol\u00edticas inclusivas de salud mental en el pa\u00eds. <\/span><\/p>\n<div id=\"attachment_5134\" style=\"width: 255px\" class=\"wp-caption alignright\"><a href=\"https:\/\/iberculturaviva.org\/wp-content\/uploads\/2016\/11\/IMG_6224.jpg\"><img loading=\"lazy\" decoding=\"async\" aria-describedby=\"caption-attachment-5134\" class=\"wp-image-5134\" src=\"https:\/\/iberculturaviva.org\/wp-content\/uploads\/2016\/11\/IMG_6224.jpg\" alt=\"IMG_6224\" width=\"245\" height=\"245\" srcset=\"https:\/\/iberculturaviva.org\/wp-content\/uploads\/2016\/11\/IMG_6224.jpg 640w, https:\/\/iberculturaviva.org\/wp-content\/uploads\/2016\/11\/IMG_6224-300x300.jpg 300w, https:\/\/iberculturaviva.org\/wp-content\/uploads\/2016\/11\/IMG_6224-150x150.jpg 150w\" sizes=\"auto, (max-width: 245px) 100vw, 245px\" \/><\/a><p id=\"caption-attachment-5134\" class=\"wp-caption-text\">Gustavo, \u00abel Kamikaze\u00bb<\/p><\/div>\n<p style=\"text-align: justify;\"><span style=\"font-weight: 400;\">Los vecinos ya los reconocen por las voces. \u201cCuando salgo a la calle a pie algunos dicen: \u2018Ah, vos sos de Vilardevoz\u2019. Eso me gusta, me enriquece, no me siento solo\u201d, afirma Gustavo Bautista, el \u201ckamikaze\u201d, uno de los participantes m\u00e1s sonrientes, a quien le gusta escribir y preparar entrevistas, adem\u00e1s de cantar y tocar guitarra.<\/span><\/p>\n<p style=\"text-align: justify;\"><span style=\"font-weight: 400;\">\u201cLa participaci\u00f3n en Vilardevoz es voluntaria, es libre. La puerta de entrada es la fonoplatea, porque es un espacio abierto, m\u00e1s l\u00fadico, m\u00e1s flexible. Lo que intentamos es que esa primera participaci\u00f3n, m\u00e1s espont\u00e1nea, empiece a tener una cierta estructura, que pueda ser trabajado lo que se va a presentar en la radio. Para eso tenemos instancias espec\u00edficas, en las cuales podemos trabajar las producciones que ellos traen, quieren mostrar o quieren decir\u201d, resalta Laura Reina, que est\u00e1 en el proyecto hace siete a\u00f1os y coordina (con Andr\u00e9s Jim\u00e9nez) el taller central. En este taller, realizado los jueves, se toman las decisiones referentes al proyecto en general: ad\u00f3nde quieren ir, qu\u00e9 quieren trabajar, c\u00f3mo dar forma a las cuestiones que van surgiendo en el cotidiano. \u201cEs un espacio pol\u00edtico, un espacio de producci\u00f3n simb\u00f3lica, para dar significado y trascender tambi\u00e9n\u201d, a\u00f1ade Laura.<\/span><\/p>\n\n\t\t<style type=\"text\/css\">\n\t\t\t#gallery-2 {\n\t\t\t\tmargin: auto;\n\t\t\t}\n\t\t\t#gallery-2 .gallery-item {\n\t\t\t\tfloat: left;\n\t\t\t\tmargin-top: 10px;\n\t\t\t\ttext-align: center;\n\t\t\t\twidth: 33%;\n\t\t\t}\n\t\t\t#gallery-2 img {\n\t\t\t\tborder: 2px solid #cfcfcf;\n\t\t\t}\n\t\t\t#gallery-2 .gallery-caption {\n\t\t\t\tmargin-left: 0;\n\t\t\t}\n\t\t\t\/* see gallery_shortcode() in wp-includes\/media.php *\/\n\t\t<\/style>\n\t\t<div id='gallery-2' class='gallery galleryid-15910 gallery-columns-3 gallery-size-thumbnail'><dl class='gallery-item'>\n\t\t\t<dt class='gallery-icon landscape'>\n\t\t\t\t<a href='https:\/\/iberculturaviva.org\/es\/img_0756\/'><img loading=\"lazy\" decoding=\"async\" width=\"150\" height=\"150\" src=\"https:\/\/iberculturaviva.org\/wp-content\/uploads\/2016\/11\/IMG_0756-150x150.jpg\" class=\"attachment-thumbnail size-thumbnail\" alt=\"\" srcset=\"https:\/\/iberculturaviva.org\/wp-content\/uploads\/2016\/11\/IMG_0756-150x150.jpg 150w, https:\/\/iberculturaviva.org\/wp-content\/uploads\/2016\/11\/IMG_0756-50x50.jpg 50w, https:\/\/iberculturaviva.org\/wp-content\/uploads\/2016\/11\/IMG_0756-56x56.jpg 56w, https:\/\/iberculturaviva.org\/wp-content\/uploads\/2016\/11\/IMG_0756-250x250.jpg 250w, https:\/\/iberculturaviva.org\/wp-content\/uploads\/2016\/11\/IMG_0756-40x40.jpg 40w\" sizes=\"auto, (max-width: 150px) 100vw, 150px\" \/><\/a>\n\t\t\t<\/dt><\/dl><dl class='gallery-item'>\n\t\t\t<dt class='gallery-icon landscape'>\n\t\t\t\t<a href='https:\/\/iberculturaviva.org\/es\/img_6201\/'><img loading=\"lazy\" decoding=\"async\" width=\"150\" height=\"150\" src=\"https:\/\/iberculturaviva.org\/wp-content\/uploads\/2016\/11\/IMG_6201-150x150.jpg\" class=\"attachment-thumbnail size-thumbnail\" alt=\"\" srcset=\"https:\/\/iberculturaviva.org\/wp-content\/uploads\/2016\/11\/IMG_6201-150x150.jpg 150w, https:\/\/iberculturaviva.org\/wp-content\/uploads\/2016\/11\/IMG_6201-50x50.jpg 50w, https:\/\/iberculturaviva.org\/wp-content\/uploads\/2016\/11\/IMG_6201-56x56.jpg 56w, https:\/\/iberculturaviva.org\/wp-content\/uploads\/2016\/11\/IMG_6201-250x250.jpg 250w, https:\/\/iberculturaviva.org\/wp-content\/uploads\/2016\/11\/IMG_6201-40x40.jpg 40w\" sizes=\"auto, (max-width: 150px) 100vw, 150px\" \/><\/a>\n\t\t\t<\/dt><\/dl><dl class='gallery-item'>\n\t\t\t<dt class='gallery-icon landscape'>\n\t\t\t\t<a href='https:\/\/iberculturaviva.org\/es\/portfolio\/los-talleres-de-urbano-formacion-consumo-y-produccion-cultural-para-la-inclusion-social\/nahir\/'><img loading=\"lazy\" decoding=\"async\" width=\"150\" height=\"150\" src=\"https:\/\/iberculturaviva.org\/wp-content\/uploads\/2016\/11\/nahir-150x150.jpg\" class=\"attachment-thumbnail size-thumbnail\" alt=\"\" srcset=\"https:\/\/iberculturaviva.org\/wp-content\/uploads\/2016\/11\/nahir-150x150.jpg 150w, https:\/\/iberculturaviva.org\/wp-content\/uploads\/2016\/11\/nahir-50x50.jpg 50w, https:\/\/iberculturaviva.org\/wp-content\/uploads\/2016\/11\/nahir-56x56.jpg 56w, https:\/\/iberculturaviva.org\/wp-content\/uploads\/2016\/11\/nahir-250x250.jpg 250w, https:\/\/iberculturaviva.org\/wp-content\/uploads\/2016\/11\/nahir-40x40.jpg 40w\" sizes=\"auto, (max-width: 150px) 100vw, 150px\" \/><\/a>\n\t\t\t<\/dt><\/dl><br style=\"clear: both\" \/>\n\t\t<\/div>\n\n<h4><\/h4>\n<h4><\/h4>\n<p style=\"text-align: justify;\"><a href=\"https:\/\/iberculturaviva.org\/wp-content\/uploads\/2016\/11\/vilardevoz-porta.jpg\"><img loading=\"lazy\" decoding=\"async\" class=\"aligncenter wp-image-5126\" src=\"https:\/\/iberculturaviva.org\/wp-content\/uploads\/2016\/11\/vilardevoz-porta-e1478466254305-960x528.jpg\" alt=\"vilardevoz-porta\" width=\"600\" height=\"330\" \/><\/a><\/p>\n\n\t\t<style type=\"text\/css\">\n\t\t\t#gallery-3 {\n\t\t\t\tmargin: auto;\n\t\t\t}\n\t\t\t#gallery-3 .gallery-item {\n\t\t\t\tfloat: left;\n\t\t\t\tmargin-top: 10px;\n\t\t\t\ttext-align: center;\n\t\t\t\twidth: 33%;\n\t\t\t}\n\t\t\t#gallery-3 img {\n\t\t\t\tborder: 2px solid #cfcfcf;\n\t\t\t}\n\t\t\t#gallery-3 .gallery-caption {\n\t\t\t\tmargin-left: 0;\n\t\t\t}\n\t\t\t\/* see gallery_shortcode() in wp-includes\/media.php *\/\n\t\t<\/style>\n\t\t<div id='gallery-3' class='gallery galleryid-15910 gallery-columns-3 gallery-size-thumbnail'><dl class='gallery-item'>\n\t\t\t<dt class='gallery-icon landscape'>\n\t\t\t\t<a href='https:\/\/iberculturaviva.org\/es\/img_6220\/'><img loading=\"lazy\" decoding=\"async\" width=\"150\" height=\"150\" src=\"https:\/\/iberculturaviva.org\/wp-content\/uploads\/2016\/11\/IMG_6220-150x150.jpg\" class=\"attachment-thumbnail size-thumbnail\" alt=\"\" srcset=\"https:\/\/iberculturaviva.org\/wp-content\/uploads\/2016\/11\/IMG_6220-150x150.jpg 150w, https:\/\/iberculturaviva.org\/wp-content\/uploads\/2016\/11\/IMG_6220-768x768.jpg 768w, https:\/\/iberculturaviva.org\/wp-content\/uploads\/2016\/11\/IMG_6220-960x960.jpg 960w, https:\/\/iberculturaviva.org\/wp-content\/uploads\/2016\/11\/IMG_6220-50x50.jpg 50w, https:\/\/iberculturaviva.org\/wp-content\/uploads\/2016\/11\/IMG_6220-125x125.jpg 125w, https:\/\/iberculturaviva.org\/wp-content\/uploads\/2016\/11\/IMG_6220-56x56.jpg 56w, https:\/\/iberculturaviva.org\/wp-content\/uploads\/2016\/11\/IMG_6220-529x529.jpg 529w, https:\/\/iberculturaviva.org\/wp-content\/uploads\/2016\/11\/IMG_6220-250x250.jpg 250w, https:\/\/iberculturaviva.org\/wp-content\/uploads\/2016\/11\/IMG_6220-40x40.jpg 40w, https:\/\/iberculturaviva.org\/wp-content\/uploads\/2016\/11\/IMG_6220.jpg 1312w\" sizes=\"auto, (max-width: 150px) 100vw, 150px\" \/><\/a>\n\t\t\t<\/dt><\/dl><dl class='gallery-item'>\n\t\t\t<dt class='gallery-icon landscape'>\n\t\t\t\t<a href='https:\/\/iberculturaviva.org\/es\/fullsizerender-4\/'><img loading=\"lazy\" decoding=\"async\" width=\"150\" height=\"150\" src=\"https:\/\/iberculturaviva.org\/wp-content\/uploads\/2016\/11\/FullSizeRender-4-150x150.jpg\" class=\"attachment-thumbnail size-thumbnail\" alt=\"\" srcset=\"https:\/\/iberculturaviva.org\/wp-content\/uploads\/2016\/11\/FullSizeRender-4-150x150.jpg 150w, https:\/\/iberculturaviva.org\/wp-content\/uploads\/2016\/11\/FullSizeRender-4-50x50.jpg 50w, https:\/\/iberculturaviva.org\/wp-content\/uploads\/2016\/11\/FullSizeRender-4-56x56.jpg 56w, https:\/\/iberculturaviva.org\/wp-content\/uploads\/2016\/11\/FullSizeRender-4-250x250.jpg 250w, https:\/\/iberculturaviva.org\/wp-content\/uploads\/2016\/11\/FullSizeRender-4-40x40.jpg 40w\" sizes=\"auto, (max-width: 150px) 100vw, 150px\" \/><\/a>\n\t\t\t<\/dt><\/dl><dl class='gallery-item'>\n\t\t\t<dt class='gallery-icon landscape'>\n\t\t\t\t<a href='https:\/\/iberculturaviva.org\/es\/img_6226\/'><img loading=\"lazy\" decoding=\"async\" width=\"150\" height=\"150\" src=\"https:\/\/iberculturaviva.org\/wp-content\/uploads\/2016\/11\/IMG_6226-150x150.jpg\" class=\"attachment-thumbnail size-thumbnail\" alt=\"\" srcset=\"https:\/\/iberculturaviva.org\/wp-content\/uploads\/2016\/11\/IMG_6226-150x150.jpg 150w, https:\/\/iberculturaviva.org\/wp-content\/uploads\/2016\/11\/IMG_6226-50x50.jpg 50w, https:\/\/iberculturaviva.org\/wp-content\/uploads\/2016\/11\/IMG_6226-125x125.jpg 125w, https:\/\/iberculturaviva.org\/wp-content\/uploads\/2016\/11\/IMG_6226-56x56.jpg 56w, https:\/\/iberculturaviva.org\/wp-content\/uploads\/2016\/11\/IMG_6226-529x527.jpg 529w, https:\/\/iberculturaviva.org\/wp-content\/uploads\/2016\/11\/IMG_6226-250x250.jpg 250w, https:\/\/iberculturaviva.org\/wp-content\/uploads\/2016\/11\/IMG_6226-40x40.jpg 40w, https:\/\/iberculturaviva.org\/wp-content\/uploads\/2016\/11\/IMG_6226.jpg 640w\" sizes=\"auto, (max-width: 150px) 100vw, 150px\" \/><\/a>\n\t\t\t<\/dt><\/dl><br style=\"clear: both\" \/>\n\t\t<\/div>\n\n<h4><\/h4>\n<h4><b>La\u00a0formaci\u00f3n<\/b><\/h4>\n<p style=\"text-align: justify;\"><span style=\"font-weight: 400;\">La radio tiene una doble inserci\u00f3n, en el hospital y la universidad. Vilardevoz ofrece \u00a0desde el 2000 pasant\u00edas para estudiantes de la Facultad de Psicolog\u00eda de la Universidad de la Rep\u00fablica. En estos a\u00f1os, a trav\u00e9s de la pasant\u00eda, han pasado por el hospital por lo menos 160 estudiantes de psicolog\u00eda. Adem\u00e1s, all\u00ed se realizan diversos trabajos tanto de extensi\u00f3n, investigaci\u00f3n o trabajos finales de cursos de varias disciplinas. <\/span><\/p>\n<p style=\"text-align: justify;\"><span style=\"font-weight: 400;\"><a href=\"https:\/\/iberculturaviva.org\/wp-content\/uploads\/2016\/11\/14657539_1256892694382073_6612424199350911943_n.jpg\"><img loading=\"lazy\" decoding=\"async\" class=\" wp-image-5147 alignright\" src=\"https:\/\/iberculturaviva.org\/wp-content\/uploads\/2016\/11\/14657539_1256892694382073_6612424199350911943_n-960x960.jpg\" alt=\"14657539_1256892694382073_6612424199350911943_n\" width=\"234\" height=\"235\" \/><\/a><\/span><\/p>\n<p style=\"text-align: justify;\"><span style=\"font-weight: 400;\">Para Laura Reina, el tema de la formaci\u00f3n es imprescindible. \u201cEstamos peleando para que se puedan integrar las diferentes dimensiones del ser humano en los abordajes en salud mental, y para eso hay que formar gente. El ejercicio desde ac\u00e1 contribuye a la formaci\u00f3n desde esa perspectiva, de tolerancia a la diferencia, de rescatar lo sano y lo que cada uno tiene para aportar\u2026Tambi\u00e9n es un ejercicio desde adentro porque muchos profesionales que trabajan con la salud mental ayudan a generar el mito del loco, a etiquetar, a excluir, a estigmatizar. Desde las pr\u00e1cticas estamos intentando cambiar eso. Es una lucha constante, cotidiana.\u201d<\/span><\/p>\n<p style=\"text-align: justify;\"><span style=\"font-weight: 400;\">Para Cecilia Baroni, por tratarse de un proyecto que no cuenta con financiaci\u00f3n de ning\u00fan tipo, las pasant\u00edas han sido una buena forma de ir dando cuenta de Vilardevoz y de que la experiencia, adem\u00e1s de legitimarse a nivel social, tambi\u00e9n ponga a discutirse en otros \u00e1mbitos, como los acad\u00e9micos, los cient\u00edficos y los pol\u00edticos. \u201cEsto nos ha permitido permanentemente redise\u00f1ar Vilardevoz, as\u00ed como contar con m\u00e1s gente para cumplir con los objetivos que a\u00f1o a a\u00f1o nos vamos proponiendo\u201d, comenta. <\/span><\/p>\n<p style=\"text-align: justify;\"><span style=\"font-weight: 400;\">\u201cLas pasant\u00edas han sido un desaf\u00edo constante a leer, producir, pensar juntos y generar un \u2018entrenamiento\u2019 en habilidades sociales varias: presentar el espacio, recibir gente, apropiarse de otra manera de un saber que solo los llamados \u2018locos\u2019 tienen y ponerlo en dia\u013aogo con saberes acad\u00e9micos u otros saberes en general\u201d, cuenta Cecilia. \u201cVemos con mucho orgullo c\u00f3mo (los estudiantes) han incorporado y por lo tanto multiplicado una forma de pensar e intervenir en el campo de la salud mental\u201d. <\/span><\/p>\n<p>[divider] [\/divider]<\/p>\n<h3><\/h3>\n<h3><b>Del manicomio al Parlamento<\/b><\/h3>\n<p style=\"text-align: justify;\"><span style=\"font-weight: 400;\">El barco de Vilardevoz suele salir del Hospital Vilardeb\u00f3 unas tres o cuatro veces al a\u00f1o. A veces m\u00e1s, a veces menos. \u201cLos desembarcos son toda una movida, un paseo con comida etc, y como es un proyecto autogestionado la movida no es tan sencilla\u201d, explica Laura Reina. En 2016 se llev\u00f3 a cabo solamente un desembarco, el 25 de octubre, en la Facultad de Medicina, a invitaci\u00f3n de la asociaci\u00f3n de estudiantes. Adem\u00e1s de mesas tem\u00e1ticas, hubo presentaciones y un recuento de lo que la radio ha realizado, desde el primer desembarco en Facultad de Psicolog\u00eda (2004) hasta la campa\u00f1a \u201cRompiendo el silencio\u201d (2011), <\/span><span style=\"font-weight: 400;\">por una Ley de Salud Mental justa, inclusiva y humanizadora.<\/span><\/p>\n<p><iframe loading=\"lazy\" title=\"Radio Vilardevoz - Documental &quot;Rompiendo el Silencio&quot;\" width=\"500\" height=\"281\" src=\"https:\/\/www.youtube.com\/embed\/XKx17kg-Pwg?feature=oembed\" frameborder=\"0\" allow=\"accelerometer; autoplay; clipboard-write; encrypted-media; gyroscope; picture-in-picture; web-share\" referrerpolicy=\"strict-origin-when-cross-origin\" allowfullscreen><\/iframe><\/p>\n<p style=\"text-align: justify;\"><span style=\"font-weight: 400;\">Y si antes desembarcaban en diferentes departamentos discutiendo un anteproyecto de ley que fue truncado, ahora el contexto es otro. <\/span><span style=\"font-weight: 400;\">El 14 de diciembre del 2015<\/span> <span style=\"font-weight: 400;\">ingres\u00f3 al Parlamento uruguayo el Proyecto de Ley de Salud Mental, y el 11 de octubre de 2016 se aprob\u00f3 la media sanci\u00f3n de la ley en el Senado. Tambi\u00e9n se cre\u00f3 una Comisi\u00f3n Nacional por Salud Mental con m\u00e1s de 50 organizaciones sociales.<\/span><\/p>\n<div id=\"attachment_5125\" style=\"width: 208px\" class=\"wp-caption alignright\"><a href=\"https:\/\/iberculturaviva.org\/wp-content\/uploads\/2016\/11\/olga-azikian-foto-rodrigo-collins.jpg\"><img loading=\"lazy\" decoding=\"async\" aria-describedby=\"caption-attachment-5125\" class=\"wp-image-5125\" src=\"https:\/\/iberculturaviva.org\/wp-content\/uploads\/2016\/11\/olga-azikian-foto-rodrigo-collins.jpg\" alt=\"olga-azikian-foto-rodrigo-collins\" width=\"198\" height=\"299\" srcset=\"https:\/\/iberculturaviva.org\/wp-content\/uploads\/2016\/11\/olga-azikian-foto-rodrigo-collins.jpg 816w, https:\/\/iberculturaviva.org\/wp-content\/uploads\/2016\/11\/olga-azikian-foto-rodrigo-collins-199x300.jpg 199w, https:\/\/iberculturaviva.org\/wp-content\/uploads\/2016\/11\/olga-azikian-foto-rodrigo-collins-678x1024.jpg 678w, https:\/\/iberculturaviva.org\/wp-content\/uploads\/2016\/11\/olga-azikian-foto-rodrigo-collins-99x150.jpg 99w, https:\/\/iberculturaviva.org\/wp-content\/uploads\/2016\/11\/olga-azikian-foto-rodrigo-collins-768x1160.jpg 768w\" sizes=\"auto, (max-width: 198px) 100vw, 198px\" \/><\/a><p id=\"caption-attachment-5125\" class=\"wp-caption-text\">Olga Azikian, participante en la marcha (Foto: Rodrigo Collins)<\/p><\/div>\n<p style=\"text-align: justify;\"><span style=\"font-weight: 400;\">\u201cLa nueva ley tiene avances important\u00edsimos, porque ten\u00edamos una ley de 1936, llamada \u2018Ley del Psic\u00f3pata\u2019, pero todav\u00eda hay algunas discrepancias\u201d, afirma Laura. \u201cCon respeto a los abordajes de salud mental, por ejemplo. Es una ley muy cerrada en una l\u00f3gica m\u00e9dica, y estamos hablando de una situaci\u00f3n multidimensional. El abordaje no puede ser estrictamente medicalizador. Es imposible pensar en salud mental si no se tiene d\u00f3nde vivir, si no hay oportunidades para acceder a trabajo, vivienda, salud, si no hay programas para dar un poco m\u00e1s de equidad.\u201d<\/span><\/p>\n<p style=\"text-align: justify;\"><span style=\"font-weight: 400;\">Hace a\u00f1os que se lucha por una nueva ley, y la radio est\u00e1 siempre involucrada en marchas y campa\u00f1as para sensibilizar a la poblaci\u00f3n en general sobre la problem\u00e1tica de la salud mental y la pobreza en Uruguay, promoviendo el debate sobre la necesidad de un cambio de paradigma de la \u201cenfermedad mental\u201d al de la salud mental basada en la dignidad y el respeto. \u00a0<\/span><\/p>\n<div id=\"attachment_5146\" style=\"width: 207px\" class=\"wp-caption alignleft\"><a href=\"https:\/\/iberculturaviva.org\/wp-content\/uploads\/2016\/11\/marcha1210-foto-rodrigo-collins-1.jpg\"><img loading=\"lazy\" decoding=\"async\" aria-describedby=\"caption-attachment-5146\" class=\"wp-image-5146\" src=\"https:\/\/iberculturaviva.org\/wp-content\/uploads\/2016\/11\/marcha1210-foto-rodrigo-collins-1.jpg\" alt=\"marcha1210-foto-rodrigo-collins\" width=\"197\" height=\"298\" srcset=\"https:\/\/iberculturaviva.org\/wp-content\/uploads\/2016\/11\/marcha1210-foto-rodrigo-collins-1.jpg 816w, https:\/\/iberculturaviva.org\/wp-content\/uploads\/2016\/11\/marcha1210-foto-rodrigo-collins-1-199x300.jpg 199w, https:\/\/iberculturaviva.org\/wp-content\/uploads\/2016\/11\/marcha1210-foto-rodrigo-collins-1-678x1024.jpg 678w, https:\/\/iberculturaviva.org\/wp-content\/uploads\/2016\/11\/marcha1210-foto-rodrigo-collins-1-99x150.jpg 99w, https:\/\/iberculturaviva.org\/wp-content\/uploads\/2016\/11\/marcha1210-foto-rodrigo-collins-1-768x1160.jpg 768w\" sizes=\"auto, (max-width: 197px) 100vw, 197px\" \/><\/a><p id=\"caption-attachment-5146\" class=\"wp-caption-text\">(Foto: Rodrigo Collins)<\/p><\/div>\n<p style=\"text-align: justify;\"><span style=\"font-weight: 400;\">El 18 de agosto de 2015 Vilardevoz present\u00f3 las \u00ab<\/span><a href=\"https:\/\/www.vilardevoz.org\/2015\/09\/aportes-para-los-contenidos-de-una.html\"><span style=\"font-weight: 400;\">Ocho Razones para una nueva Ley en Salud Mental en Uruguay<\/span><\/a><span style=\"font-weight: 400;\">\u00bb en el edificio anexo del Palacio Legislativo, en una fonoplatea abierta con una mesa de intercambio con legisladores. \u201cNo hay salud mental si no es colectiva, si no se generan procesos de inclusi\u00f3n y debate permanente sobre lo que socialmente consideramos como salud y enfermedad as\u00ed como sus formas de abordaje y tratamiento\u201d, dec\u00eda el documento.<\/span><\/p>\n<p style=\"text-align: justify;\"><span style=\"font-weight: 400;\">El pasado 12 de octubre, las organizaciones sociales que actualmente integran la Comisi\u00f3n Nacional por una Ley de Salud Mental en Clave de Derechos Humanos marcharon juntas desde la Facultad de Psicolog\u00eda hasta la Plaza Libertad. Esta fue la V Marcha por Salud Mental, Desmanicomializaci\u00f3n y Vida Digna en Uruguay. Los participantes de Vilardevoz, por supuesto, estaban en la gran movida, con carteles y c\u00e1nticos de lucha contra la l\u00f3gica manicomial que segrega y encierra aquello que es diferente. <\/span><\/p>\n\n\t\t<style type=\"text\/css\">\n\t\t\t#gallery-4 {\n\t\t\t\tmargin: auto;\n\t\t\t}\n\t\t\t#gallery-4 .gallery-item {\n\t\t\t\tfloat: left;\n\t\t\t\tmargin-top: 10px;\n\t\t\t\ttext-align: center;\n\t\t\t\twidth: 33%;\n\t\t\t}\n\t\t\t#gallery-4 img {\n\t\t\t\tborder: 2px solid #cfcfcf;\n\t\t\t}\n\t\t\t#gallery-4 .gallery-caption {\n\t\t\t\tmargin-left: 0;\n\t\t\t}\n\t\t\t\/* see gallery_shortcode() in wp-includes\/media.php *\/\n\t\t<\/style>\n\t\t<div id='gallery-4' class='gallery galleryid-15910 gallery-columns-3 gallery-size-thumbnail'><dl class='gallery-item'>\n\t\t\t<dt class='gallery-icon landscape'>\n\t\t\t\t<a href='https:\/\/iberculturaviva.org\/es\/gustavo-bautista-foto-rodrigo-collins\/'><img loading=\"lazy\" decoding=\"async\" width=\"150\" height=\"150\" src=\"https:\/\/iberculturaviva.org\/wp-content\/uploads\/2016\/11\/gustavo-bautista-foto-rodrigo-collins-150x150.jpg\" class=\"attachment-thumbnail size-thumbnail\" alt=\"\" srcset=\"https:\/\/iberculturaviva.org\/wp-content\/uploads\/2016\/11\/gustavo-bautista-foto-rodrigo-collins-150x150.jpg 150w, https:\/\/iberculturaviva.org\/wp-content\/uploads\/2016\/11\/gustavo-bautista-foto-rodrigo-collins-50x50.jpg 50w, https:\/\/iberculturaviva.org\/wp-content\/uploads\/2016\/11\/gustavo-bautista-foto-rodrigo-collins-56x56.jpg 56w, https:\/\/iberculturaviva.org\/wp-content\/uploads\/2016\/11\/gustavo-bautista-foto-rodrigo-collins-250x250.jpg 250w, https:\/\/iberculturaviva.org\/wp-content\/uploads\/2016\/11\/gustavo-bautista-foto-rodrigo-collins-40x40.jpg 40w\" sizes=\"auto, (max-width: 150px) 100vw, 150px\" \/><\/a>\n\t\t\t<\/dt><\/dl><dl class='gallery-item'>\n\t\t\t<dt class='gallery-icon portrait'>\n\t\t\t\t<a href='https:\/\/iberculturaviva.org\/es\/foto-rodrigo-collins\/'><img loading=\"lazy\" decoding=\"async\" width=\"150\" height=\"150\" src=\"https:\/\/iberculturaviva.org\/wp-content\/uploads\/2016\/11\/foto-rodrigo-collins-150x150.jpg\" class=\"attachment-thumbnail size-thumbnail\" alt=\"\" srcset=\"https:\/\/iberculturaviva.org\/wp-content\/uploads\/2016\/11\/foto-rodrigo-collins-150x150.jpg 150w, https:\/\/iberculturaviva.org\/wp-content\/uploads\/2016\/11\/foto-rodrigo-collins-50x50.jpg 50w, https:\/\/iberculturaviva.org\/wp-content\/uploads\/2016\/11\/foto-rodrigo-collins-56x56.jpg 56w, https:\/\/iberculturaviva.org\/wp-content\/uploads\/2016\/11\/foto-rodrigo-collins-250x250.jpg 250w, https:\/\/iberculturaviva.org\/wp-content\/uploads\/2016\/11\/foto-rodrigo-collins-40x40.jpg 40w\" sizes=\"auto, (max-width: 150px) 100vw, 150px\" \/><\/a>\n\t\t\t<\/dt><\/dl><dl class='gallery-item'>\n\t\t\t<dt class='gallery-icon landscape'>\n\t\t\t\t<a href='https:\/\/iberculturaviva.org\/es\/foto-rodrigo-collins-2\/'><img loading=\"lazy\" decoding=\"async\" width=\"150\" height=\"150\" src=\"https:\/\/iberculturaviva.org\/wp-content\/uploads\/2016\/11\/foto-rodrigo-collins-2-150x150.jpg\" class=\"attachment-thumbnail size-thumbnail\" alt=\"\" srcset=\"https:\/\/iberculturaviva.org\/wp-content\/uploads\/2016\/11\/foto-rodrigo-collins-2-150x150.jpg 150w, https:\/\/iberculturaviva.org\/wp-content\/uploads\/2016\/11\/foto-rodrigo-collins-2-50x50.jpg 50w, https:\/\/iberculturaviva.org\/wp-content\/uploads\/2016\/11\/foto-rodrigo-collins-2-56x56.jpg 56w, https:\/\/iberculturaviva.org\/wp-content\/uploads\/2016\/11\/foto-rodrigo-collins-2-250x250.jpg 250w, https:\/\/iberculturaviva.org\/wp-content\/uploads\/2016\/11\/foto-rodrigo-collins-2-40x40.jpg 40w\" sizes=\"auto, (max-width: 150px) 100vw, 150px\" \/><\/a>\n\t\t\t<\/dt><\/dl><br style=\"clear: both\" \/>\n\t\t<\/div>\n\n<div id=\"attachment_5109\" style=\"width: 610px\" class=\"wp-caption aligncenter\"><img loading=\"lazy\" decoding=\"async\" aria-describedby=\"caption-attachment-5109\" class=\"wp-image-5109\" src=\"https:\/\/iberculturaviva.org\/wp-content\/uploads\/2016\/11\/cecilia-baroni-fabian-cabrera-foto-rodrigo-collins-960x636.jpg\" alt=\"cecilia-baroni-fabian-cabrera-foto-rodrigo-collins\" width=\"600\" height=\"397\" \/><p id=\"caption-attachment-5109\" class=\"wp-caption-text\">Cec\u00edlia Baroni y\u00a0Fabi\u00e1n Cabrera en la V Marcha por Salud Mental (Fotos: Rodrigo Collins)<\/p><\/div>\n\n\t\t<style type=\"text\/css\">\n\t\t\t#gallery-5 {\n\t\t\t\tmargin: auto;\n\t\t\t}\n\t\t\t#gallery-5 .gallery-item {\n\t\t\t\tfloat: left;\n\t\t\t\tmargin-top: 10px;\n\t\t\t\ttext-align: center;\n\t\t\t\twidth: 33%;\n\t\t\t}\n\t\t\t#gallery-5 img {\n\t\t\t\tborder: 2px solid #cfcfcf;\n\t\t\t}\n\t\t\t#gallery-5 .gallery-caption {\n\t\t\t\tmargin-left: 0;\n\t\t\t}\n\t\t\t\/* see gallery_shortcode() in wp-includes\/media.php *\/\n\t\t<\/style>\n\t\t<div id='gallery-5' class='gallery galleryid-15910 gallery-columns-3 gallery-size-thumbnail'><dl class='gallery-item'>\n\t\t\t<dt class='gallery-icon landscape'>\n\t\t\t\t<a href='https:\/\/iberculturaviva.org\/es\/mauricio-pajares-foto-rodrigo-collins\/'><img loading=\"lazy\" decoding=\"async\" width=\"150\" height=\"150\" src=\"https:\/\/iberculturaviva.org\/wp-content\/uploads\/2016\/11\/mauricio-pajares-foto-rodrigo-collins-150x150.jpg\" class=\"attachment-thumbnail size-thumbnail\" alt=\"\" srcset=\"https:\/\/iberculturaviva.org\/wp-content\/uploads\/2016\/11\/mauricio-pajares-foto-rodrigo-collins-150x150.jpg 150w, https:\/\/iberculturaviva.org\/wp-content\/uploads\/2016\/11\/mauricio-pajares-foto-rodrigo-collins-50x50.jpg 50w, https:\/\/iberculturaviva.org\/wp-content\/uploads\/2016\/11\/mauricio-pajares-foto-rodrigo-collins-56x56.jpg 56w, https:\/\/iberculturaviva.org\/wp-content\/uploads\/2016\/11\/mauricio-pajares-foto-rodrigo-collins-250x250.jpg 250w, https:\/\/iberculturaviva.org\/wp-content\/uploads\/2016\/11\/mauricio-pajares-foto-rodrigo-collins-40x40.jpg 40w\" sizes=\"auto, (max-width: 150px) 100vw, 150px\" \/><\/a>\n\t\t\t<\/dt><\/dl><dl class='gallery-item'>\n\t\t\t<dt class='gallery-icon landscape'>\n\t\t\t\t<a href='https:\/\/iberculturaviva.org\/es\/marcja12-10-foto-rodrigocollins\/'><img loading=\"lazy\" decoding=\"async\" width=\"150\" height=\"150\" src=\"https:\/\/iberculturaviva.org\/wp-content\/uploads\/2016\/11\/marcja12.10-foto-rodrigocollins-150x150.jpg\" class=\"attachment-thumbnail size-thumbnail\" alt=\"\" srcset=\"https:\/\/iberculturaviva.org\/wp-content\/uploads\/2016\/11\/marcja12.10-foto-rodrigocollins-150x150.jpg 150w, https:\/\/iberculturaviva.org\/wp-content\/uploads\/2016\/11\/marcja12.10-foto-rodrigocollins-50x50.jpg 50w, https:\/\/iberculturaviva.org\/wp-content\/uploads\/2016\/11\/marcja12.10-foto-rodrigocollins-56x56.jpg 56w, https:\/\/iberculturaviva.org\/wp-content\/uploads\/2016\/11\/marcja12.10-foto-rodrigocollins-250x250.jpg 250w, https:\/\/iberculturaviva.org\/wp-content\/uploads\/2016\/11\/marcja12.10-foto-rodrigocollins-40x40.jpg 40w\" sizes=\"auto, (max-width: 150px) 100vw, 150px\" \/><\/a>\n\t\t\t<\/dt><\/dl><dl class='gallery-item'>\n\t\t\t<dt class='gallery-icon landscape'>\n\t\t\t\t<a href='https:\/\/iberculturaviva.org\/es\/marcha1210-x-foto-rodrigo-collins\/'><img loading=\"lazy\" decoding=\"async\" width=\"150\" height=\"150\" src=\"https:\/\/iberculturaviva.org\/wp-content\/uploads\/2016\/11\/marcha1210-x-foto-rodrigo-collins-150x150.jpg\" class=\"attachment-thumbnail size-thumbnail\" alt=\"\" srcset=\"https:\/\/iberculturaviva.org\/wp-content\/uploads\/2016\/11\/marcha1210-x-foto-rodrigo-collins-150x150.jpg 150w, https:\/\/iberculturaviva.org\/wp-content\/uploads\/2016\/11\/marcha1210-x-foto-rodrigo-collins-50x50.jpg 50w, https:\/\/iberculturaviva.org\/wp-content\/uploads\/2016\/11\/marcha1210-x-foto-rodrigo-collins-56x56.jpg 56w, https:\/\/iberculturaviva.org\/wp-content\/uploads\/2016\/11\/marcha1210-x-foto-rodrigo-collins-250x250.jpg 250w, https:\/\/iberculturaviva.org\/wp-content\/uploads\/2016\/11\/marcha1210-x-foto-rodrigo-collins-40x40.jpg 40w\" sizes=\"auto, (max-width: 150px) 100vw, 150px\" \/><\/a>\n\t\t\t<\/dt><\/dl><br style=\"clear: both\" \/>\n\t\t<\/div>\n\n<h4>[divider] [\/divider]<\/h4>\n<h3><b>Tres preguntas para Cecilia Baroni<\/b><\/h3>\n<div id=\"attachment_5150\" style=\"width: 296px\" class=\"wp-caption alignright\"><a href=\"https:\/\/iberculturaviva.org\/wp-content\/uploads\/2016\/11\/cecilia-baroni-foto-rodrigo-collins-2-e1478468380249.jpg\"><img loading=\"lazy\" decoding=\"async\" aria-describedby=\"caption-attachment-5150\" class=\"wp-image-5150\" src=\"https:\/\/iberculturaviva.org\/wp-content\/uploads\/2016\/11\/cecilia-baroni-foto-rodrigo-collins-2-e1478468380249.jpg\" alt=\"cecilia-baroni-foto-rodrigo-collins (2)\" width=\"286\" height=\"218\" srcset=\"https:\/\/iberculturaviva.org\/wp-content\/uploads\/2016\/11\/cecilia-baroni-foto-rodrigo-collins-2-e1478468380249.jpg 453w, https:\/\/iberculturaviva.org\/wp-content\/uploads\/2016\/11\/cecilia-baroni-foto-rodrigo-collins-2-e1478468380249-300x230.jpg 300w, https:\/\/iberculturaviva.org\/wp-content\/uploads\/2016\/11\/cecilia-baroni-foto-rodrigo-collins-2-e1478468380249-150x115.jpg 150w\" sizes=\"auto, (max-width: 286px) 100vw, 286px\" \/><\/a><p id=\"caption-attachment-5150\" class=\"wp-caption-text\">Cecilia es\u00a0una de las fundadoras de Vilardevoz<\/p><\/div>\n<h4 style=\"text-align: justify;\">1.\u00a0<b>Como coordinadora del d\u00eda de fonoplatea, <\/b><b>\u00bf<\/b><b>puedes ver los avances de los participantes de varias maneras, del desarrollo de la creatividad al sentido de responsabilidad? <\/b><b>\u00bf<\/b><b>Qu\u00e9 es lo que m\u00e1s se ve? \u00bfLos participantes siempre tuvieron esas ganas de hablar?<\/b><\/h4>\n<p style=\"text-align: justify;\"><span style=\"font-weight: 400;\">En general una de las cosas que se ve m\u00e1s es el desarrollo de las habilidades comunicacionales y todo lo que implica hacer el ejercicio de hablar y ser escuchado, escuchar y emitir un mensaje para un otro (real o virtual) que nos vaya dando la posibilidad de salir del encierro institucional, pero tambi\u00e9n el que nos podemos generar nosotros mismos. <\/span><\/p>\n<p style=\"text-align: justify;\"><span style=\"font-weight: 400;\">Andr\u00e9s Jim\u00e9nez, uno de los fundadores de la radio, lo primero que not\u00f3 al comenzar al ir al hospital eran esas ganas de hablar, la defini\u00f3 como \u00abm\u00e1quinas de hablar\u00bb, donde lo hablado a veces no iba a ning\u00fan lado. Hab\u00eda una intenci\u00f3n comunicativa pero las formas de abordar los distintos padecimientos hac\u00edan que esas palabras fueran desestimadas y por lo tanto no se diera un proceso de comunicaci\u00f3n completo. O sea, se puede hablar pero no dialogar, y ah\u00ed comenzamos a pensar la importancia del di\u00e1logo, del ser reconocido, de pensar en el otro adem\u00e1s de lo que me pasa a m\u00ed. <\/span><\/p>\n<h4 style=\"text-align: justify;\"><b>2.<\/b><b> En tu opini\u00f3n, <\/b><b>\u00bf<\/b><b>cu\u00e1les son los principales indicadores de que el trabajo ha valido la pena? <\/b><\/h4>\n<p style=\"text-align: justify;\"><span style=\"font-weight: 400;\">La misma participaci\u00f3n y sus diversas modalidades es un indicador de que hacer esta radio con ellos ha valido la pena. En Vilardevoz no hay requisitos para participar, y en mi caso, voy todos los s\u00e1bados y me sigue asombrando la cantidad de gente que somos cuando nos juntamos, as\u00ed como las ganas de organizarnos para hacer que nuestras voces se escuchen. En Vilardevoz se trabaja lo que cada uno tiene y trae (&#8230;).<\/span><\/p>\n<p style=\"text-align: justify;\"><span style=\"font-weight: 400;\">Luego tenemos otros indicadores que son muy importantes, como por ejemplo los niveles de pertenencia y de referencias que han hecho disminuir las internaciones o los ciclos de las crisis. Por \u00faltimo, en Vilardevoz no se patologiza ni se infantiliza a las personas.<\/span><\/p>\n<p style=\"text-align: justify;\"><span style=\"font-weight: 400;\">El que habla ante un micr\u00f3fono genera un proceso de responsabilidad ante uno, los otros y un colectivo y las formas de enunciar y denunciar lo que nos duele, dado que estamos en el entrecruce de una problem\u00e1tica compleja como lo es el de la locura y la pobreza, lleva a buscar diferentes formas de decir lo que pensamos. <\/span><\/p>\n<h4 style=\"text-align: justify;\"><b>3.\u00a0<\/b><b>Comparando los primeros a\u00f1os, <\/b><b>\u00bf<\/b><b>sienten la diferencia en la manera en la que las personas reciben a los participantes de la radio en las comunidades? <\/b><b>\u00bf<\/b><b>Hay menos prejuicio hoy en d\u00eda?<\/b><\/h4>\n<p style=\"text-align: justify;\"><span style=\"font-weight: 400;\">Se siente la diferencia s\u00ed, aunque a\u00fan queda mucho por cambiar, pero el impacto amoroso que genera Vilardevoz en cada encuentro siempre nos deja pensando en por qu\u00e9 discriminamos, por qu\u00e9 no nos hablamos m\u00e1s, no nos abrazamos m\u00e1s, <\/span><span style=\"font-weight: 400;\">\u00bf<\/span><span style=\"font-weight: 400;\">no? Por m\u00e1s respuestas a nivel te\u00f3rico que podamos tener, en Vilardevoz lo llevamos a la pr\u00e1ctica y eso genera cambios.<\/span><\/p>\n<p style=\"text-align: justify;\"><span style=\"font-weight: 400;\">Una compa\u00f1era de Vilardevoz est\u00e1 haciendo su maestr\u00eda y se propuso investigar los cambios que Vilardevoz ha generado en el imaginario social y se ha encontrado con la grata sorpresa de haber introducido la idea de \u00abloco lindo\u00bb, lo cual es todo un logro. Si bien sabemos que aun persisten otros imaginarios, es muy alentador saber que hemos logrado incidir en eso, ya que es posible transformar algo, y dicen que las ideas es lo m\u00e1s dif\u00edcil de transformar, as\u00ed que vamos lento pero seguro.<\/span><\/p>\n<p><strong>\u00a0<em>(**Texto publicado el 8 de noviembre de 2016)<\/em><\/strong><\/p>\n<p><iframe loading=\"lazy\" title=\"Informe II sobre Radio Vilardevoz\" width=\"500\" height=\"281\" src=\"https:\/\/www.youtube.com\/embed\/lqimR35fc-8?feature=oembed\" frameborder=\"0\" allow=\"accelerometer; autoplay; clipboard-write; encrypted-media; gyroscope; picture-in-picture; web-share\" referrerpolicy=\"strict-origin-when-cross-origin\" allowfullscreen><\/iframe><\/p>\n<p>[divider] [\/divider]<\/p>\n<h4><\/h4>\n<h4><strong>Sepa m\u00e1s:<\/strong><\/h4>\n<p><a href=\"https:\/\/www.radiovilardevoz.org\"><span style=\"font-weight: 400;\">www.radiovilardevoz.org<\/span><\/a><\/p>\n<p><a href=\"https:\/\/www.facebook.com\/Radio-Vilardevoz-152357398168947\/\">Facebook Radio Vilardevoz<\/a><\/p>\n<p><a href=\"https:\/\/www.youtube.com\/user\/radiovilardevoz\">Vilardevoz no\u00a0Youtube<\/a><\/p>\n","protected":false},"excerpt":{"rendered":"<p>Existe una sala multicolores en el mundo blanco y negro del Hospital Psiqui\u00e1trico Vilardeb\u00f3, en Montevideo (Uruguay). Est\u00e1 al fondo del patio; tiene fotos y carteles colgados en las paredes, [&hellip;]<\/p>\n","protected":false},"author":2,"featured_media":18482,"menu_order":0,"template":"","categories":[],"tags":[],"country-municipality":[706,841],"type-opportunity":[],"class_list":["post-15910","portfolio","type-portfolio","status-publish","has-post-thumbnail","hentry","country-municipality-uruguai","country-municipality-uruguay"],"yoast_head":"<!-- This site is optimized with the Yoast SEO plugin v25.7 - https:\/\/yoast.com\/wordpress\/plugins\/seo\/ -->\n<title>Radio Vilardevoz: comunicaci\u00f3n participativa, salud mental y autonom\u00eda - IberCultura Viva<\/title>\n<meta name=\"description\" content=\"Radio Vilardevoz: comunicaci\u00f3n participativa, salud mental y autonom\u00eda - IberCultura Viva\" \/>\n<meta name=\"robots\" content=\"index, follow, max-snippet:-1, max-image-preview:large, max-video-preview:-1\" \/>\n<link rel=\"canonical\" href=\"https:\/\/iberculturaviva.org\/es\/portfolio\/radio-vilardevoz-comunicacion-participativa-salud-mental-y-autonomia\/\" \/>\n<meta property=\"og:locale\" content=\"es_ES\" \/>\n<meta property=\"og:type\" content=\"article\" \/>\n<meta property=\"og:title\" content=\"Radio Vilardevoz: comunicaci\u00f3n participativa, salud mental y autonom\u00eda - IberCultura Viva\" \/>\n<meta property=\"og:description\" content=\"Radio Vilardevoz: comunicaci\u00f3n participativa, salud mental y autonom\u00eda - IberCultura Viva\" \/>\n<meta property=\"og:url\" content=\"https:\/\/iberculturaviva.org\/es\/portfolio\/radio-vilardevoz-comunicacion-participativa-salud-mental-y-autonomia\/\" \/>\n<meta property=\"og:site_name\" content=\"IberCultura Viva\" \/>\n<meta property=\"article:publisher\" content=\"https:\/\/www.facebook.com\/iberculturaviva\/\" \/>\n<meta property=\"article:modified_time\" content=\"2024-11-26T00:56:16+00:00\" \/>\n<meta property=\"og:image\" content=\"https:\/\/iberculturaviva.org\/wp-content\/uploads\/2016\/11\/14680534_1256892624382080_2688072434888559051_n.jpg\" \/>\n\t<meta property=\"og:image:width\" content=\"960\" \/>\n\t<meta property=\"og:image:height\" content=\"720\" \/>\n\t<meta property=\"og:image:type\" content=\"image\/jpeg\" \/>\n<meta name=\"twitter:card\" content=\"summary_large_image\" \/>\n<meta name=\"twitter:label1\" content=\"Tiempo de lectura\" \/>\n\t<meta name=\"twitter:data1\" content=\"16 minutos\" \/>\n<script type=\"application\/ld+json\" class=\"yoast-schema-graph\">{\"@context\":\"https:\/\/schema.org\",\"@graph\":[{\"@type\":\"WebPage\",\"@id\":\"https:\/\/iberculturaviva.org\/es\/portfolio\/radio-vilardevoz-comunicacion-participativa-salud-mental-y-autonomia\/\",\"url\":\"https:\/\/iberculturaviva.org\/es\/portfolio\/radio-vilardevoz-comunicacion-participativa-salud-mental-y-autonomia\/\",\"name\":\"Radio Vilardevoz: comunicaci\u00f3n participativa, salud mental y autonom\u00eda - IberCultura Viva\",\"isPartOf\":{\"@id\":\"https:\/\/iberculturaviva.org\/es\/?lang=es\/#website\"},\"primaryImageOfPage\":{\"@id\":\"https:\/\/iberculturaviva.org\/es\/portfolio\/radio-vilardevoz-comunicacion-participativa-salud-mental-y-autonomia\/#primaryimage\"},\"image\":{\"@id\":\"https:\/\/iberculturaviva.org\/es\/portfolio\/radio-vilardevoz-comunicacion-participativa-salud-mental-y-autonomia\/#primaryimage\"},\"thumbnailUrl\":\"https:\/\/iberculturaviva.org\/wp-content\/uploads\/2016\/11\/14680534_1256892624382080_2688072434888559051_n.jpg\",\"datePublished\":\"2016-11-08T18:28:08+00:00\",\"dateModified\":\"2024-11-26T00:56:16+00:00\",\"description\":\"Radio Vilardevoz: comunicaci\u00f3n participativa, salud mental y autonom\u00eda - IberCultura Viva\",\"breadcrumb\":{\"@id\":\"https:\/\/iberculturaviva.org\/es\/portfolio\/radio-vilardevoz-comunicacion-participativa-salud-mental-y-autonomia\/#breadcrumb\"},\"inLanguage\":\"es\",\"potentialAction\":[{\"@type\":\"ReadAction\",\"target\":[\"https:\/\/iberculturaviva.org\/es\/portfolio\/radio-vilardevoz-comunicacion-participativa-salud-mental-y-autonomia\/\"]}]},{\"@type\":\"ImageObject\",\"inLanguage\":\"es\",\"@id\":\"https:\/\/iberculturaviva.org\/es\/portfolio\/radio-vilardevoz-comunicacion-participativa-salud-mental-y-autonomia\/#primaryimage\",\"url\":\"https:\/\/iberculturaviva.org\/wp-content\/uploads\/2016\/11\/14680534_1256892624382080_2688072434888559051_n.jpg\",\"contentUrl\":\"https:\/\/iberculturaviva.org\/wp-content\/uploads\/2016\/11\/14680534_1256892624382080_2688072434888559051_n.jpg\",\"width\":960,\"height\":720},{\"@type\":\"BreadcrumbList\",\"@id\":\"https:\/\/iberculturaviva.org\/es\/portfolio\/radio-vilardevoz-comunicacion-participativa-salud-mental-y-autonomia\/#breadcrumb\",\"itemListElement\":[{\"@type\":\"ListItem\",\"position\":1,\"name\":\"In\u00edcio\",\"item\":\"https:\/\/iberculturaviva.org\/es\/inicio\/\"},{\"@type\":\"ListItem\",\"position\":2,\"name\":\"Experi\u00eancias\",\"item\":\"https:\/\/iberculturaviva.org\/es\/portfolio\/\"},{\"@type\":\"ListItem\",\"position\":3,\"name\":\"Radio Vilardevoz: comunicaci\u00f3n participativa, salud mental y autonom\u00eda\"}]},{\"@type\":\"WebSite\",\"@id\":\"https:\/\/iberculturaviva.org\/es\/?lang=es\/#website\",\"url\":\"https:\/\/iberculturaviva.org\/es\/?lang=es\/\",\"name\":\"IberCultura Viva\",\"description\":\"Programa de cooperaci\u00f3n cultural\",\"publisher\":{\"@id\":\"https:\/\/iberculturaviva.org\/es\/?lang=es\/#organization\"},\"potentialAction\":[{\"@type\":\"SearchAction\",\"target\":{\"@type\":\"EntryPoint\",\"urlTemplate\":\"https:\/\/iberculturaviva.org\/es\/?lang=es\/?s={search_term_string}\"},\"query-input\":{\"@type\":\"PropertyValueSpecification\",\"valueRequired\":true,\"valueName\":\"search_term_string\"}}],\"inLanguage\":\"es\"},{\"@type\":\"Organization\",\"@id\":\"https:\/\/iberculturaviva.org\/es\/?lang=es\/#organization\",\"name\":\"Iberculturaviva\",\"url\":\"https:\/\/iberculturaviva.org\/es\/?lang=es\/\",\"logo\":{\"@type\":\"ImageObject\",\"inLanguage\":\"es\",\"@id\":\"https:\/\/iberculturaviva.org\/es\/?lang=es\/#\/schema\/logo\/image\/\",\"url\":\"https:\/\/iberculturaviva.org\/wp-content\/uploads\/2021\/08\/logo_ibercultura_viva.jpg\",\"contentUrl\":\"https:\/\/iberculturaviva.org\/wp-content\/uploads\/2021\/08\/logo_ibercultura_viva.jpg\",\"width\":708,\"height\":223,\"caption\":\"Iberculturaviva\"},\"image\":{\"@id\":\"https:\/\/iberculturaviva.org\/es\/?lang=es\/#\/schema\/logo\/image\/\"},\"sameAs\":[\"https:\/\/www.facebook.com\/iberculturaviva\/\",\"https:\/\/www.instagram.com\/iberculturaviva\/\",\"https:\/\/www.youtube.com\/iberculturaviva\"]}]}<\/script>\n<!-- \/ Yoast SEO plugin. -->","yoast_head_json":{"title":"Radio Vilardevoz: comunicaci\u00f3n participativa, salud mental y autonom\u00eda - IberCultura Viva","description":"Radio Vilardevoz: comunicaci\u00f3n participativa, salud mental y autonom\u00eda - IberCultura Viva","robots":{"index":"index","follow":"follow","max-snippet":"max-snippet:-1","max-image-preview":"max-image-preview:large","max-video-preview":"max-video-preview:-1"},"canonical":"https:\/\/iberculturaviva.org\/es\/portfolio\/radio-vilardevoz-comunicacion-participativa-salud-mental-y-autonomia\/","og_locale":"es_ES","og_type":"article","og_title":"Radio Vilardevoz: comunicaci\u00f3n participativa, salud mental y autonom\u00eda - IberCultura Viva","og_description":"Radio Vilardevoz: comunicaci\u00f3n participativa, salud mental y autonom\u00eda - IberCultura Viva","og_url":"https:\/\/iberculturaviva.org\/es\/portfolio\/radio-vilardevoz-comunicacion-participativa-salud-mental-y-autonomia\/","og_site_name":"IberCultura Viva","article_publisher":"https:\/\/www.facebook.com\/iberculturaviva\/","article_modified_time":"2024-11-26T00:56:16+00:00","og_image":[{"width":960,"height":720,"url":"https:\/\/iberculturaviva.org\/wp-content\/uploads\/2016\/11\/14680534_1256892624382080_2688072434888559051_n.jpg","type":"image\/jpeg"}],"twitter_card":"summary_large_image","twitter_misc":{"Tiempo de lectura":"16 minutos"},"schema":{"@context":"https:\/\/schema.org","@graph":[{"@type":"WebPage","@id":"https:\/\/iberculturaviva.org\/es\/portfolio\/radio-vilardevoz-comunicacion-participativa-salud-mental-y-autonomia\/","url":"https:\/\/iberculturaviva.org\/es\/portfolio\/radio-vilardevoz-comunicacion-participativa-salud-mental-y-autonomia\/","name":"Radio Vilardevoz: comunicaci\u00f3n participativa, salud mental y autonom\u00eda - IberCultura Viva","isPartOf":{"@id":"https:\/\/iberculturaviva.org\/es\/?lang=es\/#website"},"primaryImageOfPage":{"@id":"https:\/\/iberculturaviva.org\/es\/portfolio\/radio-vilardevoz-comunicacion-participativa-salud-mental-y-autonomia\/#primaryimage"},"image":{"@id":"https:\/\/iberculturaviva.org\/es\/portfolio\/radio-vilardevoz-comunicacion-participativa-salud-mental-y-autonomia\/#primaryimage"},"thumbnailUrl":"https:\/\/iberculturaviva.org\/wp-content\/uploads\/2016\/11\/14680534_1256892624382080_2688072434888559051_n.jpg","datePublished":"2016-11-08T18:28:08+00:00","dateModified":"2024-11-26T00:56:16+00:00","description":"Radio Vilardevoz: comunicaci\u00f3n participativa, salud mental y autonom\u00eda - IberCultura Viva","breadcrumb":{"@id":"https:\/\/iberculturaviva.org\/es\/portfolio\/radio-vilardevoz-comunicacion-participativa-salud-mental-y-autonomia\/#breadcrumb"},"inLanguage":"es","potentialAction":[{"@type":"ReadAction","target":["https:\/\/iberculturaviva.org\/es\/portfolio\/radio-vilardevoz-comunicacion-participativa-salud-mental-y-autonomia\/"]}]},{"@type":"ImageObject","inLanguage":"es","@id":"https:\/\/iberculturaviva.org\/es\/portfolio\/radio-vilardevoz-comunicacion-participativa-salud-mental-y-autonomia\/#primaryimage","url":"https:\/\/iberculturaviva.org\/wp-content\/uploads\/2016\/11\/14680534_1256892624382080_2688072434888559051_n.jpg","contentUrl":"https:\/\/iberculturaviva.org\/wp-content\/uploads\/2016\/11\/14680534_1256892624382080_2688072434888559051_n.jpg","width":960,"height":720},{"@type":"BreadcrumbList","@id":"https:\/\/iberculturaviva.org\/es\/portfolio\/radio-vilardevoz-comunicacion-participativa-salud-mental-y-autonomia\/#breadcrumb","itemListElement":[{"@type":"ListItem","position":1,"name":"In\u00edcio","item":"https:\/\/iberculturaviva.org\/es\/inicio\/"},{"@type":"ListItem","position":2,"name":"Experi\u00eancias","item":"https:\/\/iberculturaviva.org\/es\/portfolio\/"},{"@type":"ListItem","position":3,"name":"Radio Vilardevoz: comunicaci\u00f3n participativa, salud mental y autonom\u00eda"}]},{"@type":"WebSite","@id":"https:\/\/iberculturaviva.org\/es\/?lang=es\/#website","url":"https:\/\/iberculturaviva.org\/es\/?lang=es\/","name":"IberCultura Viva","description":"Programa de cooperaci\u00f3n cultural","publisher":{"@id":"https:\/\/iberculturaviva.org\/es\/?lang=es\/#organization"},"potentialAction":[{"@type":"SearchAction","target":{"@type":"EntryPoint","urlTemplate":"https:\/\/iberculturaviva.org\/es\/?lang=es\/?s={search_term_string}"},"query-input":{"@type":"PropertyValueSpecification","valueRequired":true,"valueName":"search_term_string"}}],"inLanguage":"es"},{"@type":"Organization","@id":"https:\/\/iberculturaviva.org\/es\/?lang=es\/#organization","name":"Iberculturaviva","url":"https:\/\/iberculturaviva.org\/es\/?lang=es\/","logo":{"@type":"ImageObject","inLanguage":"es","@id":"https:\/\/iberculturaviva.org\/es\/?lang=es\/#\/schema\/logo\/image\/","url":"https:\/\/iberculturaviva.org\/wp-content\/uploads\/2021\/08\/logo_ibercultura_viva.jpg","contentUrl":"https:\/\/iberculturaviva.org\/wp-content\/uploads\/2021\/08\/logo_ibercultura_viva.jpg","width":708,"height":223,"caption":"Iberculturaviva"},"image":{"@id":"https:\/\/iberculturaviva.org\/es\/?lang=es\/#\/schema\/logo\/image\/"},"sameAs":["https:\/\/www.facebook.com\/iberculturaviva\/","https:\/\/www.instagram.com\/iberculturaviva\/","https:\/\/www.youtube.com\/iberculturaviva"]}]}},"_links":{"self":[{"href":"https:\/\/iberculturaviva.org\/es\/wp-json\/wp\/v2\/portfolio\/15910","targetHints":{"allow":["GET"]}}],"collection":[{"href":"https:\/\/iberculturaviva.org\/es\/wp-json\/wp\/v2\/portfolio"}],"about":[{"href":"https:\/\/iberculturaviva.org\/es\/wp-json\/wp\/v2\/types\/portfolio"}],"author":[{"embeddable":true,"href":"https:\/\/iberculturaviva.org\/es\/wp-json\/wp\/v2\/users\/2"}],"version-history":[{"count":1,"href":"https:\/\/iberculturaviva.org\/es\/wp-json\/wp\/v2\/portfolio\/15910\/revisions"}],"predecessor-version":[{"id":37933,"href":"https:\/\/iberculturaviva.org\/es\/wp-json\/wp\/v2\/portfolio\/15910\/revisions\/37933"}],"wp:featuredmedia":[{"embeddable":true,"href":"https:\/\/iberculturaviva.org\/es\/wp-json\/wp\/v2\/media\/18482"}],"wp:attachment":[{"href":"https:\/\/iberculturaviva.org\/es\/wp-json\/wp\/v2\/media?parent=15910"}],"wp:term":[{"taxonomy":"category","embeddable":true,"href":"https:\/\/iberculturaviva.org\/es\/wp-json\/wp\/v2\/categories?post=15910"},{"taxonomy":"post_tag","embeddable":true,"href":"https:\/\/iberculturaviva.org\/es\/wp-json\/wp\/v2\/tags?post=15910"},{"taxonomy":"country-municipality","embeddable":true,"href":"https:\/\/iberculturaviva.org\/es\/wp-json\/wp\/v2\/country-municipality?post=15910"},{"taxonomy":"type-opportunity","embeddable":true,"href":"https:\/\/iberculturaviva.org\/es\/wp-json\/wp\/v2\/type-opportunity?post=15910"}],"curies":[{"name":"wp","href":"https:\/\/api.w.org\/{rel}","templated":true}]}}