{"id":15909,"date":"2016-05-20T18:34:35","date_gmt":"2016-05-20T21:34:35","guid":{"rendered":"https:\/\/iberculturaviva.org\/portfolio\/altepee-la-musica-de-cuerdas-como-puente-entre-realidades-comunes-y-miradas-diversas\/"},"modified":"2023-08-21T21:20:50","modified_gmt":"2023-08-22T00:20:50","slug":"altepee-la-musica-de-cuerdas-como-puente-entre-realidades-comunes-y-miradas-diversas","status":"publish","type":"portfolio","link":"https:\/\/iberculturaviva.org\/es\/portfolio\/altepee-la-musica-de-cuerdas-como-puente-entre-realidades-comunes-y-miradas-diversas\/","title":{"rendered":"Altepee: la m\u00fasica de cuerdas como puente entre realidades comunes y miradas diversas"},"content":{"rendered":"<p style=\"text-align: justify;\"><span style=\"font-weight: 400;\"><a href=\"https:\/\/iberculturaviva.org\/wp-content\/uploads\/2016\/05\/altepee-4.jpg\"><img loading=\"lazy\" decoding=\"async\" class=\"size-full wp-image-3949 alignright\" src=\"https:\/\/iberculturaviva.org\/wp-content\/uploads\/2016\/05\/altepee-4.jpg\" alt=\"altepee-4\" width=\"320\" height=\"212\" srcset=\"https:\/\/iberculturaviva.org\/wp-content\/uploads\/2016\/05\/altepee-4.jpg 320w, https:\/\/iberculturaviva.org\/wp-content\/uploads\/2016\/05\/altepee-4-300x199.jpg 300w, https:\/\/iberculturaviva.org\/wp-content\/uploads\/2016\/05\/altepee-4-150x99.jpg 150w\" sizes=\"auto, (max-width: 320px) 100vw, 320px\" \/><\/a>Al principio lo que hac\u00eda que un grupo de j\u00f3venes de Veracruz, M\u00e9xico, se juntara en torno de sus jaranas (instrumento de cuerda parecido a una guitarra) era la amistad y el gusto por tocar. Poco a poco se dieron cuenta que la tradici\u00f3n del fandango (fiesta que congrega a m\u00fasicos y zapateadores alrededor de la tarima) era una forma natural de organizarse, que les acercaba a las comunidades y al conocimiento de sus abuelos. Nac\u00eda entonces el Colectivo Altepee Son.<\/span><\/p>\n<p style=\"text-align: justify;\"><span style=\"font-weight: 400;\">El m\u00fasico Sael Blanco, uno de los fundadores, cuenta que la mayor\u00eda de los que iniciaron el colectivo hace siete a\u00f1os se conocieron en la universidad y por los huapangos (fandangos), las fiestas donde se toca esta m\u00fasica de cuerdas oriunda de los pueblos originarios. \u201cTodxs somos de comunidades del sur de nuestro estado, que es sumamente rico en biodiversidad y asuntos culturales, pero tambi\u00e9n es uno de los que reciben menos atenci\u00f3n por parte del Estado y donde hace algunos a\u00f1os empez\u00f3 a surgir una violencia perpetuada por el crimen organizado\u201d, afirma.<\/span><\/p>\n<p style=\"text-align: justify;\"><span style=\"font-weight: 400;\">Al ver todo esto y vivirlo en sus comunidades, el grupo de amigos decidi\u00f3 hacer algo a trav\u00e9s de la m\u00fasica. \u201cTuvimos que dejar la universidad y nos pusimos a trabajar con la m\u00fasica, que para esos momentos te curaba del temor que te inmoviliza. Nos empezamos a dar cuenta de c\u00f3mo por el miedo poco a poco la gente se dejaba de hablar o de no salir de sus casas, los j\u00f3venes ve\u00edan como la mejor opci\u00f3n integrarse al crimen organizado que a otro tipo de trabajos (que tambi\u00e9n escasean)\u201d, comenta.<\/span><\/p>\n\n\t\t<style type=\"text\/css\">\n\t\t\t#gallery-1 {\n\t\t\t\tmargin: auto;\n\t\t\t}\n\t\t\t#gallery-1 .gallery-item {\n\t\t\t\tfloat: left;\n\t\t\t\tmargin-top: 10px;\n\t\t\t\ttext-align: center;\n\t\t\t\twidth: 33%;\n\t\t\t}\n\t\t\t#gallery-1 img {\n\t\t\t\tborder: 2px solid #cfcfcf;\n\t\t\t}\n\t\t\t#gallery-1 .gallery-caption {\n\t\t\t\tmargin-left: 0;\n\t\t\t}\n\t\t\t\/* see gallery_shortcode() in wp-includes\/media.php *\/\n\t\t<\/style>\n\t\t<div id='gallery-1' class='gallery galleryid-15909 gallery-columns-3 gallery-size-thumbnail'><dl class='gallery-item'>\n\t\t\t<dt class='gallery-icon landscape'>\n\t\t\t\t<a href='https:\/\/iberculturaviva.org\/es\/altepee-7\/'><img loading=\"lazy\" decoding=\"async\" width=\"150\" height=\"150\" src=\"https:\/\/iberculturaviva.org\/wp-content\/uploads\/2016\/05\/altepee-7-150x150.jpg\" class=\"attachment-thumbnail size-thumbnail\" alt=\"\" srcset=\"https:\/\/iberculturaviva.org\/wp-content\/uploads\/2016\/05\/altepee-7-150x150.jpg 150w, https:\/\/iberculturaviva.org\/wp-content\/uploads\/2016\/05\/altepee-7-50x50.jpg 50w, https:\/\/iberculturaviva.org\/wp-content\/uploads\/2016\/05\/altepee-7-56x56.jpg 56w, https:\/\/iberculturaviva.org\/wp-content\/uploads\/2016\/05\/altepee-7-40x40.jpg 40w\" sizes=\"auto, (max-width: 150px) 100vw, 150px\" \/><\/a>\n\t\t\t<\/dt><\/dl><dl class='gallery-item'>\n\t\t\t<dt class='gallery-icon landscape'>\n\t\t\t\t<a href='https:\/\/iberculturaviva.org\/es\/altepee-6\/'><img loading=\"lazy\" decoding=\"async\" width=\"150\" height=\"150\" src=\"https:\/\/iberculturaviva.org\/wp-content\/uploads\/2016\/05\/altepee-6-150x150.jpg\" class=\"attachment-thumbnail size-thumbnail\" alt=\"\" srcset=\"https:\/\/iberculturaviva.org\/wp-content\/uploads\/2016\/05\/altepee-6-150x150.jpg 150w, https:\/\/iberculturaviva.org\/wp-content\/uploads\/2016\/05\/altepee-6-50x50.jpg 50w, https:\/\/iberculturaviva.org\/wp-content\/uploads\/2016\/05\/altepee-6-56x56.jpg 56w, https:\/\/iberculturaviva.org\/wp-content\/uploads\/2016\/05\/altepee-6-40x40.jpg 40w\" sizes=\"auto, (max-width: 150px) 100vw, 150px\" \/><\/a>\n\t\t\t<\/dt><\/dl><dl class='gallery-item'>\n\t\t\t<dt class='gallery-icon portrait'>\n\t\t\t\t<a href='https:\/\/iberculturaviva.org\/es\/altepee-9\/'><img loading=\"lazy\" decoding=\"async\" width=\"150\" height=\"150\" src=\"https:\/\/iberculturaviva.org\/wp-content\/uploads\/2016\/05\/altepee-9-150x150.jpg\" class=\"attachment-thumbnail size-thumbnail\" alt=\"\" srcset=\"https:\/\/iberculturaviva.org\/wp-content\/uploads\/2016\/05\/altepee-9-150x150.jpg 150w, https:\/\/iberculturaviva.org\/wp-content\/uploads\/2016\/05\/altepee-9-50x50.jpg 50w, https:\/\/iberculturaviva.org\/wp-content\/uploads\/2016\/05\/altepee-9-56x56.jpg 56w, https:\/\/iberculturaviva.org\/wp-content\/uploads\/2016\/05\/altepee-9-40x40.jpg 40w\" sizes=\"auto, (max-width: 150px) 100vw, 150px\" \/><\/a>\n\t\t\t<\/dt><\/dl><br style=\"clear: both\" \/><dl class='gallery-item'>\n\t\t\t<dt class='gallery-icon landscape'>\n\t\t\t\t<a href='https:\/\/iberculturaviva.org\/es\/portfolio\/altepee-la-musica-de-cuerdas-como-puente-entre-realidades-comunes-y-miradas-diversas\/altepee-18\/'><img loading=\"lazy\" decoding=\"async\" width=\"150\" height=\"150\" src=\"https:\/\/iberculturaviva.org\/wp-content\/uploads\/2016\/05\/altepee-18-150x150.jpg\" class=\"attachment-thumbnail size-thumbnail\" alt=\"\" srcset=\"https:\/\/iberculturaviva.org\/wp-content\/uploads\/2016\/05\/altepee-18-150x150.jpg 150w, https:\/\/iberculturaviva.org\/wp-content\/uploads\/2016\/05\/altepee-18-50x50.jpg 50w, https:\/\/iberculturaviva.org\/wp-content\/uploads\/2016\/05\/altepee-18-56x56.jpg 56w, https:\/\/iberculturaviva.org\/wp-content\/uploads\/2016\/05\/altepee-18-40x40.jpg 40w\" sizes=\"auto, (max-width: 150px) 100vw, 150px\" \/><\/a>\n\t\t\t<\/dt><\/dl><dl class='gallery-item'>\n\t\t\t<dt class='gallery-icon landscape'>\n\t\t\t\t<a href='https:\/\/iberculturaviva.org\/es\/portfolio\/altepee-la-musica-de-cuerdas-como-puente-entre-realidades-comunes-y-miradas-diversas\/altepee-19\/'><img loading=\"lazy\" decoding=\"async\" width=\"150\" height=\"150\" src=\"https:\/\/iberculturaviva.org\/wp-content\/uploads\/2016\/05\/altepee-19-150x150.jpg\" class=\"attachment-thumbnail size-thumbnail\" alt=\"\" srcset=\"https:\/\/iberculturaviva.org\/wp-content\/uploads\/2016\/05\/altepee-19-150x150.jpg 150w, https:\/\/iberculturaviva.org\/wp-content\/uploads\/2016\/05\/altepee-19-50x50.jpg 50w, https:\/\/iberculturaviva.org\/wp-content\/uploads\/2016\/05\/altepee-19-56x56.jpg 56w, https:\/\/iberculturaviva.org\/wp-content\/uploads\/2016\/05\/altepee-19-40x40.jpg 40w\" sizes=\"auto, (max-width: 150px) 100vw, 150px\" \/><\/a>\n\t\t\t<\/dt><\/dl><dl class='gallery-item'>\n\t\t\t<dt class='gallery-icon landscape'>\n\t\t\t\t<a href='https:\/\/iberculturaviva.org\/es\/altepee-10\/'><img loading=\"lazy\" decoding=\"async\" width=\"150\" height=\"150\" src=\"https:\/\/iberculturaviva.org\/wp-content\/uploads\/2016\/05\/altepee-10-150x150.jpg\" class=\"attachment-thumbnail size-thumbnail\" alt=\"\" srcset=\"https:\/\/iberculturaviva.org\/wp-content\/uploads\/2016\/05\/altepee-10-150x150.jpg 150w, https:\/\/iberculturaviva.org\/wp-content\/uploads\/2016\/05\/altepee-10-50x50.jpg 50w, https:\/\/iberculturaviva.org\/wp-content\/uploads\/2016\/05\/altepee-10-56x56.jpg 56w, https:\/\/iberculturaviva.org\/wp-content\/uploads\/2016\/05\/altepee-10-40x40.jpg 40w\" sizes=\"auto, (max-width: 150px) 100vw, 150px\" \/><\/a>\n\t\t\t<\/dt><\/dl><br style=\"clear: both\" \/>\n\t\t<\/div>\n\n<h4 style=\"text-align: justify;\"><\/h4>\n<h4 style=\"text-align: justify;\"><b>Encuentro de generaciones<\/b><\/h4>\n<p style=\"text-align: justify;\"><span style=\"font-weight: 400;\"><a href=\"https:\/\/iberculturaviva.org\/wp-content\/uploads\/2016\/05\/altepee-13.jpg\"><img loading=\"lazy\" decoding=\"async\" class=\" wp-image-3959 alignright\" src=\"https:\/\/iberculturaviva.org\/wp-content\/uploads\/2016\/05\/altepee-13.jpg\" alt=\"altepee-13\" width=\"249\" height=\"249\" srcset=\"https:\/\/iberculturaviva.org\/wp-content\/uploads\/2016\/05\/altepee-13.jpg 612w, https:\/\/iberculturaviva.org\/wp-content\/uploads\/2016\/05\/altepee-13-300x300.jpg 300w, https:\/\/iberculturaviva.org\/wp-content\/uploads\/2016\/05\/altepee-13-150x150.jpg 150w\" sizes=\"auto, (max-width: 249px) 100vw, 249px\" \/><\/a>La m\u00fasica de cuerdas del sur de Veracruz, que a lo largo de trescientos a\u00f1os se ha venido transmitiendo de generaci\u00f3n en generaci\u00f3n, ha sido una importante herramienta de unificaci\u00f3n social para Altepee, ya que permite la interacci\u00f3n entre generaciones &#8211; los j\u00f3venes interesados en aprender la m\u00fasica y los mayores que han sabido conservarla y de los cuales aprenden tambi\u00e9n una serie de valores y aptitudes que les permiten acercarse a su identidad, conocerla y defenderla. <\/span><\/p>\n<p style=\"text-align: justify;\"><span style=\"font-weight: 400;\">\u201cNos pareci\u00f3 necesario empezar a ocupar diferentes herramientas para poder preservar ese conocimiento que desde hace ya mucho se ha desvalorizado y que desde nuestra experiencia de vida entend\u00edamos que nos hace falta, as\u00ed que empezamos a documentar a trav\u00e9s del video y del audio, cosa que despu\u00e9s sirvi\u00f3 para que m\u00e1s compa\u00f1eros que llegaban a los talleres que a\u00fan se imparten, pudieran integrarse al trabajo del colectivo\u201d, dice Sael.<\/span><\/p>\n<p style=\"text-align: justify;\"><span style=\"font-weight: 400;\">Adem\u00e1s de contar con una disquera que permite grabar a los m\u00fasicos de las comunidades, los integrantes de Altepee hacen un programa de radio todos los mi\u00e9rcoles, imparten un peque\u00f1o taller de serigraf\u00eda y otro de artesan\u00edas. Tambi\u00e9n tienen una producci\u00f3n de jaranas, jabones, medicina natural y chocolate, y todo esto se vende en una tiendita que administran ellos mismos. Algunos compa\u00f1eros se dedican a la agricultura. \u201cEn realidad la documentaci\u00f3n es una forma de acercar a m\u00e1s personas a una visi\u00f3n diferente de vida a una que pueda ser m\u00e1s equilibrada con la naturaleza, entendiendo que nosotros somos parte de ella, que a como vemos con nuestros abuelos es parte de nuestra identidad.\u201d<\/span><\/p>\n\n\t\t<style type=\"text\/css\">\n\t\t\t#gallery-2 {\n\t\t\t\tmargin: auto;\n\t\t\t}\n\t\t\t#gallery-2 .gallery-item {\n\t\t\t\tfloat: left;\n\t\t\t\tmargin-top: 10px;\n\t\t\t\ttext-align: center;\n\t\t\t\twidth: 33%;\n\t\t\t}\n\t\t\t#gallery-2 img {\n\t\t\t\tborder: 2px solid #cfcfcf;\n\t\t\t}\n\t\t\t#gallery-2 .gallery-caption {\n\t\t\t\tmargin-left: 0;\n\t\t\t}\n\t\t\t\/* see gallery_shortcode() in wp-includes\/media.php *\/\n\t\t<\/style>\n\t\t<div id='gallery-2' class='gallery galleryid-15909 gallery-columns-3 gallery-size-thumbnail'><dl class='gallery-item'>\n\t\t\t<dt class='gallery-icon portrait'>\n\t\t\t\t<a href='https:\/\/iberculturaviva.org\/es\/portfolio\/altepee-la-musica-de-cuerdas-como-puente-entre-realidades-comunes-y-miradas-diversas\/altepee-8\/'><img loading=\"lazy\" decoding=\"async\" width=\"150\" height=\"150\" src=\"https:\/\/iberculturaviva.org\/wp-content\/uploads\/2016\/05\/altepee-8-150x150.jpg\" class=\"attachment-thumbnail size-thumbnail\" alt=\"\" srcset=\"https:\/\/iberculturaviva.org\/wp-content\/uploads\/2016\/05\/altepee-8-150x150.jpg 150w, https:\/\/iberculturaviva.org\/wp-content\/uploads\/2016\/05\/altepee-8-50x50.jpg 50w, https:\/\/iberculturaviva.org\/wp-content\/uploads\/2016\/05\/altepee-8-56x56.jpg 56w, https:\/\/iberculturaviva.org\/wp-content\/uploads\/2016\/05\/altepee-8-40x40.jpg 40w\" sizes=\"auto, (max-width: 150px) 100vw, 150px\" \/><\/a>\n\t\t\t<\/dt><\/dl><dl class='gallery-item'>\n\t\t\t<dt class='gallery-icon landscape'>\n\t\t\t\t<a href='https:\/\/iberculturaviva.org\/es\/portfolio\/altepee-la-musica-de-cuerdas-como-puente-entre-realidades-comunes-y-miradas-diversas\/altepee-20\/'><img loading=\"lazy\" decoding=\"async\" width=\"150\" height=\"150\" src=\"https:\/\/iberculturaviva.org\/wp-content\/uploads\/2016\/05\/altepee-20-150x150.jpg\" class=\"attachment-thumbnail size-thumbnail\" alt=\"\" srcset=\"https:\/\/iberculturaviva.org\/wp-content\/uploads\/2016\/05\/altepee-20-150x150.jpg 150w, https:\/\/iberculturaviva.org\/wp-content\/uploads\/2016\/05\/altepee-20-50x50.jpg 50w, https:\/\/iberculturaviva.org\/wp-content\/uploads\/2016\/05\/altepee-20-125x125.jpg 125w, https:\/\/iberculturaviva.org\/wp-content\/uploads\/2016\/05\/altepee-20-56x56.jpg 56w, https:\/\/iberculturaviva.org\/wp-content\/uploads\/2016\/05\/altepee-20-250x250.jpg 250w, https:\/\/iberculturaviva.org\/wp-content\/uploads\/2016\/05\/altepee-20-40x40.jpg 40w, https:\/\/iberculturaviva.org\/wp-content\/uploads\/2016\/05\/altepee-20.jpg 320w\" sizes=\"auto, (max-width: 150px) 100vw, 150px\" \/><\/a>\n\t\t\t<\/dt><\/dl><dl class='gallery-item'>\n\t\t\t<dt class='gallery-icon landscape'>\n\t\t\t\t<a href='https:\/\/iberculturaviva.org\/es\/portfolio\/altepee-la-musica-de-cuerdas-como-puente-entre-realidades-comunes-y-miradas-diversas\/altepee-15\/'><img loading=\"lazy\" decoding=\"async\" width=\"150\" height=\"150\" src=\"https:\/\/iberculturaviva.org\/wp-content\/uploads\/2016\/05\/altepee-15-150x150.jpg\" class=\"attachment-thumbnail size-thumbnail\" alt=\"\" srcset=\"https:\/\/iberculturaviva.org\/wp-content\/uploads\/2016\/05\/altepee-15-150x150.jpg 150w, https:\/\/iberculturaviva.org\/wp-content\/uploads\/2016\/05\/altepee-15-50x50.jpg 50w, https:\/\/iberculturaviva.org\/wp-content\/uploads\/2016\/05\/altepee-15-125x125.jpg 125w, https:\/\/iberculturaviva.org\/wp-content\/uploads\/2016\/05\/altepee-15-56x56.jpg 56w, https:\/\/iberculturaviva.org\/wp-content\/uploads\/2016\/05\/altepee-15-529x529.jpg 529w, https:\/\/iberculturaviva.org\/wp-content\/uploads\/2016\/05\/altepee-15-250x250.jpg 250w, https:\/\/iberculturaviva.org\/wp-content\/uploads\/2016\/05\/altepee-15-40x40.jpg 40w, https:\/\/iberculturaviva.org\/wp-content\/uploads\/2016\/05\/altepee-15.jpg 612w\" sizes=\"auto, (max-width: 150px) 100vw, 150px\" \/><\/a>\n\t\t\t<\/dt><\/dl><br style=\"clear: both\" \/>\n\t\t<\/div>\n\n<h4 style=\"text-align: justify;\"><b>Construyendo suen\u00f5s<\/b><\/h4>\n<p style=\"text-align: justify;\"><span style=\"font-weight: 400;\">Al principio eran cinco personas. Ahora son 20, con un respaldo de muchas comunidades que les permite seguir so\u00f1ando y construyendo esos sue\u00f1os. \u201cDia con dia vamos viendo los resultados de nuestro trabajo, estamos vivos, seguimos trabajando y nuestro trabajo permite que otrxs puedan tambi\u00e9n aventarse a so\u00f1ar\u201d, afirma.<\/span><\/p>\n<p style=\"text-align: justify;\"><span style=\"font-weight: 400;\">\u201cY en esta idea de so\u00f1ar y de seguir haci\u00e9ndolo nos damos cuenta que es importante cada experiencia as\u00ed, pues aunque nosotrxs y muchos m\u00e1s est\u00e9n trabajando en ese cambio de nuestras malas realidades, mientras el mundo siga viendo hacia ese camino que te lleva al abismo, la destrucci\u00f3n, todas estas experiencias de vida est\u00e1n en riesgo. As\u00ed que ah\u00ed la importancia de juntarse, conocerse y construir en red. Aunque eso sea bastante dif\u00edcil, y m\u00e1s en nuestro pa\u00eds que es bastante grande en territorio y bien diferente.\u201d<\/span><\/p>\n<p style=\"text-align: justify;\"><a href=\"https:\/\/iberculturaviva.org\/wp-content\/uploads\/2016\/05\/altepee-16.jpg\"><img loading=\"lazy\" decoding=\"async\" class=\"aligncenter wp-image-3962\" src=\"https:\/\/iberculturaviva.org\/wp-content\/uploads\/2016\/05\/altepee-16-960x638.jpg\" alt=\"altepee-16\" width=\"520\" height=\"346\" \/><\/a><\/p>\n<h4>.<\/h4>\n<h4 style=\"text-align: justify;\"><b>El movimiento de CVC<\/b><\/h4>\n<p style=\"text-align: justify;\"><span style=\"font-weight: 400;\"><a href=\"https:\/\/iberculturaviva.org\/wp-content\/uploads\/2016\/05\/altepee-3.jpg\"><img loading=\"lazy\" decoding=\"async\" class=\"size-full wp-image-3948 alignright\" src=\"https:\/\/iberculturaviva.org\/wp-content\/uploads\/2016\/05\/altepee-3.jpg\" alt=\"altepee-3\" width=\"320\" height=\"180\" srcset=\"https:\/\/iberculturaviva.org\/wp-content\/uploads\/2016\/05\/altepee-3.jpg 320w, https:\/\/iberculturaviva.org\/wp-content\/uploads\/2016\/05\/altepee-3-300x169.jpg 300w, https:\/\/iberculturaviva.org\/wp-content\/uploads\/2016\/05\/altepee-3-150x84.jpg 150w\" sizes=\"auto, (max-width: 320px) 100vw, 320px\" \/><\/a>Altepee es una de las 14 organizaciones que hacen parte de la plataforma Cultura Viva Comunitaria M\u00e9xico, creada en 2015. Sael cuenta que al principio de la historia del colectivo ellos tuvieron un viaje a Guatemala, donde conocieron a los compa\u00f1eros de Caja L\u00fadica. Despu\u00e9s le invitaron a participar en un evento llamado <\/span><i><span style=\"font-weight: 400;\">Juntos<\/span><\/i><span style=\"font-weight: 400;\"> y ah\u00ed \u00e9l supo de la existencia del movimiento de Cultura Viva Comunitaria y del trabajo que hac\u00eda la gente de la Red MARACA. \u201cMe pareci\u00f3 bastante bien la forma de trabajar la red, experiencia que en M\u00e9xico no conoc\u00eda. Me pareci\u00f3 interesante la forma tan fraternal en que se ven las organizaciones y el trabajo con la alegr\u00eda, que es algo sumamente importante y que tambi\u00e9n comparte el colectivo\u201d.<\/span><\/p>\n<p style=\"text-align: justify;\"><span style=\"font-weight: 400;\">Seg\u00fan \u00e9l, eso hizo a que les interesara que en M\u00e9xico se conociera y se construyera ese espacio de di\u00e1logo y construcci\u00f3n, no solo con la gente del pa\u00eds sino con todos los hermanos y hermanas mesoamericanos. La primera reuni\u00f3n con vistas a crear una red de CVC en M\u00e9xico se dio en febrero de 2014. En octubre de 2015, despu\u00e9s de mucha b\u00fasqueda y di\u00e1logo, las 14 organizaciones finalmente crearon la plataforma Cultura Viva Comunitaria M\u00e9xico. <\/span><\/p>\n<p style=\"text-align: justify;\"><span style=\"font-weight: 400;\"><a href=\"https:\/\/iberculturaviva.org\/wp-content\/uploads\/2016\/05\/encuentro-acayucan-cierre-1.jpg\"><img loading=\"lazy\" decoding=\"async\" class=\" wp-image-3876 alignright\" src=\"https:\/\/iberculturaviva.org\/wp-content\/uploads\/2016\/05\/encuentro-acayucan-cierre-1.jpg\" alt=\"encuentro acayucan, cierre 1\" width=\"294\" height=\"196\" srcset=\"https:\/\/iberculturaviva.org\/wp-content\/uploads\/2016\/05\/encuentro-acayucan-cierre-1.jpg 700w, https:\/\/iberculturaviva.org\/wp-content\/uploads\/2016\/05\/encuentro-acayucan-cierre-1-300x200.jpg 300w, https:\/\/iberculturaviva.org\/wp-content\/uploads\/2016\/05\/encuentro-acayucan-cierre-1-150x100.jpg 150w\" sizes=\"auto, (max-width: 294px) 100vw, 294px\" \/><\/a>En marzo pasado, ellas participaron en el III Encuentro de Cultura Viva Comunitaria M\u00e9xico, organizado por el Colectivo Altepee en el municipio de Acayucan, Veracruz. Durante cinco d\u00edas, las compa\u00f1eras y compa\u00f1eros que llegaron al encuentro pudieron compartir sus \u00a0metodolog\u00edas con otros colectivos y despu\u00e9s ponerlos en pr\u00e1ctica en la comunidad, dejando \u00a0varias iniciativas ya en acci\u00f3n.<\/span><\/p>\n<p style=\"text-align: justify;\"><span style=\"font-weight: 400;\">Por las caracter\u00edsticas de la regi\u00f3n y el momento pol\u00edtico, al colectivo le parec\u00eda \u00a0importante que el encuentro en Acayucan se construyera con lo que contaban y con quienes contaban. \u201cEso tambi\u00e9n es una manera de mostrar como trabajamos, que permite conocernos mejor\u201d, comenta Sael. \u201cPara nosotros es muy importante que los recursos monetarios no sean una barrera para poder juntarnos y conocernos\u201d.<\/span><\/p>\n<h4><strong>.<\/strong><\/h4>\n<h4><strong><em>(*) Texto publicado el 20 de mayo de 2016<\/em><\/strong><\/h4>\n<p><iframe loading=\"lazy\" title=\"3er Encuentro Cultura Viva Comunitaria M\u00e9xico - Fondeadora\" width=\"500\" height=\"281\" src=\"https:\/\/www.youtube.com\/embed\/JYdFb6HhcdY?feature=oembed\" frameborder=\"0\" allow=\"accelerometer; autoplay; clipboard-write; encrypted-media; gyroscope; picture-in-picture; web-share\" referrerpolicy=\"strict-origin-when-cross-origin\" allowfullscreen><\/iframe><\/p>\n<h4 style=\"text-align: justify;\">Sepa m\u00e1s:<\/h4>\n<p><a href=\"https:\/\/colectivoaltepee.blogspot.com.br\">https:\/\/colectivoaltepee.blogspot.com.br<\/a><\/p>\n<p><a href=\"https:\/\/altepee.bandcamp.com\">https:\/\/altepee.bandcamp.com<\/a><\/p>\n<p><a href=\"https:\/\/www.facebook.com\/altepees\">www.facebook.com\/altepees<\/a><\/p>\n","protected":false},"excerpt":{"rendered":"<p>Al principio lo que hac\u00eda que un grupo de j\u00f3venes de Veracruz, M\u00e9xico, se juntara en torno de sus jaranas (instrumento de cuerda parecido a una guitarra) era la amistad [&hellip;]<\/p>\n","protected":false},"author":2,"featured_media":18174,"menu_order":0,"template":"","categories":[],"tags":[],"country-municipality":[688,825],"type-opportunity":[],"class_list":["post-15909","portfolio","type-portfolio","status-publish","has-post-thumbnail","hentry","country-municipality-mexico","country-municipality-mexico-es"],"yoast_head":"<!-- This site is optimized with the Yoast SEO plugin v25.7 - https:\/\/yoast.com\/wordpress\/plugins\/seo\/ -->\n<title>Altepee: la m\u00fasica de cuerdas como puente entre realidades comunes y miradas diversas - IberCultura Viva<\/title>\n<meta name=\"description\" content=\"Altepee: la m\u00fasica de cuerdas como puente entre realidades comunes y miradas diversas - IberCultura Viva\" \/>\n<meta name=\"robots\" content=\"index, follow, max-snippet:-1, max-image-preview:large, max-video-preview:-1\" \/>\n<link rel=\"canonical\" href=\"https:\/\/iberculturaviva.org\/es\/portfolio\/altepee-la-musica-de-cuerdas-como-puente-entre-realidades-comunes-y-miradas-diversas\/\" \/>\n<meta property=\"og:locale\" content=\"es_ES\" \/>\n<meta property=\"og:type\" content=\"article\" \/>\n<meta property=\"og:title\" content=\"Altepee: la m\u00fasica de cuerdas como puente entre realidades comunes y miradas diversas - IberCultura Viva\" \/>\n<meta property=\"og:description\" content=\"Altepee: la m\u00fasica de cuerdas como puente entre realidades comunes y miradas diversas - IberCultura Viva\" \/>\n<meta property=\"og:url\" content=\"https:\/\/iberculturaviva.org\/es\/portfolio\/altepee-la-musica-de-cuerdas-como-puente-entre-realidades-comunes-y-miradas-diversas\/\" \/>\n<meta property=\"og:site_name\" content=\"IberCultura Viva\" \/>\n<meta property=\"article:publisher\" content=\"https:\/\/www.facebook.com\/iberculturaviva\/\" \/>\n<meta property=\"article:modified_time\" content=\"2023-08-22T00:20:50+00:00\" \/>\n<meta property=\"og:image\" content=\"https:\/\/iberculturaviva.org\/wp-content\/uploads\/2016\/05\/altepee-17.jpg\" \/>\n\t<meta property=\"og:image:width\" content=\"960\" \/>\n\t<meta property=\"og:image:height\" content=\"640\" \/>\n\t<meta property=\"og:image:type\" content=\"image\/jpeg\" \/>\n<meta name=\"twitter:card\" content=\"summary_large_image\" \/>\n<meta name=\"twitter:label1\" content=\"Tiempo de lectura\" \/>\n\t<meta name=\"twitter:data1\" content=\"7 minutos\" \/>\n<script type=\"application\/ld+json\" class=\"yoast-schema-graph\">{\"@context\":\"https:\/\/schema.org\",\"@graph\":[{\"@type\":\"WebPage\",\"@id\":\"https:\/\/iberculturaviva.org\/es\/portfolio\/altepee-la-musica-de-cuerdas-como-puente-entre-realidades-comunes-y-miradas-diversas\/\",\"url\":\"https:\/\/iberculturaviva.org\/es\/portfolio\/altepee-la-musica-de-cuerdas-como-puente-entre-realidades-comunes-y-miradas-diversas\/\",\"name\":\"Altepee: la m\u00fasica de cuerdas como puente entre realidades comunes y miradas diversas - IberCultura Viva\",\"isPartOf\":{\"@id\":\"https:\/\/iberculturaviva.org\/es\/?lang=es\/#website\"},\"primaryImageOfPage\":{\"@id\":\"https:\/\/iberculturaviva.org\/es\/portfolio\/altepee-la-musica-de-cuerdas-como-puente-entre-realidades-comunes-y-miradas-diversas\/#primaryimage\"},\"image\":{\"@id\":\"https:\/\/iberculturaviva.org\/es\/portfolio\/altepee-la-musica-de-cuerdas-como-puente-entre-realidades-comunes-y-miradas-diversas\/#primaryimage\"},\"thumbnailUrl\":\"https:\/\/iberculturaviva.org\/wp-content\/uploads\/2016\/05\/altepee-17.jpg\",\"datePublished\":\"2016-05-20T21:34:35+00:00\",\"dateModified\":\"2023-08-22T00:20:50+00:00\",\"description\":\"Altepee: la m\u00fasica de cuerdas como puente entre realidades comunes y miradas diversas - IberCultura Viva\",\"breadcrumb\":{\"@id\":\"https:\/\/iberculturaviva.org\/es\/portfolio\/altepee-la-musica-de-cuerdas-como-puente-entre-realidades-comunes-y-miradas-diversas\/#breadcrumb\"},\"inLanguage\":\"es\",\"potentialAction\":[{\"@type\":\"ReadAction\",\"target\":[\"https:\/\/iberculturaviva.org\/es\/portfolio\/altepee-la-musica-de-cuerdas-como-puente-entre-realidades-comunes-y-miradas-diversas\/\"]}]},{\"@type\":\"ImageObject\",\"inLanguage\":\"es\",\"@id\":\"https:\/\/iberculturaviva.org\/es\/portfolio\/altepee-la-musica-de-cuerdas-como-puente-entre-realidades-comunes-y-miradas-diversas\/#primaryimage\",\"url\":\"https:\/\/iberculturaviva.org\/wp-content\/uploads\/2016\/05\/altepee-17.jpg\",\"contentUrl\":\"https:\/\/iberculturaviva.org\/wp-content\/uploads\/2016\/05\/altepee-17.jpg\",\"width\":960,\"height\":640},{\"@type\":\"BreadcrumbList\",\"@id\":\"https:\/\/iberculturaviva.org\/es\/portfolio\/altepee-la-musica-de-cuerdas-como-puente-entre-realidades-comunes-y-miradas-diversas\/#breadcrumb\",\"itemListElement\":[{\"@type\":\"ListItem\",\"position\":1,\"name\":\"In\u00edcio\",\"item\":\"https:\/\/iberculturaviva.org\/es\/inicio\/\"},{\"@type\":\"ListItem\",\"position\":2,\"name\":\"Experi\u00eancias\",\"item\":\"https:\/\/iberculturaviva.org\/es\/portfolio\/\"},{\"@type\":\"ListItem\",\"position\":3,\"name\":\"Altepee: la m\u00fasica de cuerdas como puente entre realidades comunes y miradas diversas\"}]},{\"@type\":\"WebSite\",\"@id\":\"https:\/\/iberculturaviva.org\/es\/?lang=es\/#website\",\"url\":\"https:\/\/iberculturaviva.org\/es\/?lang=es\/\",\"name\":\"IberCultura Viva\",\"description\":\"Programa de cooperaci\u00f3n cultural\",\"publisher\":{\"@id\":\"https:\/\/iberculturaviva.org\/es\/?lang=es\/#organization\"},\"potentialAction\":[{\"@type\":\"SearchAction\",\"target\":{\"@type\":\"EntryPoint\",\"urlTemplate\":\"https:\/\/iberculturaviva.org\/es\/?lang=es\/?s={search_term_string}\"},\"query-input\":{\"@type\":\"PropertyValueSpecification\",\"valueRequired\":true,\"valueName\":\"search_term_string\"}}],\"inLanguage\":\"es\"},{\"@type\":\"Organization\",\"@id\":\"https:\/\/iberculturaviva.org\/es\/?lang=es\/#organization\",\"name\":\"Iberculturaviva\",\"url\":\"https:\/\/iberculturaviva.org\/es\/?lang=es\/\",\"logo\":{\"@type\":\"ImageObject\",\"inLanguage\":\"es\",\"@id\":\"https:\/\/iberculturaviva.org\/es\/?lang=es\/#\/schema\/logo\/image\/\",\"url\":\"https:\/\/iberculturaviva.org\/wp-content\/uploads\/2021\/08\/logo_ibercultura_viva.jpg\",\"contentUrl\":\"https:\/\/iberculturaviva.org\/wp-content\/uploads\/2021\/08\/logo_ibercultura_viva.jpg\",\"width\":708,\"height\":223,\"caption\":\"Iberculturaviva\"},\"image\":{\"@id\":\"https:\/\/iberculturaviva.org\/es\/?lang=es\/#\/schema\/logo\/image\/\"},\"sameAs\":[\"https:\/\/www.facebook.com\/iberculturaviva\/\",\"https:\/\/www.instagram.com\/iberculturaviva\/\",\"https:\/\/www.youtube.com\/iberculturaviva\"]}]}<\/script>\n<!-- \/ Yoast SEO plugin. -->","yoast_head_json":{"title":"Altepee: la m\u00fasica de cuerdas como puente entre realidades comunes y miradas diversas - IberCultura Viva","description":"Altepee: la m\u00fasica de cuerdas como puente entre realidades comunes y miradas diversas - IberCultura Viva","robots":{"index":"index","follow":"follow","max-snippet":"max-snippet:-1","max-image-preview":"max-image-preview:large","max-video-preview":"max-video-preview:-1"},"canonical":"https:\/\/iberculturaviva.org\/es\/portfolio\/altepee-la-musica-de-cuerdas-como-puente-entre-realidades-comunes-y-miradas-diversas\/","og_locale":"es_ES","og_type":"article","og_title":"Altepee: la m\u00fasica de cuerdas como puente entre realidades comunes y miradas diversas - IberCultura Viva","og_description":"Altepee: la m\u00fasica de cuerdas como puente entre realidades comunes y miradas diversas - IberCultura Viva","og_url":"https:\/\/iberculturaviva.org\/es\/portfolio\/altepee-la-musica-de-cuerdas-como-puente-entre-realidades-comunes-y-miradas-diversas\/","og_site_name":"IberCultura Viva","article_publisher":"https:\/\/www.facebook.com\/iberculturaviva\/","article_modified_time":"2023-08-22T00:20:50+00:00","og_image":[{"width":960,"height":640,"url":"https:\/\/iberculturaviva.org\/wp-content\/uploads\/2016\/05\/altepee-17.jpg","type":"image\/jpeg"}],"twitter_card":"summary_large_image","twitter_misc":{"Tiempo de lectura":"7 minutos"},"schema":{"@context":"https:\/\/schema.org","@graph":[{"@type":"WebPage","@id":"https:\/\/iberculturaviva.org\/es\/portfolio\/altepee-la-musica-de-cuerdas-como-puente-entre-realidades-comunes-y-miradas-diversas\/","url":"https:\/\/iberculturaviva.org\/es\/portfolio\/altepee-la-musica-de-cuerdas-como-puente-entre-realidades-comunes-y-miradas-diversas\/","name":"Altepee: la m\u00fasica de cuerdas como puente entre realidades comunes y miradas diversas - IberCultura Viva","isPartOf":{"@id":"https:\/\/iberculturaviva.org\/es\/?lang=es\/#website"},"primaryImageOfPage":{"@id":"https:\/\/iberculturaviva.org\/es\/portfolio\/altepee-la-musica-de-cuerdas-como-puente-entre-realidades-comunes-y-miradas-diversas\/#primaryimage"},"image":{"@id":"https:\/\/iberculturaviva.org\/es\/portfolio\/altepee-la-musica-de-cuerdas-como-puente-entre-realidades-comunes-y-miradas-diversas\/#primaryimage"},"thumbnailUrl":"https:\/\/iberculturaviva.org\/wp-content\/uploads\/2016\/05\/altepee-17.jpg","datePublished":"2016-05-20T21:34:35+00:00","dateModified":"2023-08-22T00:20:50+00:00","description":"Altepee: la m\u00fasica de cuerdas como puente entre realidades comunes y miradas diversas - IberCultura Viva","breadcrumb":{"@id":"https:\/\/iberculturaviva.org\/es\/portfolio\/altepee-la-musica-de-cuerdas-como-puente-entre-realidades-comunes-y-miradas-diversas\/#breadcrumb"},"inLanguage":"es","potentialAction":[{"@type":"ReadAction","target":["https:\/\/iberculturaviva.org\/es\/portfolio\/altepee-la-musica-de-cuerdas-como-puente-entre-realidades-comunes-y-miradas-diversas\/"]}]},{"@type":"ImageObject","inLanguage":"es","@id":"https:\/\/iberculturaviva.org\/es\/portfolio\/altepee-la-musica-de-cuerdas-como-puente-entre-realidades-comunes-y-miradas-diversas\/#primaryimage","url":"https:\/\/iberculturaviva.org\/wp-content\/uploads\/2016\/05\/altepee-17.jpg","contentUrl":"https:\/\/iberculturaviva.org\/wp-content\/uploads\/2016\/05\/altepee-17.jpg","width":960,"height":640},{"@type":"BreadcrumbList","@id":"https:\/\/iberculturaviva.org\/es\/portfolio\/altepee-la-musica-de-cuerdas-como-puente-entre-realidades-comunes-y-miradas-diversas\/#breadcrumb","itemListElement":[{"@type":"ListItem","position":1,"name":"In\u00edcio","item":"https:\/\/iberculturaviva.org\/es\/inicio\/"},{"@type":"ListItem","position":2,"name":"Experi\u00eancias","item":"https:\/\/iberculturaviva.org\/es\/portfolio\/"},{"@type":"ListItem","position":3,"name":"Altepee: la m\u00fasica de cuerdas como puente entre realidades comunes y miradas diversas"}]},{"@type":"WebSite","@id":"https:\/\/iberculturaviva.org\/es\/?lang=es\/#website","url":"https:\/\/iberculturaviva.org\/es\/?lang=es\/","name":"IberCultura Viva","description":"Programa de cooperaci\u00f3n cultural","publisher":{"@id":"https:\/\/iberculturaviva.org\/es\/?lang=es\/#organization"},"potentialAction":[{"@type":"SearchAction","target":{"@type":"EntryPoint","urlTemplate":"https:\/\/iberculturaviva.org\/es\/?lang=es\/?s={search_term_string}"},"query-input":{"@type":"PropertyValueSpecification","valueRequired":true,"valueName":"search_term_string"}}],"inLanguage":"es"},{"@type":"Organization","@id":"https:\/\/iberculturaviva.org\/es\/?lang=es\/#organization","name":"Iberculturaviva","url":"https:\/\/iberculturaviva.org\/es\/?lang=es\/","logo":{"@type":"ImageObject","inLanguage":"es","@id":"https:\/\/iberculturaviva.org\/es\/?lang=es\/#\/schema\/logo\/image\/","url":"https:\/\/iberculturaviva.org\/wp-content\/uploads\/2021\/08\/logo_ibercultura_viva.jpg","contentUrl":"https:\/\/iberculturaviva.org\/wp-content\/uploads\/2021\/08\/logo_ibercultura_viva.jpg","width":708,"height":223,"caption":"Iberculturaviva"},"image":{"@id":"https:\/\/iberculturaviva.org\/es\/?lang=es\/#\/schema\/logo\/image\/"},"sameAs":["https:\/\/www.facebook.com\/iberculturaviva\/","https:\/\/www.instagram.com\/iberculturaviva\/","https:\/\/www.youtube.com\/iberculturaviva"]}]}},"_links":{"self":[{"href":"https:\/\/iberculturaviva.org\/es\/wp-json\/wp\/v2\/portfolio\/15909","targetHints":{"allow":["GET"]}}],"collection":[{"href":"https:\/\/iberculturaviva.org\/es\/wp-json\/wp\/v2\/portfolio"}],"about":[{"href":"https:\/\/iberculturaviva.org\/es\/wp-json\/wp\/v2\/types\/portfolio"}],"author":[{"embeddable":true,"href":"https:\/\/iberculturaviva.org\/es\/wp-json\/wp\/v2\/users\/2"}],"version-history":[{"count":0,"href":"https:\/\/iberculturaviva.org\/es\/wp-json\/wp\/v2\/portfolio\/15909\/revisions"}],"wp:featuredmedia":[{"embeddable":true,"href":"https:\/\/iberculturaviva.org\/es\/wp-json\/wp\/v2\/media\/18174"}],"wp:attachment":[{"href":"https:\/\/iberculturaviva.org\/es\/wp-json\/wp\/v2\/media?parent=15909"}],"wp:term":[{"taxonomy":"category","embeddable":true,"href":"https:\/\/iberculturaviva.org\/es\/wp-json\/wp\/v2\/categories?post=15909"},{"taxonomy":"post_tag","embeddable":true,"href":"https:\/\/iberculturaviva.org\/es\/wp-json\/wp\/v2\/tags?post=15909"},{"taxonomy":"country-municipality","embeddable":true,"href":"https:\/\/iberculturaviva.org\/es\/wp-json\/wp\/v2\/country-municipality?post=15909"},{"taxonomy":"type-opportunity","embeddable":true,"href":"https:\/\/iberculturaviva.org\/es\/wp-json\/wp\/v2\/type-opportunity?post=15909"}],"curies":[{"name":"wp","href":"https:\/\/api.w.org\/{rel}","templated":true}]}}