{"id":15891,"date":"2015-12-07T16:10:54","date_gmt":"2015-12-07T18:10:54","guid":{"rendered":"https:\/\/iberculturaviva.org\/portfolio\/silvia-bove-la-profesora-en-artes-plasticas-que-se-enamoro-del-teatro-comunitario\/"},"modified":"2024-11-25T21:55:17","modified_gmt":"2024-11-26T00:55:17","slug":"silvia-bove-la-profesora-en-artes-plasticas-que-se-enamoro-del-teatro-comunitario","status":"publish","type":"portfolio","link":"https:\/\/iberculturaviva.org\/es\/portfolio\/silvia-bove-la-profesora-en-artes-plasticas-que-se-enamoro-del-teatro-comunitario\/","title":{"rendered":"Silvia Bove, la profesora en artes pl\u00e1sticas que se enamor\u00f3 del teatro comunitario"},"content":{"rendered":"<p style=\"text-align: justify;\"><a href=\"https:\/\/iberculturaviva.org\/wp-content\/uploads\/2015\/12\/silvia-bove-perfil.jpg\"><img loading=\"lazy\" decoding=\"async\" class=\" wp-image-2056 alignright\" src=\"https:\/\/iberculturaviva.org\/wp-content\/uploads\/2015\/12\/silvia-bove-perfil.jpg\" alt=\"silvia-bove-perfil\" width=\"286\" height=\"382\" srcset=\"https:\/\/iberculturaviva.org\/wp-content\/uploads\/2015\/12\/silvia-bove-perfil.jpg 720w, https:\/\/iberculturaviva.org\/wp-content\/uploads\/2015\/12\/silvia-bove-perfil-225x300.jpg 225w, https:\/\/iberculturaviva.org\/wp-content\/uploads\/2015\/12\/silvia-bove-perfil-113x150.jpg 113w\" sizes=\"auto, (max-width: 286px) 100vw, 286px\" \/><\/a>Silvia Bove no pensaba que se dedicar\u00eda a la labor comunitaria cuando comenz\u00f3 a estudiar artes. Cre\u00eda que iba a ser docente como su madre, ya que eso le divert\u00eda, pero acab\u00f3 d\u00e1ndose cuenta que no era una persona que mira para un costado, al contrario. \u201cGrandes satisfacciones me avisan que voy por buen camino y confirman que no podemos ser endog\u00e1micos\u201d, afirma.<\/p>\n<p style=\"text-align: justify;\">Licenciada en artes pl\u00e1sticas de la Universidad Nacional de Cuyo, Silvia trabaja en el \u00e1rea de investigaci\u00f3n y ludoteca del Museo Provincial de Bellas Artes Emiliano Gui\u00f1az\u00fa \u2013 Casa de Fader \u2013 en Mendoza, Argentina. Tambi\u00e9n es presidenta de la Asociaci\u00f3n Civil Chacras para Todos, que act\u00faa en la provincia desde el 2008 y fue declarada en 2012 C\u00edrculo de Cultura (el equivalente a un <i>Pont\u00e3o de Cultura<\/i> en el modelo brasile\u00f1o) de teatro comunitario.<\/p>\n<p style=\"text-align: justify;\">Su relaci\u00f3n con la comunidad, cuenta, se dio de manera natural, desde la infancia, sobre todo con su madre, que era muy comprometida con su alrededor. \u201cSiempre estuve ligada a tareas de car\u00e1cter colectivo, centro de estudiantes en la secundaria, uni\u00f3n vecinal en mi barrio. Desde la universidad tambi\u00e9n participando en el \u00a0centro de estudiantes, generando proyectos colectivos, realizando actividades culturales\u2026\u201d<\/p>\n<p style=\"text-align: justify;\"><a href=\"https:\/\/iberculturaviva.org\/wp-content\/uploads\/2015\/12\/chacras-3x.jpg\"><img loading=\"lazy\" decoding=\"async\" class=\" wp-image-1995 alignright\" src=\"https:\/\/iberculturaviva.org\/wp-content\/uploads\/2015\/12\/chacras-3x-960x720.jpg\" alt=\"chacras-3x\" width=\"291\" height=\"218\" \/><\/a>Como docente en educaci\u00f3n primaria trabaj\u00f3 para el Estado en zonas humildes, realizando actividades comunitarias y en el territorio donde estaba situada la escuela (creando, por ejemplo, murales en el barrio contra el trabajo infantil), y en escuelas de formaci\u00f3n laboral para adultos, desarrollando autogesti\u00f3n e independencia laboral. \u201cSiempre labur\u00e9 en cada territorio donde viv\u00ed, donde estudi\u00e9, o donde me mov\u00eda. Soy una persona din\u00e1mica y creativa y eso lo vuelco a tareas colectivas\u201d, explica.<\/p>\n<p style=\"text-align: justify;\">Cuando se cas\u00f3 y se mud\u00f3 a otro barrio de Mendoza, en esa zona se estaba formando un teatro comunitario, Chacras para Todos. Silvia, que ven\u00eda del \u00e1reade las artes pl\u00e1sticas, no los conoc\u00eda, pero se interes\u00f3 por ellos. \u201cEl primer d\u00eda que iniciaron las actividades con la comunidad fui porque quer\u00eda hacer un taller de acrobacias en tela\u201d, comenta. \u201cCuando me preguntaron a qu\u00e9 me dedicaba, me ofrecieron trabajar en el espacio de pl\u00e1stica, y como siempre digo que s\u00ed, me sumerg\u00ed en un nuevo mundo del que hace ocho a\u00f1os estoy enamorada, a pesar del enorme esfuerzo que eso conlleva\u201d.<\/p>\n<p style=\"text-align: justify;\"><a href=\"https:\/\/iberculturaviva.org\/wp-content\/uploads\/2015\/12\/chacras-unahiguera.jpg\"><img loading=\"lazy\" decoding=\"async\" class=\"aligncenter wp-image-2064 size-large\" src=\"https:\/\/iberculturaviva.org\/wp-content\/uploads\/2015\/12\/chacras-unahiguera-960x720.jpg\" alt=\"chacras-unahiguera\" width=\"640\" height=\"480\" \/><\/a><\/p>\n<h4 style=\"text-align: justify;\"><b>La asociaci\u00f3n<\/b><\/h4>\n<p style=\"text-align: justify;\">En este nuevo mundo Silvia Bove encontr\u00f3 gente de todos los tipos, edades y clases sociales. En la zona donde la Asociaci\u00f3n Chacras para Todos trabaja est\u00e1n aquellos que viven en barrios privados, buscando seguridad detr\u00e1s de un muro, y aquellos que viven en zonas ocupadas, o sin papeles de escritura, y son muchas veces el servicio dom\u00e9stico, de jardiner\u00eda o alba\u00f1iler\u00eda de los que viven detr\u00e1s del muro. \u201cTodos estos vecinos integran el teatro y all\u00ed todos somos iguales, eso ha nutrido mucho a la comunidad para integrar, y construir un pueblo m\u00e1s justo y solidario\u201d, afirma.<\/p>\n<p style=\"text-align: justify;\">La asociaci\u00f3n act\u00faa desde el 2008 formando j\u00f3venes, ni\u00f1os y adultos en la construcci\u00f3n de ciudadan\u00eda y el empoderamiento por medio del arte. Trabaja en redes y actividades de acci\u00f3n cultural mediante lenguajes art\u00edsticos como teatro, m\u00fasica, circo y pl\u00e1stica escenogr\u00e1fica. Y no solo acompa\u00f1a, sino capacita en la formaci\u00f3n de cooperativas culturales. \u201cEntendemos que no podemos transformar solos, si lo hacemos entre diversas organizaciones y actores sociales, por ejemplo, salud, educaci\u00f3n, gobiernos y empresarios, todos acompa\u00f1amos las transformaciones\u201d, resalta Silvia.<\/p>\n<p style=\"text-align: justify;\">Eventos culturales, recuperaci\u00f3n de fiestas populares, carnavales y fiestas vendimiales tambi\u00e9n son parte del trabajo, pues ellos creen que la comunidad debe hacerse cargo de sus celebraciones. \u201cTambi\u00e9n intentamos unir barrios y territorios por medio de acciones constantes en sus plazas (talleres de percusi\u00f3n, pl\u00e1stica, murales, bailes, d\u00eda del ni\u00f1o, d\u00eda la madre, etc)\u201d, a\u00f1ade.<\/p>\n<div id=\"attachment_2058\" style=\"width: 650px\" class=\"wp-caption aligncenter\"><a href=\"https:\/\/iberculturaviva.org\/wp-content\/uploads\/2015\/12\/silvia-carnaval.jpg\"><img loading=\"lazy\" decoding=\"async\" aria-describedby=\"caption-attachment-2058\" class=\"wp-image-2058 size-large\" src=\"https:\/\/iberculturaviva.org\/wp-content\/uploads\/2015\/12\/silvia-carnaval-960x720.jpg\" alt=\"silvia-carnaval\" width=\"640\" height=\"480\" \/><\/a><p id=\"caption-attachment-2058\" class=\"wp-caption-text\">Disfrazada en el carnaval de la plaza<\/p><\/div>\n<p>&nbsp;<\/p>\n<p style=\"text-align: justify;\">Silvia cree en la fuerza del aprendizaje cuando existen referentes cercanos, como vecinos, familiares o grupos que colaboran en donde vives. En 2000, ella y su familia sufrieron la crisis que se vivi\u00f3 en Argentina y se vieron obligados a empezar de nuevo. Y fueron sus amigos y familiares quienes les ayudaron a salir adelante. \u201cEso te marca. Me dije en ese momento que yo deb\u00eda hacer lo mismo y opino que el arte es una maravillosa herramienta de llegar a \u00a0la comunidad.\u201d<\/p>\n<p style=\"text-align: justify;\">Una de las maneras que encontr\u00f3 de acercarse al vecino fue por medio de un proyecto de estimulaci\u00f3n art\u00edstica con juegos (su tesis de licenciatura), algo que tiene que ver con el juego y el arte y es una manera de hacer que la gente intervenga la obra, sea individual o colectiva. \u201cSiento que toda la vida me estuve preparando para lo que soy ahora y siempre hice lo que quise. \u00ab<\/p>\n<p style=\"text-align: justify;\"><a href=\"https:\/\/iberculturaviva.org\/wp-content\/uploads\/2015\/12\/silvia-bove-teatro.jpg\"><img loading=\"lazy\" decoding=\"async\" class=\"aligncenter wp-image-2065 size-full\" src=\"https:\/\/iberculturaviva.org\/wp-content\/uploads\/2015\/12\/silvia-bove-teatro.jpg\" alt=\"silvia-bove-teatro\" width=\"634\" height=\"960\" srcset=\"https:\/\/iberculturaviva.org\/wp-content\/uploads\/2015\/12\/silvia-bove-teatro.jpg 634w, https:\/\/iberculturaviva.org\/wp-content\/uploads\/2015\/12\/silvia-bove-teatro-198x300.jpg 198w, https:\/\/iberculturaviva.org\/wp-content\/uploads\/2015\/12\/silvia-bove-teatro-99x150.jpg 99w\" sizes=\"auto, (max-width: 634px) 100vw, 634px\" \/><\/a><\/p>\n<h4 style=\"text-align: justify;\"><b>El Salvador<\/b><\/h4>\n<p style=\"text-align: justify;\">Silvia Bove fue una de las ganadoras de la Convocatoria IberCultura Viva de Intercambio, en la categor\u00eda II, que ten\u00eda como objetivo el apoyo a la participaci\u00f3n en el II Congreso Latinoamericano de Cultura Viva Comunitaria, entre los d\u00edas 27 y 31 de octubre. El viaje a El Salvador, seg\u00fan ella, fue \u201cuna experiencia transformadora\u201d, \u201cun enamoramiento colectivo\u201d, \u201cun alto aprendizaje, una confirmaci\u00f3n del camino transitado, una profunda emoci\u00f3n de lo logrado en sus comunidades, en sus pueblos o territorios\u201d.<\/p>\n<p style=\"text-align: justify;\">\u201cYo pude participar del I Congreso de Cultura Viva Comunitaria en Bolivia y fue algo que no se puede describir en pocas palabras, nos llen\u00f3 el alma de nuevas miradas, rompi\u00f3 muros y fronteras, nos llev\u00f3 al ritual, a lo ancestral, y El Salvador a las revoluciones, a la mirada colectiva y solidaria de su pueblo, a dolor transformado en arte.\u201d<\/p>\n<div id=\"attachment_1962\" style=\"width: 650px\" class=\"wp-caption aligncenter\"><a href=\"https:\/\/iberculturaviva.org\/wp-content\/uploads\/2015\/12\/SILVIA-EMILIA-BALAN-FOTO-MARIO-ALBERTO-SINIAWSKI.jpg\"><img loading=\"lazy\" decoding=\"async\" aria-describedby=\"caption-attachment-1962\" class=\"wp-image-1962 size-large\" src=\"https:\/\/iberculturaviva.org\/wp-content\/uploads\/2015\/12\/SILVIA-EMILIA-BALAN-FOTO-MARIO-ALBERTO-SINIAWSKI-960x635.jpg\" alt=\"SILVIA-EMILIA-BALAN-FOTO-MARIO-ALBERTO-SINIAWSKI\" width=\"640\" height=\"423\" \/><\/a><p id=\"caption-attachment-1962\" class=\"wp-caption-text\">Silvia con Emilia de la Iglesia y Eduardo Bal\u00e1n en la comparsa esc\u00e9nica que cerr\u00f3 el Congreso de El Salvador. Foto: Mario Alberto Siniawski<\/p><\/div>\n<p style=\"text-align: justify;\">A pocos d\u00edas de su regreso, a\u00fan con la emoci\u00f3n en la piel, Silvia escribi\u00f3 sobre la experiencia, desde la llegada al aeropuerto de San Salvador hasta el \u00faltimo d\u00eda, cuando tuvo lugar la comparsa esc\u00e9nica y el abrazo colectivo \u201cque sell\u00f3 este pacto de almas y dej\u00f3 abierta la invitaci\u00f3n al siguiente encuentro de hermandades, en Ecuador\u201d. (Quito ser\u00e1 la sede del III Congreso Latinoamericano de Cultura Viva Comunitaria, en 2017).<\/p>\n<p style=\"text-align: justify;\">\u201cFuimos un movimiento de almas, una consecuencia de acciones invadiendo nuestro \u00a0coraz\u00f3n. Fuimos h\u00e1bitat de los pueblos, voces que resuenan en Am\u00e9rica. Somos constructores de nuestra historia, de nuestro pasado, presente y futuro\u201d, escribi\u00f3 en su bit\u00e1cora del viaje. \u201c(&#8230;) Mi alma representa mi comunidad, mi punto esencial, ya nada impedir\u00e1 que dejemos de vibrar.\u201d<\/p>\n<h4><em><strong>(*Texto publicado el 6 de diciembre de 2015)<\/strong><\/em><\/h4>\n<h4 style=\"text-align: justify;\"><b>Lea tambi\u00e9n:<\/b><\/h4>\n<p style=\"text-align: justify;\"><b><a href=\"https:\/\/iberculturaviva.org\/es\/portfolio\/asociacion-chacras-para-todos-el-teatro-como-herramienta-de-transformacion-social-y-empoderamiento-de-la-comunidad\/\">Asociaci\u00f3n Chacras para Todos: el teatro como herramienta de transformaci\u00f3n social y empoderamiento de la comunidad<\/a><\/b><\/p>\n","protected":false},"excerpt":{"rendered":"<p>Silvia Bove no pensaba que se dedicar\u00eda a la labor comunitaria cuando comenz\u00f3 a estudiar artes. Cre\u00eda que iba a ser docente como su madre, ya que eso le divert\u00eda, [&hellip;]<\/p>\n","protected":false},"author":2,"featured_media":17299,"menu_order":0,"template":"","categories":[],"tags":[],"country-municipality":[782],"type-opportunity":[],"class_list":["post-15891","portfolio","type-portfolio","status-publish","has-post-thumbnail","hentry","country-municipality-argentina-es"],"yoast_head":"<!-- This site is optimized with the Yoast SEO plugin v25.7 - https:\/\/yoast.com\/wordpress\/plugins\/seo\/ -->\n<title>Silvia Bove, la profesora en artes pl\u00e1sticas que se enamor\u00f3 del teatro comunitario - IberCultura Viva<\/title>\n<meta name=\"description\" content=\"Silvia Bove, la profesora en artes pl\u00e1sticas que se enamor\u00f3 del teatro comunitario - IberCultura Viva\" \/>\n<meta name=\"robots\" content=\"index, follow, max-snippet:-1, max-image-preview:large, max-video-preview:-1\" \/>\n<link rel=\"canonical\" href=\"https:\/\/iberculturaviva.org\/es\/portfolio\/silvia-bove-la-profesora-en-artes-plasticas-que-se-enamoro-del-teatro-comunitario\/\" \/>\n<meta property=\"og:locale\" content=\"es_ES\" \/>\n<meta property=\"og:type\" content=\"article\" \/>\n<meta property=\"og:title\" content=\"Silvia Bove, la profesora en artes pl\u00e1sticas que se enamor\u00f3 del teatro comunitario - IberCultura Viva\" \/>\n<meta property=\"og:description\" content=\"Silvia Bove, la profesora en artes pl\u00e1sticas que se enamor\u00f3 del teatro comunitario - IberCultura Viva\" \/>\n<meta property=\"og:url\" content=\"https:\/\/iberculturaviva.org\/es\/portfolio\/silvia-bove-la-profesora-en-artes-plasticas-que-se-enamoro-del-teatro-comunitario\/\" \/>\n<meta property=\"og:site_name\" content=\"IberCultura Viva\" \/>\n<meta property=\"article:publisher\" content=\"https:\/\/www.facebook.com\/iberculturaviva\/\" \/>\n<meta property=\"article:modified_time\" content=\"2024-11-26T00:55:17+00:00\" \/>\n<meta property=\"og:image\" content=\"https:\/\/iberculturaviva.org\/wp-content\/uploads\/2015\/12\/sin-en-el-salvador-2.jpg\" \/>\n\t<meta property=\"og:image:width\" content=\"960\" \/>\n\t<meta property=\"og:image:height\" content=\"720\" \/>\n\t<meta property=\"og:image:type\" content=\"image\/jpeg\" \/>\n<meta name=\"twitter:card\" content=\"summary_large_image\" \/>\n<meta name=\"twitter:label1\" content=\"Tiempo de lectura\" \/>\n\t<meta name=\"twitter:data1\" content=\"6 minutos\" \/>\n<script type=\"application\/ld+json\" class=\"yoast-schema-graph\">{\"@context\":\"https:\/\/schema.org\",\"@graph\":[{\"@type\":\"WebPage\",\"@id\":\"https:\/\/iberculturaviva.org\/es\/portfolio\/silvia-bove-la-profesora-en-artes-plasticas-que-se-enamoro-del-teatro-comunitario\/\",\"url\":\"https:\/\/iberculturaviva.org\/es\/portfolio\/silvia-bove-la-profesora-en-artes-plasticas-que-se-enamoro-del-teatro-comunitario\/\",\"name\":\"Silvia Bove, la profesora en artes pl\u00e1sticas que se enamor\u00f3 del teatro comunitario - IberCultura Viva\",\"isPartOf\":{\"@id\":\"https:\/\/iberculturaviva.org\/es\/?lang=es\/#website\"},\"primaryImageOfPage\":{\"@id\":\"https:\/\/iberculturaviva.org\/es\/portfolio\/silvia-bove-la-profesora-en-artes-plasticas-que-se-enamoro-del-teatro-comunitario\/#primaryimage\"},\"image\":{\"@id\":\"https:\/\/iberculturaviva.org\/es\/portfolio\/silvia-bove-la-profesora-en-artes-plasticas-que-se-enamoro-del-teatro-comunitario\/#primaryimage\"},\"thumbnailUrl\":\"https:\/\/iberculturaviva.org\/wp-content\/uploads\/2015\/12\/sin-en-el-salvador-2.jpg\",\"datePublished\":\"2015-12-07T18:10:54+00:00\",\"dateModified\":\"2024-11-26T00:55:17+00:00\",\"description\":\"Silvia Bove, la profesora en artes pl\u00e1sticas que se enamor\u00f3 del teatro comunitario - IberCultura Viva\",\"breadcrumb\":{\"@id\":\"https:\/\/iberculturaviva.org\/es\/portfolio\/silvia-bove-la-profesora-en-artes-plasticas-que-se-enamoro-del-teatro-comunitario\/#breadcrumb\"},\"inLanguage\":\"es\",\"potentialAction\":[{\"@type\":\"ReadAction\",\"target\":[\"https:\/\/iberculturaviva.org\/es\/portfolio\/silvia-bove-la-profesora-en-artes-plasticas-que-se-enamoro-del-teatro-comunitario\/\"]}]},{\"@type\":\"ImageObject\",\"inLanguage\":\"es\",\"@id\":\"https:\/\/iberculturaviva.org\/es\/portfolio\/silvia-bove-la-profesora-en-artes-plasticas-que-se-enamoro-del-teatro-comunitario\/#primaryimage\",\"url\":\"https:\/\/iberculturaviva.org\/wp-content\/uploads\/2015\/12\/sin-en-el-salvador-2.jpg\",\"contentUrl\":\"https:\/\/iberculturaviva.org\/wp-content\/uploads\/2015\/12\/sin-en-el-salvador-2.jpg\",\"width\":960,\"height\":720},{\"@type\":\"BreadcrumbList\",\"@id\":\"https:\/\/iberculturaviva.org\/es\/portfolio\/silvia-bove-la-profesora-en-artes-plasticas-que-se-enamoro-del-teatro-comunitario\/#breadcrumb\",\"itemListElement\":[{\"@type\":\"ListItem\",\"position\":1,\"name\":\"In\u00edcio\",\"item\":\"https:\/\/iberculturaviva.org\/es\/inicio\/\"},{\"@type\":\"ListItem\",\"position\":2,\"name\":\"Experi\u00eancias\",\"item\":\"https:\/\/iberculturaviva.org\/es\/portfolio\/\"},{\"@type\":\"ListItem\",\"position\":3,\"name\":\"Silvia Bove, la profesora en artes pl\u00e1sticas que se enamor\u00f3 del teatro comunitario\"}]},{\"@type\":\"WebSite\",\"@id\":\"https:\/\/iberculturaviva.org\/es\/?lang=es\/#website\",\"url\":\"https:\/\/iberculturaviva.org\/es\/?lang=es\/\",\"name\":\"IberCultura Viva\",\"description\":\"Programa de cooperaci\u00f3n cultural\",\"publisher\":{\"@id\":\"https:\/\/iberculturaviva.org\/es\/?lang=es\/#organization\"},\"potentialAction\":[{\"@type\":\"SearchAction\",\"target\":{\"@type\":\"EntryPoint\",\"urlTemplate\":\"https:\/\/iberculturaviva.org\/es\/?lang=es\/?s={search_term_string}\"},\"query-input\":{\"@type\":\"PropertyValueSpecification\",\"valueRequired\":true,\"valueName\":\"search_term_string\"}}],\"inLanguage\":\"es\"},{\"@type\":\"Organization\",\"@id\":\"https:\/\/iberculturaviva.org\/es\/?lang=es\/#organization\",\"name\":\"Iberculturaviva\",\"url\":\"https:\/\/iberculturaviva.org\/es\/?lang=es\/\",\"logo\":{\"@type\":\"ImageObject\",\"inLanguage\":\"es\",\"@id\":\"https:\/\/iberculturaviva.org\/es\/?lang=es\/#\/schema\/logo\/image\/\",\"url\":\"https:\/\/iberculturaviva.org\/wp-content\/uploads\/2021\/08\/logo_ibercultura_viva.jpg\",\"contentUrl\":\"https:\/\/iberculturaviva.org\/wp-content\/uploads\/2021\/08\/logo_ibercultura_viva.jpg\",\"width\":708,\"height\":223,\"caption\":\"Iberculturaviva\"},\"image\":{\"@id\":\"https:\/\/iberculturaviva.org\/es\/?lang=es\/#\/schema\/logo\/image\/\"},\"sameAs\":[\"https:\/\/www.facebook.com\/iberculturaviva\/\",\"https:\/\/www.instagram.com\/iberculturaviva\/\",\"https:\/\/www.youtube.com\/iberculturaviva\"]}]}<\/script>\n<!-- \/ Yoast SEO plugin. -->","yoast_head_json":{"title":"Silvia Bove, la profesora en artes pl\u00e1sticas que se enamor\u00f3 del teatro comunitario - IberCultura Viva","description":"Silvia Bove, la profesora en artes pl\u00e1sticas que se enamor\u00f3 del teatro comunitario - IberCultura Viva","robots":{"index":"index","follow":"follow","max-snippet":"max-snippet:-1","max-image-preview":"max-image-preview:large","max-video-preview":"max-video-preview:-1"},"canonical":"https:\/\/iberculturaviva.org\/es\/portfolio\/silvia-bove-la-profesora-en-artes-plasticas-que-se-enamoro-del-teatro-comunitario\/","og_locale":"es_ES","og_type":"article","og_title":"Silvia Bove, la profesora en artes pl\u00e1sticas que se enamor\u00f3 del teatro comunitario - IberCultura Viva","og_description":"Silvia Bove, la profesora en artes pl\u00e1sticas que se enamor\u00f3 del teatro comunitario - IberCultura Viva","og_url":"https:\/\/iberculturaviva.org\/es\/portfolio\/silvia-bove-la-profesora-en-artes-plasticas-que-se-enamoro-del-teatro-comunitario\/","og_site_name":"IberCultura Viva","article_publisher":"https:\/\/www.facebook.com\/iberculturaviva\/","article_modified_time":"2024-11-26T00:55:17+00:00","og_image":[{"width":960,"height":720,"url":"https:\/\/iberculturaviva.org\/wp-content\/uploads\/2015\/12\/sin-en-el-salvador-2.jpg","type":"image\/jpeg"}],"twitter_card":"summary_large_image","twitter_misc":{"Tiempo de lectura":"6 minutos"},"schema":{"@context":"https:\/\/schema.org","@graph":[{"@type":"WebPage","@id":"https:\/\/iberculturaviva.org\/es\/portfolio\/silvia-bove-la-profesora-en-artes-plasticas-que-se-enamoro-del-teatro-comunitario\/","url":"https:\/\/iberculturaviva.org\/es\/portfolio\/silvia-bove-la-profesora-en-artes-plasticas-que-se-enamoro-del-teatro-comunitario\/","name":"Silvia Bove, la profesora en artes pl\u00e1sticas que se enamor\u00f3 del teatro comunitario - IberCultura Viva","isPartOf":{"@id":"https:\/\/iberculturaviva.org\/es\/?lang=es\/#website"},"primaryImageOfPage":{"@id":"https:\/\/iberculturaviva.org\/es\/portfolio\/silvia-bove-la-profesora-en-artes-plasticas-que-se-enamoro-del-teatro-comunitario\/#primaryimage"},"image":{"@id":"https:\/\/iberculturaviva.org\/es\/portfolio\/silvia-bove-la-profesora-en-artes-plasticas-que-se-enamoro-del-teatro-comunitario\/#primaryimage"},"thumbnailUrl":"https:\/\/iberculturaviva.org\/wp-content\/uploads\/2015\/12\/sin-en-el-salvador-2.jpg","datePublished":"2015-12-07T18:10:54+00:00","dateModified":"2024-11-26T00:55:17+00:00","description":"Silvia Bove, la profesora en artes pl\u00e1sticas que se enamor\u00f3 del teatro comunitario - IberCultura Viva","breadcrumb":{"@id":"https:\/\/iberculturaviva.org\/es\/portfolio\/silvia-bove-la-profesora-en-artes-plasticas-que-se-enamoro-del-teatro-comunitario\/#breadcrumb"},"inLanguage":"es","potentialAction":[{"@type":"ReadAction","target":["https:\/\/iberculturaviva.org\/es\/portfolio\/silvia-bove-la-profesora-en-artes-plasticas-que-se-enamoro-del-teatro-comunitario\/"]}]},{"@type":"ImageObject","inLanguage":"es","@id":"https:\/\/iberculturaviva.org\/es\/portfolio\/silvia-bove-la-profesora-en-artes-plasticas-que-se-enamoro-del-teatro-comunitario\/#primaryimage","url":"https:\/\/iberculturaviva.org\/wp-content\/uploads\/2015\/12\/sin-en-el-salvador-2.jpg","contentUrl":"https:\/\/iberculturaviva.org\/wp-content\/uploads\/2015\/12\/sin-en-el-salvador-2.jpg","width":960,"height":720},{"@type":"BreadcrumbList","@id":"https:\/\/iberculturaviva.org\/es\/portfolio\/silvia-bove-la-profesora-en-artes-plasticas-que-se-enamoro-del-teatro-comunitario\/#breadcrumb","itemListElement":[{"@type":"ListItem","position":1,"name":"In\u00edcio","item":"https:\/\/iberculturaviva.org\/es\/inicio\/"},{"@type":"ListItem","position":2,"name":"Experi\u00eancias","item":"https:\/\/iberculturaviva.org\/es\/portfolio\/"},{"@type":"ListItem","position":3,"name":"Silvia Bove, la profesora en artes pl\u00e1sticas que se enamor\u00f3 del teatro comunitario"}]},{"@type":"WebSite","@id":"https:\/\/iberculturaviva.org\/es\/?lang=es\/#website","url":"https:\/\/iberculturaviva.org\/es\/?lang=es\/","name":"IberCultura Viva","description":"Programa de cooperaci\u00f3n cultural","publisher":{"@id":"https:\/\/iberculturaviva.org\/es\/?lang=es\/#organization"},"potentialAction":[{"@type":"SearchAction","target":{"@type":"EntryPoint","urlTemplate":"https:\/\/iberculturaviva.org\/es\/?lang=es\/?s={search_term_string}"},"query-input":{"@type":"PropertyValueSpecification","valueRequired":true,"valueName":"search_term_string"}}],"inLanguage":"es"},{"@type":"Organization","@id":"https:\/\/iberculturaviva.org\/es\/?lang=es\/#organization","name":"Iberculturaviva","url":"https:\/\/iberculturaviva.org\/es\/?lang=es\/","logo":{"@type":"ImageObject","inLanguage":"es","@id":"https:\/\/iberculturaviva.org\/es\/?lang=es\/#\/schema\/logo\/image\/","url":"https:\/\/iberculturaviva.org\/wp-content\/uploads\/2021\/08\/logo_ibercultura_viva.jpg","contentUrl":"https:\/\/iberculturaviva.org\/wp-content\/uploads\/2021\/08\/logo_ibercultura_viva.jpg","width":708,"height":223,"caption":"Iberculturaviva"},"image":{"@id":"https:\/\/iberculturaviva.org\/es\/?lang=es\/#\/schema\/logo\/image\/"},"sameAs":["https:\/\/www.facebook.com\/iberculturaviva\/","https:\/\/www.instagram.com\/iberculturaviva\/","https:\/\/www.youtube.com\/iberculturaviva"]}]}},"_links":{"self":[{"href":"https:\/\/iberculturaviva.org\/es\/wp-json\/wp\/v2\/portfolio\/15891","targetHints":{"allow":["GET"]}}],"collection":[{"href":"https:\/\/iberculturaviva.org\/es\/wp-json\/wp\/v2\/portfolio"}],"about":[{"href":"https:\/\/iberculturaviva.org\/es\/wp-json\/wp\/v2\/types\/portfolio"}],"author":[{"embeddable":true,"href":"https:\/\/iberculturaviva.org\/es\/wp-json\/wp\/v2\/users\/2"}],"version-history":[{"count":1,"href":"https:\/\/iberculturaviva.org\/es\/wp-json\/wp\/v2\/portfolio\/15891\/revisions"}],"predecessor-version":[{"id":37918,"href":"https:\/\/iberculturaviva.org\/es\/wp-json\/wp\/v2\/portfolio\/15891\/revisions\/37918"}],"wp:featuredmedia":[{"embeddable":true,"href":"https:\/\/iberculturaviva.org\/es\/wp-json\/wp\/v2\/media\/17299"}],"wp:attachment":[{"href":"https:\/\/iberculturaviva.org\/es\/wp-json\/wp\/v2\/media?parent=15891"}],"wp:term":[{"taxonomy":"category","embeddable":true,"href":"https:\/\/iberculturaviva.org\/es\/wp-json\/wp\/v2\/categories?post=15891"},{"taxonomy":"post_tag","embeddable":true,"href":"https:\/\/iberculturaviva.org\/es\/wp-json\/wp\/v2\/tags?post=15891"},{"taxonomy":"country-municipality","embeddable":true,"href":"https:\/\/iberculturaviva.org\/es\/wp-json\/wp\/v2\/country-municipality?post=15891"},{"taxonomy":"type-opportunity","embeddable":true,"href":"https:\/\/iberculturaviva.org\/es\/wp-json\/wp\/v2\/type-opportunity?post=15891"}],"curies":[{"name":"wp","href":"https:\/\/api.w.org\/{rel}","templated":true}]}}