{"id":15879,"date":"2015-09-24T17:48:21","date_gmt":"2015-09-24T20:48:21","guid":{"rendered":"https:\/\/iberculturaviva.org\/portfolio\/la-colmena-y-la-radio-de-la-esperanza-un-barrio-unido-para-romper-el-silencio\/"},"modified":"2024-11-25T21:55:18","modified_gmt":"2024-11-26T00:55:18","slug":"la-colmena-y-la-radio-de-la-esperanza-un-barrio-unido-para-romper-el-silencio","status":"publish","type":"portfolio","link":"https:\/\/iberculturaviva.org\/es\/portfolio\/la-colmena-y-la-radio-de-la-esperanza-un-barrio-unido-para-romper-el-silencio\/","title":{"rendered":"La Colmena y la \u201cradio de la esperanza\u201d: un barrio unido para romper el silencio"},"content":{"rendered":"<p style=\"text-align: justify;\"><span style=\"font-weight: 400;\">En la regi\u00f3n metropolitana de Buenos Aires \u2013\u00a0m\u00e1s espec\u00edficamente en Villa Hidalgo, Jos\u00e9 Le\u00f3n Su\u00e1rez, partido de San Mart\u00edn \u2013, hay una radio que no solamente dice, sino tambi\u00e9n hace, que no s\u00f3lo denuncia situaciones de violaci\u00f3n de derechos, sino que tambi\u00e9n anuncia las buenas nuevas, las buenas experiencias. \u00bfSu lema? \u201cFM Reconquista, para volver a creer y hacer m\u00e1s fuerte la esperanza.\u201d <\/span><\/p>\n<p style=\"text-align: justify;\"><span style=\"font-weight: 400;\">En el aire desde 1988 la \u201cradio de la esperanza\u201d, gestionada por la Asociaci\u00f3n Civil de Mujeres La Colmena, es una de las organizaciones que surgieron del Centro de Comunicaci\u00f3n Popular Renaciendo, creado por un grupo de vecinos en 1982, 1983, cuando Argentina empezaba a despertar de la pesadilla de la dictadura militar. <\/span><\/p>\n<p style=\"text-align: justify;\"><span style=\"font-weight: 400;\">El Centro de Comunicaci\u00f3n Popular Renaciendo surgi\u00f3 con el intento de dar voz a quienes hab\u00edan estado silenciados por tanto tiempo, con la propuesta de hacer de la comunicaci\u00f3n comunitaria una herramienta para que las organizaciones y el barrio pudieran expresarse aut\u00e9ntica y libremente, siendo due\u00f1os y protagonistas de sus propios mensajes.<\/span><\/p>\n<p style=\"text-align: justify;\"><span style=\"font-weight: 400;\">Comenz\u00f3 como una organizaci\u00f3n territorial, donde se inclu\u00eda a propietarios y no propietarios (\u201cvilleros\u201d) para llevar adelante tareas propias del desarrollo local, como la titularidad de las tierras, la creaci\u00f3n de escuelas, la provisi\u00f3n de agua potable, luz el\u00e9ctrica, construcci\u00f3n de veredas, cruce de calles, etc. <\/span><\/p>\n<p style=\"text-align: justify;\"><span style=\"font-weight: 400;\"><a href=\"https:\/\/iberculturaviva.org\/wp-content\/uploads\/2015\/09\/FMReconquista.jpg\"><img loading=\"lazy\" decoding=\"async\" class=\"alignright wp-image-554 \" src=\"https:\/\/iberculturaviva.org\/wp-content\/uploads\/2015\/09\/FMReconquista-460x310.jpg\" alt=\"FMReconquista\" width=\"248\" height=\"167\" \/><\/a>Simult\u00e1neamente vino la propuesta cultural \u201ccomo un puente que entrelaza vidas, sue\u00f1os, experiencias de las provincias de origen de cada uno de sus habitantes\u201d, como dice Margarita Palacio, dirigente\u00a0de la Asociaci\u00f3n de Mujeres La Colmena. <\/span><\/p>\n<p style=\"text-align: justify;\"><span style=\"font-weight: 400;\">Surgieron, entonces, el teatro callejero, los m\u00fasicos locales, los audiovisuales, hechos en diapositivas y musicalizados y editados con cinta de grabaci\u00f3n, el grupo de lectura cr\u00edtica de medios, el grupo de fotograf\u00eda y cine super 8 mm, la revista barrial. <\/span><\/p>\n<p style=\"text-align: justify;\"><span style=\"font-weight: 400;\">La Revista Renaciendo, que lleg\u00f3 a tener un tiraje de 2000 ejemplares vendidos casa por casa, meg\u00e1fono en mano, anunci\u00f3 en sus \u00faltimos n\u00fameros la puesta en el aire de FM Reconquista en 1988. Dos a\u00f1os despu\u00e9s, en 1990, las mujeres reunidas, reclamando su lugar, se constituyeron jur\u00eddicamente como organizaci\u00f3n con La Asociaci\u00f3n de Mujeres La Colmena.<\/span><\/p>\n<h4><b>Derechos<\/b><\/h4>\n<p style=\"text-align: justify;\"><span style=\"font-weight: 400;\">La Colmena tiene como misi\u00f3n trabajar por la promoci\u00f3n integral de los derechos de las mujeres y sus familias a trav\u00e9s del desarrollo de estrategias de inclusi\u00f3n educativa, pol\u00edtica, econ\u00f3mica y social, basadas en el respeto a la cultura del trabajo, al medioambiente y a los derechos de los ni\u00f1os y adolescentes desde una perspectiva de g\u00e9nero. <\/span><\/p>\n<div id=\"attachment_557\" style=\"width: 650px\" class=\"wp-caption aligncenter\"><a href=\"https:\/\/iberculturaviva.org\/wp-content\/uploads\/2015\/09\/mateandojuntas.jpg\"><img loading=\"lazy\" decoding=\"async\" aria-describedby=\"caption-attachment-557\" class=\"wp-image-557 size-large\" src=\"https:\/\/iberculturaviva.org\/wp-content\/uploads\/2015\/09\/mateandojuntas-960x540.jpg\" alt=\"mateandojuntas\" width=\"640\" height=\"360\" \/><\/a><p id=\"caption-attachment-557\" class=\"wp-caption-text\">\u00abMateando juntas\u00bb, uno de los programas de FM Reconquista, conducido por mujeres de la asociaci\u00f3n La Colmena<\/p><\/div>\n<p style=\"text-align: justify;\"><span style=\"font-weight: 400;\">La radio coordina un espacio en red constituido por 30 organizaciones sociales y comunitarias del territorio, que conforman la Red Comunicacional y Social Reconquista. Uno de sus programas se llama \u00abMateando juntas\u00bb. Producido y conducido por las mujeres de la asociaci\u00f3n, tiene como tem\u00e1tica central la cuesti\u00f3n de g\u00e9nero, pero tambi\u00e9n trata de cosas que conciernen al barrio. Otro programa es \u201cHagan correr la voz\u201d, que realiza transmisiones en vivo de las actividades que se llevan a cabo en la villa. \u00a0\u00a0\u00a0\u00a0<\/span><span style=\"font-weight: 400;\"> \u00a0\u00a0<\/span><\/p>\n<p style=\"text-align: justify;\"><span style=\"font-weight: 400;\">Actualmente La Colmena gestiona la Casa del Ni\u00f1o, con 170 ni\u00f1os de 6 a 12 a\u00f1os, un grupo de 160 adolescentes que comparten talleres de reflexi\u00f3n, paseos y capacitaciones, una orquesta juvenil conformada por 45 integrantes, un comedor social infantil con m\u00e1s de 720 comensales, un jard\u00edn maternal y de infantes, con 340 ni\u00f1os y ni\u00f1as.<\/span><\/p>\n<div id=\"attachment_596\" style=\"width: 650px\" class=\"wp-caption aligncenter\"><a href=\"https:\/\/iberculturaviva.org\/wp-content\/uploads\/2015\/09\/lacolmena4.jpg\"><img loading=\"lazy\" decoding=\"async\" aria-describedby=\"caption-attachment-596\" class=\"wp-image-596 size-large\" src=\"https:\/\/iberculturaviva.org\/wp-content\/uploads\/2015\/09\/lacolmena4-960x523.jpg\" alt=\"lacolmena-vacaciones\" width=\"640\" height=\"349\" \/><\/a><p id=\"caption-attachment-596\" class=\"wp-caption-text\">Colonias de vacaciones y paseos con los ni\u00f1os tambi\u00e9n est\u00e1n entre las actividades de la asociaci\u00f3n<\/p><\/div>\n<p style=\"text-align: justify;\"><span style=\"font-weight: 400;\">Adem\u00e1s de una colonia de vacaciones, brinda diversos talleres. Para los ni\u00f1os y j\u00f3venes hay talleres de teatro, cine, danza, m\u00fasica, informatica y deportes, entre otros. La asociaci\u00f3n tambi\u00e9n ofrece capacitaci\u00f3n en microemprendimientos, formulaci\u00f3n de proyectos, desarrollo de huerta org\u00e1nica, talleres sobre violencia, maltrato infantil y abuso, prevenci\u00f3n de adicciones, capacitaci\u00f3n, asesoramiento, primera escucha y derivaci\u00f3n, asistencia y acompa\u00f1amiento hacia centros especializados.<br \/>\n<\/span><\/p>\n<h4 style=\"text-align: justify;\"><strong>D\u00e9cadas de lucha<\/strong><\/h4>\n<p style=\"text-align: justify;\"><span style=\"font-weight: 400;\">\u201cEn los 80 el deseo de los argentinos, por lo menos en su mayor\u00eda, era respirar el aire puro de la democracia luego de la sangrienta dictadura. La primera d\u00e9cada fue de reacomodamiento de metas dejadas de lado por el golpe militar\u201d, comenta Margarita Palacio. \u201cEn los 90 surge el \u2018todo vale\u2019,se profundiza la destrucci\u00f3n de la industria nacional y el pensamiento y acci\u00f3n de los argentinos se adormece.\u201d<\/span><\/p>\n<p style=\"text-align: justify;\"><span style=\"font-weight: 400;\"> A \u00a0partir de este marco hist\u00f3rico la experiencia de comunicaci\u00f3n comunitaria, educaci\u00f3n popular y reconstrucci\u00f3n de cultura identitaria se fortaleci\u00f3, llevando adelante el lema \u201cPara volver a creer y hacer m\u00e1s fuerte la esperanza\u201d. Seg\u00fan Margarita \u201cporque hab\u00eda que volver a creer en nosotros unidos, organizados como un colectivo local, luchando por sus necesidades y sue\u00f1os\u201d. <\/span><\/p>\n<p style=\"text-align: justify;\"><span style=\"font-weight: 400;\">\u201cHoy, mirando a la distancia podemos afirmar que el desarrollo de nuestra propuesta comunicacional, cultural y popular fue de la mano del desarrollo local. Y decimos que nuestra radio no es una radio que dice solamente, sino tambi\u00e9n que hace, ya que sus miembros integran distintas organizaciones que trabajan incansablemente al servicio de las comunidades.\u201d <\/span><\/p>\n<h4 style=\"text-align: justify;\">\u00a0[divider] [\/divider]<\/h4>\n<h3 style=\"text-align: justify;\"><strong>Tres preguntas para Margarita Palacio<\/strong><\/h3>\n<h4 style=\"text-align: justify;\">1. Ustedes crecieron bastante en esos a\u00f1os. Cuando empezaron las actividades \u00bf imaginaban que ser\u00eda as\u00ed?<b> <\/b><\/h4>\n<p style=\"text-align: justify;\"><span style=\"font-weight: 400;\">El grupo fundador de esta experiencia, en su mayor\u00eda, ven\u00eda con saberes y vivencias previas, realizadas en \u00e9pocas anteriores con mucho compromiso. Sumado a esta cuesti\u00f3n, algunos de nuestro grupo ven\u00edamos capacit\u00e1ndonos e intercambiando experiencias con muchos grupos de Latinoam\u00e9rica, ya que est\u00e1bamos cursando en el a\u00f1o 1983, 1984, 1985 y hasta los 90 en el Centro de Comunicaci\u00f3n Educativa La Crujia, quienes nos pusieron en contacto con experiencias de comunicaci\u00f3n y educaci\u00f3n popular muy importantes en Centro Am\u00e9rica y Latinoam\u00e9rica. Desarroll\u00e1bamos planes y proyectos con perspectivas a corto, mediano y largo plazo, buscando recursos financieros y formando y fortaleciendo recursos humanos, con la creatividad de aplicarlos al territorio urbano empobrecido.<\/span><\/p>\n<h4><strong><br \/>\n<\/strong>2. Se construy\u00f3 y equip\u00f3 una sala para grabaci\u00f3n cuando se sum\u00f3 la asociaci\u00f3n como Punto de Cultura en 2011. \u00bfAlgo m\u00e1s cambi\u00f3 con el Punto de Cultura?<\/h4>\n<div id=\"attachment_745\" style=\"width: 181px\" class=\"wp-caption alignright\"><a href=\"https:\/\/iberculturaviva.org\/wp-content\/uploads\/2015\/09\/margarita2.jpg\"><img loading=\"lazy\" decoding=\"async\" aria-describedby=\"caption-attachment-745\" class=\"wp-image-745 size-full\" src=\"https:\/\/iberculturaviva.org\/wp-content\/uploads\/2015\/09\/margarita2.jpg\" alt=\"margarita\" width=\"171\" height=\"232\" srcset=\"https:\/\/iberculturaviva.org\/wp-content\/uploads\/2015\/09\/margarita2.jpg 171w, https:\/\/iberculturaviva.org\/wp-content\/uploads\/2015\/09\/margarita2-111x150.jpg 111w\" sizes=\"auto, (max-width: 171px) 100vw, 171px\" \/><\/a><p id=\"caption-attachment-745\" class=\"wp-caption-text\">Margarita es una de las dirigentes\u00a0de la asociaci\u00f3n<\/p><\/div>\n<p style=\"text-align: justify;\"><span style=\"font-weight: 400;\">La sala de grabaci\u00f3n fue construida con recursos de Puntos de Cultura, como as\u00ed tambi\u00e9n parte del equipamiento. El equipamiento restante fue obtenido mediante otros recursos. Y s\u00ed, cambi\u00f3 mucho, ya que pudimos destinar un espacio exclusivamente para la comunidad y no s\u00f3lo para los integrantes de la Radio. Los programas de radio pudieron grabar all\u00ed sus spots, sus cortinas, editar sus entrevistas pero tambi\u00e9n la comunidad: la orquesta juvenil pudo grabar sus canciones, los j\u00f3venes de otras localidades pudieron grabar sus demos o ensayar previo a una actuaci\u00f3n. Tal vez en medio de tantas necesidades, inundaciones, desempleo, etc, podr\u00eda parecer algo innecesario, pero nosotros decimos que hay un pan que nos provee alimento a nuestro cuerpo y tambi\u00e9n debe existir necesariamente ese otro pan, que es el pan del alma, que no es otra cosa que la puesta en valor de la cultura, comunicaci\u00f3n y educaci\u00f3n popular.<\/span><\/p>\n<p>&nbsp;<\/p>\n<h4>3.\u00bfLa experiencia ha valido la pena?<\/h4>\n<p style=\"text-align: justify;\"><span style=\"font-weight: 400;\">S\u00ed, nos sentimos orgullosos y orgullosas de lo realizado. Sentimos que cada vez tenemos que seguir ofreciendo m\u00e1s posibilidades. En estos momentos estamos transitando los primeros pasos del lenguaje m\u00e1s profesional audiovisual. Puntos de Cultura, en su segunda etapa, nos ha provisto de una buena c\u00e1mara filmadora. Y all\u00e1 vamos con el mismo empuje, iniciando una nueva mirada para estos tiempos, pero como en este caso somos \u201cnuevos\u201d, con la humildad de quien inicia un nuevo recorrido, pusimos en marcha \u201cCrecer desde el pie\u201d. Desde abajo, con los s\u00f3lidos cimientos de nuestra experiencia anterior, con el deseo de capacitarnos en este nuevo lenguaje, con las nuevas est\u00e9ticas del momento, tratando o so\u00f1ando con producir nuevos contenidos, propios, que partan del mismo coraz\u00f3n de nuestras comunidades.<\/span><\/p>\n<h4 style=\"text-align: justify;\"><strong>Sepa m\u00e1s:<\/strong><\/h4>\n<h4 style=\"text-align: justify;\"><strong><a href=\"https:\/\/www.fmreconquista.org.ar\/\">https:\/\/www.fmreconquista.org.ar\/<\/a><\/strong><\/h4>\n<h4><strong><a href=\"https:\/\/www.facebook.com\/lacolme?hc_location=ufi\">https:\/\/www.facebook.com\/lacolme<\/a><\/strong><\/h4>\n<p>&nbsp;<\/p>\n<p>(<em>**Texto publicado el 24 de septiembre de 2015<\/em>)<\/p>\n","protected":false},"excerpt":{"rendered":"<p>En la regi\u00f3n metropolitana de Buenos Aires \u2013\u00a0m\u00e1s espec\u00edficamente en Villa Hidalgo, Jos\u00e9 Le\u00f3n Su\u00e1rez, partido de San Mart\u00edn \u2013, hay una radio que no solamente dice, sino tambi\u00e9n hace, [&hellip;]<\/p>\n","protected":false},"author":2,"featured_media":17142,"menu_order":0,"template":"","categories":[],"tags":[],"country-municipality":[782],"type-opportunity":[],"class_list":["post-15879","portfolio","type-portfolio","status-publish","has-post-thumbnail","hentry","country-municipality-argentina-es"],"yoast_head":"<!-- This site is optimized with the Yoast SEO plugin v25.7 - https:\/\/yoast.com\/wordpress\/plugins\/seo\/ -->\n<title>La Colmena y la \u201cradio de la esperanza\u201d: un barrio unido para romper el silencio - IberCultura Viva<\/title>\n<meta name=\"description\" content=\"La Colmena y la \u201cradio de la esperanza\u201d: un barrio unido para romper el silencio - IberCultura Viva\" \/>\n<meta name=\"robots\" content=\"index, follow, max-snippet:-1, max-image-preview:large, max-video-preview:-1\" \/>\n<link rel=\"canonical\" href=\"https:\/\/iberculturaviva.org\/es\/portfolio\/la-colmena-y-la-radio-de-la-esperanza-un-barrio-unido-para-romper-el-silencio\/\" \/>\n<meta property=\"og:locale\" content=\"es_ES\" \/>\n<meta property=\"og:type\" content=\"article\" \/>\n<meta property=\"og:title\" content=\"La Colmena y la \u201cradio de la esperanza\u201d: un barrio unido para romper el silencio - IberCultura Viva\" \/>\n<meta property=\"og:description\" content=\"La Colmena y la \u201cradio de la esperanza\u201d: un barrio unido para romper el silencio - IberCultura Viva\" \/>\n<meta property=\"og:url\" content=\"https:\/\/iberculturaviva.org\/es\/portfolio\/la-colmena-y-la-radio-de-la-esperanza-un-barrio-unido-para-romper-el-silencio\/\" \/>\n<meta property=\"og:site_name\" content=\"IberCultura Viva\" \/>\n<meta property=\"article:publisher\" content=\"https:\/\/www.facebook.com\/iberculturaviva\/\" \/>\n<meta property=\"article:modified_time\" content=\"2024-11-26T00:55:18+00:00\" \/>\n<meta property=\"og:image\" content=\"https:\/\/iberculturaviva.org\/wp-content\/uploads\/2015\/09\/lacolmena-principal.jpg\" \/>\n\t<meta property=\"og:image:width\" content=\"960\" \/>\n\t<meta property=\"og:image:height\" content=\"659\" \/>\n\t<meta property=\"og:image:type\" content=\"image\/jpeg\" \/>\n<meta name=\"twitter:card\" content=\"summary_large_image\" \/>\n<meta name=\"twitter:label1\" content=\"Tiempo de lectura\" \/>\n\t<meta name=\"twitter:data1\" content=\"7 minutos\" \/>\n<script type=\"application\/ld+json\" class=\"yoast-schema-graph\">{\"@context\":\"https:\/\/schema.org\",\"@graph\":[{\"@type\":\"WebPage\",\"@id\":\"https:\/\/iberculturaviva.org\/es\/portfolio\/la-colmena-y-la-radio-de-la-esperanza-un-barrio-unido-para-romper-el-silencio\/\",\"url\":\"https:\/\/iberculturaviva.org\/es\/portfolio\/la-colmena-y-la-radio-de-la-esperanza-un-barrio-unido-para-romper-el-silencio\/\",\"name\":\"La Colmena y la \u201cradio de la esperanza\u201d: un barrio unido para romper el silencio - IberCultura Viva\",\"isPartOf\":{\"@id\":\"https:\/\/iberculturaviva.org\/es\/?lang=es\/#website\"},\"primaryImageOfPage\":{\"@id\":\"https:\/\/iberculturaviva.org\/es\/portfolio\/la-colmena-y-la-radio-de-la-esperanza-un-barrio-unido-para-romper-el-silencio\/#primaryimage\"},\"image\":{\"@id\":\"https:\/\/iberculturaviva.org\/es\/portfolio\/la-colmena-y-la-radio-de-la-esperanza-un-barrio-unido-para-romper-el-silencio\/#primaryimage\"},\"thumbnailUrl\":\"https:\/\/iberculturaviva.org\/wp-content\/uploads\/2015\/09\/lacolmena-principal.jpg\",\"datePublished\":\"2015-09-24T20:48:21+00:00\",\"dateModified\":\"2024-11-26T00:55:18+00:00\",\"description\":\"La Colmena y la \u201cradio de la esperanza\u201d: un barrio unido para romper el silencio - IberCultura Viva\",\"breadcrumb\":{\"@id\":\"https:\/\/iberculturaviva.org\/es\/portfolio\/la-colmena-y-la-radio-de-la-esperanza-un-barrio-unido-para-romper-el-silencio\/#breadcrumb\"},\"inLanguage\":\"es\",\"potentialAction\":[{\"@type\":\"ReadAction\",\"target\":[\"https:\/\/iberculturaviva.org\/es\/portfolio\/la-colmena-y-la-radio-de-la-esperanza-un-barrio-unido-para-romper-el-silencio\/\"]}]},{\"@type\":\"ImageObject\",\"inLanguage\":\"es\",\"@id\":\"https:\/\/iberculturaviva.org\/es\/portfolio\/la-colmena-y-la-radio-de-la-esperanza-un-barrio-unido-para-romper-el-silencio\/#primaryimage\",\"url\":\"https:\/\/iberculturaviva.org\/wp-content\/uploads\/2015\/09\/lacolmena-principal.jpg\",\"contentUrl\":\"https:\/\/iberculturaviva.org\/wp-content\/uploads\/2015\/09\/lacolmena-principal.jpg\",\"width\":960,\"height\":659},{\"@type\":\"BreadcrumbList\",\"@id\":\"https:\/\/iberculturaviva.org\/es\/portfolio\/la-colmena-y-la-radio-de-la-esperanza-un-barrio-unido-para-romper-el-silencio\/#breadcrumb\",\"itemListElement\":[{\"@type\":\"ListItem\",\"position\":1,\"name\":\"In\u00edcio\",\"item\":\"https:\/\/iberculturaviva.org\/es\/inicio\/\"},{\"@type\":\"ListItem\",\"position\":2,\"name\":\"Experi\u00eancias\",\"item\":\"https:\/\/iberculturaviva.org\/es\/portfolio\/\"},{\"@type\":\"ListItem\",\"position\":3,\"name\":\"La Colmena y la \u201cradio de la esperanza\u201d: un barrio unido para romper el silencio\"}]},{\"@type\":\"WebSite\",\"@id\":\"https:\/\/iberculturaviva.org\/es\/?lang=es\/#website\",\"url\":\"https:\/\/iberculturaviva.org\/es\/?lang=es\/\",\"name\":\"IberCultura Viva\",\"description\":\"Programa de cooperaci\u00f3n cultural\",\"publisher\":{\"@id\":\"https:\/\/iberculturaviva.org\/es\/?lang=es\/#organization\"},\"potentialAction\":[{\"@type\":\"SearchAction\",\"target\":{\"@type\":\"EntryPoint\",\"urlTemplate\":\"https:\/\/iberculturaviva.org\/es\/?lang=es\/?s={search_term_string}\"},\"query-input\":{\"@type\":\"PropertyValueSpecification\",\"valueRequired\":true,\"valueName\":\"search_term_string\"}}],\"inLanguage\":\"es\"},{\"@type\":\"Organization\",\"@id\":\"https:\/\/iberculturaviva.org\/es\/?lang=es\/#organization\",\"name\":\"Iberculturaviva\",\"url\":\"https:\/\/iberculturaviva.org\/es\/?lang=es\/\",\"logo\":{\"@type\":\"ImageObject\",\"inLanguage\":\"es\",\"@id\":\"https:\/\/iberculturaviva.org\/es\/?lang=es\/#\/schema\/logo\/image\/\",\"url\":\"https:\/\/iberculturaviva.org\/wp-content\/uploads\/2021\/08\/logo_ibercultura_viva.jpg\",\"contentUrl\":\"https:\/\/iberculturaviva.org\/wp-content\/uploads\/2021\/08\/logo_ibercultura_viva.jpg\",\"width\":708,\"height\":223,\"caption\":\"Iberculturaviva\"},\"image\":{\"@id\":\"https:\/\/iberculturaviva.org\/es\/?lang=es\/#\/schema\/logo\/image\/\"},\"sameAs\":[\"https:\/\/www.facebook.com\/iberculturaviva\/\",\"https:\/\/www.instagram.com\/iberculturaviva\/\",\"https:\/\/www.youtube.com\/iberculturaviva\"]}]}<\/script>\n<!-- \/ Yoast SEO plugin. -->","yoast_head_json":{"title":"La Colmena y la \u201cradio de la esperanza\u201d: un barrio unido para romper el silencio - IberCultura Viva","description":"La Colmena y la \u201cradio de la esperanza\u201d: un barrio unido para romper el silencio - IberCultura Viva","robots":{"index":"index","follow":"follow","max-snippet":"max-snippet:-1","max-image-preview":"max-image-preview:large","max-video-preview":"max-video-preview:-1"},"canonical":"https:\/\/iberculturaviva.org\/es\/portfolio\/la-colmena-y-la-radio-de-la-esperanza-un-barrio-unido-para-romper-el-silencio\/","og_locale":"es_ES","og_type":"article","og_title":"La Colmena y la \u201cradio de la esperanza\u201d: un barrio unido para romper el silencio - IberCultura Viva","og_description":"La Colmena y la \u201cradio de la esperanza\u201d: un barrio unido para romper el silencio - IberCultura Viva","og_url":"https:\/\/iberculturaviva.org\/es\/portfolio\/la-colmena-y-la-radio-de-la-esperanza-un-barrio-unido-para-romper-el-silencio\/","og_site_name":"IberCultura Viva","article_publisher":"https:\/\/www.facebook.com\/iberculturaviva\/","article_modified_time":"2024-11-26T00:55:18+00:00","og_image":[{"width":960,"height":659,"url":"https:\/\/iberculturaviva.org\/wp-content\/uploads\/2015\/09\/lacolmena-principal.jpg","type":"image\/jpeg"}],"twitter_card":"summary_large_image","twitter_misc":{"Tiempo de lectura":"7 minutos"},"schema":{"@context":"https:\/\/schema.org","@graph":[{"@type":"WebPage","@id":"https:\/\/iberculturaviva.org\/es\/portfolio\/la-colmena-y-la-radio-de-la-esperanza-un-barrio-unido-para-romper-el-silencio\/","url":"https:\/\/iberculturaviva.org\/es\/portfolio\/la-colmena-y-la-radio-de-la-esperanza-un-barrio-unido-para-romper-el-silencio\/","name":"La Colmena y la \u201cradio de la esperanza\u201d: un barrio unido para romper el silencio - IberCultura Viva","isPartOf":{"@id":"https:\/\/iberculturaviva.org\/es\/?lang=es\/#website"},"primaryImageOfPage":{"@id":"https:\/\/iberculturaviva.org\/es\/portfolio\/la-colmena-y-la-radio-de-la-esperanza-un-barrio-unido-para-romper-el-silencio\/#primaryimage"},"image":{"@id":"https:\/\/iberculturaviva.org\/es\/portfolio\/la-colmena-y-la-radio-de-la-esperanza-un-barrio-unido-para-romper-el-silencio\/#primaryimage"},"thumbnailUrl":"https:\/\/iberculturaviva.org\/wp-content\/uploads\/2015\/09\/lacolmena-principal.jpg","datePublished":"2015-09-24T20:48:21+00:00","dateModified":"2024-11-26T00:55:18+00:00","description":"La Colmena y la \u201cradio de la esperanza\u201d: un barrio unido para romper el silencio - IberCultura Viva","breadcrumb":{"@id":"https:\/\/iberculturaviva.org\/es\/portfolio\/la-colmena-y-la-radio-de-la-esperanza-un-barrio-unido-para-romper-el-silencio\/#breadcrumb"},"inLanguage":"es","potentialAction":[{"@type":"ReadAction","target":["https:\/\/iberculturaviva.org\/es\/portfolio\/la-colmena-y-la-radio-de-la-esperanza-un-barrio-unido-para-romper-el-silencio\/"]}]},{"@type":"ImageObject","inLanguage":"es","@id":"https:\/\/iberculturaviva.org\/es\/portfolio\/la-colmena-y-la-radio-de-la-esperanza-un-barrio-unido-para-romper-el-silencio\/#primaryimage","url":"https:\/\/iberculturaviva.org\/wp-content\/uploads\/2015\/09\/lacolmena-principal.jpg","contentUrl":"https:\/\/iberculturaviva.org\/wp-content\/uploads\/2015\/09\/lacolmena-principal.jpg","width":960,"height":659},{"@type":"BreadcrumbList","@id":"https:\/\/iberculturaviva.org\/es\/portfolio\/la-colmena-y-la-radio-de-la-esperanza-un-barrio-unido-para-romper-el-silencio\/#breadcrumb","itemListElement":[{"@type":"ListItem","position":1,"name":"In\u00edcio","item":"https:\/\/iberculturaviva.org\/es\/inicio\/"},{"@type":"ListItem","position":2,"name":"Experi\u00eancias","item":"https:\/\/iberculturaviva.org\/es\/portfolio\/"},{"@type":"ListItem","position":3,"name":"La Colmena y la \u201cradio de la esperanza\u201d: un barrio unido para romper el silencio"}]},{"@type":"WebSite","@id":"https:\/\/iberculturaviva.org\/es\/?lang=es\/#website","url":"https:\/\/iberculturaviva.org\/es\/?lang=es\/","name":"IberCultura Viva","description":"Programa de cooperaci\u00f3n cultural","publisher":{"@id":"https:\/\/iberculturaviva.org\/es\/?lang=es\/#organization"},"potentialAction":[{"@type":"SearchAction","target":{"@type":"EntryPoint","urlTemplate":"https:\/\/iberculturaviva.org\/es\/?lang=es\/?s={search_term_string}"},"query-input":{"@type":"PropertyValueSpecification","valueRequired":true,"valueName":"search_term_string"}}],"inLanguage":"es"},{"@type":"Organization","@id":"https:\/\/iberculturaviva.org\/es\/?lang=es\/#organization","name":"Iberculturaviva","url":"https:\/\/iberculturaviva.org\/es\/?lang=es\/","logo":{"@type":"ImageObject","inLanguage":"es","@id":"https:\/\/iberculturaviva.org\/es\/?lang=es\/#\/schema\/logo\/image\/","url":"https:\/\/iberculturaviva.org\/wp-content\/uploads\/2021\/08\/logo_ibercultura_viva.jpg","contentUrl":"https:\/\/iberculturaviva.org\/wp-content\/uploads\/2021\/08\/logo_ibercultura_viva.jpg","width":708,"height":223,"caption":"Iberculturaviva"},"image":{"@id":"https:\/\/iberculturaviva.org\/es\/?lang=es\/#\/schema\/logo\/image\/"},"sameAs":["https:\/\/www.facebook.com\/iberculturaviva\/","https:\/\/www.instagram.com\/iberculturaviva\/","https:\/\/www.youtube.com\/iberculturaviva"]}]}},"_links":{"self":[{"href":"https:\/\/iberculturaviva.org\/es\/wp-json\/wp\/v2\/portfolio\/15879","targetHints":{"allow":["GET"]}}],"collection":[{"href":"https:\/\/iberculturaviva.org\/es\/wp-json\/wp\/v2\/portfolio"}],"about":[{"href":"https:\/\/iberculturaviva.org\/es\/wp-json\/wp\/v2\/types\/portfolio"}],"author":[{"embeddable":true,"href":"https:\/\/iberculturaviva.org\/es\/wp-json\/wp\/v2\/users\/2"}],"version-history":[{"count":1,"href":"https:\/\/iberculturaviva.org\/es\/wp-json\/wp\/v2\/portfolio\/15879\/revisions"}],"predecessor-version":[{"id":37922,"href":"https:\/\/iberculturaviva.org\/es\/wp-json\/wp\/v2\/portfolio\/15879\/revisions\/37922"}],"wp:featuredmedia":[{"embeddable":true,"href":"https:\/\/iberculturaviva.org\/es\/wp-json\/wp\/v2\/media\/17142"}],"wp:attachment":[{"href":"https:\/\/iberculturaviva.org\/es\/wp-json\/wp\/v2\/media?parent=15879"}],"wp:term":[{"taxonomy":"category","embeddable":true,"href":"https:\/\/iberculturaviva.org\/es\/wp-json\/wp\/v2\/categories?post=15879"},{"taxonomy":"post_tag","embeddable":true,"href":"https:\/\/iberculturaviva.org\/es\/wp-json\/wp\/v2\/tags?post=15879"},{"taxonomy":"country-municipality","embeddable":true,"href":"https:\/\/iberculturaviva.org\/es\/wp-json\/wp\/v2\/country-municipality?post=15879"},{"taxonomy":"type-opportunity","embeddable":true,"href":"https:\/\/iberculturaviva.org\/es\/wp-json\/wp\/v2\/type-opportunity?post=15879"}],"curies":[{"name":"wp","href":"https:\/\/api.w.org\/{rel}","templated":true}]}}