{"id":37703,"date":"2024-11-04T15:10:45","date_gmt":"2024-11-04T18:10:45","guid":{"rendered":"https:\/\/iberculturaviva.org\/document\/ordenanza-n-1673-de-14-de-marzo-de-2013-instituye-la-politica-publica-metropolitana-para-la-promocion-y-el-fortalecimiento-de-la-cultura-viva-comunitaria-en-el-ambito-de-la-municipalidad-metropolit\/"},"modified":"2026-04-16T05:33:12","modified_gmt":"2026-04-16T08:33:12","slug":"ordenanza-n-1673-de-14-de-marzo-de-2013-instituye-la-politica-publica-metropolitana-para-la-promocion-y-el-fortalecimiento-de-la-cultura-viva-comunitaria-en-el-ambito-de-la-municipalidad-metropolit","status":"publish","type":"document","link":"https:\/\/iberculturaviva.org\/es\/document\/ordenanza-n-1673-de-14-de-marzo-de-2013-instituye-la-politica-publica-metropolitana-para-la-promocion-y-el-fortalecimiento-de-la-cultura-viva-comunitaria-en-el-ambito-de-la-municipalidad-metropolit\/","title":{"rendered":"Ordenanza n. 1673, de 14 de marzo de 2013. Instituye la pol\u00edtica p\u00fablica metropolitana para la promoci\u00f3n y el fortalecimiento de la cultura viva comunitaria en el \u00e1mbito de la Municipalidad Metropolitana de Lima.\u00a0"},"content":{"rendered":"","protected":false},"excerpt":{"rendered":"","protected":false},"featured_media":0,"menu_order":0,"template":"","tags":[],"country-municipality":[837],"type-document":[865,866,867],"class_list":["post-37703","document","type-document","status-publish","hentry","country-municipality-peru-es","type-document-ambito-municipal","type-document-nacional-es","type-document-normas-y-leyes"],"yoast_head":"<!-- This site is optimized with the Yoast SEO plugin v25.7 - https:\/\/yoast.com\/wordpress\/plugins\/seo\/ -->\n<title>Ordenanza n. 1673, de 14 de marzo de 2013. Instituye la pol\u00edtica p\u00fablica metropolitana para la promoci\u00f3n y el fortalecimiento de la cultura viva comunitaria en el \u00e1mbito de la Municipalidad Metropolitana de Lima.\u00a0 - IberCultura Viva<\/title>\n<meta name=\"description\" content=\"Ordenanza n. 1673, de 14 de marzo de 2013. Instituye la pol\u00edtica p\u00fablica metropolitana para la promoci\u00f3n y el fortalecimiento de la cultura viva comunitaria en el \u00e1mbito de la Municipalidad Metropolitana de Lima.\u00a0 - IberCultura Viva\" \/>\n<meta name=\"robots\" content=\"index, follow, max-snippet:-1, max-image-preview:large, max-video-preview:-1\" \/>\n<link rel=\"canonical\" href=\"https:\/\/iberculturaviva.org\/es\/document\/ordenanza-n-1673-de-14-de-marzo-de-2013-instituye-la-politica-publica-metropolitana-para-la-promocion-y-el-fortalecimiento-de-la-cultura-viva-comunitaria-en-el-ambito-de-la-municipalidad-metropolit\/\" \/>\n<meta property=\"og:locale\" content=\"es_ES\" \/>\n<meta property=\"og:type\" content=\"article\" \/>\n<meta property=\"og:title\" content=\"Ordenanza n. 1673, de 14 de marzo de 2013. Instituye la pol\u00edtica p\u00fablica metropolitana para la promoci\u00f3n y el fortalecimiento de la cultura viva comunitaria en el \u00e1mbito de la Municipalidad Metropolitana de Lima.\u00a0 - IberCultura Viva\" \/>\n<meta property=\"og:description\" content=\"Ordenanza n. 1673, de 14 de marzo de 2013. Instituye la pol\u00edtica p\u00fablica metropolitana para la promoci\u00f3n y el fortalecimiento de la cultura viva comunitaria en el \u00e1mbito de la Municipalidad Metropolitana de Lima.\u00a0 - IberCultura Viva\" \/>\n<meta property=\"og:url\" content=\"https:\/\/iberculturaviva.org\/es\/document\/ordenanza-n-1673-de-14-de-marzo-de-2013-instituye-la-politica-publica-metropolitana-para-la-promocion-y-el-fortalecimiento-de-la-cultura-viva-comunitaria-en-el-ambito-de-la-municipalidad-metropolit\/\" \/>\n<meta property=\"og:site_name\" content=\"IberCultura Viva\" \/>\n<meta property=\"article:publisher\" content=\"https:\/\/www.facebook.com\/iberculturaviva\/\" \/>\n<meta property=\"article:modified_time\" content=\"2026-04-16T08:33:12+00:00\" \/>\n<meta property=\"og:image\" content=\"https:\/\/iberculturaviva.org\/wp-content\/uploads\/2024\/12\/logo1.png\" \/>\n\t<meta property=\"og:image:width\" content=\"166\" \/>\n\t<meta property=\"og:image:height\" content=\"152\" \/>\n\t<meta property=\"og:image:type\" content=\"image\/png\" \/>\n<meta name=\"twitter:card\" content=\"summary_large_image\" \/>\n<script type=\"application\/ld+json\" class=\"yoast-schema-graph\">{\"@context\":\"https:\/\/schema.org\",\"@graph\":[{\"@type\":\"WebPage\",\"@id\":\"https:\/\/iberculturaviva.org\/es\/document\/ordenanza-n-1673-de-14-de-marzo-de-2013-instituye-la-politica-publica-metropolitana-para-la-promocion-y-el-fortalecimiento-de-la-cultura-viva-comunitaria-en-el-ambito-de-la-municipalidad-metropolit\/\",\"url\":\"https:\/\/iberculturaviva.org\/es\/document\/ordenanza-n-1673-de-14-de-marzo-de-2013-instituye-la-politica-publica-metropolitana-para-la-promocion-y-el-fortalecimiento-de-la-cultura-viva-comunitaria-en-el-ambito-de-la-municipalidad-metropolit\/\",\"name\":\"Ordenanza n. 1673, de 14 de marzo de 2013. Instituye la pol\u00edtica p\u00fablica metropolitana para la promoci\u00f3n y el fortalecimiento de la cultura viva comunitaria en el \u00e1mbito de la Municipalidad Metropolitana de Lima.\u00a0 - IberCultura Viva\",\"isPartOf\":{\"@id\":\"https:\/\/iberculturaviva.org\/es\/?lang=es\/#website\"},\"datePublished\":\"2024-11-04T18:10:45+00:00\",\"dateModified\":\"2026-04-16T08:33:12+00:00\",\"description\":\"Ordenanza n. 1673, de 14 de marzo de 2013. Instituye la pol\u00edtica p\u00fablica metropolitana para la promoci\u00f3n y el fortalecimiento de la cultura viva comunitaria en el \u00e1mbito de la Municipalidad Metropolitana de Lima.\u00a0 - IberCultura Viva\",\"breadcrumb\":{\"@id\":\"https:\/\/iberculturaviva.org\/es\/document\/ordenanza-n-1673-de-14-de-marzo-de-2013-instituye-la-politica-publica-metropolitana-para-la-promocion-y-el-fortalecimiento-de-la-cultura-viva-comunitaria-en-el-ambito-de-la-municipalidad-metropolit\/#breadcrumb\"},\"inLanguage\":\"es\",\"potentialAction\":[{\"@type\":\"ReadAction\",\"target\":[\"https:\/\/iberculturaviva.org\/es\/document\/ordenanza-n-1673-de-14-de-marzo-de-2013-instituye-la-politica-publica-metropolitana-para-la-promocion-y-el-fortalecimiento-de-la-cultura-viva-comunitaria-en-el-ambito-de-la-municipalidad-metropolit\/\"]}]},{\"@type\":\"BreadcrumbList\",\"@id\":\"https:\/\/iberculturaviva.org\/es\/document\/ordenanza-n-1673-de-14-de-marzo-de-2013-instituye-la-politica-publica-metropolitana-para-la-promocion-y-el-fortalecimiento-de-la-cultura-viva-comunitaria-en-el-ambito-de-la-municipalidad-metropolit\/#breadcrumb\",\"itemListElement\":[{\"@type\":\"ListItem\",\"position\":1,\"name\":\"In\u00edcio\",\"item\":\"https:\/\/iberculturaviva.org\/es\/inicio\/\"},{\"@type\":\"ListItem\",\"position\":2,\"name\":\"Biblioteca\",\"item\":\"https:\/\/iberculturaviva.org\/es\/document\/\"},{\"@type\":\"ListItem\",\"position\":3,\"name\":\"Ordenanza n. 1673, de 14 de marzo de 2013. Instituye la pol\u00edtica p\u00fablica metropolitana para la promoci\u00f3n y el fortalecimiento de la cultura viva comunitaria en el \u00e1mbito de la Municipalidad Metropolitana de Lima.\u00a0\"}]},{\"@type\":\"WebSite\",\"@id\":\"https:\/\/iberculturaviva.org\/es\/?lang=es\/#website\",\"url\":\"https:\/\/iberculturaviva.org\/es\/?lang=es\/\",\"name\":\"IberCultura Viva\",\"description\":\"Programa de cooperaci\u00f3n cultural\",\"publisher\":{\"@id\":\"https:\/\/iberculturaviva.org\/es\/?lang=es\/#organization\"},\"potentialAction\":[{\"@type\":\"SearchAction\",\"target\":{\"@type\":\"EntryPoint\",\"urlTemplate\":\"https:\/\/iberculturaviva.org\/es\/?lang=es\/?s={search_term_string}\"},\"query-input\":{\"@type\":\"PropertyValueSpecification\",\"valueRequired\":true,\"valueName\":\"search_term_string\"}}],\"inLanguage\":\"es\"},{\"@type\":\"Organization\",\"@id\":\"https:\/\/iberculturaviva.org\/es\/?lang=es\/#organization\",\"name\":\"Iberculturaviva\",\"url\":\"https:\/\/iberculturaviva.org\/es\/?lang=es\/\",\"logo\":{\"@type\":\"ImageObject\",\"inLanguage\":\"es\",\"@id\":\"https:\/\/iberculturaviva.org\/es\/?lang=es\/#\/schema\/logo\/image\/\",\"url\":\"https:\/\/iberculturaviva.org\/wp-content\/uploads\/2021\/08\/logo_ibercultura_viva.jpg\",\"contentUrl\":\"https:\/\/iberculturaviva.org\/wp-content\/uploads\/2021\/08\/logo_ibercultura_viva.jpg\",\"width\":708,\"height\":223,\"caption\":\"Iberculturaviva\"},\"image\":{\"@id\":\"https:\/\/iberculturaviva.org\/es\/?lang=es\/#\/schema\/logo\/image\/\"},\"sameAs\":[\"https:\/\/www.facebook.com\/iberculturaviva\/\",\"https:\/\/www.instagram.com\/iberculturaviva\/\",\"https:\/\/www.youtube.com\/iberculturaviva\"]}]}<\/script>\n<!-- \/ Yoast SEO plugin. -->","yoast_head_json":{"title":"Ordenanza n. 1673, de 14 de marzo de 2013. Instituye la pol\u00edtica p\u00fablica metropolitana para la promoci\u00f3n y el fortalecimiento de la cultura viva comunitaria en el \u00e1mbito de la Municipalidad Metropolitana de Lima.\u00a0 - IberCultura Viva","description":"Ordenanza n. 1673, de 14 de marzo de 2013. Instituye la pol\u00edtica p\u00fablica metropolitana para la promoci\u00f3n y el fortalecimiento de la cultura viva comunitaria en el \u00e1mbito de la Municipalidad Metropolitana de Lima.\u00a0 - IberCultura Viva","robots":{"index":"index","follow":"follow","max-snippet":"max-snippet:-1","max-image-preview":"max-image-preview:large","max-video-preview":"max-video-preview:-1"},"canonical":"https:\/\/iberculturaviva.org\/es\/document\/ordenanza-n-1673-de-14-de-marzo-de-2013-instituye-la-politica-publica-metropolitana-para-la-promocion-y-el-fortalecimiento-de-la-cultura-viva-comunitaria-en-el-ambito-de-la-municipalidad-metropolit\/","og_locale":"es_ES","og_type":"article","og_title":"Ordenanza n. 1673, de 14 de marzo de 2013. Instituye la pol\u00edtica p\u00fablica metropolitana para la promoci\u00f3n y el fortalecimiento de la cultura viva comunitaria en el \u00e1mbito de la Municipalidad Metropolitana de Lima.\u00a0 - IberCultura Viva","og_description":"Ordenanza n. 1673, de 14 de marzo de 2013. Instituye la pol\u00edtica p\u00fablica metropolitana para la promoci\u00f3n y el fortalecimiento de la cultura viva comunitaria en el \u00e1mbito de la Municipalidad Metropolitana de Lima.\u00a0 - IberCultura Viva","og_url":"https:\/\/iberculturaviva.org\/es\/document\/ordenanza-n-1673-de-14-de-marzo-de-2013-instituye-la-politica-publica-metropolitana-para-la-promocion-y-el-fortalecimiento-de-la-cultura-viva-comunitaria-en-el-ambito-de-la-municipalidad-metropolit\/","og_site_name":"IberCultura Viva","article_publisher":"https:\/\/www.facebook.com\/iberculturaviva\/","article_modified_time":"2026-04-16T08:33:12+00:00","og_image":[{"width":166,"height":152,"url":"https:\/\/iberculturaviva.org\/wp-content\/uploads\/2024\/12\/logo1.png","type":"image\/png"}],"twitter_card":"summary_large_image","schema":{"@context":"https:\/\/schema.org","@graph":[{"@type":"WebPage","@id":"https:\/\/iberculturaviva.org\/es\/document\/ordenanza-n-1673-de-14-de-marzo-de-2013-instituye-la-politica-publica-metropolitana-para-la-promocion-y-el-fortalecimiento-de-la-cultura-viva-comunitaria-en-el-ambito-de-la-municipalidad-metropolit\/","url":"https:\/\/iberculturaviva.org\/es\/document\/ordenanza-n-1673-de-14-de-marzo-de-2013-instituye-la-politica-publica-metropolitana-para-la-promocion-y-el-fortalecimiento-de-la-cultura-viva-comunitaria-en-el-ambito-de-la-municipalidad-metropolit\/","name":"Ordenanza n. 1673, de 14 de marzo de 2013. Instituye la pol\u00edtica p\u00fablica metropolitana para la promoci\u00f3n y el fortalecimiento de la cultura viva comunitaria en el \u00e1mbito de la Municipalidad Metropolitana de Lima.\u00a0 - IberCultura Viva","isPartOf":{"@id":"https:\/\/iberculturaviva.org\/es\/?lang=es\/#website"},"datePublished":"2024-11-04T18:10:45+00:00","dateModified":"2026-04-16T08:33:12+00:00","description":"Ordenanza n. 1673, de 14 de marzo de 2013. Instituye la pol\u00edtica p\u00fablica metropolitana para la promoci\u00f3n y el fortalecimiento de la cultura viva comunitaria en el \u00e1mbito de la Municipalidad Metropolitana de Lima.\u00a0 - IberCultura Viva","breadcrumb":{"@id":"https:\/\/iberculturaviva.org\/es\/document\/ordenanza-n-1673-de-14-de-marzo-de-2013-instituye-la-politica-publica-metropolitana-para-la-promocion-y-el-fortalecimiento-de-la-cultura-viva-comunitaria-en-el-ambito-de-la-municipalidad-metropolit\/#breadcrumb"},"inLanguage":"es","potentialAction":[{"@type":"ReadAction","target":["https:\/\/iberculturaviva.org\/es\/document\/ordenanza-n-1673-de-14-de-marzo-de-2013-instituye-la-politica-publica-metropolitana-para-la-promocion-y-el-fortalecimiento-de-la-cultura-viva-comunitaria-en-el-ambito-de-la-municipalidad-metropolit\/"]}]},{"@type":"BreadcrumbList","@id":"https:\/\/iberculturaviva.org\/es\/document\/ordenanza-n-1673-de-14-de-marzo-de-2013-instituye-la-politica-publica-metropolitana-para-la-promocion-y-el-fortalecimiento-de-la-cultura-viva-comunitaria-en-el-ambito-de-la-municipalidad-metropolit\/#breadcrumb","itemListElement":[{"@type":"ListItem","position":1,"name":"In\u00edcio","item":"https:\/\/iberculturaviva.org\/es\/inicio\/"},{"@type":"ListItem","position":2,"name":"Biblioteca","item":"https:\/\/iberculturaviva.org\/es\/document\/"},{"@type":"ListItem","position":3,"name":"Ordenanza n. 1673, de 14 de marzo de 2013. Instituye la pol\u00edtica p\u00fablica metropolitana para la promoci\u00f3n y el fortalecimiento de la cultura viva comunitaria en el \u00e1mbito de la Municipalidad Metropolitana de Lima.\u00a0"}]},{"@type":"WebSite","@id":"https:\/\/iberculturaviva.org\/es\/?lang=es\/#website","url":"https:\/\/iberculturaviva.org\/es\/?lang=es\/","name":"IberCultura Viva","description":"Programa de cooperaci\u00f3n cultural","publisher":{"@id":"https:\/\/iberculturaviva.org\/es\/?lang=es\/#organization"},"potentialAction":[{"@type":"SearchAction","target":{"@type":"EntryPoint","urlTemplate":"https:\/\/iberculturaviva.org\/es\/?lang=es\/?s={search_term_string}"},"query-input":{"@type":"PropertyValueSpecification","valueRequired":true,"valueName":"search_term_string"}}],"inLanguage":"es"},{"@type":"Organization","@id":"https:\/\/iberculturaviva.org\/es\/?lang=es\/#organization","name":"Iberculturaviva","url":"https:\/\/iberculturaviva.org\/es\/?lang=es\/","logo":{"@type":"ImageObject","inLanguage":"es","@id":"https:\/\/iberculturaviva.org\/es\/?lang=es\/#\/schema\/logo\/image\/","url":"https:\/\/iberculturaviva.org\/wp-content\/uploads\/2021\/08\/logo_ibercultura_viva.jpg","contentUrl":"https:\/\/iberculturaviva.org\/wp-content\/uploads\/2021\/08\/logo_ibercultura_viva.jpg","width":708,"height":223,"caption":"Iberculturaviva"},"image":{"@id":"https:\/\/iberculturaviva.org\/es\/?lang=es\/#\/schema\/logo\/image\/"},"sameAs":["https:\/\/www.facebook.com\/iberculturaviva\/","https:\/\/www.instagram.com\/iberculturaviva\/","https:\/\/www.youtube.com\/iberculturaviva"]}]}},"_links":{"self":[{"href":"https:\/\/iberculturaviva.org\/es\/wp-json\/wp\/v2\/document\/37703","targetHints":{"allow":["GET"]}}],"collection":[{"href":"https:\/\/iberculturaviva.org\/es\/wp-json\/wp\/v2\/document"}],"about":[{"href":"https:\/\/iberculturaviva.org\/es\/wp-json\/wp\/v2\/types\/document"}],"version-history":[{"count":1,"href":"https:\/\/iberculturaviva.org\/es\/wp-json\/wp\/v2\/document\/37703\/revisions"}],"predecessor-version":[{"id":37704,"href":"https:\/\/iberculturaviva.org\/es\/wp-json\/wp\/v2\/document\/37703\/revisions\/37704"}],"wp:attachment":[{"href":"https:\/\/iberculturaviva.org\/es\/wp-json\/wp\/v2\/media?parent=37703"}],"wp:term":[{"taxonomy":"post_tag","embeddable":true,"href":"https:\/\/iberculturaviva.org\/es\/wp-json\/wp\/v2\/tags?post=37703"},{"taxonomy":"country-municipality","embeddable":true,"href":"https:\/\/iberculturaviva.org\/es\/wp-json\/wp\/v2\/country-municipality?post=37703"},{"taxonomy":"type-document","embeddable":true,"href":"https:\/\/iberculturaviva.org\/es\/wp-json\/wp\/v2\/type-document?post=37703"}],"curies":[{"name":"wp","href":"https:\/\/api.w.org\/{rel}","templated":true}]}}